{"id":787,"date":"2025-05-12T20:51:43","date_gmt":"2025-05-12T18:51:43","guid":{"rendered":"https:\/\/accessibi.com\/?page_id=787"},"modified":"2025-07-23T11:02:06","modified_gmt":"2025-07-23T09:02:06","slug":"erklarung-zur-zuganglichkeit","status":"publish","type":"page","link":"https:\/\/accessibi.com\/at\/erklarung-zur-zuganglichkeit\/","title":{"rendered":"Erkl\u00e4rung zur Zug\u00e4nglichkeit"},"content":{"rendered":"<div data-elementor-type=\"wp-page\" data-elementor-id=\"787\" class=\"elementor elementor-787\" data-elementor-post-type=\"page\">\n\t\t\t\t<div class=\"elementor-element elementor-element-aaa9562 e-flex e-con-boxed e-con e-parent\" data-id=\"aaa9562\" data-element_type=\"container\">\n\t\t\t\t\t<div class=\"e-con-inner\">\n\t\t\t\t<div class=\"elementor-element elementor-element-9d7d567 elementor-widget elementor-widget-text-editor\" data-id=\"9d7d567\" data-element_type=\"widget\" data-widget_type=\"text-editor.default\">\n\t\t\t\t<div class=\"elementor-widget-container\">\n\t\t\t\t\t\t\t\t\t<p><strong>Erkl\u00e4rung \u00fcber die Zug\u00e4nglichkeit der Website f\u00fcr Privatpersonen gem\u00e4\u00df Artikel 3, Absatz 1 des Gesetzes Nr. 4 vom 9. Januar 2004<\/strong><\/p>\n<p><!-- \/wp:paragraph --><!-- wp:paragraph --><\/p>\n<p><strong>Erkl\u00e4rung<\/strong><strong><br \/><\/strong>Die Firma GILBI Srl verpflichtet sich, ihre Website gem\u00e4\u00df dem Gesetz Nr. 4 vom 9. Januar 2004 zug\u00e4nglich zu machen. Diese Erkl\u00e4rung zur Zug\u00e4nglichkeit gilt f\u00fcr: <a href=\"https:\/\/accessibi.com\/at\/\">www.accessibi.com<\/a><\/p>\n<p><!-- \/wp:paragraph --><!-- wp:paragraph --><\/p>\n<p><strong>Status der Einhaltung<\/strong><br \/><em><strong>Konform<\/strong><\/em><br \/>Diese Website entspricht vollst\u00e4ndig den Anforderungen des Anhangs A der Norm UNI CEI EN 301549.<\/p>\n<p><strong>Nicht zug\u00e4ngliche Inhalte<\/strong><br \/>Der unten aufgef\u00fchrte Inhalt ist aus den folgenden Gr\u00fcnden nicht zug\u00e4nglich (Nichtbeachtung des Gesetzes Nr. 4 vom 9. Januar 2004):<br \/>1.4.3 Kontrast (Minimum)<br \/>Eine alternative zug\u00e4ngliche Version kann durch die korrekte Konfiguration des Zug\u00e4nglichkeitswidgets auf der Website erhalten werden. Eine unvollst\u00e4ndige Konfiguration kann die Zug\u00e4nglichkeit insgesamt beeintr\u00e4chtigen.<\/p>\n<p><strong>Ausnahmeregelungen und Anwendungsbereich<\/strong><br \/>Derzeit gibt es keine Ausnahmen f\u00fcr unverh\u00e4ltnism\u00e4\u00dfige Belastungen gem\u00e4\u00df Artikel 3ter des Gesetzes Nr. 4 vom 9. Januar 2004.<br \/>Der gesamte Inhalt der Website f\u00e4llt in den Geltungsbereich der geltenden Rechtsvorschriften.<\/p>\n<p><!-- \/wp:paragraph --><!-- wp:paragraph --><\/p>\n<p><strong>Abfassung der Erkl\u00e4rung zur Barrierefreiheit<br \/><\/strong> Diese Erkl\u00e4rung wurde am 01\/04\/2025 abgegeben.<br \/>Die Bewertung wurde von Accessibi.com anhand einer objektiven und subjektiven Analyse gem\u00e4\u00df Artikel 3 Absatz 1 des Durchf\u00fchrungsbeschlusses 2018\/1523 der Kommission durchgef\u00fchrt.<br \/>Die Erkl\u00e4rung wurde zuletzt am 01\/04\/2025 \u00fcberpr\u00fcft, wie empfohlen (\u00dcberpr\u00fcfung mindestens j\u00e4hrlich).<\/p>\n<p><!-- \/wp:paragraph --><!-- wp:paragraph --><\/p>\n<p><strong>Feedback und Kontaktinformationen<\/strong><strong><br \/><\/strong> F\u00fcr Berichte und Anfragen bez\u00fcglich der Zug\u00e4nglichkeit der Website wenden Sie sich bitte an <a href=\"mailto:help@accessibi.com\">help@accessibi.com<\/a><br \/><em><strong>Verantwortlich f\u00fcr die Berichterstattung:<\/strong><\/em> Liam Pedrini<\/p>\n<p><!-- \/wp:paragraph --><!-- wp:paragraph --><\/p>\n<p><strong>Wie man Berichte an AgID sendet<\/strong><strong><br \/><\/strong> Bei unbefriedigender oder fehlender Antwort innerhalb von 30 Tagen kann \u00fcber PEC ein Bericht an AgID geschickt werden: <a href=\"mailto:protocollo@pec.agid.gov.it\">protocollo@pec.agid.gov.it<\/a><\/p>\n<p><!-- \/wp:paragraph --><!-- wp:paragraph --><\/p>\n<p><strong>Informationen zum Standort<\/strong><\/p>\n<p><!-- \/wp:paragraph --><!-- wp:list --><\/p>\n<ul class=\"wp-block-list\">\n<li style=\"list-style-type: none;\">\n<ul class=\"wp-block-list\"><!-- wp:list-item --><\/ul>\n<\/li>\n<\/ul>\n<p>\u00a0<\/p>\n<ul class=\"wp-block-list\">\n<li style=\"list-style-type: none;\">\n<ul class=\"wp-block-list\">\n<li>Datum der Ver\u00f6ffentlichung der Website: 01\/04\/2025<\/li>\n<\/ul>\n<\/li>\n<\/ul>\n<p><!-- \/wp:list-item --><!-- wp:list-item --><\/p>\n<ul class=\"wp-block-list\">\n<li style=\"list-style-type: none;\">\n<ul class=\"wp-block-list\">\n<li>Es wurden Tests zur Benutzerfreundlichkeit durchgef\u00fchrt: Ja<\/li>\n<\/ul>\n<\/li>\n<\/ul>\n<p><!-- \/wp:list-item --><!-- wp:list-item --><\/p>\n<ul class=\"wp-block-list\">\n<li style=\"list-style-type: none;\">\n<ul class=\"wp-block-list\">\n<li>Verwendetes CMS: WordPress<\/li>\n<\/ul>\n<\/li>\n<\/ul>\n<p>\u00a0<\/p>\n<p><strong>Informationen zur Struktur<\/strong><br \/>Gilt nicht f\u00fcr private Einrichtungen im Sinne von Artikel 3 Absatz 1 des Gesetzes 4\/2004.<\/p>\n<p><!-- \/wp:list-item --><\/p>\n<p><!-- \/wp:list --><\/p>\t\t\t\t\t\t\t\t<\/div>\n\t\t\t\t<\/div>\n\t\t\t\t\t<\/div>\n\t\t\t\t<\/div>\n\t\t\t\t<\/div>","protected":false},"excerpt":{"rendered":"<p>Dichiarazione di accessibilit\u00e0 sito web per i Soggetti Privati di cui all\u2019art. 3, comma 1 della Legge 9 gennaio 2004, n. 4 DichiarazioneGILBI Srl si impegna a rendere il proprio sito web accessibile, conformemente alla Legge 9 gennaio 2004, n. 4. La presente dichiarazione di accessibilit\u00e0 si applica a: www.accessibi.com Stato di conformit\u00e0ConformeQuesto sito web [&hellip;]<\/p>","protected":false},"author":1,"featured_media":0,"parent":0,"menu_order":0,"comment_status":"closed","ping_status":"closed","template":"","meta":{"footnotes":""},"class_list":["post-787","page","type-page","status-publish","hentry"],"yoast_head":"<!-- This site is optimized with the Yoast SEO plugin v26.3 - https:\/\/yoast.com\/wordpress\/plugins\/seo\/ -->\n<title>Dichiarazione di accessibilit\u00e0 | Accessibi<\/title>\n<meta name=\"robots\" content=\"index, follow, max-snippet:-1, max-image-preview:large, max-video-preview:-1\" \/>\n<link rel=\"canonical\" href=\"https:\/\/accessibi.com\/at\/erklarung-zur-zuganglichkeit\/\" \/>\n<meta property=\"og:locale\" content=\"de_DE\" \/>\n<meta property=\"og:type\" content=\"article\" \/>\n<meta property=\"og:title\" content=\"Dichiarazione di accessibilit\u00e0 | Accessibi\" \/>\n<meta property=\"og:description\" content=\"Dichiarazione di accessibilit\u00e0 sito web per i Soggetti Privati di cui all\u2019art. 3, comma 1 della Legge 9 gennaio 2004, n. 4 DichiarazioneGILBI Srl si impegna a rendere il proprio sito web accessibile, conformemente alla Legge 9 gennaio 2004, n. 4. La presente dichiarazione di accessibilit\u00e0 si applica a: www.accessibi.com Stato di conformit\u00e0ConformeQuesto sito web [&hellip;]\" \/>\n<meta property=\"og:url\" content=\"https:\/\/accessibi.com\/at\/erklarung-zur-zuganglichkeit\/\" \/>\n<meta property=\"og:site_name\" content=\"Accessibi\" \/>\n<meta property=\"article:modified_time\" content=\"2025-07-23T09:02:06+00:00\" \/>\n<meta property=\"og:image\" content=\"https:\/\/accessibi.com\/wp-content\/uploads\/2025\/04\/successful-business-team-working-with-project-2025-02-11-18-49-11-utc-scaled.jpg\" \/>\n\t<meta property=\"og:image:width\" content=\"2560\" \/>\n\t<meta property=\"og:image:height\" content=\"1707\" \/>\n\t<meta property=\"og:image:type\" content=\"image\/jpeg\" \/>\n<meta name=\"twitter:card\" content=\"summary_large_image\" \/>\n<meta name=\"twitter:label1\" content=\"Gesch\u00e4tzte Lesezeit\" \/>\n\t<meta name=\"twitter:data1\" content=\"2 Minuten\" \/>\n<script type=\"application\/ld+json\" class=\"yoast-schema-graph\">{\"@context\":\"https:\/\/schema.org\",\"@graph\":[{\"@type\":\"WebPage\",\"@id\":\"https:\/\/accessibi.com\/dichiarazione-di-accessibilita\/\",\"url\":\"https:\/\/accessibi.com\/dichiarazione-di-accessibilita\/\",\"name\":\"Dichiarazione di accessibilit\u00e0 | Accessibi\",\"isPartOf\":{\"@id\":\"https:\/\/accessibi.com\/#website\"},\"datePublished\":\"2025-05-12T18:51:43+00:00\",\"dateModified\":\"2025-07-23T09:02:06+00:00\",\"breadcrumb\":{\"@id\":\"https:\/\/accessibi.com\/dichiarazione-di-accessibilita\/#breadcrumb\"},\"inLanguage\":\"de-AT\",\"potentialAction\":[{\"@type\":\"ReadAction\",\"target\":[\"https:\/\/accessibi.com\/dichiarazione-di-accessibilita\/\"]}]},{\"@type\":\"BreadcrumbList\",\"@id\":\"https:\/\/accessibi.com\/dichiarazione-di-accessibilita\/#breadcrumb\",\"itemListElement\":[{\"@type\":\"ListItem\",\"position\":1,\"name\":\"Home\",\"item\":\"https:\/\/accessibi.com\/\"},{\"@type\":\"ListItem\",\"position\":2,\"name\":\"Dichiarazione di accessibilit\u00e0\"}]},{\"@type\":\"WebSite\",\"@id\":\"https:\/\/accessibi.com\/#website\",\"url\":\"https:\/\/accessibi.com\/\",\"name\":\"Accessibi\",\"description\":\"Accessibilit\u00e0 per tutti, senza compromessi\",\"publisher\":{\"@id\":\"https:\/\/accessibi.com\/#organization\"},\"potentialAction\":[{\"@type\":\"SearchAction\",\"target\":{\"@type\":\"EntryPoint\",\"urlTemplate\":\"https:\/\/accessibi.com\/?s={search_term_string}\"},\"query-input\":{\"@type\":\"PropertyValueSpecification\",\"valueRequired\":true,\"valueName\":\"search_term_string\"}}],\"inLanguage\":\"de-AT\"},{\"@type\":\"Organization\",\"@id\":\"https:\/\/accessibi.com\/#organization\",\"name\":\"Accessibi\",\"url\":\"https:\/\/accessibi.com\/\",\"logo\":{\"@type\":\"ImageObject\",\"inLanguage\":\"de-AT\",\"@id\":\"https:\/\/accessibi.com\/#\/schema\/logo\/image\/\",\"url\":\"https:\/\/accessibi.com\/wp-content\/uploads\/2025\/04\/accessibi-blue.svg\",\"contentUrl\":\"https:\/\/accessibi.com\/wp-content\/uploads\/2025\/04\/accessibi-blue.svg\",\"width\":511,\"height\":82,\"caption\":\"Accessibi\"},\"image\":{\"@id\":\"https:\/\/accessibi.com\/#\/schema\/logo\/image\/\"}}]}<\/script>\n<!-- \/ Yoast SEO plugin. -->","yoast_head_json":{"title":"Erkl\u00e4rung zur Zug\u00e4nglichkeit | Accessibi","robots":{"index":"index","follow":"follow","max-snippet":"max-snippet:-1","max-image-preview":"max-image-preview:large","max-video-preview":"max-video-preview:-1"},"canonical":"https:\/\/accessibi.com\/at\/erklarung-zur-zuganglichkeit\/","og_locale":"de_DE","og_type":"article","og_title":"Dichiarazione di accessibilit\u00e0 | Accessibi","og_description":"Dichiarazione di accessibilit\u00e0 sito web per i Soggetti Privati di cui all\u2019art. 3, comma 1 della Legge 9 gennaio 2004, n. 4 DichiarazioneGILBI Srl si impegna a rendere il proprio sito web accessibile, conformemente alla Legge 9 gennaio 2004, n. 4. La presente dichiarazione di accessibilit\u00e0 si applica a: www.accessibi.com Stato di conformit\u00e0ConformeQuesto sito web [&hellip;]","og_url":"https:\/\/accessibi.com\/at\/erklarung-zur-zuganglichkeit\/","og_site_name":"Accessibi","article_modified_time":"2025-07-23T09:02:06+00:00","og_image":[{"width":2560,"height":1707,"url":"https:\/\/accessibi.com\/wp-content\/uploads\/2025\/04\/successful-business-team-working-with-project-2025-02-11-18-49-11-utc-scaled.jpg","type":"image\/jpeg"}],"twitter_card":"summary_large_image","twitter_misc":{"Gesch\u00e4tzte Lesezeit":"2 Minuten"},"schema":{"@context":"https:\/\/schema.org","@graph":[{"@type":"WebPage","@id":"https:\/\/accessibi.com\/dichiarazione-di-accessibilita\/","url":"https:\/\/accessibi.com\/dichiarazione-di-accessibilita\/","name":"Erkl\u00e4rung zur Zug\u00e4nglichkeit | Accessibi","isPartOf":{"@id":"https:\/\/accessibi.com\/#website"},"datePublished":"2025-05-12T18:51:43+00:00","dateModified":"2025-07-23T09:02:06+00:00","breadcrumb":{"@id":"https:\/\/accessibi.com\/dichiarazione-di-accessibilita\/#breadcrumb"},"inLanguage":"de-AT","potentialAction":[{"@type":"ReadAction","target":["https:\/\/accessibi.com\/dichiarazione-di-accessibilita\/"]}]},{"@type":"BreadcrumbList","@id":"https:\/\/accessibi.com\/dichiarazione-di-accessibilita\/#breadcrumb","itemListElement":[{"@type":"ListItem","position":1,"name":"Home","item":"https:\/\/accessibi.com\/"},{"@type":"ListItem","position":2,"name":"Dichiarazione di accessibilit\u00e0"}]},{"@type":"WebSite","@id":"https:\/\/accessibi.com\/#website","url":"https:\/\/accessibi.com\/","name":"Accessibi","description":"Zug\u00e4nglichkeit f\u00fcr alle, ohne Kompromisse","publisher":{"@id":"https:\/\/accessibi.com\/#organization"},"potentialAction":[{"@type":"SearchAction","target":{"@type":"EntryPoint","urlTemplate":"https:\/\/accessibi.com\/?s={search_term_string}"},"query-input":{"@type":"PropertyValueSpecification","valueRequired":true,"valueName":"search_term_string"}}],"inLanguage":"de-AT"},{"@type":"Organization","@id":"https:\/\/accessibi.com\/#organization","name":"Accessibi","url":"https:\/\/accessibi.com\/","logo":{"@type":"ImageObject","inLanguage":"de-AT","@id":"https:\/\/accessibi.com\/#\/schema\/logo\/image\/","url":"https:\/\/accessibi.com\/wp-content\/uploads\/2025\/04\/accessibi-blue.svg","contentUrl":"https:\/\/accessibi.com\/wp-content\/uploads\/2025\/04\/accessibi-blue.svg","width":511,"height":82,"caption":"Accessibi"},"image":{"@id":"https:\/\/accessibi.com\/#\/schema\/logo\/image\/"}}]}},"_links":{"self":[{"href":"https:\/\/accessibi.com\/at\/wp-json\/wp\/v2\/pages\/787","targetHints":{"allow":["GET"]}}],"collection":[{"href":"https:\/\/accessibi.com\/at\/wp-json\/wp\/v2\/pages"}],"about":[{"href":"https:\/\/accessibi.com\/at\/wp-json\/wp\/v2\/types\/page"}],"author":[{"embeddable":true,"href":"https:\/\/accessibi.com\/at\/wp-json\/wp\/v2\/users\/1"}],"replies":[{"embeddable":true,"href":"https:\/\/accessibi.com\/at\/wp-json\/wp\/v2\/comments?post=787"}],"version-history":[{"count":23,"href":"https:\/\/accessibi.com\/at\/wp-json\/wp\/v2\/pages\/787\/revisions"}],"predecessor-version":[{"id":953,"href":"https:\/\/accessibi.com\/at\/wp-json\/wp\/v2\/pages\/787\/revisions\/953"}],"wp:attachment":[{"href":"https:\/\/accessibi.com\/at\/wp-json\/wp\/v2\/media?parent=787"}],"curies":[{"name":"wp","href":"https:\/\/api.w.org\/{rel}","templated":true}]}}