{"id":1174,"date":"2025-12-01T22:46:47","date_gmt":"2025-12-01T21:46:47","guid":{"rendered":"https:\/\/accessibi.com\/?page_id=1174"},"modified":"2025-12-01T22:50:28","modified_gmt":"2025-12-01T21:50:28","slug":"zasady-ochrany-osobnich-udaju","status":"publish","type":"page","link":"https:\/\/accessibi.com\/cz\/zasady-ochrany-osobnich-udaju\/","title":{"rendered":"Z\u00e1sady ochrany osobn\u00edch \u00fadaj\u016f"},"content":{"rendered":"<div data-elementor-type=\"wp-page\" data-elementor-id=\"1174\" class=\"elementor elementor-1174\" data-elementor-post-type=\"page\">\n\t\t\t\t<div class=\"elementor-element elementor-element-6ff55fce e-flex e-con-boxed e-con e-parent\" data-id=\"6ff55fce\" data-element_type=\"container\" data-settings=\"{&quot;background_background&quot;:&quot;classic&quot;}\">\n\t\t\t\t\t<div class=\"e-con-inner\">\n\t\t\t\t<div class=\"elementor-element elementor-element-4907a161 elementor-widget__width-inherit elementor-widget elementor-widget-heading\" data-id=\"4907a161\" data-element_type=\"widget\" data-widget_type=\"heading.default\">\n\t\t\t\t<div class=\"elementor-widget-container\">\n\t\t\t\t\t<h1 class=\"elementor-heading-title elementor-size-default\"><h1 data-elementor-setting-key=\"title\" data-pen-placeholder=\"Type Here...\" style=\"font-family: Manrope, sans-serif;font-weight: 600;line-height: 96px;font-size: 80px;text-transform: none;font-style: normal;letter-spacing: -2.5px\">Z\u00e1sady ochrany osobn\u00edch \u00fadaj\u016f<\/h1><\/h1>\t\t\t\t<\/div>\n\t\t\t\t<\/div>\n\t\t\t\t\t<\/div>\n\t\t\t\t<\/div>\n\t\t<div class=\"elementor-element elementor-element-6bd596f e-flex e-con-boxed e-con e-parent\" data-id=\"6bd596f\" data-element_type=\"container\">\n\t\t\t\t\t<div class=\"e-con-inner\">\n\t\t\t\t<div class=\"elementor-element elementor-element-a503eef elementor-widget elementor-widget-text-editor\" data-id=\"a503eef\" data-element_type=\"widget\" data-widget_type=\"text-editor.default\">\n\t\t\t\t<div class=\"elementor-widget-container\">\n\t\t\t\t\t\t\t\t\t<div class=\"privacy-policy\"><p><strong>Z\u00c1SADY OCHRANY OSOBN\u00cdCH \u00daDAJ\u016e (GDPR)<\/strong><br \/>Posledn\u00ed aktualizace: 01\/12\/2025<br \/>Datum \u00fa\u010dinnosti: 01\/06\/2025<\/p><p>Tyto z\u00e1sady ochrany osobn\u00edch \u00fadaj\u016f jsou poskytov\u00e1ny v souladu s \u010dl\u00e1nky 13 a 14 na\u0159\u00edzen\u00ed EU 2016\/679 (d\u00e1le jen \u201cGDPR\u201d) a popisuj\u00ed zp\u016fsoby zpracov\u00e1n\u00ed osobn\u00edch \u00fadaj\u016f prov\u00e1d\u011bn\u00e9 spole\u010dnost\u00ed Web Solution Group Srl, se s\u00eddlem Via Monte Sabotino 2, 24020 Bergamo (BG), It\u00e1lie, e-mail: help@accessibi.com, telefon: 3490576851 (d\u00e1le jen \u201cVlastn\u00edk\u201d), prost\u0159ednictv\u00edm webov\u00fdch str\u00e1nek https:\/\/accessibi.com (d\u00e1le jen \u201cSlu\u017eba\u201d).<\/p><p>P\u0159\u00edstupem ke slu\u017eb\u011b nebo jej\u00edm pou\u017e\u00edv\u00e1n\u00edm souhlas\u00edte se zpracov\u00e1n\u00edm popsan\u00fdm v t\u011bchto z\u00e1sad\u00e1ch. Pokud nem\u00e1te v \u00famyslu poskytnout souhlas nebo souhlasit s t\u00edm, co je zde uvedeno, nepou\u017e\u00edvejte pros\u00edm Slu\u017ebu.<\/p><p>\u00a0<\/p><p><strong>1. Typy shroma\u017e\u010fovan\u00fdch osobn\u00edch \u00fadaj\u016f<\/strong><\/p><p>Spr\u00e1vce zpracov\u00e1v\u00e1 n\u00e1sleduj\u00edc\u00ed kategorie \u00fadaj\u016f:<\/p><p>\u00dadaje poskytnut\u00e9 u\u017eivatelem dobrovoln\u011b:<\/p><ul><li>N\u00e1zev<\/li><li>E-mailov\u00e1 adresa<\/li><li>\u010c\u00edslo mobiln\u00edho telefonu<\/li><li>Platebn\u00ed \u00fadaje (spravovan\u00e9 prost\u0159ednictv\u00edm extern\u00edch poskytovatel\u016f, kte\u0159\u00ed dodr\u017euj\u00ed bezpe\u010dnostn\u00ed standardy).<\/li><\/ul><p>Automaticky shroma\u017e\u010fovan\u00e1 data:<\/p><ul><li>Protokol o p\u0159\u00edstupu<\/li><li>IP adresy<\/li><li>Technick\u00e9 \u00fadaje prohl\u00ed\u017ee\u010de a za\u0159\u00edzen\u00ed<\/li><li>Soubory cookie a podobn\u00e9 technologie (viz Z\u00e1sady pou\u017e\u00edv\u00e1n\u00ed soubor\u016f cookie)<\/li><\/ul><p>\u00a0<\/p><p><strong>2. \u00da\u010del zpracov\u00e1n\u00ed a pr\u00e1vn\u00ed z\u00e1klad<\/strong><\/p><p>Osobn\u00ed \u00fadaje jsou zpracov\u00e1v\u00e1ny pro n\u00e1sleduj\u00edc\u00ed \u00fa\u010dely a na n\u00e1sleduj\u00edc\u00edch pr\u00e1vn\u00edch z\u00e1kladech:<\/p><table border=\"1\" cellspacing=\"0\" cellpadding=\"5\"><thead><tr><th>\u00da\u010del<\/th><th>Pr\u00e1vn\u00ed z\u00e1klad<\/th><\/tr><\/thead><tbody><tr><td>\u0158\u00edzen\u00ed slu\u017eeb, p\u00e9\u010de o z\u00e1kazn\u00edky, technick\u00e1 podpora<\/td><td>Pln\u011bn\u00ed smlouvy (\u010dl. 6 odst. 1 p\u00edsm. b) GDPR)<\/td><\/tr><tr><td>Zpracov\u00e1n\u00ed a prov\u00e1d\u011bn\u00ed plateb<\/td><td>Pln\u011bn\u00ed smlouvy\/pr\u00e1vn\u00ed z\u00e1vazky<\/td><\/tr><tr><td>P\u0159\u00edm\u00fd marketing a propaga\u010dn\u00ed komunikace<\/td><td>Souhlas subjektu \u00fadaj\u016f (\u010dl. 6 odst. 1 p\u00edsm. a) GDPR)<\/td><\/tr><tr><td>Zve\u0159ejn\u011bn\u00ed referenc\u00ed (nap\u0159. recenz\u00ed, p\u0159\u00edpadov\u00fdch studi\u00ed)<\/td><td>Souhlas<\/td><\/tr><tr><td>C\u00edlen\u00e1 reklama a omezen\u00e9 profilov\u00e1n\u00ed pro marketingov\u00e9 \u00fa\u010dely<\/td><td>Souhlas<\/td><\/tr><tr><td>Ochrana str\u00e1nek, prevence zneu\u017eit\u00ed a podvod\u016f, zabezpe\u010den\u00ed syst\u00e9mu<\/td><td>Opr\u00e1vn\u011bn\u00fd z\u00e1jem spr\u00e1vce (\u010dl. 6 odst. 1 p\u00edsm. f) GDPR)<\/td><\/tr><tr><td>Pr\u00e1vn\u00ed a da\u0148ov\u00e9\/\u00fa\u010detn\u00ed povinnosti<\/td><td>Pr\u00e1vn\u00ed povinnost (\u010dl. 6 odst. 1 p\u00edsm. c) GDPR)<\/td><\/tr><\/tbody><\/table><p>Pokud spr\u00e1vce \u00fadaj\u016f hodl\u00e1 v budoucnu zpracov\u00e1vat \u00fadaje pro dal\u0161\u00ed \u00fa\u010dely, bude v p\u0159\u00edpad\u011b pot\u0159eby vy\u017eadov\u00e1n nov\u00fd souhlas.<\/p><p>\u00a0<\/p><p><strong>3. Uchov\u00e1v\u00e1n\u00ed dat<\/strong><\/p><p>Spr\u00e1vce \u00fadaj\u016f uchov\u00e1v\u00e1 osobn\u00ed \u00fadaje po dobu 90 dn\u016f a\u017e 24 m\u011bs\u00edc\u016f po ukon\u010den\u00ed \u00fa\u010dtu nebo posledn\u00edho pou\u017eit\u00ed slu\u017eby nebo po dobu nezbytnou k napln\u011bn\u00ed \u00fa\u010del\u016f, pro kter\u00e9 byly shrom\u00e1\u017ed\u011bny, jak je uvedeno v t\u011bchto z\u00e1sad\u00e1ch.<\/p><p>N\u011bkter\u00e9 \u00fadaje mohou b\u00fdt uchov\u00e1v\u00e1ny d\u00e9le v p\u0159\u00edpadech stanoven\u00fdch z\u00e1konem (nap\u0159. pro da\u0148ov\u00e9 a \u00fa\u010detn\u00ed povinnosti, pro soudn\u00ed ochranu, pro prevenci podvod\u016f a pro v\u00fdkon nebo obhajobu pr\u00e1v spr\u00e1vce).<\/p><p>Anonymizovan\u00e9 nebo souhrnn\u00e9 \u00fadaje, kter\u00e9 nelze zp\u011btn\u011b vysledovat k u\u017eivateli (p\u0159\u00edmo ani nep\u0159\u00edmo), mohou b\u00fdt uchov\u00e1v\u00e1ny po neomezenou dobu.<\/p><p>\u00a0<\/p><p><strong>4. Metody zpracov\u00e1n\u00ed<\/strong><\/p><p>Osobn\u00ed \u00fadaje jsou zpracov\u00e1v\u00e1ny elektronick\u00fdmi prost\u0159edky a v omezen\u00fdch p\u0159\u00edpadech manu\u00e1ln\u011b, p\u0159i\u010dem\u017e jsou p\u0159ijata vhodn\u00e1 technick\u00e1 a organiza\u010dn\u00ed opat\u0159en\u00ed k zaji\u0161t\u011bn\u00ed bezpe\u010dnosti, d\u016fv\u011brnosti a integrity \u00fadaj\u016f.<\/p><p>Navzdory p\u0159ijat\u00fdm opat\u0159en\u00edm nem\u016f\u017ee \u017e\u00e1dn\u00fd syst\u00e9m zaru\u010dit absolutn\u00ed bezpe\u010dnost: za p\u0159enos informac\u00ed p\u0159es internet proto odpov\u00edd\u00e1 u\u017eivatel.<\/p><p>\u00a0<\/p><p><strong>5. P\u0159enos dat mimo EU<\/strong><\/p><p>N\u011bkte\u0159\u00ed techni\u010dt\u00ed poskytovatel\u00e9 spr\u00e1vce (nap\u0159. cloudov\u00e9 slu\u017eby, komunika\u010dn\u00ed platformy, platebn\u00ed br\u00e1ny nebo n\u00e1stroje e-mailov\u00e9ho marketingu) mohou b\u00fdt usazeni mimo Evropsk\u00fd hospod\u00e1\u0159sk\u00fd prostor (EHP).<\/p><p>V takov\u00fdch p\u0159\u00edpadech se p\u0159ed\u00e1n\u00ed \u00fadaj\u016f uskute\u010dn\u00ed pouze tehdy, pokud existuj\u00ed odpov\u00eddaj\u00edc\u00ed z\u00e1ruky podle GDPR, v\u010detn\u011b:<\/p><ul><li>rozhodnut\u00ed Evropsk\u00e9 komise o p\u0159im\u011b\u0159enosti;<\/li><li>Standardn\u00ed smluvn\u00ed dolo\u017eky (SCC) schv\u00e1len\u00e9 Evropskou komis\u00ed;<\/li><li>p\u0159\u00edpadn\u00e1 dal\u0161\u00ed bezpe\u010dnostn\u00ed opat\u0159en\u00ed.<\/li><\/ul><p>\u00a0<\/p><p><strong>6. Poskytov\u00e1n\u00ed \u00fadaj\u016f t\u0159et\u00edm stran\u00e1m<\/strong><\/p><p>Osobn\u00ed \u00fadaje mohou b\u00fdt zp\u0159\u00edstupn\u011bny<\/p><ul><li>poskytovatel\u00e9 technick\u00fdch, IT a hostingov\u00fdch slu\u017eeb;<\/li><li>poskytovatel\u00e9 platebn\u00edch slu\u017eeb a \u00fav\u011brov\u00e9 instituce;<\/li><li>pr\u00e1vn\u00ed, da\u0148ov\u00ed nebo \u00fa\u010detn\u00ed poradci;<\/li><li>marketingov\u00e9 platformy, CRM a automatiza\u010dn\u00ed n\u00e1stroje;<\/li><li>org\u00e1ny ve\u0159ejn\u00e9 moci a kontroln\u00ed org\u00e1ny v p\u0159\u00edpadech stanoven\u00fdch z\u00e1konem.<\/li><\/ul><p>Tyto strany zpracov\u00e1vaj\u00ed \u00fadaje jako zpracovatel\u00e9 \u00fadaj\u016f (podle \u010dl\u00e1nku 28 GDPR) nebo p\u0159\u00edpadn\u011b jako samostatn\u00ed spr\u00e1vci \u00fadaj\u016f na z\u00e1klad\u011b dohod nebo pr\u00e1vn\u00edch povinnost\u00ed.<\/p><p>\u00a0<\/p><p><strong>7. Pr\u00e1va subjektu \u00fadaj\u016f<\/strong><\/p><p>Jako subjekt \u00fadaj\u016f m\u016f\u017eete kdykoli uplatnit sv\u00e1 pr\u00e1va podle \u010dl\u00e1nk\u016f 15-22 GDPR, v\u010detn\u011b:<\/p><ul><li>pr\u00e1vo na p\u0159\u00edstup k osobn\u00edm \u00fadaj\u016fm;<\/li><li>pr\u00e1vo na opravu nep\u0159esn\u00fdch \u00fadaj\u016f nebo dopln\u011bn\u00ed ne\u00fapln\u00fdch \u00fadaj\u016f;<\/li><li>pr\u00e1vo na v\u00fdmaz (\u201cpr\u00e1vo b\u00fdt zapomenut\u201d);<\/li><li>pr\u00e1vo na omezen\u00ed zpracov\u00e1n\u00ed;<\/li><li>Pr\u00e1vo vzn\u00e9st n\u00e1mitku proti zpracov\u00e1n\u00ed na z\u00e1klad\u011b opr\u00e1vn\u011bn\u00e9ho z\u00e1jmu;<\/li><li>pr\u00e1vo na p\u0159enositelnost \u00fadaj\u016f k jin\u00e9mu spr\u00e1vci \u00fadaj\u016f;<\/li><li>pr\u00e1vo kdykoli odvolat ud\u011blen\u00fd souhlas, ani\u017e je dot\u010dena z\u00e1konnost zpracov\u00e1n\u00ed zalo\u017een\u00e1 na souhlasu p\u0159ed jeho odvol\u00e1n\u00edm;<\/li><li>pr\u00e1vo podat st\u00ed\u017enost u dozorov\u00e9ho \u00fa\u0159adu (v It\u00e1lii Garante per la Protezione dei Dati Personali).<\/li><\/ul><p>Chcete-li uplatnit sv\u00e1 pr\u00e1va, m\u016f\u017eete napsat na e-mailovou adresu: help@accessibi.com. Spr\u00e1vce \u00fadaj\u016f odpov\u00ed na va\u0161i \u017e\u00e1dost ve lh\u016ft\u00e1ch stanoven\u00fdch platn\u00fdmi p\u0159edpisy.<\/p><p>U\u017eivatel m\u016f\u017ee tak\u00e9 kdykoli vzn\u00e9st n\u00e1mitku proti zpracov\u00e1n\u00ed \u00fadaj\u016f pro \u00fa\u010dely p\u0159\u00edm\u00e9ho marketingu nebo deaktivovat profilov\u00e1n\u00ed pro obchodn\u00ed \u00fa\u010dely, a to p\u00edsemn\u011b na stejnou adresu.<\/p><p>\u00a0<\/p><p><strong>8. Soubory cookie a sledovac\u00ed n\u00e1stroje<\/strong><\/p><p>Str\u00e1nky pou\u017e\u00edvaj\u00ed soubory cookie a podobn\u00e9 technologie ke zlep\u0161en\u00ed prohl\u00ed\u017een\u00ed, anal\u00fdze n\u00e1v\u0161t\u011bvnosti a personalizaci obsahu a reklam.<\/p><p>Podrobn\u00e9 informace o pou\u017e\u00edvan\u00fdch souborech cookie, jejich \u00fa\u010delu a zp\u016fsobu spr\u00e1vy souhlasu naleznete ve speci\u00e1ln\u00edch z\u00e1sad\u00e1ch pou\u017e\u00edv\u00e1n\u00ed soubor\u016f cookie, kter\u00e9 jsou k dispozici na webov\u00fdch str\u00e1nk\u00e1ch.<\/p><p>\u00a0<\/p><p><strong>9. Bezpe\u010dnostn\u00ed opat\u0159en\u00ed<\/strong><\/p><p>Spr\u00e1vce p\u0159ijme vhodn\u00e1 technick\u00e1 a organiza\u010dn\u00ed opat\u0159en\u00ed, v\u010detn\u011b:<\/p><ul><li>\u0160ifrov\u00e1n\u00ed komunikace pomoc\u00ed TLS\/SSL;<\/li><li>firewall\u016f a syst\u00e9m\u016f ochrany perimetru;<\/li><li>postupy ov\u011b\u0159ov\u00e1n\u00ed a autorizace p\u0159\u00edstupu;<\/li><li>pravideln\u00e9 z\u00e1lohov\u00e1n\u00ed a redundanci syst\u00e9mu;<\/li><li>\u0161kolen\u00ed pracovn\u00edk\u016f opr\u00e1vn\u011bn\u00fdch ke zpracov\u00e1n\u00ed.<\/li><\/ul><p>P\u0159esto nelze zaru\u010dit absolutn\u00ed bezpe\u010dnost dat p\u0159en\u00e1\u0161en\u00fdch p\u0159es internet; informace jsou proto odes\u00edl\u00e1ny na vlastn\u00ed riziko u\u017eivatele.<\/p><p>\u00a0<\/p><p><strong>10. Pov\u011b\u0159enec pro ochranu osobn\u00edch \u00fadaj\u016f \/ kontaktn\u00ed osoba pro ochranu osobn\u00edch \u00fadaj\u016f<\/strong><\/p><p>V p\u0159\u00edpad\u011b jak\u00fdchkoli dotaz\u016f, vysv\u011btlen\u00ed nebo st\u00ed\u017enost\u00ed t\u00fdkaj\u00edc\u00edch se zpracov\u00e1n\u00ed osobn\u00edch \u00fadaj\u016f se obra\u0165te na:<\/p><p>Web Solution Group Srl<br \/>Via Monte Sabotino, 2 - 24020 Bergamo (BG), It\u00e1lie<br \/>E-mail: help@accessibi.com<\/p><p>Spr\u00e1vce bude reagovat v souladu s platn\u00fdmi pr\u00e1vn\u00edmi p\u0159edpisy.<\/p><p>\u00a0<\/p><p><strong>11. Zm\u011bny t\u011bchto z\u00e1sad<\/strong><\/p><p>Vlastn\u00edk m\u016f\u017ee tyto z\u00e1sady ochrany osobn\u00edch \u00fadaj\u016f \u010das od \u010dasu aktualizovat. Zm\u011bny vstoup\u00ed v platnost 180 dn\u00ed po zve\u0159ejn\u011bn\u00ed aktualizovan\u00e9 verze na webu.<\/p><p>Pokra\u010dov\u00e1n\u00ed v pou\u017e\u00edv\u00e1n\u00ed slu\u017eby po uplynut\u00ed t\u00e9to doby znamen\u00e1 souhlas s novou verz\u00ed z\u00e1sad. Doporu\u010dujeme v\u00e1m proto, abyste tuto str\u00e1nku pravideln\u011b kontrolovali.<\/p><\/div>\t\t\t\t\t\t\t\t<\/div>\n\t\t\t\t<\/div>\n\t\t\t\t\t<\/div>\n\t\t\t\t<\/div>\n\t\t\t\t<\/div>","protected":false},"excerpt":{"rendered":"<p>Privacy Policy INFORMATIVA SULLA PRIVACY (GDPR)Ultimo aggiornamento: 01\/12\/2025Data di efficacia: 01\/06\/2025 La presente Informativa sulla Privacy \u00e8 resa ai sensi degli artt. 13 e 14 del Regolamento UE 2016\/679 (\u201cGDPR\u201d) e descrive le modalit\u00e0 di trattamento dei dati personali effettuate da Web Solution Group Srl, con sede legale in Via Monte Sabotino 2, 24020 Bergamo [&hellip;]<\/p>","protected":false},"author":1,"featured_media":0,"parent":0,"menu_order":0,"comment_status":"closed","ping_status":"closed","template":"","meta":{"footnotes":""},"class_list":["post-1174","page","type-page","status-publish","hentry"],"yoast_head":"<!-- This site is optimized with the Yoast SEO plugin v26.3 - https:\/\/yoast.com\/wordpress\/plugins\/seo\/ -->\n<title>Privacy Policy | Accessibi<\/title>\n<meta name=\"robots\" content=\"index, follow, max-snippet:-1, max-image-preview:large, max-video-preview:-1\" \/>\n<link rel=\"canonical\" href=\"https:\/\/accessibi.com\/cz\/zasady-ochrany-osobnich-udaju\/\" \/>\n<meta property=\"og:locale\" content=\"cs_CZ\" \/>\n<meta property=\"og:type\" content=\"article\" \/>\n<meta property=\"og:title\" content=\"Privacy Policy | Accessibi\" \/>\n<meta property=\"og:description\" content=\"Privacy Policy INFORMATIVA SULLA PRIVACY (GDPR)Ultimo aggiornamento: 01\/12\/2025Data di efficacia: 01\/06\/2025 La presente Informativa sulla Privacy \u00e8 resa ai sensi degli artt. 13 e 14 del Regolamento UE 2016\/679 (\u201cGDPR\u201d) e descrive le modalit\u00e0 di trattamento dei dati personali effettuate da Web Solution Group Srl, con sede legale in Via Monte Sabotino 2, 24020 Bergamo [&hellip;]\" \/>\n<meta property=\"og:url\" content=\"https:\/\/accessibi.com\/cz\/zasady-ochrany-osobnich-udaju\/\" \/>\n<meta property=\"og:site_name\" content=\"Accessibi\" \/>\n<meta property=\"article:modified_time\" content=\"2025-12-01T21:50:28+00:00\" \/>\n<meta property=\"og:image\" content=\"https:\/\/accessibi.com\/wp-content\/uploads\/2025\/04\/successful-business-team-working-with-project-2025-02-11-18-49-11-utc-scaled.jpg\" \/>\n\t<meta property=\"og:image:width\" content=\"2560\" \/>\n\t<meta property=\"og:image:height\" content=\"1707\" \/>\n\t<meta property=\"og:image:type\" content=\"image\/jpeg\" \/>\n<meta name=\"twitter:card\" content=\"summary_large_image\" \/>\n<meta name=\"twitter:label1\" content=\"Odhadovan\u00e1 doba \u010dten\u00ed\" \/>\n\t<meta name=\"twitter:data1\" content=\"19 minut\" \/>\n<script type=\"application\/ld+json\" class=\"yoast-schema-graph\">{\"@context\":\"https:\/\/schema.org\",\"@graph\":[{\"@type\":\"WebPage\",\"@id\":\"https:\/\/accessibi.com\/it\/privacy-policy\/\",\"url\":\"https:\/\/accessibi.com\/it\/privacy-policy\/\",\"name\":\"Privacy Policy | Accessibi\",\"isPartOf\":{\"@id\":\"https:\/\/accessibi.com\/#website\"},\"datePublished\":\"2025-12-01T21:46:47+00:00\",\"dateModified\":\"2025-12-01T21:50:28+00:00\",\"breadcrumb\":{\"@id\":\"https:\/\/accessibi.com\/it\/privacy-policy\/#breadcrumb\"},\"inLanguage\":\"cs\",\"potentialAction\":[{\"@type\":\"ReadAction\",\"target\":[\"https:\/\/accessibi.com\/it\/privacy-policy\/\"]}]},{\"@type\":\"BreadcrumbList\",\"@id\":\"https:\/\/accessibi.com\/it\/privacy-policy\/#breadcrumb\",\"itemListElement\":[{\"@type\":\"ListItem\",\"position\":1,\"name\":\"Home\",\"item\":\"https:\/\/accessibi.com\/\"},{\"@type\":\"ListItem\",\"position\":2,\"name\":\"Privacy Policy\"}]},{\"@type\":\"WebSite\",\"@id\":\"https:\/\/accessibi.com\/#website\",\"url\":\"https:\/\/accessibi.com\/\",\"name\":\"Accessibi\",\"description\":\"Accessibilit\u00e0 per tutti, senza compromessi\",\"publisher\":{\"@id\":\"https:\/\/accessibi.com\/#organization\"},\"potentialAction\":[{\"@type\":\"SearchAction\",\"target\":{\"@type\":\"EntryPoint\",\"urlTemplate\":\"https:\/\/accessibi.com\/?s={search_term_string}\"},\"query-input\":{\"@type\":\"PropertyValueSpecification\",\"valueRequired\":true,\"valueName\":\"search_term_string\"}}],\"inLanguage\":\"cs\"},{\"@type\":\"Organization\",\"@id\":\"https:\/\/accessibi.com\/#organization\",\"name\":\"Accessibi\",\"url\":\"https:\/\/accessibi.com\/\",\"logo\":{\"@type\":\"ImageObject\",\"inLanguage\":\"cs\",\"@id\":\"https:\/\/accessibi.com\/#\/schema\/logo\/image\/\",\"url\":\"https:\/\/accessibi.com\/wp-content\/uploads\/2025\/04\/accessibi-blue.svg\",\"contentUrl\":\"https:\/\/accessibi.com\/wp-content\/uploads\/2025\/04\/accessibi-blue.svg\",\"width\":511,\"height\":82,\"caption\":\"Accessibi\"},\"image\":{\"@id\":\"https:\/\/accessibi.com\/#\/schema\/logo\/image\/\"}}]}<\/script>\n<!-- \/ Yoast SEO plugin. -->","yoast_head_json":{"title":"Z\u00e1sady ochrany osobn\u00edch \u00fadaj\u016f | Accessibi","robots":{"index":"index","follow":"follow","max-snippet":"max-snippet:-1","max-image-preview":"max-image-preview:large","max-video-preview":"max-video-preview:-1"},"canonical":"https:\/\/accessibi.com\/cz\/zasady-ochrany-osobnich-udaju\/","og_locale":"cs_CZ","og_type":"article","og_title":"Privacy Policy | Accessibi","og_description":"Privacy Policy INFORMATIVA SULLA PRIVACY (GDPR)Ultimo aggiornamento: 01\/12\/2025Data di efficacia: 01\/06\/2025 La presente Informativa sulla Privacy \u00e8 resa ai sensi degli artt. 13 e 14 del Regolamento UE 2016\/679 (\u201cGDPR\u201d) e descrive le modalit\u00e0 di trattamento dei dati personali effettuate da Web Solution Group Srl, con sede legale in Via Monte Sabotino 2, 24020 Bergamo [&hellip;]","og_url":"https:\/\/accessibi.com\/cz\/zasady-ochrany-osobnich-udaju\/","og_site_name":"Accessibi","article_modified_time":"2025-12-01T21:50:28+00:00","og_image":[{"width":2560,"height":1707,"url":"https:\/\/accessibi.com\/wp-content\/uploads\/2025\/04\/successful-business-team-working-with-project-2025-02-11-18-49-11-utc-scaled.jpg","type":"image\/jpeg"}],"twitter_card":"summary_large_image","twitter_misc":{"Odhadovan\u00e1 doba \u010dten\u00ed":"19 minut"},"schema":{"@context":"https:\/\/schema.org","@graph":[{"@type":"WebPage","@id":"https:\/\/accessibi.com\/it\/privacy-policy\/","url":"https:\/\/accessibi.com\/it\/privacy-policy\/","name":"Z\u00e1sady ochrany osobn\u00edch \u00fadaj\u016f | Accessibi","isPartOf":{"@id":"https:\/\/accessibi.com\/#website"},"datePublished":"2025-12-01T21:46:47+00:00","dateModified":"2025-12-01T21:50:28+00:00","breadcrumb":{"@id":"https:\/\/accessibi.com\/it\/privacy-policy\/#breadcrumb"},"inLanguage":"cs","potentialAction":[{"@type":"ReadAction","target":["https:\/\/accessibi.com\/it\/privacy-policy\/"]}]},{"@type":"BreadcrumbList","@id":"https:\/\/accessibi.com\/it\/privacy-policy\/#breadcrumb","itemListElement":[{"@type":"ListItem","position":1,"name":"Home","item":"https:\/\/accessibi.com\/"},{"@type":"ListItem","position":2,"name":"Privacy Policy"}]},{"@type":"WebSite","@id":"https:\/\/accessibi.com\/#website","url":"https:\/\/accessibi.com\/","name":"Accessibi","description":"P\u0159\u00edstupnost pro v\u0161echny bez kompromis\u016f","publisher":{"@id":"https:\/\/accessibi.com\/#organization"},"potentialAction":[{"@type":"SearchAction","target":{"@type":"EntryPoint","urlTemplate":"https:\/\/accessibi.com\/?s={search_term_string}"},"query-input":{"@type":"PropertyValueSpecification","valueRequired":true,"valueName":"search_term_string"}}],"inLanguage":"cs"},{"@type":"Organization","@id":"https:\/\/accessibi.com\/#organization","name":"Accessibi","url":"https:\/\/accessibi.com\/","logo":{"@type":"ImageObject","inLanguage":"cs","@id":"https:\/\/accessibi.com\/#\/schema\/logo\/image\/","url":"https:\/\/accessibi.com\/wp-content\/uploads\/2025\/04\/accessibi-blue.svg","contentUrl":"https:\/\/accessibi.com\/wp-content\/uploads\/2025\/04\/accessibi-blue.svg","width":511,"height":82,"caption":"Accessibi"},"image":{"@id":"https:\/\/accessibi.com\/#\/schema\/logo\/image\/"}}]}},"_links":{"self":[{"href":"https:\/\/accessibi.com\/cz\/wp-json\/wp\/v2\/pages\/1174","targetHints":{"allow":["GET"]}}],"collection":[{"href":"https:\/\/accessibi.com\/cz\/wp-json\/wp\/v2\/pages"}],"about":[{"href":"https:\/\/accessibi.com\/cz\/wp-json\/wp\/v2\/types\/page"}],"author":[{"embeddable":true,"href":"https:\/\/accessibi.com\/cz\/wp-json\/wp\/v2\/users\/1"}],"replies":[{"embeddable":true,"href":"https:\/\/accessibi.com\/cz\/wp-json\/wp\/v2\/comments?post=1174"}],"version-history":[{"count":4,"href":"https:\/\/accessibi.com\/cz\/wp-json\/wp\/v2\/pages\/1174\/revisions"}],"predecessor-version":[{"id":1185,"href":"https:\/\/accessibi.com\/cz\/wp-json\/wp\/v2\/pages\/1174\/revisions\/1185"}],"wp:attachment":[{"href":"https:\/\/accessibi.com\/cz\/wp-json\/wp\/v2\/media?parent=1174"}],"curies":[{"name":"wp","href":"https:\/\/api.w.org\/{rel}","templated":true}]}}