{"id":578,"date":"2025-04-24T12:10:01","date_gmt":"2025-04-24T10:10:01","guid":{"rendered":"https:\/\/accessibi.com\/?page_id=578"},"modified":"2025-12-01T22:50:30","modified_gmt":"2025-12-01T21:50:30","slug":"bedingungen-und-konditionen","status":"publish","type":"page","link":"https:\/\/accessibi.com\/de\/bedingungen-und-konditionen\/","title":{"rendered":"Bedingungen und Konditionen"},"content":{"rendered":"<div data-elementor-type=\"wp-page\" data-elementor-id=\"578\" class=\"elementor elementor-578\" data-elementor-post-type=\"page\">\n\t\t\t\t<div class=\"elementor-element elementor-element-6ff55fce e-flex e-con-boxed e-con e-parent\" data-id=\"6ff55fce\" data-element_type=\"container\" data-settings=\"{&quot;background_background&quot;:&quot;classic&quot;}\">\n\t\t\t\t\t<div class=\"e-con-inner\">\n\t\t\t\t<div class=\"elementor-element elementor-element-4907a161 elementor-widget__width-inherit elementor-widget elementor-widget-heading\" data-id=\"4907a161\" data-element_type=\"widget\" data-widget_type=\"heading.default\">\n\t\t\t\t<div class=\"elementor-widget-container\">\n\t\t\t\t\t<h1 class=\"elementor-heading-title elementor-size-default\">Bedingungen und Konditionen<br><\/h1>\t\t\t\t<\/div>\n\t\t\t\t<\/div>\n\t\t\t\t\t<\/div>\n\t\t\t\t<\/div>\n\t\t<div class=\"elementor-element elementor-element-6bd596f e-flex e-con-boxed e-con e-parent\" data-id=\"6bd596f\" data-element_type=\"container\">\n\t\t\t\t\t<div class=\"e-con-inner\">\n\t\t\t\t<div class=\"elementor-element elementor-element-f04210a elementor-widget elementor-widget-text-editor\" data-id=\"f04210a\" data-element_type=\"widget\" data-widget_type=\"text-editor.default\">\n\t\t\t\t<div class=\"elementor-widget-container\">\n\t\t\t\t\t\t\t\t\t<p>Dieses Dokument enth\u00e4lt die allgemeinen Nutzungsbedingungen f\u00fcr die Accessibi-Website, die Dienstleistungen im Bereich der Barrierefreiheit und Softwareentwicklung anbietet, die vom Eigent\u00fcmer der Anwendung bereitgestellt werden.<\/p><ol class=\"wp-block-list\" data-asw-orgfontsize=\"16\"><li data-asw-orgfontsize=\"16\"><strong>Definitionen<\/strong><\/li><\/ol><p data-asw-orgfontsize=\"16\">Um ein vollst\u00e4ndiges Verst\u00e4ndnis und die Akzeptanz dieser Bedingungen zu erm\u00f6glichen, haben die folgenden Begriffe im Singular und Plural die nachstehend aufgef\u00fchrten Bedeutungen:<\/p><ol class=\"wp-block-list\" data-asw-orgfontsize=\"16\"><li data-asw-orgfontsize=\"16\"><strong>Eigent\u00fcmerin:<\/strong>\u00a0<strong>GILBI Srl<\/strong>mit Sitz in Via Monte Sabotino, 2 Bergamo (BG) 24121, MwSt.-Nr. \/ Steuernummer 04598080168, BG474890, voll eingezahltes Grundkapital \u20ac20.000,00, PEC-Adresse\u00a0<a href=\"mailto:gilbi.co@legalmail.it\" data-asw-orgfontsize=\"16\">gilbi.co@legalmail.it<\/a><\/li><li data-asw-orgfontsize=\"16\"><strong>Anwendung:<\/strong>\u00a0die Accessibi-Website und das CRM-System crm.accessibi.com<\/li><li data-asw-orgfontsize=\"16\"><strong>Produkte:<\/strong>\u00a0digitale Produkte (Inhalte und Dienstleistungen in digitalem Format), Dienstleistungen, die von der f\u00fcr die Verarbeitung Verantwortlichen verkauft werden<\/li><li data-asw-orgfontsize=\"16\"><strong>Benutzer:<\/strong>\u00a0jede Person, die auf die Anwendung zugreift und sie nutzt<\/li><li data-asw-orgfontsize=\"16\"><strong>Benutzer Verbraucher:<\/strong>\u00a0eine vollj\u00e4hrige nat\u00fcrliche Person, die einen Vertrag zu Zwecken abschlie\u00dft, die nicht im Zusammenhang mit ihrer gewerblichen, kaufm\u00e4nnischen, handwerklichen oder beruflichen T\u00e4tigkeit stehen, sofern eine solche vorliegt<\/li><li data-asw-orgfontsize=\"16\"><strong>Professioneller Benutzer:<\/strong>\u00a0eine nat\u00fcrliche Person, die das 18. Lebensjahr vollendet hat, oder eine juristische Person, die einen Vertrag zur Aus\u00fcbung oder zum Zwecke ihrer gewerblichen, kaufm\u00e4nnischen, handwerklichen oder beruflichen T\u00e4tigkeit abschlie\u00dft<\/li><li data-asw-orgfontsize=\"16\"><strong>Bedingungen:<\/strong>\u00a0diesen Vertrag, der die Beziehung zwischen dem f\u00fcr die Verarbeitung Verantwortlichen und den Nutzern sowie den Verkauf der vom f\u00fcr die Verarbeitung Verantwortlichen \u00fcber die Anwendung angebotenen Produkte regelt.<\/li><\/ol><ol class=\"wp-block-list\" data-asw-orgfontsize=\"16\"><li data-asw-orgfontsize=\"16\"><strong>Detaillierte Informationen zum Bewerbungsangebot<\/strong><\/li><\/ol><p data-asw-orgfontsize=\"16\">Die Anwendung bietet Accessibi-Nutzern eine Reihe von ma\u00dfgeschneiderten Dienstleistungen f\u00fcr kleine und mittlere Unternehmen, um im Internet und in den sozialen Medien zu wachsen. F\u00fcr diejenigen, die eine effektive Online-Pr\u00e4senz f\u00fcr ihre Marke schaffen wollen. Ein dynamisches und professionelles Unternehmen, bei dem die Kundenbetreuung immer an erster Stelle steht. Entdecken Sie die Qualit\u00e4t der Dienstleistungen und die wettbewerbsf\u00e4higen Preise. Alles, was Ihr Unternehmen braucht: Websites, E-Commerce, Online- und lokale Werbekampagnen, Social Management und SEO...<\/p><ol class=\"wp-block-list\" data-asw-orgfontsize=\"16\"><li data-asw-orgfontsize=\"16\"><strong>Geltungsbereich der Bedingungen<\/strong><\/li><\/ol><p data-asw-orgfontsize=\"16\">Die Nutzung der Anwendung setzt die Annahme der Bedingungen durch den Nutzer voraus. Wenn der Nutzer nicht beabsichtigt, die Bedingungen und\/oder alle anderen darin ver\u00f6ffentlichten oder erw\u00e4hnten Hinweise, rechtlichen Informationen oder Informationen zu akzeptieren, kann er die Anwendung oder ihre Dienste nicht nutzen.<\/p><p data-asw-orgfontsize=\"16\">Die Bedingungen k\u00f6nnen jederzeit ge\u00e4ndert werden.<\/p><p data-asw-orgfontsize=\"16\">Es gelten die Bedingungen, die zum Zeitpunkt der \u00dcbermittlung der Bestellung oder des Antrags auf Lieferung eines Produkts in Kraft sind.<\/p><p data-asw-orgfontsize=\"16\">Vor der Nutzung der Anwendung sollte der Nutzer die Bedingungen sorgf\u00e4ltig lesen und sie zum sp\u00e4teren Nachschlagen speichern oder ausdrucken.<\/p><p data-asw-orgfontsize=\"16\">Der Betreiber beh\u00e4lt sich das Recht vor, nach eigenem Ermessen jederzeit, auch nach der Registrierung des Nutzers, die grafische Oberfl\u00e4che der Anwendung, die Inhalte und deren Organisation sowie jeden anderen Aspekt, der die Funktionalit\u00e4t und Verwaltung der Anwendung kennzeichnet, zu \u00e4ndern, wobei er dem Nutzer gegebenenfalls die entsprechenden Anweisungen mitteilt.<\/p><ol class=\"wp-block-list\" data-asw-orgfontsize=\"16\"><li data-asw-orgfontsize=\"16\"><strong>Einkaufen \u00fcber die Anwendung<\/strong><\/li><\/ol><p data-asw-orgfontsize=\"16\">Alle Produkte, die \u00fcber die Anwendung angeboten werden, sind auf den jeweiligen Produktseiten ausf\u00fchrlich beschrieben (Qualit\u00e4t, Eigenschaften, Verf\u00fcgbarkeit, Preis, Lieferzeiten, Zubeh\u00f6rkosten usw.). Es kann zu Irrt\u00fcmern, Ungenauigkeiten oder geringf\u00fcgigen Abweichungen zwischen den in der Anwendung ver\u00f6ffentlichten Informationen und dem tats\u00e4chlichen Produkt kommen. Dar\u00fcber hinaus sind die Abbildungen der Produkte nur repr\u00e4sentativ und stellen keinen Vertragsbestandteil dar.<\/p><p data-asw-orgfontsize=\"16\">Der Kauf eines oder mehrerer Produkte \u00fcber die Anwendung ist sowohl f\u00fcr Verbraucher als auch f\u00fcr professionelle Nutzer zul\u00e4ssig.<\/p><p data-asw-orgfontsize=\"16\">Nat\u00fcrliche Personen d\u00fcrfen nur K\u00e4ufe t\u00e4tigen, wenn sie vollj\u00e4hrig sind. Bei Minderj\u00e4hrigen muss jeder Kauf und\/oder jeder Antrag auf Lieferung von Produkten \u00fcber die Anwendung von den Eltern oder denjenigen, die die elterliche Verantwortung aus\u00fcben, gepr\u00fcft und genehmigt werden.<\/p><p data-asw-orgfontsize=\"16\">Das Angebot von Produkten \u00fcber die Anwendung stellt eine Aufforderung zur Abgabe eines Angebots dar, und die vom Nutzer \u00fcbermittelte Bestellung wird als vertragliches Kaufangebot betrachtet, das der Best\u00e4tigung und\/oder Annahme durch den Eigent\u00fcmer unterliegt, wie unten beschrieben. Der Eigent\u00fcmer hat daher das Recht, die Bestellung des Nutzers nach eigenem Ermessen anzunehmen oder abzulehnen, ohne dass der Nutzer aus irgendeinem Grund Einw\u00e4nde oder Beschwerden vorbringen kann.<\/p><p data-asw-orgfontsize=\"16\">Der Kaufvertrag \u00fcber die Produkte kommt mit der Annahme des Vertragsangebots des Nutzers durch den f\u00fcr die Verarbeitung Verantwortlichen zustande. Der f\u00fcr die Verarbeitung Verantwortliche nimmt das Vertragsangebot des Nutzers an, indem er eine Auftragsbest\u00e4tigung an die vom Nutzer angegebene E-Mail-Adresse sendet, die das Datum der Bestellung, die Daten des Nutzers, die Eigenschaften und die Verf\u00fcgbarkeit des Produkts, den Preis oder die Art der Preisberechnung, eventuelle Zusatzkosten und Steuern, die Liefer- und Ausf\u00fchrungsfristen, die Modalit\u00e4ten f\u00fcr die Aus\u00fcbung des R\u00fccktrittsrechts oder dessen m\u00f6glichen Ausschluss sowie die Garantie enth\u00e4lt.<\/p><p data-asw-orgfontsize=\"16\">Der Kaufvertrag \u00fcber die Produkte gilt zwischen den Parteien als nicht wirksam, wenn das Vorstehende nicht beachtet wird.<\/p><p data-asw-orgfontsize=\"16\">Wenn das Produkt nicht verf\u00fcgbar ist, informiert der Inhaber den Nutzer \u00fcber die neuen Liefer- oder Lieferbedingungen und fragt ihn, ob er die Bestellung best\u00e4tigen will oder nicht. Es versteht sich, dass der Vertrag in Bezug auf die vom Inhaber akzeptierten Produkte als abgeschlossen gilt.<\/p><p data-asw-orgfontsize=\"16\">Der Nutzer verpflichtet sich, die Richtigkeit der in der Auftragsbest\u00e4tigung angegebenen Daten zu \u00fcberpr\u00fcfen und den f\u00fcr die Verarbeitung Verantwortlichen unverz\u00fcglich \u00fcber etwaige Fehler zu unterrichten und eine Kopie seiner Bestellung, ihrer Best\u00e4tigung und der Bedingungen aufzubewahren.<\/p><ol class=\"wp-block-list\" data-asw-orgfontsize=\"16\"><li data-asw-orgfontsize=\"16\"><strong>Anmeldung<\/strong><\/li><\/ol><p data-asw-orgfontsize=\"16\">Um die Funktionen der Anwendung nutzen zu k\u00f6nnen, muss sich der Nutzer registrieren, indem er alle im entsprechenden Registrierungsformular abgefragten Daten wahrheitsgem\u00e4\u00df und vollst\u00e4ndig angibt und die Datenschutzbestimmungen vollst\u00e4ndig akzeptiert (\u00a0<a href=\"https:\/\/www.iubenda.com\/privacy-policy\/56810897?ifr=true&amp;height=650&amp;newmarkup=yes&amp;origin=https%3A%2F%2Faccessibi.com%2Fit%2F&amp;an=no\" data-cmp-ab=\"2\" data-asw-orgfontsize=\"16\">https:\/\/www.iubenda.com\/privacy-policy\/56810897?ifr=true&amp;height=650&amp;newmarkup=yes&amp;origin=https%3A%2F%2Faccessibi.com%2Fit%2F&amp;an=no<\/a>) und die Bedingungen.<\/p><p data-asw-orgfontsize=\"16\">Der Nutzer ist f\u00fcr den Schutz seiner Zugangsdaten verantwortlich, die ausschlie\u00dflich von ihm selbst zu verwenden sind und nicht an Dritte weitergegeben werden d\u00fcrfen. Der Nutzer verpflichtet sich, sie geheim zu halten und daf\u00fcr zu sorgen, dass kein Dritter Zugang zu ihnen hat, und den f\u00fcr die Verarbeitung Verantwortlichen unverz\u00fcglich zu informieren, wenn er einen Missbrauch oder eine missbr\u00e4uchliche Weitergabe der Zugangsdaten vermutet oder davon Kenntnis erh\u00e4lt.<\/p><p data-asw-orgfontsize=\"16\">Der Nutzer garantiert, dass die bei der Registrierung angegebenen pers\u00f6nlichen Daten vollst\u00e4ndig und wahrheitsgetreu sind, und verpflichtet sich, den f\u00fcr die Verarbeitung Verantwortlichen von jeglichem Schaden, jeglicher Entsch\u00e4digungsverpflichtung und\/oder jeglicher Strafe freizustellen, die sich aus dem Versto\u00df des Nutzers gegen die Regeln f\u00fcr die Registrierung in der Anwendung oder die Speicherung der Registrierungsdaten ergeben und\/oder in irgendeiner Weise damit verbunden sind.<\/p><ol class=\"wp-block-list\" data-asw-orgfontsize=\"16\"><li data-asw-orgfontsize=\"16\"><strong>L\u00f6schung und Schlie\u00dfung von Konten<\/strong><\/li><\/ol><p data-asw-orgfontsize=\"16\">Registrierte Nutzer k\u00f6nnen die Nutzung der Anwendung jederzeit einstellen und ihr Konto deaktivieren oder dessen L\u00f6schung \u00fcber die Schnittstelle der Anwendung beantragen, sofern dies m\u00f6glich ist, oder indem sie eine schriftliche Mitteilung an die folgende E-Mail-Adresse senden\u00a0<a href=\"mailto:legal@gilbi.co\" data-asw-orgfontsize=\"16\">legal@gilbi.co<\/a>.<\/p><p data-asw-orgfontsize=\"16\">Im Falle eines Versto\u00dfes des Nutzers gegen die Nutzungsbedingungen oder gegen geltende Rechtsvorschriften beh\u00e4lt sich der Eigent\u00fcmer das Recht vor, das Konto des Nutzers jederzeit und ohne vorherige Ank\u00fcndigung auszusetzen oder zu k\u00fcndigen.<\/p><ol class=\"wp-block-list\" data-asw-orgfontsize=\"16\"><li data-asw-orgfontsize=\"16\"><strong>Abonnement<\/strong><\/li><\/ol><p data-asw-orgfontsize=\"16\">Die Anwendung bietet Produkte im Abonnement an. Die Funktionen und die Art des Abonnements sind in der Anwendung detailliert beschrieben.<\/p><p data-asw-orgfontsize=\"16\">Um ein Abonnement abzuschlie\u00dfen, muss der Nutzer das in der Anwendung angegebene Verfahren befolgen und die erforderlichen Daten eingeben. Alle Geb\u00fchren f\u00fcr das Abonnement beginnen an dem Datum und mit der H\u00e4ufigkeit, die zum Zeitpunkt der Anmeldung angegeben wurden.<\/p><p data-asw-orgfontsize=\"16\">Das Abonnement wird auf die im Antrag angegebene Weise und zu den angegebenen Zeiten verl\u00e4ngert.<\/p><p data-asw-orgfontsize=\"16\">Die Nutzer k\u00f6nnen die Verl\u00e4ngerung \u00fcber die Anwendung oder durch eine Mitteilung an die E-Mail-Adresse\u00a0<a href=\"mailto:legal@gilbi.co\" data-asw-orgfontsize=\"16\">legal@gilbi.co<\/a>\u00a0oder durch \u00c4nderung der Einstellungen f\u00fcr die verwendete Zahlungsmethode.<\/p><ol class=\"wp-block-list\" data-asw-orgfontsize=\"16\"><li data-asw-orgfontsize=\"16\"><strong>Preise und Zahlungen<\/strong><\/li><\/ol><p data-asw-orgfontsize=\"16\">F\u00fcr jedes Produkt wird der Preis einschlie\u00dflich der gegebenenfalls anfallenden Mehrwertsteuer angegeben. Ist es aufgrund der Beschaffenheit des Produkts nicht m\u00f6glich, den Preis im Voraus zu berechnen, wird die Methode zur Berechnung des Preises angegeben.<\/p><p data-asw-orgfontsize=\"16\">Dar\u00fcber hinaus werden alle Steuern und zus\u00e4tzlichen Kosten angegeben, die je nach der verwendeten Zahlungsmethode variieren k\u00f6nnen. Wenn diese Kosten nicht vern\u00fcnftigerweise im Voraus berechnet werden k\u00f6nnen, wird angegeben, welche Kosten dem Nutzer in Rechnung gestellt werden.<\/p><p data-asw-orgfontsize=\"16\">Der Inhaber beh\u00e4lt sich das Recht vor, den Preis der Produkte und eventuelle Zusatzkosten jederzeit zu \u00e4ndern. Es versteht sich, dass etwaige Preis\u00e4nderungen in keinem Fall Auswirkungen auf bereits vor der \u00c4nderung abgeschlossene Vertr\u00e4ge haben.<\/p><p data-asw-orgfontsize=\"16\">Der Nutzer verpflichtet sich, den Preis f\u00fcr das Produkt zu dem Zeitpunkt und auf die Weise zu zahlen, die im Antrag angegeben sind, und alle erforderlichen Daten mitzuteilen, die gegebenenfalls verlangt werden.<\/p><p data-asw-orgfontsize=\"16\">Die Anwendung verwendet Tools von Drittanbietern f\u00fcr die Zahlungsabwicklung und kommt in keiner Weise mit den angegebenen Zahlungsdaten (Kreditkartennummer, Name des Inhabers, Passwort usw.) in Ber\u00fchrung.<\/p><p data-asw-orgfontsize=\"16\">Verweigern solche Drittinstrumente die Zahlungsgenehmigung, darf der Inhaber die Produkte nicht liefern und kann in keiner Weise haftbar gemacht werden.<\/p><ol class=\"wp-block-list\" data-asw-orgfontsize=\"16\"><li data-asw-orgfontsize=\"16\"><strong>Rechnungsstellung<\/strong><\/li><\/ol><p data-asw-orgfontsize=\"16\">Der Nutzer, der die Rechnung erhalten m\u00f6chte, wird nach den Rechnungsdaten gefragt. Die Rechnung wird auf der Grundlage der vom Nutzer gemachten Angaben ausgestellt, deren Richtigkeit der Nutzer erkl\u00e4rt und garantiert, wobei er den f\u00fcr die Verarbeitung Verantwortlichen in dieser Hinsicht vollst\u00e4ndig entlastet.<\/p><ol class=\"wp-block-list\" data-asw-orgfontsize=\"16\"><li data-asw-orgfontsize=\"16\"><strong>Bereitstellung von digitalen Produkten und Dienstleistungen\u00a0<\/strong><\/li><\/ol><p data-asw-orgfontsize=\"16\">Der f\u00fcr die Verarbeitung Verantwortliche stellt dem Nutzer die digitalen Produkte, einschlie\u00dflich der auf einem materiellen Datentr\u00e4ger gelieferten digitalen Produkte und\/oder Dienstleistungen, in der Art und Weise und innerhalb der Frist zur Verf\u00fcgung, die in der Anwendung angegeben und in der Auftragsbest\u00e4tigung aufgef\u00fchrt sind.<\/p><p data-asw-orgfontsize=\"16\">Sollte es nicht m\u00f6glich sein, die angeforderten digitalen Produkte und Dienstleistungen innerhalb dieses Zeitraums zu liefern, wird der Nutzer unverz\u00fcglich per E-Mail benachrichtigt, und zwar unter Angabe des voraussichtlichen Liefertermins oder der Gr\u00fcnde, warum die Lieferung nicht m\u00f6glich ist.<\/p><p data-asw-orgfontsize=\"16\">Wenn der Nutzer die neue Bedingung nicht akzeptieren will oder die Lieferung unm\u00f6glich geworden ist, kann er die R\u00fcckerstattung des gezahlten Betrags verlangen, der unverz\u00fcglich auf die gleiche Weise gutgeschrieben wird, wie die vom Nutzer f\u00fcr den Kauf verwendete Zahlungsmethode, und zwar innerhalb von h\u00f6chstens 14 Tagen, nachdem der Inhaber von dem R\u00fcckerstattungsantrag Kenntnis erhalten hat.<\/p><ol class=\"wp-block-list\" data-asw-orgfontsize=\"16\"><li data-asw-orgfontsize=\"16\"><strong>Ausschluss des R\u00fccktrittsrechts f\u00fcr gewerbliche Nutzer<\/strong><\/li><\/ol><p data-asw-orgfontsize=\"16\">Der gewerbliche Nutzer hat kein R\u00fccktrittsrecht vom Kauf- oder Liefervertrag \u00fcber die Produkte. Der Nutzer erkennt ausdr\u00fccklich an, dass die Angabe einer Umsatzsteuer-Identifikationsnummer in der Bestellung ihn automatisch als gewerblichen Nutzer qualifiziert, f\u00fcr den das Widerrufsrecht nicht gilt.<\/p><ol class=\"wp-block-list\" data-asw-orgfontsize=\"16\"><li data-asw-orgfontsize=\"16\"><strong>R\u00fccktrittsrecht der Nutzer beim Kauf von digitalen Produkten und Dienstleistungen\u00a0<\/strong><\/li><\/ol><p data-asw-orgfontsize=\"16\">Der Verbraucher hat das Recht, innerhalb einer Frist von 14 Tagen ab dem Datum des Vertragsabschlusses ohne Angabe von Gr\u00fcnden und ohne Vertragsstrafe vom Vertrag zur\u00fcckzutreten, indem er eine schriftliche Mitteilung an die E-Mail-Adresse\u00a0<a href=\"mailto:legal@gilbi.co\" data-asw-orgfontsize=\"16\">legal@gilbi.co<\/a>unter Verwendung des im folgenden Artikel beschriebenen fakultativen Widerrufsformulars oder einer anderen schriftlichen Erkl\u00e4rung.<\/p><p data-asw-orgfontsize=\"16\">Im Falle eines ordnungsgem\u00e4\u00df ausge\u00fcbten Widerrufs hat der f\u00fcr die Verarbeitung Verantwortliche dem Nutzer die erhaltenen Zahlungen unverz\u00fcglich und in jedem Fall sp\u00e4testens binnen 14 Tagen ab dem Tag, an dem der Nutzer den Widerruf des Vertrags mitgeteilt hat, auf demselben Zahlungsweg zur\u00fcckzuzahlen, den der Nutzer bei der urspr\u00fcnglichen Transaktion eingesetzt hat.<\/p><p data-asw-orgfontsize=\"16\">Der Nutzer nimmt zur Kenntnis und akzeptiert, dass er nach dem Herunterladen oder der Nutzung eines digitalen Produkts sein Widerrufsrecht verliert.<\/p><p data-asw-orgfontsize=\"16\">Der Nutzer nimmt zur Kenntnis und akzeptiert, dass er sein R\u00fccktrittsrecht nach der vollst\u00e4ndigen Erbringung einer Dienstleistung verliert. Wenn die Dienstleistung nicht vollst\u00e4ndig erbracht wurde und der Nutzer vom Vertrag zur\u00fccktreten m\u00f6chte, bleibt er dennoch verpflichtet, dem Halter einen Betrag zu zahlen, der im Verh\u00e4ltnis zu dem steht, was bis zum Zeitpunkt der Aus\u00fcbung des R\u00fccktrittsrechts erbracht wurde.<\/p><p data-asw-orgfontsize=\"16\">Der Nutzer erkennt an und akzeptiert, dass der R\u00fccktritt von einem abonnierten Abonnement nicht die R\u00fcckerstattung von Betr\u00e4gen f\u00fcr bereits genutzte oder bezahlte Produkte zur Folge hat.<\/p><ol class=\"wp-block-list\" data-asw-orgfontsize=\"16\"><li data-asw-orgfontsize=\"16\"><strong>F\u00e4lle, in denen das Widerrufsrecht des Nutzers ausgeschlossen ist<\/strong><\/li><\/ol><p data-asw-orgfontsize=\"16\">Das R\u00fccktrittsrecht des Nutzers vom Kauf- oder Liefervertrag der Produkte ist relativ ausgeschlossen:<\/p><ol class=\"wp-block-list\" data-asw-orgfontsize=\"16\"><li data-asw-orgfontsize=\"16\">die Lieferung von Produkten, deren Preis von Schwankungen auf dem Finanzmarkt abh\u00e4ngt, die der Inhaber nicht kontrollieren kann und die w\u00e4hrend der Widerrufsfrist auftreten k\u00f6nnen<\/li><li data-asw-orgfontsize=\"16\">die Lieferung von ma\u00dfgeschneiderten oder eindeutig personalisierten Produkten<\/li><li data-asw-orgfontsize=\"16\">die Lieferung von Produkten, die schnell verderben oder ablaufen k\u00f6nnen. Zu dieser Kategorie geh\u00f6ren alle Lebensmittel (einschlie\u00dflich Getr\u00e4nke), deren Eigenschaften durch unsachgem\u00e4\u00dfe Lagerung beeintr\u00e4chtigt werden k\u00f6nnen<\/li><li data-asw-orgfontsize=\"16\">die Lieferung versiegelter Produkte, die aus Gr\u00fcnden des Hygiene- oder Gesundheitsschutzes nicht zur R\u00fcckgabe geeignet sind und die nach der Lieferung ge\u00f6ffnet wurden<\/li><li data-asw-orgfontsize=\"16\">die Lieferung von Produkten, die nach der Lieferung aufgrund ihrer Beschaffenheit untrennbar mit anderen G\u00fctern vermischt sind<\/li><li data-asw-orgfontsize=\"16\">f\u00fcr Vertr\u00e4ge, bei denen der Nutzer ausdr\u00fccklich einen Besuch des f\u00fcr die Verarbeitung Verantwortlichen oder eines beauftragten Fachmanns zum Zwecke der Durchf\u00fchrung dringender Reparatur- oder Wartungsarbeiten verlangt hat. Wenn der f\u00fcr die Verarbeitung Verantwortliche oder ein beauftragter Fachmann anl\u00e4sslich eines solchen Besuchs Dienstleistungen erbringt, die \u00fcber die vom Nutzer ausdr\u00fccklich verlangten hinausgehen, oder andere Waren als Ersatzteile liefert, die f\u00fcr die Durchf\u00fchrung von Wartungs- oder Reparaturarbeiten erforderlich sind, gilt das Widerrufsrecht f\u00fcr diese zus\u00e4tzlichen Dienstleistungen oder Waren<\/li><li data-asw-orgfontsize=\"16\">die Lieferung von versiegelten Audio- oder Videoaufzeichnungen oder versiegelter Computersoftware, die nach der Lieferung ge\u00f6ffnet wurden<\/li><li data-asw-orgfontsize=\"16\">die Lieferung von Zeitungen, Zeitschriften und Illustrierten, mit Ausnahme von Abonnementvertr\u00e4gen \u00fcber die Lieferung solcher Ver\u00f6ffentlichungen<\/li><li data-asw-orgfontsize=\"16\">im Rahmen einer \u00f6ffentlichen Versteigerung geschlossene Vertr\u00e4ge<\/li><li data-asw-orgfontsize=\"16\">die Bereitstellung von Unterk\u00fcnften f\u00fcr Nichtwohnzwecke, die Bef\u00f6rderung von Waren, Autovermietungen, Verpflegungsdienstleistungen oder Dienstleistungen im Zusammenhang mit Freizeitaktivit\u00e4ten, wenn der Vertrag ein bestimmtes Datum oder einen bestimmten Zeitraum f\u00fcr die Erf\u00fcllung vorsieht<\/li><\/ol><p data-asw-orgfontsize=\"16\">F\u00fcr weitere Ausk\u00fcnfte wenden Sie sich bitte an den Eigent\u00fcmer unter folgender E-Mail-Adresse\u00a0<a href=\"mailto:legal@gilbi.co\" data-asw-orgfontsize=\"16\">legal@gilbi.co<\/a>.<\/p><ol class=\"wp-block-list\" data-asw-orgfontsize=\"16\"><li data-asw-orgfontsize=\"16\"><strong>Fakultatives Formular zur Aus\u00fcbung des Widerrufsrechts<\/strong><\/li><li data-asw-orgfontsize=\"16\">Der Nutzer kann mit dem folgenden Formular zur\u00fccktreten, das vollst\u00e4ndig ausgef\u00fcllt an die folgende E-Mail-Adresse zu senden ist\u00a0<a href=\"mailto:legal@gilbi.co\" data-asw-orgfontsize=\"16\">legal@gilbi.co<\/a>\u00a0vor Ablauf der Widerrufsfrist:<\/li><\/ol><p data-asw-orgfontsize=\"16\"><em>Hiermit widerrufe ich den Kauf- oder Liefervertrag f\u00fcr das folgende Produkt __________<\/em>\u00a0<em>\u00a0Bestellnummer:_______<\/em>\u00a0<em>\u00a0Bestellt am: _______<\/em>\u00a0<em>\u00a0Vor- und Nachname: _______<\/em>\u00a0<em>\u00a0Adresse: ______<\/em>\u00a0<em>\u00a0E-Mail, die mit dem Konto verbunden ist, von dem aus die Bestellung aufgegeben wurde: ____________________<\/em>\u00a0<em>\u00a0Datum: __________<\/em>\u00a0<em>\u00a0<\/em><\/p><ol class=\"wp-block-list\" data-asw-orgfontsize=\"16\"><li data-asw-orgfontsize=\"16\"><strong>Konformit\u00e4tsgarantie f\u00fcr digitale Produkte f\u00fcr Verbraucher<\/strong><\/li><\/ol><p data-asw-orgfontsize=\"16\">Dem Verbraucher wird die in den Artikeln 135-dezies ff. des Verbraucherschutzgesetzes vorgesehene Konformit\u00e4tsgarantie f\u00fcr alle digitalen Produkte gew\u00e4hrt, die \u00fcber die Anwendung verkauft werden, mit Ausnahme der in Artikel 135-novies des Verbraucherschutzgesetzes vorgesehenen Ausschlussf\u00e4lle.<\/p><p data-asw-orgfontsize=\"16\">Der Halter haftet f\u00fcr Konformit\u00e4tsm\u00e4ngel, die sich innerhalb von zwei Jahren ab dem Datum der Lieferung zeigen. Etwaige Konformit\u00e4tsm\u00e4ngel m\u00fcssen vom Verbraucher innerhalb von sechsundzwanzig Monaten ab dem Datum der Lieferung oder ab der letzten Lieferhandlung gemeldet werden. Sieht der Kaufvertrag vor, dass die digitalen Produkte f\u00fcr einen bestimmten Zeitraum geliefert werden, bleibt die Konformit\u00e4tsverpflichtung f\u00fcr die gesamte Dauer dieses Zeitraums bestehen.<\/p><p data-asw-orgfontsize=\"16\">M\u00f6chte der Verbraucher die Rechtsmittel im Rahmen der Konformit\u00e4tsgarantie in Anspruch nehmen, muss er eine schriftliche Mitteilung an die folgende E-Mail-Adresse senden\u00a0<a href=\"mailto:legal@gilbi.co\" data-asw-orgfontsize=\"16\">legal@gilbi.co<\/a>. Der Gewahrsamsinhaber best\u00e4tigt unverz\u00fcglich die Mitteilung des angeblichen Konformit\u00e4tsmangels und teilt dem Verbraucher mit, wie er sich zu verhalten hat. F\u00fcr alle in dieser Klausel nicht geregelten Fragen gelten die Artikel 135-octies bis 135-vicies bis des Verbrauchergesetzbuchs und die Artikel des B\u00fcrgerlichen Gesetzbuchs \u00fcber das Zustandekommen, die G\u00fcltigkeit und die Wirksamkeit von Vertr\u00e4gen, einschlie\u00dflich der Folgen der Vertragsaufl\u00f6sung und des Rechts auf Schadensersatz.<\/p><ol class=\"wp-block-list\" data-asw-orgfontsize=\"16\"><li data-asw-orgfontsize=\"16\"><strong>Gewerbliche und geistige Eigentumsrechte<\/strong><\/li><\/ol><p data-asw-orgfontsize=\"16\">Der gesamte Inhalt der Anwendung, einschlie\u00dflich der Texte, Dokumente, Marken, Logos, Bilder, Grafiken, deren Anordnung und Anpassungen sind durch das Urheber- und Markenrecht gesch\u00fctzt. Die Anwendung kann auch Bilder, Dokumente, Logos und Marken von Dritten enthalten, die den Eigent\u00fcmer ausdr\u00fccklich erm\u00e4chtigt haben, sie in der Anwendung zu ver\u00f6ffentlichen. Au\u00dfer f\u00fcr den rein pers\u00f6nlichen Gebrauch darf der Inhalt ohne ausdr\u00fcckliche Genehmigung des Eigent\u00fcmers nicht kopiert, ver\u00e4ndert, verbreitet, ver\u00f6ffentlicht oder genutzt werden.<\/p><ol class=\"wp-block-list\" data-asw-orgfontsize=\"16\"><li data-asw-orgfontsize=\"16\"><strong>Ausschluss der Gew\u00e4hrleistung<\/strong><\/li><\/ol><p data-asw-orgfontsize=\"16\">Der Eigent\u00fcmer gibt keine ausdr\u00fccklichen oder stillschweigenden Garantien in Bezug auf die Anwendung, noch garantiert er, dass die Anwendung den Bed\u00fcrfnissen der Nutzer entspricht oder dass sie ununterbrochen oder fehlerfrei funktioniert oder dass sie frei von Viren oder Bugs ist.<\/p><p data-asw-orgfontsize=\"16\">Der Eigent\u00fcmer bem\u00fcht sich, dass die Anwendung 24 Stunden am Tag ohne Unterbrechung zur Verf\u00fcgung steht, haftet jedoch in keiner Weise, wenn die Anwendung aus irgendeinem Grund zu irgendeinem Zeitpunkt oder f\u00fcr irgendeinen Zeitraum nicht zug\u00e4nglich und\/oder betriebsbereit ist. Der Zugriff auf die Anwendung kann im Falle von Systemausf\u00e4llen, Wartungsarbeiten, Reparaturen oder aus Gr\u00fcnden, die sich der Kontrolle des Eigent\u00fcmers vollst\u00e4ndig entziehen, sowie bei h\u00f6herer Gewalt vor\u00fcbergehend und ohne Vorank\u00fcndigung ausgesetzt werden.<\/p><ol class=\"wp-block-list\" data-asw-orgfontsize=\"16\"><li data-asw-orgfontsize=\"16\"><strong>Beschr\u00e4nkung der Haftung<\/strong><\/li><\/ol><p data-asw-orgfontsize=\"16\">Der Inhaber haftet gegen\u00fcber dem Nutzer, au\u00dfer im Falle von Vorsatz oder grober Fahrl\u00e4ssigkeit, nicht f\u00fcr Dienste oder St\u00f6rungen im Zusammenhang mit der Nutzung des Internets, die au\u00dferhalb seiner Kontrolle oder der seiner Lieferanten liegen.<\/p><p data-asw-orgfontsize=\"16\">Dar\u00fcber hinaus haftet der Inhaber nicht f\u00fcr Sch\u00e4den, Verluste und Kosten, die dem Nutzer infolge der Nichterf\u00fcllung des Vertrags aus Gr\u00fcnden entstehen, die er nicht zu vertreten hat, wobei der Nutzer lediglich Anspruch auf die vollst\u00e4ndige R\u00fcckerstattung des gezahlten Preises und etwaiger zus\u00e4tzlicher Kosten hat.<\/p><p data-asw-orgfontsize=\"16\">Der Karteninhaber \u00fcbernimmt keine Haftung f\u00fcr eine eventuelle betr\u00fcgerische und unrechtm\u00e4\u00dfige Verwendung von Kreditkarten und anderen Zahlungsmitteln durch Dritte, da er in keiner Weise mit den verwendeten Zahlungsdaten (Kreditkartennummer, Name des Karteninhabers, Passwort usw.) in Ber\u00fchrung kommt.<\/p><p data-asw-orgfontsize=\"16\">Der Inhaber ist nicht haftbar f\u00fcr:<\/p><ol class=\"wp-block-list\" data-asw-orgfontsize=\"16\"><li data-asw-orgfontsize=\"16\">den Verlust von Gesch\u00e4ftsm\u00f6glichkeiten und jeden anderen, auch indirekten, Schaden, den der Nutzer erleiden kann und der keine direkte Folge des Vertragsbruchs durch den f\u00fcr die Verarbeitung Verantwortlichen ist<\/li><li data-asw-orgfontsize=\"16\">fehlerhafte oder unangemessene Nutzung der Anwendung durch Nutzer oder Dritte<\/li><li data-asw-orgfontsize=\"16\">die Ausstellung falscher Dokumente oder Steuerdaten aufgrund von Fehlern in den vom Nutzer angegebenen Daten, wobei der Nutzer allein f\u00fcr deren korrekte Eingabe verantwortlich ist<\/li><\/ol><p data-asw-orgfontsize=\"16\">Unter keinen Umst\u00e4nden kann der Inhaber f\u00fcr mehr als das Doppelte des vom Nutzer gezahlten Betrags haftbar gemacht werden.<\/p><ol class=\"wp-block-list\" data-asw-orgfontsize=\"16\"><li data-asw-orgfontsize=\"16\"><strong>H\u00f6here Gewalt<\/strong><\/li><\/ol><p data-asw-orgfontsize=\"16\">Der f\u00fcr die Verarbeitung Verantwortliche haftet nicht f\u00fcr die Nichterf\u00fcllung oder die versp\u00e4tete Erf\u00fcllung seiner Verpflichtungen aufgrund von Umst\u00e4nden, die au\u00dferhalb seines Einflussbereichs liegen und die auf h\u00f6here Gewalt oder in jedem Fall auf unvorhersehbare und unvorhersehbare Ereignisse zur\u00fcckzuf\u00fchren sind und in jedem Fall au\u00dferhalb seines Einflussbereichs liegen.<\/p><p data-asw-orgfontsize=\"16\">Die Erf\u00fcllung der Verpflichtungen des Inhabers gilt f\u00fcr den Zeitraum, in dem Ereignisse h\u00f6herer Gewalt eintreten, als ausgesetzt.<\/p><p data-asw-orgfontsize=\"16\">Der f\u00fcr die Verarbeitung Verantwortliche unternimmt alles in seiner Macht Stehende, um L\u00f6sungen zu finden, die die ordnungsgem\u00e4\u00dfe Erf\u00fcllung seiner Verpflichtungen trotz des Fortbestehens von Ereignissen h\u00f6herer Gewalt erm\u00f6glichen.<\/p><ol class=\"wp-block-list\" data-asw-orgfontsize=\"16\"><li data-asw-orgfontsize=\"16\"><strong>Verlinkung zu Websites Dritter<\/strong><\/li><\/ol><p data-asw-orgfontsize=\"16\">Die Anwendung kann Links zu Websites\/Applikationen Dritter enthalten. Der Eigent\u00fcmer \u00fcbt keine Kontrolle \u00fcber diese aus und ist daher in keiner Weise f\u00fcr den Inhalt dieser Seiten\/Anwendungen verantwortlich.<\/p><p data-asw-orgfontsize=\"16\">Einige dieser Links k\u00f6nnen auf Websites\/Applikationen Dritter verweisen, die \u00fcber die Anwendung Dienste anbieten. In diesen F\u00e4llen gelten f\u00fcr die einzelnen Dienste, f\u00fcr die der Eigent\u00fcmer keine Verantwortung \u00fcbernimmt, die allgemeinen Bedingungen f\u00fcr die Nutzung der Website\/Anwendung und f\u00fcr die Nutzung der von den Dritten angebotenen Dienste.<\/p><ol class=\"wp-block-list\" data-asw-orgfontsize=\"16\"><li data-asw-orgfontsize=\"16\"><strong>Datenschutz<\/strong><\/li><\/ol><p data-asw-orgfontsize=\"16\">Personenbezogene Daten werden gem\u00e4\u00df der Datenschutzrichtlinie gesch\u00fctzt und verarbeitet, die unter folgender Adresse abrufbar ist\u00a0<a href=\"https:\/\/www.iubenda.com\/privacy-policy\/56810897?ifr=true&amp;height=650&amp;newmarkup=yes&amp;origin=https%3A%2F%2Faccessibi.com%2Fit%2F&amp;an=no\" data-cmp-ab=\"2\" data-asw-orgfontsize=\"16\">https:\/\/www.iubenda.com\/privacy-policy\/56810897?ifr=true&amp;height=650&amp;newmarkup=yes&amp;origin=https%3A%2F%2Faccessibi.com%2Fit%2F&amp;an=no<\/a><\/p><ol class=\"wp-block-list\" data-asw-orgfontsize=\"16\"><li data-asw-orgfontsize=\"16\"><strong>Anwendbares Recht und Gerichtsbarkeit<\/strong><\/li><\/ol><p data-asw-orgfontsize=\"16\">Die Bedingungen unterliegen dem italienischen Recht.<\/p><p data-asw-orgfontsize=\"16\">F\u00fcr gewerbliche Nutzer unterliegen alle Streitigkeiten im Zusammenhang mit der Anwendung, Ausf\u00fchrung und Auslegung dieser Bedingungen der Zust\u00e4ndigkeit des Gerichts des Ortes, an dem der Eigent\u00fcmer ans\u00e4ssig ist.<\/p><p data-asw-orgfontsize=\"16\">F\u00fcr alle Streitigkeiten im Zusammenhang mit der Anwendung, Ausf\u00fchrung und Auslegung der vorliegenden Bedingungen ist f\u00fcr den Verbraucher das Gericht des Ortes zust\u00e4ndig, an dem der Verbraucher wohnt oder seinen Wohnsitz gew\u00e4hlt hat, wenn er sich auf dem Gebiet des italienischen Staates befindet, unbeschadet des Rechts des Verbrauchers, einen anderen Richter als das \"Verbrauchergericht\" gem\u00e4\u00df Artikel 66 bis des Verbraucherschutzgesetzes anzurufen, dessen \u00f6rtliche Zust\u00e4ndigkeit sich aus einem der in den Artikeln 18, 19 und 20 der italienischen Zivilprozessordnung genannten Kriterien ergibt.<\/p><p data-asw-orgfontsize=\"16\">Dies gilt unbeschadet der Anwendung g\u00fcnstigerer und zwingender Bestimmungen, die das Recht des Landes, in dem der Verbraucher seinen gew\u00f6hnlichen Aufenthalt hat, f\u00fcr Verbraucher, die ihren gew\u00f6hnlichen Aufenthalt nicht in Italien haben, vorsieht, insbesondere in Bezug auf die Frist f\u00fcr die Aus\u00fcbung des Widerrufsrechts, die Frist f\u00fcr die R\u00fccksendung der Produkte im Falle der Aus\u00fcbung dieses Rechts, die Modalit\u00e4ten und Formalit\u00e4ten f\u00fcr die \u00dcbermittlung desselben und die gesetzliche Garantie der Konformit\u00e4t.<\/p><ol class=\"wp-block-list\" data-asw-orgfontsize=\"16\"><li data-asw-orgfontsize=\"16\"><strong>Online-Streitbeilegung f\u00fcr Verbraucher<\/strong><\/li><\/ol><p data-asw-orgfontsize=\"16\">Der Verbraucher mit Wohnsitz in Europa sollte wissen, dass die Europ\u00e4ische Kommission eine Online-Plattform eingerichtet hat, die ein alternatives Streitbeilegungsinstrument bereitstellt. Dieses Instrument kann vom Nutzer\/Verbraucher zur au\u00dfergerichtlichen Beilegung von Streitigkeiten im Zusammenhang mit und\/oder aus online geschlossenen Vertr\u00e4gen \u00fcber den Verkauf von Waren und die Erbringung von Dienstleistungen genutzt werden. Dementsprechend kann der Nutzer\/Verbraucher diese Plattform nutzen, um alle Streitigkeiten im Zusammenhang mit dem online geschlossenen Vertrag beizulegen. Die Plattform ist unter folgender Adresse zu finden: ec.europa.eu\/consumers\/odr\/<\/p><p data-asw-orgfontsize=\"16\">Datum 04\/12\/2024<\/p>\t\t\t\t\t\t\t\t<\/div>\n\t\t\t\t<\/div>\n\t\t\t\t\t<\/div>\n\t\t\t\t<\/div>\n\t\t\t\t<\/div>","protected":false},"excerpt":{"rendered":"<p>Termini e condizioni del servizio Il presente documento riporta i termini e le condizioni generali di utilizzo del sito web Accessibi che offre servizi di accessibilit\u00e0 web e di sviluppo software forniti dal titolare dell\u2019Applicazione. Definizioni Per consentire una completa comprensione e accettazione dei presenti termini e condizioni, i seguenti termini, al singolare e al [&hellip;]<\/p>","protected":false},"author":1,"featured_media":0,"parent":0,"menu_order":0,"comment_status":"closed","ping_status":"closed","template":"","meta":{"footnotes":""},"class_list":["post-578","page","type-page","status-publish","hentry"],"yoast_head":"<!-- This site is optimized with the Yoast SEO plugin v26.3 - https:\/\/yoast.com\/wordpress\/plugins\/seo\/ -->\n<title>Termini e condizioni | Accessibi<\/title>\n<meta name=\"robots\" content=\"index, follow, max-snippet:-1, max-image-preview:large, max-video-preview:-1\" \/>\n<link rel=\"canonical\" href=\"https:\/\/accessibi.com\/de\/bedingungen-und-konditionen\/\" \/>\n<meta property=\"og:locale\" content=\"de_DE\" \/>\n<meta property=\"og:type\" content=\"article\" \/>\n<meta property=\"og:title\" content=\"Termini e condizioni | Accessibi\" \/>\n<meta property=\"og:description\" content=\"Termini e condizioni del servizio Il presente documento riporta i termini e le condizioni generali di utilizzo del sito web Accessibi che offre servizi di accessibilit\u00e0 web e di sviluppo software forniti dal titolare dell\u2019Applicazione. Definizioni Per consentire una completa comprensione e accettazione dei presenti termini e condizioni, i seguenti termini, al singolare e al [&hellip;]\" \/>\n<meta property=\"og:url\" content=\"https:\/\/accessibi.com\/de\/bedingungen-und-konditionen\/\" \/>\n<meta property=\"og:site_name\" content=\"Accessibi\" \/>\n<meta property=\"article:modified_time\" content=\"2025-12-01T21:50:30+00:00\" \/>\n<meta property=\"og:image\" content=\"https:\/\/accessibi.com\/wp-content\/uploads\/2025\/04\/successful-business-team-working-with-project-2025-02-11-18-49-11-utc-scaled.jpg\" \/>\n\t<meta property=\"og:image:width\" content=\"2560\" \/>\n\t<meta property=\"og:image:height\" content=\"1707\" \/>\n\t<meta property=\"og:image:type\" content=\"image\/jpeg\" \/>\n<meta name=\"twitter:card\" content=\"summary_large_image\" \/>\n<meta name=\"twitter:label1\" content=\"Gesch\u00e4tzte Lesezeit\" \/>\n\t<meta name=\"twitter:data1\" content=\"15\u00a0Minuten\" \/>\n<script type=\"application\/ld+json\" class=\"yoast-schema-graph\">{\"@context\":\"https:\/\/schema.org\",\"@graph\":[{\"@type\":\"WebPage\",\"@id\":\"https:\/\/accessibi.com\/it\/termini-e-condizioni\/\",\"url\":\"https:\/\/accessibi.com\/it\/termini-e-condizioni\/\",\"name\":\"Termini e condizioni | Accessibi\",\"isPartOf\":{\"@id\":\"https:\/\/accessibi.com\/#website\"},\"datePublished\":\"2025-04-24T10:10:01+00:00\",\"dateModified\":\"2025-12-01T21:50:30+00:00\",\"breadcrumb\":{\"@id\":\"https:\/\/accessibi.com\/it\/termini-e-condizioni\/#breadcrumb\"},\"inLanguage\":\"de\",\"potentialAction\":[{\"@type\":\"ReadAction\",\"target\":[\"https:\/\/accessibi.com\/it\/termini-e-condizioni\/\"]}]},{\"@type\":\"BreadcrumbList\",\"@id\":\"https:\/\/accessibi.com\/it\/termini-e-condizioni\/#breadcrumb\",\"itemListElement\":[{\"@type\":\"ListItem\",\"position\":1,\"name\":\"Home\",\"item\":\"https:\/\/accessibi.com\/\"},{\"@type\":\"ListItem\",\"position\":2,\"name\":\"Termini e condizioni\"}]},{\"@type\":\"WebSite\",\"@id\":\"https:\/\/accessibi.com\/#website\",\"url\":\"https:\/\/accessibi.com\/\",\"name\":\"Accessibi\",\"description\":\"Accessibilit\u00e0 per tutti, senza compromessi\",\"publisher\":{\"@id\":\"https:\/\/accessibi.com\/#organization\"},\"potentialAction\":[{\"@type\":\"SearchAction\",\"target\":{\"@type\":\"EntryPoint\",\"urlTemplate\":\"https:\/\/accessibi.com\/?s={search_term_string}\"},\"query-input\":{\"@type\":\"PropertyValueSpecification\",\"valueRequired\":true,\"valueName\":\"search_term_string\"}}],\"inLanguage\":\"de\"},{\"@type\":\"Organization\",\"@id\":\"https:\/\/accessibi.com\/#organization\",\"name\":\"Accessibi\",\"url\":\"https:\/\/accessibi.com\/\",\"logo\":{\"@type\":\"ImageObject\",\"inLanguage\":\"de\",\"@id\":\"https:\/\/accessibi.com\/#\/schema\/logo\/image\/\",\"url\":\"https:\/\/accessibi.com\/wp-content\/uploads\/2025\/04\/accessibi-blue.svg\",\"contentUrl\":\"https:\/\/accessibi.com\/wp-content\/uploads\/2025\/04\/accessibi-blue.svg\",\"width\":511,\"height\":82,\"caption\":\"Accessibi\"},\"image\":{\"@id\":\"https:\/\/accessibi.com\/#\/schema\/logo\/image\/\"}}]}<\/script>\n<!-- \/ Yoast SEO plugin. -->","yoast_head_json":{"title":"Bedingungen und Konditionen | Accessibi","robots":{"index":"index","follow":"follow","max-snippet":"max-snippet:-1","max-image-preview":"max-image-preview:large","max-video-preview":"max-video-preview:-1"},"canonical":"https:\/\/accessibi.com\/de\/bedingungen-und-konditionen\/","og_locale":"de_DE","og_type":"article","og_title":"Termini e condizioni | Accessibi","og_description":"Termini e condizioni del servizio Il presente documento riporta i termini e le condizioni generali di utilizzo del sito web Accessibi che offre servizi di accessibilit\u00e0 web e di sviluppo software forniti dal titolare dell\u2019Applicazione. Definizioni Per consentire una completa comprensione e accettazione dei presenti termini e condizioni, i seguenti termini, al singolare e al [&hellip;]","og_url":"https:\/\/accessibi.com\/de\/bedingungen-und-konditionen\/","og_site_name":"Accessibi","article_modified_time":"2025-12-01T21:50:30+00:00","og_image":[{"width":2560,"height":1707,"url":"https:\/\/accessibi.com\/wp-content\/uploads\/2025\/04\/successful-business-team-working-with-project-2025-02-11-18-49-11-utc-scaled.jpg","type":"image\/jpeg"}],"twitter_card":"summary_large_image","twitter_misc":{"Gesch\u00e4tzte Lesezeit":"15\u00a0Minuten"},"schema":{"@context":"https:\/\/schema.org","@graph":[{"@type":"WebPage","@id":"https:\/\/accessibi.com\/it\/termini-e-condizioni\/","url":"https:\/\/accessibi.com\/it\/termini-e-condizioni\/","name":"Bedingungen und Konditionen | Accessibi","isPartOf":{"@id":"https:\/\/accessibi.com\/#website"},"datePublished":"2025-04-24T10:10:01+00:00","dateModified":"2025-12-01T21:50:30+00:00","breadcrumb":{"@id":"https:\/\/accessibi.com\/it\/termini-e-condizioni\/#breadcrumb"},"inLanguage":"de","potentialAction":[{"@type":"ReadAction","target":["https:\/\/accessibi.com\/it\/termini-e-condizioni\/"]}]},{"@type":"BreadcrumbList","@id":"https:\/\/accessibi.com\/it\/termini-e-condizioni\/#breadcrumb","itemListElement":[{"@type":"ListItem","position":1,"name":"Home","item":"https:\/\/accessibi.com\/"},{"@type":"ListItem","position":2,"name":"Termini e condizioni"}]},{"@type":"WebSite","@id":"https:\/\/accessibi.com\/#website","url":"https:\/\/accessibi.com\/","name":"Accessibi","description":"Zug\u00e4nglichkeit f\u00fcr alle, ohne Kompromisse","publisher":{"@id":"https:\/\/accessibi.com\/#organization"},"potentialAction":[{"@type":"SearchAction","target":{"@type":"EntryPoint","urlTemplate":"https:\/\/accessibi.com\/?s={search_term_string}"},"query-input":{"@type":"PropertyValueSpecification","valueRequired":true,"valueName":"search_term_string"}}],"inLanguage":"de"},{"@type":"Organization","@id":"https:\/\/accessibi.com\/#organization","name":"Accessibi","url":"https:\/\/accessibi.com\/","logo":{"@type":"ImageObject","inLanguage":"de","@id":"https:\/\/accessibi.com\/#\/schema\/logo\/image\/","url":"https:\/\/accessibi.com\/wp-content\/uploads\/2025\/04\/accessibi-blue.svg","contentUrl":"https:\/\/accessibi.com\/wp-content\/uploads\/2025\/04\/accessibi-blue.svg","width":511,"height":82,"caption":"Accessibi"},"image":{"@id":"https:\/\/accessibi.com\/#\/schema\/logo\/image\/"}}]}},"_links":{"self":[{"href":"https:\/\/accessibi.com\/de\/wp-json\/wp\/v2\/pages\/578","targetHints":{"allow":["GET"]}}],"collection":[{"href":"https:\/\/accessibi.com\/de\/wp-json\/wp\/v2\/pages"}],"about":[{"href":"https:\/\/accessibi.com\/de\/wp-json\/wp\/v2\/types\/page"}],"author":[{"embeddable":true,"href":"https:\/\/accessibi.com\/de\/wp-json\/wp\/v2\/users\/1"}],"replies":[{"embeddable":true,"href":"https:\/\/accessibi.com\/de\/wp-json\/wp\/v2\/comments?post=578"}],"version-history":[{"count":13,"href":"https:\/\/accessibi.com\/de\/wp-json\/wp\/v2\/pages\/578\/revisions"}],"predecessor-version":[{"id":1188,"href":"https:\/\/accessibi.com\/de\/wp-json\/wp\/v2\/pages\/578\/revisions\/1188"}],"wp:attachment":[{"href":"https:\/\/accessibi.com\/de\/wp-json\/wp\/v2\/media?parent=578"}],"curies":[{"name":"wp","href":"https:\/\/api.w.org\/{rel}","templated":true}]}}