{"id":1174,"date":"2025-12-01T22:46:47","date_gmt":"2025-12-01T21:46:47","guid":{"rendered":"https:\/\/accessibi.com\/?page_id=1174"},"modified":"2025-12-01T22:50:28","modified_gmt":"2025-12-01T21:50:28","slug":"tietosuojakaytanto","status":"publish","type":"page","link":"https:\/\/accessibi.com\/fi\/tietosuojakaytanto\/","title":{"rendered":"Tietosuojak\u00e4yt\u00e4nt\u00f6"},"content":{"rendered":"<div data-elementor-type=\"wp-page\" data-elementor-id=\"1174\" class=\"elementor elementor-1174\" data-elementor-post-type=\"page\">\n\t\t\t\t<div class=\"elementor-element elementor-element-6ff55fce e-flex e-con-boxed e-con e-parent\" data-id=\"6ff55fce\" data-element_type=\"container\" data-settings=\"{&quot;background_background&quot;:&quot;classic&quot;}\">\n\t\t\t\t\t<div class=\"e-con-inner\">\n\t\t\t\t<div class=\"elementor-element elementor-element-4907a161 elementor-widget__width-inherit elementor-widget elementor-widget-heading\" data-id=\"4907a161\" data-element_type=\"widget\" data-widget_type=\"heading.default\">\n\t\t\t\t<div class=\"elementor-widget-container\">\n\t\t\t\t\t<h1 class=\"elementor-heading-title elementor-size-default\"><h1 data-elementor-setting-key=\"title\" data-pen-placeholder=\"Type Here...\" style=\"font-family: Manrope, sans-serif;font-weight: 600;line-height: 96px;font-size: 80px;text-transform: none;font-style: normal;letter-spacing: -2.5px\">Tietosuojak\u00e4yt\u00e4nt\u00f6<\/h1><\/h1>\t\t\t\t<\/div>\n\t\t\t\t<\/div>\n\t\t\t\t\t<\/div>\n\t\t\t\t<\/div>\n\t\t<div class=\"elementor-element elementor-element-6bd596f e-flex e-con-boxed e-con e-parent\" data-id=\"6bd596f\" data-element_type=\"container\">\n\t\t\t\t\t<div class=\"e-con-inner\">\n\t\t\t\t<div class=\"elementor-element elementor-element-a503eef elementor-widget elementor-widget-text-editor\" data-id=\"a503eef\" data-element_type=\"widget\" data-widget_type=\"text-editor.default\">\n\t\t\t\t<div class=\"elementor-widget-container\">\n\t\t\t\t\t\t\t\t\t<div class=\"privacy-policy\"><p><strong>TIETOSUOJAK\u00c4YT\u00c4NT\u00d6 (GDPR)<\/strong><br \/>Viimeksi p\u00e4ivitetty: 01\/12\/2025<br \/>Voimaantulop\u00e4iv\u00e4: 01\/06\/2025<\/p><p>T\u00e4m\u00e4 tietosuojak\u00e4yt\u00e4nt\u00f6 on laadittu EU:n asetuksen 2016\/679 (\u201cGDPR\u201d) 13 ja 14 artiklan mukaisesti, ja siin\u00e4 kuvataan Web Solution Group Srl:n, jonka kotipaikka on Via Monte Sabotino 2, 24020 Bergamo (BG), Italia, s\u00e4hk\u00f6posti: help@accessibi.com, puhelin: 3490576851 (j\u00e4ljemp\u00e4n\u00e4 \u201cOmistaja\u201d), suorittaman henkil\u00f6tietojen k\u00e4sittelyn menetelm\u00e4t verkkosivuston https:\/\/accessibi.com (\u201cPalvelu\u201d) kautta.<\/p><p>K\u00e4ytt\u00e4m\u00e4ll\u00e4 palvelua tai k\u00e4ytt\u00e4m\u00e4ll\u00e4 palvelua annat suostumuksesi t\u00e4ss\u00e4 k\u00e4yt\u00e4nn\u00f6ss\u00e4mme kuvattuun k\u00e4sittelyyn. Jos et aio antaa suostumustasi tai hyv\u00e4ksy\u00e4 sit\u00e4, mit\u00e4 t\u00e4ss\u00e4 sanotaan, \u00e4l\u00e4 k\u00e4yt\u00e4 palvelua.<\/p><p>\u00a0<\/p><p><strong>1. Ker\u00e4tt\u00e4vien henkil\u00f6tietojen tyypit<\/strong><\/p><p>Rekisterinpit\u00e4j\u00e4 k\u00e4sittelee seuraavia tietoryhmi\u00e4:<\/p><p>K\u00e4ytt\u00e4j\u00e4n vapaaehtoisesti antamat tiedot:<\/p><ul><li>Nimi<\/li><li>S\u00e4hk\u00f6postiosoite<\/li><li>Matkapuhelinnumero<\/li><li>Maksutiedot (joita hallinnoidaan ulkoisten palveluntarjoajien kautta, jotka noudattavat turvallisuusstandardeja).<\/li><\/ul><p>Automaattisesti ker\u00e4tyt tiedot:<\/p><ul><li>K\u00e4ytt\u00f6loki<\/li><li>IP-osoitteet<\/li><li>Selaimen ja laitteen tekniset tiedot<\/li><li>Ev\u00e4steet ja vastaavat tekniikat (katso ev\u00e4stek\u00e4yt\u00e4nt\u00f6)<\/li><\/ul><p>\u00a0<\/p><p><strong>2. K\u00e4sittelyn tarkoitus ja oikeusperustat<\/strong><\/p><p>Henkil\u00f6tietoja k\u00e4sitell\u00e4\u00e4n seuraaviin tarkoituksiin ja seuraavin oikeusperustein:<\/p><table border=\"1\" cellspacing=\"0\" cellpadding=\"5\"><thead><tr><th>K\u00e4ytt\u00f6tarkoitus<\/th><th>Oikeusperusta<\/th><\/tr><\/thead><tbody><tr><td>Palvelunhallinta, asiakaspalvelu, tekninen tuki<\/td><td>Sopimuksen t\u00e4ytt\u00e4minen (yleisen tietosuoja-asetuksen 6 artiklan 1 kohdan b alakohta).<\/td><\/tr><tr><td>Maksujen k\u00e4sittely ja suorittaminen<\/td><td>Sopimuksen t\u00e4yt\u00e4nt\u00f6\u00f6npano\/oikeudelliset velvoitteet<\/td><\/tr><tr><td>Suoramarkkinointi ja myynninedist\u00e4misviestint\u00e4<\/td><td>Rekister\u00f6idyn suostumus (yleisen tietosuoja-asetuksen 6 artiklan 1 kohdan a alakohta).<\/td><\/tr><tr><td>Suosittelujen julkaiseminen (esim. arvostelut, tapaustutkimukset).<\/td><td>Suostumus<\/td><\/tr><tr><td>Kohdennettu mainonta ja rajoitettu profilointi markkinointitarkoituksiin<\/td><td>Suostumus<\/td><\/tr><tr><td>Sivuston suojaus, v\u00e4\u00e4rink\u00e4yt\u00f6sten ja petosten est\u00e4minen, j\u00e4rjestelm\u00e4n turvallisuus<\/td><td>Rekisterinpit\u00e4j\u00e4n oikeutettu etu (yleisen tietosuoja-asetuksen 6 artiklan 1 kohdan f alakohta).<\/td><\/tr><tr><td>Lakis\u00e4\u00e4teiset ja vero-\/kirjanpitovelvoitteet<\/td><td>Lakis\u00e4\u00e4teinen velvoite (yleisen tietosuoja-asetuksen 6 artiklan 1 kohdan c alakohta).<\/td><\/tr><\/tbody><\/table><p>Jos rekisterinpit\u00e4j\u00e4 aikoo k\u00e4sitell\u00e4 tietoja tulevaisuudessa muuhun tarkoitukseen, tarvitaan tarvittaessa uusi suostumus.<\/p><p>\u00a0<\/p><p><strong>3. Tietojen s\u00e4ilytt\u00e4minen<\/strong><\/p><p>Rekisterinpit\u00e4j\u00e4 s\u00e4ilytt\u00e4\u00e4 henkil\u00f6tietoja 90 p\u00e4iv\u00e4st\u00e4 24 kuukauteen tilin lopettamisen tai palvelun viimeisen k\u00e4yt\u00f6n j\u00e4lkeen tai niin kauan kuin se on tarpeen niiden tarkoitusten t\u00e4ytt\u00e4miseksi, joita varten tiedot on ker\u00e4tty t\u00e4ss\u00e4 k\u00e4yt\u00e4nn\u00f6ss\u00e4mme esitetyll\u00e4 tavalla.<\/p><p>Joitakin tietoja voidaan s\u00e4ilytt\u00e4\u00e4 pidemp\u00e4\u00e4n laissa s\u00e4\u00e4detyiss\u00e4 tapauksissa (esim. vero- ja kirjanpitovelvollisuuksia, oikeussuojaa, petostentorjuntaa ja rekisterinpit\u00e4j\u00e4n oikeuksien k\u00e4ytt\u00e4mist\u00e4 tai puolustamista varten).<\/p><p>Anonymisoituja tai koottuja tietoja, joita ei voida j\u00e4ljitt\u00e4\u00e4 k\u00e4ytt\u00e4j\u00e4\u00e4n (suoraan tai ep\u00e4suorasti), voidaan s\u00e4ilytt\u00e4\u00e4 m\u00e4\u00e4r\u00e4\u00e4m\u00e4tt\u00f6m\u00e4n ajan.<\/p><p>\u00a0<\/p><p><strong>4. K\u00e4sittelytavat<\/strong><\/p><p>Henkil\u00f6tietoja k\u00e4sitell\u00e4\u00e4n s\u00e4hk\u00f6isesti ja rajoitetuissa tapauksissa manuaalisesti toteuttamalla asianmukaiset tekniset ja organisatoriset toimenpiteet tietojen turvallisuuden, luottamuksellisuuden ja eheyden varmistamiseksi.<\/p><p>Toteutetuista toimenpiteist\u00e4 huolimatta mik\u00e4\u00e4n j\u00e4rjestelm\u00e4 ei voi taata ehdotonta turvallisuutta: tietojen siirt\u00e4minen Internetin kautta on siis k\u00e4ytt\u00e4j\u00e4n vastuulla.<\/p><p>\u00a0<\/p><p><strong>5. EU:n ulkopuolinen tiedonsiirto<\/strong><\/p><p>Jotkin rekisterinpit\u00e4j\u00e4n tekniset palveluntarjoajat (esim. pilvipalvelut, viestint\u00e4alustat, maksuportit tai s\u00e4hk\u00f6postimarkkinointity\u00f6kalut) voivat olla sijoittautuneet Euroopan talousalueen (ETA) ulkopuolelle.<\/p><p>T\u00e4llaisissa tapauksissa tietoja siirret\u00e4\u00e4n vain, jos tietosuoja-asetuksen mukaiset riitt\u00e4v\u00e4t takeet ovat olemassa, mukaan lukien:<\/p><ul><li>Euroopan komission riitt\u00e4vyysp\u00e4\u00e4t\u00f6kset;<\/li><li>Euroopan komission hyv\u00e4ksym\u00e4t vakiosopimuslausekkeet (SCC);<\/li><li>tarvittaessa lis\u00e4turvatoimenpiteet.<\/li><\/ul><p>\u00a0<\/p><p><strong>6. Tietojen luovuttaminen kolmansille osapuolille<\/strong><\/p><p>Henkil\u00f6tietoja voidaan toimittaa<\/p><ul><li>teknisten, tietotekniikka- ja hosting-palvelujen tarjoajat;<\/li><li>maksupalveluntarjoajat ja luottolaitokset;<\/li><li>oikeudelliset, vero- tai kirjanpitokonsultit;<\/li><li>markkinointialustat, CRM- ja automaatioty\u00f6kalut;<\/li><li>viranomaisille ja valvontaelimille laissa s\u00e4\u00e4detyiss\u00e4 tapauksissa.<\/li><\/ul><p>N\u00e4m\u00e4 osapuolet k\u00e4sittelev\u00e4t tietoja henkil\u00f6tietojen k\u00e4sittelij\u00f6in\u00e4 (yleisen tietosuoja-asetuksen 28 artiklan mukaisesti) tai tarvittaessa itsen\u00e4isin\u00e4 rekisterinpit\u00e4jin\u00e4 sopimusten tai oikeudellisten velvoitteiden perusteella.<\/p><p>\u00a0<\/p><p><strong>7. Rekister\u00f6idyn oikeudet<\/strong><\/p><p>Rekister\u00f6ityn\u00e4 voit milloin tahansa k\u00e4ytt\u00e4\u00e4 tietosuoja-asetuksen 15-22 artiklan mukaisia oikeuksiasi, mukaan lukien:<\/p><ul><li>oikeus tutustua henkil\u00f6tietoihin;<\/li><li>oikeus oikaista virheelliset tiedot tai t\u00e4ydent\u00e4\u00e4 puutteelliset tiedot;<\/li><li>oikeus tietojen poistamiseen (\u201coikeus tulla unohdetuksi\u201d);<\/li><li>oikeus k\u00e4sittelyn rajoittamiseen;<\/li><li>Oikeus vastustaa oikeutettuun etuun perustuvaa k\u00e4sittely\u00e4;<\/li><li>oikeus siirt\u00e4\u00e4 tiedot toiselle rekisterinpit\u00e4j\u00e4lle;<\/li><li>oikeus peruuttaa annettu suostumus milloin tahansa, sanotun kuitenkaan rajoittamatta suostumukseen perustuvan k\u00e4sittelyn laillisuutta ennen sen peruuttamista;<\/li><li>oikeus tehd\u00e4 valitus valvontaviranomaiselle (Italiassa Garante per la Protezione dei Dati Personali).<\/li><\/ul><p>Voit k\u00e4ytt\u00e4\u00e4 oikeuksiasi kirjoittamalla s\u00e4hk\u00f6postiosoitteeseen: help@accessibi.com. Rekisterinpit\u00e4j\u00e4 vastaa pyynt\u00f6\u00f6si voimassa olevissa s\u00e4\u00e4d\u00f6ksiss\u00e4 s\u00e4\u00e4detyiss\u00e4 m\u00e4\u00e4r\u00e4ajoissa.<\/p><p>K\u00e4ytt\u00e4j\u00e4 voi my\u00f6s milloin tahansa vastustaa tietojen k\u00e4sittely\u00e4 suoramarkkinointitarkoituksiin tai poistaa kaupallisiin tarkoituksiin tapahtuvan profiloinnin k\u00e4yt\u00f6st\u00e4 kirjoittamalla samaan osoitteeseen.<\/p><p>\u00a0<\/p><p><strong>8. Ev\u00e4steet ja seurantaty\u00f6kalut<\/strong><\/p><p>Sivusto k\u00e4ytt\u00e4\u00e4 ev\u00e4steit\u00e4 ja muita vastaavia tekniikoita parantaakseen selauskokemusta, analysoidakseen liikennett\u00e4 ja personoidakseen sis\u00e4lt\u00f6\u00e4 ja mainoksia.<\/p><p>Yksityiskohtaiset tiedot k\u00e4ytetyist\u00e4 ev\u00e4steist\u00e4, niiden tarkoituksesta ja suostumuksen hallinnasta l\u00f6ytyv\u00e4t verkkosivustolla olevasta ev\u00e4stek\u00e4yt\u00e4nn\u00f6st\u00e4.<\/p><p>\u00a0<\/p><p><strong>9. Turvallisuustoimenpiteet<\/strong><\/p><p>Rekisterinpit\u00e4j\u00e4n on toteutettava asianmukaiset tekniset ja organisatoriset toimenpiteet, mukaan lukien:<\/p><ul><li>Viestinn\u00e4n TLS\/SSL-salaus;<\/li><li>palomuurit ja suojausj\u00e4rjestelm\u00e4t;<\/li><li>todennus- ja k\u00e4ytt\u00f6oikeusmenettelyt;<\/li><li>s\u00e4\u00e4nn\u00f6lliset varmuuskopiot ja j\u00e4rjestelm\u00e4n redundanssi;<\/li><li>k\u00e4sittelyyn oikeutetun henkil\u00f6st\u00f6n koulutus.<\/li><\/ul><p>T\u00e4st\u00e4 huolimatta Internetin kautta l\u00e4hetett\u00e4vien tietojen absoluuttista turvallisuutta ei voida taata, joten tietojen l\u00e4hett\u00e4minen tapahtuu k\u00e4ytt\u00e4j\u00e4n omalla vastuulla.<\/p><p>\u00a0<\/p><p><strong>10. Tietosuojavastaava \/ tietosuojayhteyshenkil\u00f6<\/strong><\/p><p>Henkil\u00f6tietojen k\u00e4sittelyyn liittyviss\u00e4 kysymyksiss\u00e4, selvityksiss\u00e4 tai valituksissa ota yhteytt\u00e4:<\/p><p>Web Solution Group Srl<br \/>Via Monte Sabotino, 2 - 24020 Bergamo (BG), Italia<br \/>S\u00e4hk\u00f6posti: help@accessibi.com<\/p><p>Rekisterinpit\u00e4j\u00e4 vastaa sovellettavan lains\u00e4\u00e4d\u00e4nn\u00f6n mukaisesti.<\/p><p>\u00a0<\/p><p><strong>11. T\u00e4m\u00e4n politiikan muutokset<\/strong><\/p><p>Omistaja voi ajoittain p\u00e4ivitt\u00e4\u00e4 t\u00e4t\u00e4 tietosuojak\u00e4yt\u00e4nt\u00f6\u00e4. Muutokset tulevat voimaan 180 p\u00e4iv\u00e4\u00e4 sen j\u00e4lkeen, kun p\u00e4ivitetty versio on julkaistu sivustolla.<\/p><p>Palvelun k\u00e4yt\u00f6n jatkaminen t\u00e4m\u00e4n ajanjakson j\u00e4lkeen tarkoittaa, ett\u00e4 k\u00e4ytt\u00e4j\u00e4 hyv\u00e4ksyy k\u00e4yt\u00e4nnes\u00e4\u00e4nn\u00f6n uuden version. Siksi sinua kehotetaan tutustumaan t\u00e4h\u00e4n sivuun s\u00e4\u00e4nn\u00f6llisesti.<\/p><\/div>\t\t\t\t\t\t\t\t<\/div>\n\t\t\t\t<\/div>\n\t\t\t\t\t<\/div>\n\t\t\t\t<\/div>\n\t\t\t\t<\/div>","protected":false},"excerpt":{"rendered":"<p>Privacy Policy INFORMATIVA SULLA PRIVACY (GDPR)Ultimo aggiornamento: 01\/12\/2025Data di efficacia: 01\/06\/2025 La presente Informativa sulla Privacy \u00e8 resa ai sensi degli artt. 13 e 14 del Regolamento UE 2016\/679 (\u201cGDPR\u201d) e descrive le modalit\u00e0 di trattamento dei dati personali effettuate da Web Solution Group Srl, con sede legale in Via Monte Sabotino 2, 24020 Bergamo [&hellip;]<\/p>","protected":false},"author":1,"featured_media":0,"parent":0,"menu_order":0,"comment_status":"closed","ping_status":"closed","template":"","meta":{"footnotes":""},"class_list":["post-1174","page","type-page","status-publish","hentry"],"yoast_head":"<!-- This site is optimized with the Yoast SEO plugin v26.3 - https:\/\/yoast.com\/wordpress\/plugins\/seo\/ -->\n<title>Privacy Policy | Accessibi<\/title>\n<meta name=\"robots\" content=\"index, follow, max-snippet:-1, max-image-preview:large, max-video-preview:-1\" \/>\n<link rel=\"canonical\" href=\"https:\/\/accessibi.com\/fi\/tietosuojakaytanto\/\" \/>\n<meta property=\"og:locale\" content=\"fi_FI\" \/>\n<meta property=\"og:type\" content=\"article\" \/>\n<meta property=\"og:title\" content=\"Privacy Policy | Accessibi\" \/>\n<meta property=\"og:description\" content=\"Privacy Policy INFORMATIVA SULLA PRIVACY (GDPR)Ultimo aggiornamento: 01\/12\/2025Data di efficacia: 01\/06\/2025 La presente Informativa sulla Privacy \u00e8 resa ai sensi degli artt. 13 e 14 del Regolamento UE 2016\/679 (\u201cGDPR\u201d) e descrive le modalit\u00e0 di trattamento dei dati personali effettuate da Web Solution Group Srl, con sede legale in Via Monte Sabotino 2, 24020 Bergamo [&hellip;]\" \/>\n<meta property=\"og:url\" content=\"https:\/\/accessibi.com\/fi\/tietosuojakaytanto\/\" \/>\n<meta property=\"og:site_name\" content=\"Accessibi\" \/>\n<meta property=\"article:modified_time\" content=\"2025-12-01T21:50:28+00:00\" \/>\n<meta property=\"og:image\" content=\"https:\/\/accessibi.com\/wp-content\/uploads\/2025\/04\/successful-business-team-working-with-project-2025-02-11-18-49-11-utc-scaled.jpg\" \/>\n\t<meta property=\"og:image:width\" content=\"2560\" \/>\n\t<meta property=\"og:image:height\" content=\"1707\" \/>\n\t<meta property=\"og:image:type\" content=\"image\/jpeg\" \/>\n<meta name=\"twitter:card\" content=\"summary_large_image\" \/>\n<meta name=\"twitter:label1\" content=\"Arvioitu lukuaika\" \/>\n\t<meta name=\"twitter:data1\" content=\"19 minuuttia\" \/>\n<script type=\"application\/ld+json\" class=\"yoast-schema-graph\">{\"@context\":\"https:\/\/schema.org\",\"@graph\":[{\"@type\":\"WebPage\",\"@id\":\"https:\/\/accessibi.com\/it\/privacy-policy\/\",\"url\":\"https:\/\/accessibi.com\/it\/privacy-policy\/\",\"name\":\"Privacy Policy | Accessibi\",\"isPartOf\":{\"@id\":\"https:\/\/accessibi.com\/#website\"},\"datePublished\":\"2025-12-01T21:46:47+00:00\",\"dateModified\":\"2025-12-01T21:50:28+00:00\",\"breadcrumb\":{\"@id\":\"https:\/\/accessibi.com\/it\/privacy-policy\/#breadcrumb\"},\"inLanguage\":\"fi\",\"potentialAction\":[{\"@type\":\"ReadAction\",\"target\":[\"https:\/\/accessibi.com\/it\/privacy-policy\/\"]}]},{\"@type\":\"BreadcrumbList\",\"@id\":\"https:\/\/accessibi.com\/it\/privacy-policy\/#breadcrumb\",\"itemListElement\":[{\"@type\":\"ListItem\",\"position\":1,\"name\":\"Home\",\"item\":\"https:\/\/accessibi.com\/\"},{\"@type\":\"ListItem\",\"position\":2,\"name\":\"Privacy Policy\"}]},{\"@type\":\"WebSite\",\"@id\":\"https:\/\/accessibi.com\/#website\",\"url\":\"https:\/\/accessibi.com\/\",\"name\":\"Accessibi\",\"description\":\"Accessibilit\u00e0 per tutti, senza compromessi\",\"publisher\":{\"@id\":\"https:\/\/accessibi.com\/#organization\"},\"potentialAction\":[{\"@type\":\"SearchAction\",\"target\":{\"@type\":\"EntryPoint\",\"urlTemplate\":\"https:\/\/accessibi.com\/?s={search_term_string}\"},\"query-input\":{\"@type\":\"PropertyValueSpecification\",\"valueRequired\":true,\"valueName\":\"search_term_string\"}}],\"inLanguage\":\"fi\"},{\"@type\":\"Organization\",\"@id\":\"https:\/\/accessibi.com\/#organization\",\"name\":\"Accessibi\",\"url\":\"https:\/\/accessibi.com\/\",\"logo\":{\"@type\":\"ImageObject\",\"inLanguage\":\"fi\",\"@id\":\"https:\/\/accessibi.com\/#\/schema\/logo\/image\/\",\"url\":\"https:\/\/accessibi.com\/wp-content\/uploads\/2025\/04\/accessibi-blue.svg\",\"contentUrl\":\"https:\/\/accessibi.com\/wp-content\/uploads\/2025\/04\/accessibi-blue.svg\",\"width\":511,\"height\":82,\"caption\":\"Accessibi\"},\"image\":{\"@id\":\"https:\/\/accessibi.com\/#\/schema\/logo\/image\/\"}}]}<\/script>\n<!-- \/ Yoast SEO plugin. -->","yoast_head_json":{"title":"Yksityisyydensuoja | Accessibi","robots":{"index":"index","follow":"follow","max-snippet":"max-snippet:-1","max-image-preview":"max-image-preview:large","max-video-preview":"max-video-preview:-1"},"canonical":"https:\/\/accessibi.com\/fi\/tietosuojakaytanto\/","og_locale":"fi_FI","og_type":"article","og_title":"Privacy Policy | Accessibi","og_description":"Privacy Policy INFORMATIVA SULLA PRIVACY (GDPR)Ultimo aggiornamento: 01\/12\/2025Data di efficacia: 01\/06\/2025 La presente Informativa sulla Privacy \u00e8 resa ai sensi degli artt. 13 e 14 del Regolamento UE 2016\/679 (\u201cGDPR\u201d) e descrive le modalit\u00e0 di trattamento dei dati personali effettuate da Web Solution Group Srl, con sede legale in Via Monte Sabotino 2, 24020 Bergamo [&hellip;]","og_url":"https:\/\/accessibi.com\/fi\/tietosuojakaytanto\/","og_site_name":"Accessibi","article_modified_time":"2025-12-01T21:50:28+00:00","og_image":[{"width":2560,"height":1707,"url":"https:\/\/accessibi.com\/wp-content\/uploads\/2025\/04\/successful-business-team-working-with-project-2025-02-11-18-49-11-utc-scaled.jpg","type":"image\/jpeg"}],"twitter_card":"summary_large_image","twitter_misc":{"Arvioitu lukuaika":"19 minuuttia"},"schema":{"@context":"https:\/\/schema.org","@graph":[{"@type":"WebPage","@id":"https:\/\/accessibi.com\/it\/privacy-policy\/","url":"https:\/\/accessibi.com\/it\/privacy-policy\/","name":"Yksityisyydensuoja | Accessibi","isPartOf":{"@id":"https:\/\/accessibi.com\/#website"},"datePublished":"2025-12-01T21:46:47+00:00","dateModified":"2025-12-01T21:50:28+00:00","breadcrumb":{"@id":"https:\/\/accessibi.com\/it\/privacy-policy\/#breadcrumb"},"inLanguage":"fi","potentialAction":[{"@type":"ReadAction","target":["https:\/\/accessibi.com\/it\/privacy-policy\/"]}]},{"@type":"BreadcrumbList","@id":"https:\/\/accessibi.com\/it\/privacy-policy\/#breadcrumb","itemListElement":[{"@type":"ListItem","position":1,"name":"Home","item":"https:\/\/accessibi.com\/"},{"@type":"ListItem","position":2,"name":"Privacy Policy"}]},{"@type":"WebSite","@id":"https:\/\/accessibi.com\/#website","url":"https:\/\/accessibi.com\/","name":"Accessibi","description":"Saavutettavuus kaikille ilman kompromisseja","publisher":{"@id":"https:\/\/accessibi.com\/#organization"},"potentialAction":[{"@type":"SearchAction","target":{"@type":"EntryPoint","urlTemplate":"https:\/\/accessibi.com\/?s={search_term_string}"},"query-input":{"@type":"PropertyValueSpecification","valueRequired":true,"valueName":"search_term_string"}}],"inLanguage":"fi"},{"@type":"Organization","@id":"https:\/\/accessibi.com\/#organization","name":"Accessibi","url":"https:\/\/accessibi.com\/","logo":{"@type":"ImageObject","inLanguage":"fi","@id":"https:\/\/accessibi.com\/#\/schema\/logo\/image\/","url":"https:\/\/accessibi.com\/wp-content\/uploads\/2025\/04\/accessibi-blue.svg","contentUrl":"https:\/\/accessibi.com\/wp-content\/uploads\/2025\/04\/accessibi-blue.svg","width":511,"height":82,"caption":"Accessibi"},"image":{"@id":"https:\/\/accessibi.com\/#\/schema\/logo\/image\/"}}]}},"_links":{"self":[{"href":"https:\/\/accessibi.com\/fi\/wp-json\/wp\/v2\/pages\/1174","targetHints":{"allow":["GET"]}}],"collection":[{"href":"https:\/\/accessibi.com\/fi\/wp-json\/wp\/v2\/pages"}],"about":[{"href":"https:\/\/accessibi.com\/fi\/wp-json\/wp\/v2\/types\/page"}],"author":[{"embeddable":true,"href":"https:\/\/accessibi.com\/fi\/wp-json\/wp\/v2\/users\/1"}],"replies":[{"embeddable":true,"href":"https:\/\/accessibi.com\/fi\/wp-json\/wp\/v2\/comments?post=1174"}],"version-history":[{"count":4,"href":"https:\/\/accessibi.com\/fi\/wp-json\/wp\/v2\/pages\/1174\/revisions"}],"predecessor-version":[{"id":1185,"href":"https:\/\/accessibi.com\/fi\/wp-json\/wp\/v2\/pages\/1174\/revisions\/1185"}],"wp:attachment":[{"href":"https:\/\/accessibi.com\/fi\/wp-json\/wp\/v2\/media?parent=1174"}],"curies":[{"name":"wp","href":"https:\/\/api.w.org\/{rel}","templated":true}]}}