{"id":578,"date":"2025-04-24T12:10:01","date_gmt":"2025-04-24T10:10:01","guid":{"rendered":"https:\/\/accessibi.com\/?page_id=578"},"modified":"2025-12-01T22:50:30","modified_gmt":"2025-12-01T21:50:30","slug":"conditions-generales","status":"publish","type":"page","link":"https:\/\/accessibi.com\/fr\/conditions-generales\/","title":{"rendered":"Conditions g\u00e9n\u00e9rales d'utilisation"},"content":{"rendered":"<div data-elementor-type=\"wp-page\" data-elementor-id=\"578\" class=\"elementor elementor-578\" data-elementor-post-type=\"page\">\n\t\t\t\t<div class=\"elementor-element elementor-element-6ff55fce e-flex e-con-boxed e-con e-parent\" data-id=\"6ff55fce\" data-element_type=\"container\" data-settings=\"{&quot;background_background&quot;:&quot;classic&quot;}\">\n\t\t\t\t\t<div class=\"e-con-inner\">\n\t\t\t\t<div class=\"elementor-element elementor-element-4907a161 elementor-widget__width-inherit elementor-widget elementor-widget-heading\" data-id=\"4907a161\" data-element_type=\"widget\" data-widget_type=\"heading.default\">\n\t\t\t\t<div class=\"elementor-widget-container\">\n\t\t\t\t\t<h1 class=\"elementor-heading-title elementor-size-default\">Conditions de service<br><\/h1>\t\t\t\t<\/div>\n\t\t\t\t<\/div>\n\t\t\t\t\t<\/div>\n\t\t\t\t<\/div>\n\t\t<div class=\"elementor-element elementor-element-6bd596f e-flex e-con-boxed e-con e-parent\" data-id=\"6bd596f\" data-element_type=\"container\">\n\t\t\t\t\t<div class=\"e-con-inner\">\n\t\t\t\t<div class=\"elementor-element elementor-element-f04210a elementor-widget elementor-widget-text-editor\" data-id=\"f04210a\" data-element_type=\"widget\" data-widget_type=\"text-editor.default\">\n\t\t\t\t<div class=\"elementor-widget-container\">\n\t\t\t\t\t\t\t\t\t<p>Le pr\u00e9sent document d\u00e9finit les conditions g\u00e9n\u00e9rales d'utilisation du site web Accessibi, qui offre des services d'accessibilit\u00e9 au web et de d\u00e9veloppement de logiciels fournis par le propri\u00e9taire de l'application.<\/p><ol class=\"wp-block-list\" data-asw-orgfontsize=\"16\"><li data-asw-orgfontsize=\"16\"><strong>D\u00e9finitions<\/strong><\/li><\/ol><p data-asw-orgfontsize=\"16\">Pour permettre une compr\u00e9hension et une acceptation totales des pr\u00e9sentes conditions, les termes suivants, au singulier et au pluriel, ont la signification indiqu\u00e9e ci-dessous :<\/p><ol class=\"wp-block-list\" data-asw-orgfontsize=\"16\"><li data-asw-orgfontsize=\"16\"><strong>Propri\u00e9taire :<\/strong>\u00a0<strong>GILBI Srl<\/strong>dont le si\u00e8ge social est situ\u00e9 Via Monte Sabotino, 2 Bergamo (BG) 24121, num\u00e9ro de TVA \/ code fiscal 04598080168, BG474890, capital social enti\u00e8rement lib\u00e9r\u00e9 de 20 000,00 \u20ac, adresse PEC\u00a0<a href=\"mailto:gilbi.co@legalmail.it\" data-asw-orgfontsize=\"16\">gilbi.co@legalmail.it<\/a><\/li><li data-asw-orgfontsize=\"16\"><strong>Application :<\/strong>\u00a0le site web d'Accessibi et le CRM crm.accessibi.com<\/li><li data-asw-orgfontsize=\"16\"><strong>Produits :<\/strong>\u00a0les produits num\u00e9riques (contenu et services fournis sous forme num\u00e9rique), les services vendus par le contr\u00f4leur<\/li><li data-asw-orgfontsize=\"16\"><strong>Utilisateur :<\/strong>\u00a0toute personne acc\u00e9dant \u00e0 l'application et l'utilisant<\/li><li data-asw-orgfontsize=\"16\"><strong>Consommateur utilisateur :<\/strong>\u00a0une personne physique majeure qui conclut un contrat \u00e0 des fins \u00e9trang\u00e8res \u00e0 son activit\u00e9 commerciale, industrielle, artisanale ou professionnelle, le cas \u00e9ch\u00e9ant<\/li><li data-asw-orgfontsize=\"16\"><strong>Utilisateur professionnel :<\/strong>\u00a0une personne physique \u00e2g\u00e9e de plus de 18 ans ou une personne morale concluant un contrat pour l'ex\u00e9cution ou aux fins de son activit\u00e9 commerciale, industrielle, artisanale ou lib\u00e9rale<\/li><li data-asw-orgfontsize=\"16\"><strong>Conditions :<\/strong>\u00a0le pr\u00e9sent contrat r\u00e9gissant la relation entre le Contr\u00f4leur et les Utilisateurs et la vente des Produits propos\u00e9s par le Contr\u00f4leur par le biais de l'Application.<\/li><\/ol><ol class=\"wp-block-list\" data-asw-orgfontsize=\"16\"><li data-asw-orgfontsize=\"16\"><strong>Informations d\u00e9taill\u00e9es sur l'offre de candidature<\/strong><\/li><\/ol><p data-asw-orgfontsize=\"16\">L'application offre aux utilisateurs d'Accessibi une gamme de services sur mesure permettant aux petites et moyennes entreprises de se d\u00e9velopper sur le web et \u00e0 travers les m\u00e9dias sociaux. Pour ceux qui veulent cr\u00e9er une pr\u00e9sence en ligne efficace pour leur marque. Une entreprise dynamique et professionnelle o\u00f9 l'attention port\u00e9e au client est toujours primordiale. D\u00e9couvrez la qualit\u00e9 des services et les prix comp\u00e9titifs. Tout ce dont votre entreprise a besoin : sites web, e-commerce, campagnes publicitaires en ligne et locales, gestion sociale et r\u00e9f\u00e9rencement...<\/p><ol class=\"wp-block-list\" data-asw-orgfontsize=\"16\"><li data-asw-orgfontsize=\"16\"><strong>Champ d'application des conditions<\/strong><\/li><\/ol><p data-asw-orgfontsize=\"16\">L'utilisation de l'Application implique l'acceptation des Conditions par l'Utilisateur. Si l'Utilisateur n'entend pas accepter les Conditions et\/ou toute autre note, avis juridique, information publi\u00e9e ou \u00e0 laquelle il est fait r\u00e9f\u00e9rence, il ne pourra pas utiliser l'Application ou ses services.<\/p><p data-asw-orgfontsize=\"16\">Les conditions peuvent \u00eatre modifi\u00e9es \u00e0 tout moment.<\/p><p data-asw-orgfontsize=\"16\">Les conditions applicables sont celles en vigueur \u00e0 la date de transmission du bon de commande ou de la demande de fourniture d'un produit.<\/p><p data-asw-orgfontsize=\"16\">Avant d'utiliser l'application, l'utilisateur doit lire attentivement les conditions et les sauvegarder ou les imprimer pour s'y r\u00e9f\u00e9rer ult\u00e9rieurement.<\/p><p data-asw-orgfontsize=\"16\">Le Propri\u00e9taire se r\u00e9serve le droit de modifier, \u00e0 sa discr\u00e9tion, \u00e0 tout moment, m\u00eame apr\u00e8s l'enregistrement de l'Utilisateur, l'interface graphique de l'Application, les Contenus et leur organisation, ainsi que tout autre aspect caract\u00e9risant la fonctionnalit\u00e9 et la gestion de l'Application, en notifiant le cas \u00e9ch\u00e9ant \u00e0 l'Utilisateur les instructions correspondantes.<\/p><ol class=\"wp-block-list\" data-asw-orgfontsize=\"16\"><li data-asw-orgfontsize=\"16\"><strong>Achat via l'application<\/strong><\/li><\/ol><p data-asw-orgfontsize=\"16\">Tous les Produits propos\u00e9s par l'interm\u00e9diaire de l'Application sont d\u00e9crits en d\u00e9tail sur les pages produits correspondantes (qualit\u00e9, caract\u00e9ristiques, disponibilit\u00e9, prix, d\u00e9lais de livraison, frais d'accessoires, etc.) Il peut y avoir des erreurs, des inexactitudes ou de petites diff\u00e9rences entre ce qui est publi\u00e9 sur l'Application et le Produit r\u00e9el. En outre, les \u00e9ventuelles images du Produit ne sont que repr\u00e9sentatives et ne constituent pas un \u00e9l\u00e9ment contractuel.<\/p><p data-asw-orgfontsize=\"16\">L'achat d'un ou de plusieurs produits par l'interm\u00e9diaire de l'application est autoris\u00e9 tant pour les utilisateurs consommateurs que pour les utilisateurs professionnels.<\/p><p data-asw-orgfontsize=\"16\">Les personnes physiques ne sont autoris\u00e9es \u00e0 effectuer des achats que si elles sont majeures. Pour les mineurs, tout achat et\/ou demande de fourniture de Produits via l'Application doit \u00eatre contr\u00f4l\u00e9 et autoris\u00e9 par leurs parents ou les personnes exer\u00e7ant la responsabilit\u00e9 parentale.<\/p><p data-asw-orgfontsize=\"16\">L'offre de produits par le biais de l'application constitue une invitation \u00e0 offrir et la commande envoy\u00e9e par l'utilisateur sera consid\u00e9r\u00e9e comme une proposition contractuelle d'achat, sous r\u00e9serve de confirmation et\/ou d'acceptation par le propri\u00e9taire comme d\u00e9crit ci-dessous. Par cons\u00e9quent, le Propri\u00e9taire aura le droit, \u00e0 sa seule discr\u00e9tion, d'accepter ou de rejeter la commande de l'Utilisateur sans que ce dernier ne puisse s'y opposer ou se plaindre de quoi que ce soit pour quelque raison que ce soit.<\/p><p data-asw-orgfontsize=\"16\">Le contrat de vente des produits est conclu par l'acceptation par le contr\u00f4leur de la proposition contractuelle de l'utilisateur. Le contr\u00f4leur accepte la proposition contractuelle de l'utilisateur en envoyant la confirmation de la commande \u00e0 l'adresse \u00e9lectronique indiqu\u00e9e par l'utilisateur, qui contient la date de la commande, les donn\u00e9es de l'utilisateur, les caract\u00e9ristiques et la disponibilit\u00e9 du produit, le prix ou la m\u00e9thode de calcul du prix, les \u00e9ventuels frais et taxes suppl\u00e9mentaires, les d\u00e9lais de livraison et d'ex\u00e9cution, les modalit\u00e9s d'exercice du droit de r\u00e9tractation ou son \u00e9ventuelle exclusion et la garantie.<\/p><p data-asw-orgfontsize=\"16\">Le contrat de vente des produits ne sera pas consid\u00e9r\u00e9 comme effectif entre les parties en l'absence de ce qui pr\u00e9c\u00e8de.<\/p><p data-asw-orgfontsize=\"16\">Si le Produit n'est pas disponible, le Titulaire informera l'Utilisateur des nouvelles conditions de livraison ou de fourniture, en lui demandant s'il entend ou non confirmer sa commande. Il est entendu que le contrat est r\u00e9put\u00e9 conclu pour les Produits accept\u00e9s par le Titulaire.<\/p><p data-asw-orgfontsize=\"16\">L'utilisateur s'engage \u00e0 v\u00e9rifier l'exactitude des donn\u00e9es figurant dans la confirmation de la commande et \u00e0 notifier imm\u00e9diatement toute erreur au contr\u00f4leur, et \u00e0 conserver une copie de sa commande, de sa confirmation et des conditions.<\/p><ol class=\"wp-block-list\" data-asw-orgfontsize=\"16\"><li data-asw-orgfontsize=\"16\"><strong>Inscription<\/strong><\/li><\/ol><p data-asw-orgfontsize=\"16\">Afin de profiter des fonctionnalit\u00e9s de l'application, les utilisateurs doivent s'inscrire en fournissant, de mani\u00e8re v\u00e9ridique et compl\u00e8te, toutes les donn\u00e9es demand\u00e9es dans le formulaire d'inscription correspondant et accepter pleinement la politique de confidentialit\u00e9 (\u00a0<a href=\"https:\/\/www.iubenda.com\/privacy-policy\/56810897?ifr=true&amp;height=650&amp;newmarkup=yes&amp;origin=https%3A%2F%2Faccessibi.com%2Fit%2F&amp;an=no\" data-cmp-ab=\"2\" data-asw-orgfontsize=\"16\">https:\/\/www.iubenda.com\/privacy-policy\/56810897?ifr=true&amp;height=650&amp;newmarkup=yes&amp;origin=https%3A%2F%2Faccessibi.com%2Fit%2F&amp;an=no<\/a>) et les conditions.<\/p><p data-asw-orgfontsize=\"16\">L'utilisateur est responsable de la garde de ses identifiants d'acc\u00e8s, qui doivent \u00eatre utilis\u00e9s exclusivement par l'utilisateur et ne peuvent \u00eatre transmis \u00e0 des tiers. L'utilisateur s'engage \u00e0 les garder secrets, \u00e0 veiller \u00e0 ce qu'aucun tiers n'y ait acc\u00e8s et \u00e0 informer imm\u00e9diatement le contr\u00f4leur s'il soup\u00e7onne ou a connaissance d'une utilisation abusive ou d'une divulgation inappropri\u00e9e de ces donn\u00e9es.<\/p><p data-asw-orgfontsize=\"16\">L'utilisateur garantit que les informations personnelles fournies au cours de la proc\u00e9dure d'enregistrement sont compl\u00e8tes et v\u00e9ridiques et s'engage \u00e0 d\u00e9gager le contr\u00f4leur de toute responsabilit\u00e9 et \u00e0 l'indemniser de tout dommage, obligation d'indemnisation et\/ou p\u00e9nalit\u00e9 d\u00e9coulant de et\/ou li\u00e9 de quelque mani\u00e8re que ce soit \u00e0 la violation par l'utilisateur des r\u00e8gles relatives \u00e0 l'enregistrement sur l'application ou au stockage des justificatifs d'enregistrement.<\/p><ol class=\"wp-block-list\" data-asw-orgfontsize=\"16\"><li data-asw-orgfontsize=\"16\"><strong>Suppression et cl\u00f4ture du compte<\/strong><\/li><\/ol><p data-asw-orgfontsize=\"16\">Les Utilisateurs enregistr\u00e9s peuvent cesser d'utiliser l'Application \u00e0 tout moment et d\u00e9sactiver leur compte ou demander sa suppression via l'interface de l'Application, si cela est possible, ou en envoyant un avis \u00e9crit \u00e0 l'adresse \u00e9lectronique suivante\u00a0<a href=\"mailto:legal@gilbi.co\" data-asw-orgfontsize=\"16\">legal@gilbi.co<\/a>.<\/p><p data-asw-orgfontsize=\"16\">En cas de violation par l'Utilisateur des Conditions ou de toute disposition l\u00e9gale applicable, le Propri\u00e9taire se r\u00e9serve le droit de suspendre ou de r\u00e9silier le compte de l'Utilisateur \u00e0 tout moment et sans pr\u00e9avis.<\/p><ol class=\"wp-block-list\" data-asw-orgfontsize=\"16\"><li data-asw-orgfontsize=\"16\"><strong>Abonnement<\/strong><\/li><\/ol><p data-asw-orgfontsize=\"16\">L'application propose des produits d'abonnement. Les caract\u00e9ristiques et les modalit\u00e9s d'abonnement sont d\u00e9taill\u00e9es dans l'application.<\/p><p data-asw-orgfontsize=\"16\">Pour s'abonner, l'Utilisateur doit suivre la proc\u00e9dure indiqu\u00e9e dans l'Application et saisir les donn\u00e9es requises. Les \u00e9ventuels frais d'abonnement commenceront \u00e0 la date et \u00e0 la fr\u00e9quence indiqu\u00e9es au moment de l'abonnement.<\/p><p data-asw-orgfontsize=\"16\">L'abonnement est renouvel\u00e9 de la mani\u00e8re et aux moments indiqu\u00e9s dans la demande.<\/p><p data-asw-orgfontsize=\"16\">Les utilisateurs peuvent d\u00e9sactiver le renouvellement via l'application ou en envoyant une communication \u00e0 l'adresse \u00e9lectronique suivante\u00a0<a href=\"mailto:legal@gilbi.co\" data-asw-orgfontsize=\"16\">legal@gilbi.co<\/a>\u00a0ou en modifiant les pr\u00e9f\u00e9rences du mode de paiement utilis\u00e9.<\/p><ol class=\"wp-block-list\" data-asw-orgfontsize=\"16\"><li data-asw-orgfontsize=\"16\"><strong>Prix et paiements<\/strong><\/li><\/ol><p data-asw-orgfontsize=\"16\">Pour chaque produit, le prix incluant la TVA, si elle est due, est indiqu\u00e9. Lorsque la nature du produit ne permet pas de calculer le prix \u00e0 l'avance, la m\u00e9thode de calcul du prix est indiqu\u00e9e.<\/p><p data-asw-orgfontsize=\"16\">En outre, les taxes \u00e9ventuelles et les frais suppl\u00e9mentaires, qui peuvent varier en fonction du mode de paiement utilis\u00e9, seront indiqu\u00e9s. Si ces frais ne peuvent raisonnablement \u00eatre calcul\u00e9s \u00e0 l'avance, il sera indiqu\u00e9 quels frais seront factur\u00e9s \u00e0 l'utilisateur.<\/p><p data-asw-orgfontsize=\"16\">Le Titulaire se r\u00e9serve le droit de modifier \u00e0 tout moment le prix des Produits et les frais suppl\u00e9mentaires \u00e9ventuels. Il est entendu que toute modification de prix n'affecte en aucun cas les contrats d\u00e9j\u00e0 conclus avant la modification.<\/p><p data-asw-orgfontsize=\"16\">L'Utilisateur s'engage \u00e0 payer le prix du Produit au moment et de la mani\u00e8re indiqu\u00e9s dans l'Application et \u00e0 communiquer toutes les donn\u00e9es n\u00e9cessaires qui peuvent \u00eatre exig\u00e9es.<\/p><p data-asw-orgfontsize=\"16\">L'Application utilise des outils tiers pour le traitement des paiements et n'entre en aucun cas en contact avec les donn\u00e9es de paiement fournies (num\u00e9ro de carte de cr\u00e9dit, nom du titulaire, mot de passe, etc.)<\/p><p data-asw-orgfontsize=\"16\">Si ces instruments tiers refusent l'autorisation de paiement, le Titulaire peut ne pas fournir les Produits et ne peut \u00eatre tenu responsable de quelque mani\u00e8re que ce soit.<\/p><ol class=\"wp-block-list\" data-asw-orgfontsize=\"16\"><li data-asw-orgfontsize=\"16\"><strong>Facturation<\/strong><\/li><\/ol><p data-asw-orgfontsize=\"16\">L'utilisateur qui souhaite recevoir la facture sera invit\u00e9 \u00e0 fournir les donn\u00e9es de facturation. La facture sera \u00e9mise sur la base des informations fournies par l'utilisateur, que ce dernier d\u00e9clare et garantit comme \u00e9tant v\u00e9ridiques, d\u00e9gageant le contr\u00f4leur de toute responsabilit\u00e9 \u00e0 cet \u00e9gard.<\/p><ol class=\"wp-block-list\" data-asw-orgfontsize=\"16\"><li data-asw-orgfontsize=\"16\"><strong>Fourniture de produits et services num\u00e9riques\u00a0<\/strong><\/li><\/ol><p data-asw-orgfontsize=\"16\">Le contr\u00f4leur fournit les produits num\u00e9riques, y compris tout produit num\u00e9rique fourni sur un support mat\u00e9riel et\/ou des services \u00e0 l'utilisateur, de la mani\u00e8re et dans les d\u00e9lais indiqu\u00e9s sur l'application et pr\u00e9cis\u00e9s dans la confirmation de la commande.<\/p><p data-asw-orgfontsize=\"16\">S'il n'est pas possible de fournir les produits et services num\u00e9riques demand\u00e9s dans ce d\u00e9lai, l'utilisateur en sera inform\u00e9 rapidement par courrier \u00e9lectronique, en indiquant la date \u00e0 laquelle il est pr\u00e9vu de pouvoir les fournir ou les raisons pour lesquelles la fourniture est impossible.<\/p><p data-asw-orgfontsize=\"16\">Si l'utilisateur ne souhaite pas accepter les nouvelles conditions ou si la fourniture est devenue impossible, il peut demander le remboursement du montant pay\u00e9, qui sera cr\u00e9dit\u00e9 rapidement de la m\u00eame mani\u00e8re que la m\u00e9thode de paiement utilis\u00e9e par l'utilisateur pour l'achat, dans un d\u00e9lai maximum de 14 jours apr\u00e8s que le titulaire a pris connaissance de la demande de remboursement.<\/p><ol class=\"wp-block-list\" data-asw-orgfontsize=\"16\"><li data-asw-orgfontsize=\"16\"><strong>Exclusion du droit de retrait des utilisateurs professionnels<\/strong><\/li><\/ol><p data-asw-orgfontsize=\"16\">L'Utilisateur professionnel n'a pas le droit de se r\u00e9tracter du contrat de vente ou de fourniture des Produits. L'Utilisateur reconna\u00eet express\u00e9ment que l'indication dans la commande d'un num\u00e9ro de TVA le qualifie automatiquement d'Utilisateur Professionnel, pour lequel le droit de r\u00e9tractation ne s'applique pas.<\/p><ol class=\"wp-block-list\" data-asw-orgfontsize=\"16\"><li data-asw-orgfontsize=\"16\"><strong>Droit de r\u00e9tractation des utilisateurs concernant l'achat de produits et services num\u00e9riques\u00a0<\/strong><\/li><\/ol><p data-asw-orgfontsize=\"16\">L'utilisateur consommateur a le droit de se r\u00e9tracter sans p\u00e9nalit\u00e9 et sans indication de motif dans un d\u00e9lai de 14 jours \u00e0 compter de la date de conclusion du contrat, en envoyant une communication \u00e9crite \u00e0 l'adresse \u00e9lectronique suivante\u00a0<a href=\"mailto:legal@gilbi.co\" data-asw-orgfontsize=\"16\">legal@gilbi.co<\/a>en utilisant le formulaire de r\u00e9tractation facultative figurant \u00e0 l'article suivant ou toute autre d\u00e9claration \u00e9crite.<\/p><p data-asw-orgfontsize=\"16\">En cas de r\u00e9tractation d\u00fbment exerc\u00e9e, le contr\u00f4leur rembourse \u00e0 l'utilisateur les paiements re\u00e7us, selon le m\u00eame mode de paiement que celui utilis\u00e9 par l'utilisateur pour la transaction initiale, sans retard excessif et, en tout \u00e9tat de cause, dans un d\u00e9lai de 14 jours \u00e0 compter de la date \u00e0 laquelle l'utilisateur a communiqu\u00e9 qu'il se r\u00e9tractait du contrat.<\/p><p data-asw-orgfontsize=\"16\">L'utilisateur reconna\u00eet et accepte qu'il perd son droit de r\u00e9tractation apr\u00e8s avoir t\u00e9l\u00e9charg\u00e9 ou utilis\u00e9 un produit num\u00e9rique.<\/p><p data-asw-orgfontsize=\"16\">L'Utilisateur reconna\u00eet et accepte qu'il perd son droit de r\u00e9tractation apr\u00e8s l'ex\u00e9cution compl\u00e8te d'un service. Si le service n'a pas \u00e9t\u00e9 enti\u00e8rement ex\u00e9cut\u00e9 et que l'Utilisateur souhaite r\u00e9silier le contrat, il reste n\u00e9anmoins tenu de payer au Titulaire un montant proportionnel \u00e0 ce qui a \u00e9t\u00e9 ex\u00e9cut\u00e9 jusqu'au moment o\u00f9 il a exerc\u00e9 son droit de r\u00e9tractation.<\/p><p data-asw-orgfontsize=\"16\">L'Utilisateur reconna\u00eet et accepte que la r\u00e9siliation d'un abonnement souscrit n'entra\u00eene pas la restitution des montants relatifs aux Produits d\u00e9j\u00e0 utilis\u00e9s ou pay\u00e9s.<\/p><ol class=\"wp-block-list\" data-asw-orgfontsize=\"16\"><li data-asw-orgfontsize=\"16\"><strong>Cas d'exclusion du droit de r\u00e9tractation de l'utilisateur<\/strong><\/li><\/ol><p data-asw-orgfontsize=\"16\">Le droit de r\u00e9tractation du contrat de vente ou de fourniture de produits par l'utilisateur est relativement exclu :<\/p><ol class=\"wp-block-list\" data-asw-orgfontsize=\"16\"><li data-asw-orgfontsize=\"16\">la fourniture de Produits dont le prix est li\u00e9 \u00e0 des fluctuations du march\u00e9 financier que le Titulaire ne peut pas contr\u00f4ler et qui peuvent survenir pendant le d\u00e9lai de r\u00e9tractation<\/li><li data-asw-orgfontsize=\"16\">la fourniture de produits sur mesure ou nettement personnalis\u00e9s<\/li><li data-asw-orgfontsize=\"16\">la fourniture de produits susceptibles de se d\u00e9t\u00e9riorer ou de se p\u00e9rimer rapidement. Cette cat\u00e9gorie comprend tous les produits alimentaires (y compris les boissons) dont les caract\u00e9ristiques sont susceptibles de se d\u00e9t\u00e9riorer \u00e0 la suite d'un stockage inappropri\u00e9.<\/li><li data-asw-orgfontsize=\"16\">la fourniture de produits scell\u00e9s qui ne peuvent \u00eatre retourn\u00e9s pour des raisons d'hygi\u00e8ne ou de protection de la sant\u00e9 et qui ont \u00e9t\u00e9 ouverts apr\u00e8s la livraison<\/li><li data-asw-orgfontsize=\"16\">la fourniture de produits qui, apr\u00e8s livraison, sont, de par leur nature, indissociablement m\u00e9lang\u00e9s \u00e0 d'autres biens<\/li><li data-asw-orgfontsize=\"16\">aux contrats dans lesquels l'utilisateur a sp\u00e9cifiquement demand\u00e9 la visite du contr\u00f4leur ou d'un professionnel mandat\u00e9 dans le but d'effectuer des travaux urgents de r\u00e9paration ou d'entretien. Si, \u00e0 l'occasion d'une telle visite, le contr\u00f4leur ou un professionnel mandat\u00e9 fournit des services en plus de ceux sp\u00e9cifiquement demand\u00e9s par l'utilisateur ou des biens autres que des pi\u00e8ces d\u00e9tach\u00e9es n\u00e9cessaires pour effectuer l'entretien ou les r\u00e9parations, le droit de r\u00e9tractation s'applique \u00e0 ces services ou biens suppl\u00e9mentaires<\/li><li data-asw-orgfontsize=\"16\">la fourniture d'enregistrements audio ou vid\u00e9o scell\u00e9s ou de logiciels informatiques scell\u00e9s qui ont \u00e9t\u00e9 ouverts apr\u00e8s la livraison<\/li><li data-asw-orgfontsize=\"16\">la fourniture de journaux, de p\u00e9riodiques et de magazines, \u00e0 l'exception des contrats d'abonnement pour la fourniture de ces publications<\/li><li data-asw-orgfontsize=\"16\">les contrats conclus lors d'une vente aux ench\u00e8res publiques<\/li><li data-asw-orgfontsize=\"16\">la fourniture d'un logement \u00e0 des fins non r\u00e9sidentielles, le transport de marchandises, les services de location de voitures, les services de restauration ou les services li\u00e9s aux activit\u00e9s de loisirs si le contrat pr\u00e9voit une date ou une p\u00e9riode d'ex\u00e9cution sp\u00e9cifique<\/li><\/ol><p data-asw-orgfontsize=\"16\">Pour de plus amples informations, veuillez contacter le propri\u00e9taire \u00e0 l'adresse \u00e9lectronique suivante\u00a0<a href=\"mailto:legal@gilbi.co\" data-asw-orgfontsize=\"16\">legal@gilbi.co<\/a>.<\/p><ol class=\"wp-block-list\" data-asw-orgfontsize=\"16\"><li data-asw-orgfontsize=\"16\"><strong>Formulaire facultatif pour l'exercice du droit de r\u00e9tractation<\/strong><\/li><li data-asw-orgfontsize=\"16\">L'utilisateur peut se r\u00e9tracter en utilisant le formulaire suivant, qui doit \u00eatre enti\u00e8rement compl\u00e9t\u00e9 et envoy\u00e9 \u00e0 l'adresse \u00e9lectronique suivante\u00a0<a href=\"mailto:legal@gilbi.co\" data-asw-orgfontsize=\"16\">legal@gilbi.co<\/a>\u00a0avant l'expiration du d\u00e9lai de r\u00e9tractation :<\/li><\/ol><p data-asw-orgfontsize=\"16\"><em>Je notifie par la pr\u00e9sente ma r\u00e9tractation du contrat de vente ou de fourniture relatif au produit suivant __________<\/em>\u00a0<em>\u00a0Num\u00e9ro de commande : _______<\/em>\u00a0<em>\u00a0Command\u00e9 sur : _______<\/em>\u00a0<em>\u00a0Nom et pr\u00e9nom : _______<\/em>\u00a0<em>\u00a0Adresse : ______<\/em>\u00a0<em>\u00a0E-mail associ\u00e9 au compte \u00e0 partir duquel la commande a \u00e9t\u00e9 pass\u00e9e : ____________________<\/em>\u00a0<em>\u00a0Date : __________<\/em>\u00a0<em>\u00a0<\/em><\/p><ol class=\"wp-block-list\" data-asw-orgfontsize=\"16\"><li data-asw-orgfontsize=\"16\"><strong>Garantie de conformit\u00e9 des produits num\u00e9riques pour les consommateurs<\/strong><\/li><\/ol><p data-asw-orgfontsize=\"16\">Les Utilisateurs consommateurs b\u00e9n\u00e9ficient de la garantie de conformit\u00e9, pr\u00e9vue aux articles 135-decies et suivants du Code de la consommation, pour tous les Produits num\u00e9riques vendus par l'interm\u00e9diaire de l'Application, \u00e0 l'exception des cas d'exclusion pr\u00e9vus \u00e0 l'article 135-novies du Code de la consommation.<\/p><p data-asw-orgfontsize=\"16\">Le titulaire est responsable des d\u00e9fauts de conformit\u00e9 qui apparaissent dans un d\u00e9lai de deux ans \u00e0 compter de la date de livraison. Les d\u00e9fauts de conformit\u00e9 doivent \u00eatre signal\u00e9s par le consommateur dans un d\u00e9lai de vingt-six mois \u00e0 compter de la date de fourniture ou du dernier acte de fourniture. Lorsque le contrat de vente pr\u00e9voit que les Produits num\u00e9riques sont fournis pour une certaine dur\u00e9e, l'obligation de conformit\u00e9 subsiste pendant toute la dur\u00e9e de cette p\u00e9riode.<\/p><p data-asw-orgfontsize=\"16\">Si l'utilisateur-consommateur souhaite se pr\u00e9valoir des voies de recours pr\u00e9vues par la garantie de conformit\u00e9, il doit envoyer une communication \u00e9crite \u00e0 l'adresse \u00e9lectronique suivante\u00a0<a href=\"mailto:legal@gilbi.co\" data-asw-orgfontsize=\"16\">legal@gilbi.co<\/a>. Le titulaire accuse r\u00e9ception sans d\u00e9lai de la communication du d\u00e9faut de conformit\u00e9 all\u00e9gu\u00e9 et indique \u00e0 l'utilisateur consommateur la proc\u00e9dure sp\u00e9cifique \u00e0 suivre. Pour tout ce qui n'est pas pr\u00e9vu dans la pr\u00e9sente clause, les articles 135-octies \u00e0 135-vicies bis du code de la consommation et les articles du code civil relatifs \u00e0 la formation, \u00e0 la validit\u00e9 et \u00e0 l'efficacit\u00e9 des contrats, y compris les cons\u00e9quences de la r\u00e9siliation du contrat et le droit \u00e0 des dommages-int\u00e9r\u00eats, s'appliquent.<\/p><ol class=\"wp-block-list\" data-asw-orgfontsize=\"16\"><li data-asw-orgfontsize=\"16\"><strong>Droits de propri\u00e9t\u00e9 industrielle et intellectuelle<\/strong><\/li><\/ol><p data-asw-orgfontsize=\"16\">Tout le contenu de l'Application, y compris les textes, documents, marques, logos, images, graphiques, leur disposition et leurs adaptations sont prot\u00e9g\u00e9s par le droit d'auteur et le droit des marques. L'Application peut \u00e9galement contenir des images, des documents, des logos et des marques de tiers qui ont express\u00e9ment autoris\u00e9 le Propri\u00e9taire \u00e0 les publier dans l'Application. Sauf pour un usage strictement personnel, le Contenu ne peut \u00eatre copi\u00e9, modifi\u00e9, distribu\u00e9, publi\u00e9 ou utilis\u00e9 sans l'autorisation expresse du Propri\u00e9taire.<\/p><ol class=\"wp-block-list\" data-asw-orgfontsize=\"16\"><li data-asw-orgfontsize=\"16\"><strong>Exclusion de la garantie<\/strong><\/li><\/ol><p data-asw-orgfontsize=\"16\">L'application est fournie \"en l'\u00e9tat\" et \"telle que disponible\" et le propri\u00e9taire ne donne aucune garantie expresse ou implicite concernant l'application, ni ne garantit que l'application r\u00e9pondra aux besoins des utilisateurs ou qu'elle sera ininterrompue ou sans erreur ou qu'elle sera exempte de virus ou de bogues.<\/p><p data-asw-orgfontsize=\"16\">Le Propri\u00e9taire s'efforce d'assurer la disponibilit\u00e9 de l'Application 24 heures sur 24 sans interruption, mais ne peut en aucun cas \u00eatre tenu responsable si, pour quelque raison que ce soit, l'Application n'est pas accessible et\/ou op\u00e9rationnelle \u00e0 tout moment ou pour toute p\u00e9riode. L'acc\u00e8s \u00e0 l'Application peut \u00eatre suspendu temporairement et sans pr\u00e9avis en cas de d\u00e9faillance du syst\u00e8me, de maintenance, de r\u00e9paration ou pour des raisons totalement ind\u00e9pendantes de la volont\u00e9 du Propri\u00e9taire ou en cas de force majeure.<\/p><ol class=\"wp-block-list\" data-asw-orgfontsize=\"16\"><li data-asw-orgfontsize=\"16\"><strong>Limitation de la responsabilit\u00e9<\/strong><\/li><\/ol><p data-asw-orgfontsize=\"16\">Le Titulaire n'est pas responsable vis-\u00e0-vis de l'Utilisateur, sauf en cas de dol ou de faute lourde, des dysfonctionnements li\u00e9s \u00e0 l'utilisation d'Internet \u00e9chappant \u00e0 son contr\u00f4le ou \u00e0 celui de ses fournisseurs.<\/p><p data-asw-orgfontsize=\"16\">En outre, le titulaire n'est pas responsable des dommages, pertes et frais encourus par l'utilisateur du fait de l'inex\u00e9cution du contrat pour des raisons qui ne lui sont pas imputables, l'utilisateur n'ayant droit qu'au remboursement int\u00e9gral du prix pay\u00e9 et des frais suppl\u00e9mentaires encourus.<\/p><p data-asw-orgfontsize=\"16\">Le titulaire de la carte n'assume aucune responsabilit\u00e9 pour l'utilisation frauduleuse et ill\u00e9gale qui pourrait \u00eatre faite des cartes de cr\u00e9dit et autres moyens de paiement par des tiers, \u00e9tant donn\u00e9 qu'il n'entre aucunement en contact avec les donn\u00e9es de paiement utilis\u00e9es (num\u00e9ro de carte de cr\u00e9dit, nom du titulaire de la carte, mot de passe, etc.)<\/p><p data-asw-orgfontsize=\"16\">Le titulaire n'est pas responsable<\/p><ol class=\"wp-block-list\" data-asw-orgfontsize=\"16\"><li data-asw-orgfontsize=\"16\">toute perte d'opportunit\u00e9 commerciale et toute autre perte, m\u00eame indirecte, que l'utilisateur peut subir et qui n'est pas une cons\u00e9quence directe de la rupture de contrat par le contr\u00f4leur<\/li><li data-asw-orgfontsize=\"16\">l'utilisation incorrecte ou inappropri\u00e9e de l'application par les utilisateurs ou des tiers<\/li><li data-asw-orgfontsize=\"16\">l'\u00e9mission de documents ou de donn\u00e9es fiscales incorrects en raison d'erreurs dans les donn\u00e9es fournies par l'utilisateur, ce dernier \u00e9tant seul responsable de leur saisie correcte<\/li><\/ol><p data-asw-orgfontsize=\"16\">En aucun cas, le Titulaire ne peut \u00eatre tenu responsable de plus du double du montant pay\u00e9 par l'Utilisateur.<\/p><ol class=\"wp-block-list\" data-asw-orgfontsize=\"16\"><li data-asw-orgfontsize=\"16\"><strong>Force majeure<\/strong><\/li><\/ol><p data-asw-orgfontsize=\"16\">Le contr\u00f4leur n'est pas responsable de tout manquement ou retard dans l'ex\u00e9cution de ses obligations d\u00fb \u00e0 des circonstances \u00e9chappant au contr\u00f4le raisonnable du contr\u00f4leur en raison d'\u00e9v\u00e9nements de force majeure ou, en tout \u00e9tat de cause, d'\u00e9v\u00e9nements impr\u00e9vus et impr\u00e9visibles et, en tout \u00e9tat de cause, \u00e9chappant \u00e0 son contr\u00f4le.<\/p><p data-asw-orgfontsize=\"16\">L'ex\u00e9cution des obligations du Titulaire est r\u00e9put\u00e9e suspendue pendant la p\u00e9riode de survenance des \u00e9v\u00e9nements de force majeure.<\/p><p data-asw-orgfontsize=\"16\">Le contr\u00f4leur fait tout ce qui est en son pouvoir pour trouver des solutions permettant la bonne ex\u00e9cution de ses obligations malgr\u00e9 la persistance d'\u00e9v\u00e9nements de force majeure.<\/p><ol class=\"wp-block-list\" data-asw-orgfontsize=\"16\"><li data-asw-orgfontsize=\"16\"><strong>Liens vers des sites de tiers<\/strong><\/li><\/ol><p data-asw-orgfontsize=\"16\">L'Application peut contenir des liens vers des sites\/applications de tiers. Le Propri\u00e9taire n'exerce aucun contr\u00f4le sur ceux-ci et n'est donc en aucun cas responsable du contenu de ces sites\/applications.<\/p><p data-asw-orgfontsize=\"16\">Certains de ces liens peuvent renvoyer \u00e0 des sites\/applications de tiers qui fournissent des services par l'interm\u00e9diaire de l'Application. Dans ces cas, les conditions g\u00e9n\u00e9rales d'utilisation du site\/application et d'utilisation du service fourni par les tiers s'appliqueront aux services individuels, \u00e0 l'\u00e9gard desquels le Propri\u00e9taire n'accepte aucune responsabilit\u00e9.<\/p><ol class=\"wp-block-list\" data-asw-orgfontsize=\"16\"><li data-asw-orgfontsize=\"16\"><strong>Vie priv\u00e9e<\/strong><\/li><\/ol><p data-asw-orgfontsize=\"16\">Les donn\u00e9es personnelles seront prot\u00e9g\u00e9es et trait\u00e9es conform\u00e9ment \u00e0 la politique de confidentialit\u00e9, qui peut \u00eatre consult\u00e9e \u00e0 l'adresse suivante\u00a0<a href=\"https:\/\/www.iubenda.com\/privacy-policy\/56810897?ifr=true&amp;height=650&amp;newmarkup=yes&amp;origin=https%3A%2F%2Faccessibi.com%2Fit%2F&amp;an=no\" data-cmp-ab=\"2\" data-asw-orgfontsize=\"16\">https:\/\/www.iubenda.com\/privacy-policy\/56810897?ifr=true&amp;height=650&amp;newmarkup=yes&amp;origin=https%3A%2F%2Faccessibi.com%2Fit%2F&amp;an=no<\/a><\/p><ol class=\"wp-block-list\" data-asw-orgfontsize=\"16\"><li data-asw-orgfontsize=\"16\"><strong>Droit applicable et juridiction<\/strong><\/li><\/ol><p data-asw-orgfontsize=\"16\">Les conditions sont soumises au droit italien.<\/p><p data-asw-orgfontsize=\"16\">Pour les utilisateurs professionnels, tout litige relatif \u00e0 l'application, l'ex\u00e9cution et l'interpr\u00e9tation des pr\u00e9sentes conditions sera soumis \u00e0 la comp\u00e9tence du tribunal du lieu o\u00f9 le propri\u00e9taire est \u00e9tabli.<\/p><p data-asw-orgfontsize=\"16\">Pour les utilisateurs consommateurs, tout litige relatif \u00e0 l'application, \u00e0 l'ex\u00e9cution et \u00e0 l'interpr\u00e9tation des pr\u00e9sentes conditions est d\u00e9volu au tribunal du lieu o\u00f9 l'utilisateur consommateur r\u00e9side ou a \u00e9lu domicile, s'il est situ\u00e9 sur le territoire de l'\u00c9tat italien, sans pr\u00e9judice du droit de l'utilisateur consommateur de saisir un juge autre que le \"tribunal de la consommation\" au sens de l'article 66 bis du code de la consommation, territorialement comp\u00e9tent selon l'un des crit\u00e8res \u00e9nonc\u00e9s aux articles 18, 19 et 20 du code de proc\u00e9dure civile italien.<\/p><p data-asw-orgfontsize=\"16\">Ceci sans pr\u00e9judice de l'application aux Consommateurs-Utilisateurs qui n'ont pas leur r\u00e9sidence habituelle en Italie des dispositions plus favorables et obligatoires pr\u00e9vues par la loi du pays dans lequel ils ont leur r\u00e9sidence habituelle, notamment en ce qui concerne le d\u00e9lai d'exercice du droit de r\u00e9tractation, le d\u00e9lai de restitution des Produits, en cas d'exercice de ce droit, les modalit\u00e9s et les formalit\u00e9s de communication de celui-ci et la garantie l\u00e9gale de conformit\u00e9.<\/p><ol class=\"wp-block-list\" data-asw-orgfontsize=\"16\"><li data-asw-orgfontsize=\"16\"><strong>R\u00e9solution des litiges en ligne pour les consommateurs<\/strong><\/li><\/ol><p data-asw-orgfontsize=\"16\">L'Utilisateur consommateur r\u00e9sidant en Europe doit savoir que la Commission europ\u00e9enne a mis en place une plateforme en ligne qui fournit un outil alternatif de r\u00e9solution des litiges. Cet outil peut \u00eatre utilis\u00e9 par l'Utilisateur consommateur pour r\u00e9gler \u00e0 l'amiable tout litige relatif \u00e0 et\/ou d\u00e9coulant des contrats de vente de biens et de prestation de services conclus en ligne. En cons\u00e9quence, l'utilisateur-consommateur peut utiliser cette plate-forme pour r\u00e9soudre tout litige d\u00e9coulant du contrat conclu en ligne. La plateforme est disponible \u00e0 l'adresse suivante : ec.europa.eu\/consumers\/odr\/<\/p><p data-asw-orgfontsize=\"16\">Date 04\/12\/2024<\/p>\t\t\t\t\t\t\t\t<\/div>\n\t\t\t\t<\/div>\n\t\t\t\t\t<\/div>\n\t\t\t\t<\/div>\n\t\t\t\t<\/div>","protected":false},"excerpt":{"rendered":"<p>Conditions d'utilisation Le pr\u00e9sent document d\u00e9finit les conditions g\u00e9n\u00e9rales d'utilisation du site web Accessibi, qui offre des services d'accessibilit\u00e9 au web et de d\u00e9veloppement de logiciels fournis par le propri\u00e9taire de l'application. D\u00e9finitions Pour permettre une compr\u00e9hension et une acceptation totales de ces conditions, les termes suivants, au singulier et [...]<\/p>","protected":false},"author":1,"featured_media":0,"parent":0,"menu_order":0,"comment_status":"closed","ping_status":"closed","template":"","meta":{"footnotes":""},"class_list":["post-578","page","type-page","status-publish","hentry"],"yoast_head":"<!-- This site is optimized with the Yoast SEO plugin v26.3 - https:\/\/yoast.com\/wordpress\/plugins\/seo\/ -->\n<title>Termini e condizioni | Accessibi<\/title>\n<meta name=\"robots\" content=\"index, follow, max-snippet:-1, max-image-preview:large, max-video-preview:-1\" \/>\n<link rel=\"canonical\" href=\"https:\/\/accessibi.com\/fr\/conditions-generales\/\" \/>\n<meta property=\"og:locale\" content=\"fr_FR\" \/>\n<meta property=\"og:type\" content=\"article\" \/>\n<meta property=\"og:title\" content=\"Termini e condizioni | Accessibi\" \/>\n<meta property=\"og:description\" content=\"Termini e condizioni del servizio Il presente documento riporta i termini e le condizioni generali di utilizzo del sito web Accessibi che offre servizi di accessibilit\u00e0 web e di sviluppo software forniti dal titolare dell\u2019Applicazione. Definizioni Per consentire una completa comprensione e accettazione dei presenti termini e condizioni, i seguenti termini, al singolare e al [&hellip;]\" \/>\n<meta property=\"og:url\" content=\"https:\/\/accessibi.com\/fr\/conditions-generales\/\" \/>\n<meta property=\"og:site_name\" content=\"Accessibi\" \/>\n<meta property=\"article:modified_time\" content=\"2025-12-01T21:50:30+00:00\" \/>\n<meta property=\"og:image\" content=\"https:\/\/accessibi.com\/wp-content\/uploads\/2025\/04\/successful-business-team-working-with-project-2025-02-11-18-49-11-utc-scaled.jpg\" \/>\n\t<meta property=\"og:image:width\" content=\"2560\" \/>\n\t<meta property=\"og:image:height\" content=\"1707\" \/>\n\t<meta property=\"og:image:type\" content=\"image\/jpeg\" \/>\n<meta name=\"twitter:card\" content=\"summary_large_image\" \/>\n<meta name=\"twitter:label1\" content=\"Dur\u00e9e de lecture estim\u00e9e\" \/>\n\t<meta name=\"twitter:data1\" content=\"15 minutes\" \/>\n<script type=\"application\/ld+json\" class=\"yoast-schema-graph\">{\"@context\":\"https:\/\/schema.org\",\"@graph\":[{\"@type\":\"WebPage\",\"@id\":\"https:\/\/accessibi.com\/it\/termini-e-condizioni\/\",\"url\":\"https:\/\/accessibi.com\/it\/termini-e-condizioni\/\",\"name\":\"Termini e condizioni | Accessibi\",\"isPartOf\":{\"@id\":\"https:\/\/accessibi.com\/#website\"},\"datePublished\":\"2025-04-24T10:10:01+00:00\",\"dateModified\":\"2025-12-01T21:50:30+00:00\",\"breadcrumb\":{\"@id\":\"https:\/\/accessibi.com\/it\/termini-e-condizioni\/#breadcrumb\"},\"inLanguage\":\"fr-FR\",\"potentialAction\":[{\"@type\":\"ReadAction\",\"target\":[\"https:\/\/accessibi.com\/it\/termini-e-condizioni\/\"]}]},{\"@type\":\"BreadcrumbList\",\"@id\":\"https:\/\/accessibi.com\/it\/termini-e-condizioni\/#breadcrumb\",\"itemListElement\":[{\"@type\":\"ListItem\",\"position\":1,\"name\":\"Home\",\"item\":\"https:\/\/accessibi.com\/\"},{\"@type\":\"ListItem\",\"position\":2,\"name\":\"Termini e condizioni\"}]},{\"@type\":\"WebSite\",\"@id\":\"https:\/\/accessibi.com\/#website\",\"url\":\"https:\/\/accessibi.com\/\",\"name\":\"Accessibi\",\"description\":\"Accessibilit\u00e0 per tutti, senza compromessi\",\"publisher\":{\"@id\":\"https:\/\/accessibi.com\/#organization\"},\"potentialAction\":[{\"@type\":\"SearchAction\",\"target\":{\"@type\":\"EntryPoint\",\"urlTemplate\":\"https:\/\/accessibi.com\/?s={search_term_string}\"},\"query-input\":{\"@type\":\"PropertyValueSpecification\",\"valueRequired\":true,\"valueName\":\"search_term_string\"}}],\"inLanguage\":\"fr-FR\"},{\"@type\":\"Organization\",\"@id\":\"https:\/\/accessibi.com\/#organization\",\"name\":\"Accessibi\",\"url\":\"https:\/\/accessibi.com\/\",\"logo\":{\"@type\":\"ImageObject\",\"inLanguage\":\"fr-FR\",\"@id\":\"https:\/\/accessibi.com\/#\/schema\/logo\/image\/\",\"url\":\"https:\/\/accessibi.com\/wp-content\/uploads\/2025\/04\/accessibi-blue.svg\",\"contentUrl\":\"https:\/\/accessibi.com\/wp-content\/uploads\/2025\/04\/accessibi-blue.svg\",\"width\":511,\"height\":82,\"caption\":\"Accessibi\"},\"image\":{\"@id\":\"https:\/\/accessibi.com\/#\/schema\/logo\/image\/\"}}]}<\/script>\n<!-- \/ Yoast SEO plugin. -->","yoast_head_json":{"title":"Conditions d'utilisation | Accessibi","robots":{"index":"index","follow":"follow","max-snippet":"max-snippet:-1","max-image-preview":"max-image-preview:large","max-video-preview":"max-video-preview:-1"},"canonical":"https:\/\/accessibi.com\/fr\/conditions-generales\/","og_locale":"fr_FR","og_type":"article","og_title":"Termini e condizioni | Accessibi","og_description":"Termini e condizioni del servizio Il presente documento riporta i termini e le condizioni generali di utilizzo del sito web Accessibi che offre servizi di accessibilit\u00e0 web e di sviluppo software forniti dal titolare dell\u2019Applicazione. Definizioni Per consentire una completa comprensione e accettazione dei presenti termini e condizioni, i seguenti termini, al singolare e al [&hellip;]","og_url":"https:\/\/accessibi.com\/fr\/conditions-generales\/","og_site_name":"Accessibi","article_modified_time":"2025-12-01T21:50:30+00:00","og_image":[{"width":2560,"height":1707,"url":"https:\/\/accessibi.com\/wp-content\/uploads\/2025\/04\/successful-business-team-working-with-project-2025-02-11-18-49-11-utc-scaled.jpg","type":"image\/jpeg"}],"twitter_card":"summary_large_image","twitter_misc":{"Dur\u00e9e de lecture estim\u00e9e":"15 minutes"},"schema":{"@context":"https:\/\/schema.org","@graph":[{"@type":"WebPage","@id":"https:\/\/accessibi.com\/it\/termini-e-condizioni\/","url":"https:\/\/accessibi.com\/it\/termini-e-condizioni\/","name":"Conditions d'utilisation | Accessibi","isPartOf":{"@id":"https:\/\/accessibi.com\/#website"},"datePublished":"2025-04-24T10:10:01+00:00","dateModified":"2025-12-01T21:50:30+00:00","breadcrumb":{"@id":"https:\/\/accessibi.com\/it\/termini-e-condizioni\/#breadcrumb"},"inLanguage":"fr-FR","potentialAction":[{"@type":"ReadAction","target":["https:\/\/accessibi.com\/it\/termini-e-condizioni\/"]}]},{"@type":"BreadcrumbList","@id":"https:\/\/accessibi.com\/it\/termini-e-condizioni\/#breadcrumb","itemListElement":[{"@type":"ListItem","position":1,"name":"Home","item":"https:\/\/accessibi.com\/"},{"@type":"ListItem","position":2,"name":"Termini e condizioni"}]},{"@type":"WebSite","@id":"https:\/\/accessibi.com\/#website","url":"https:\/\/accessibi.com\/","name":"Accessibi","description":"L'accessibilit\u00e9 pour tous, sans compromis","publisher":{"@id":"https:\/\/accessibi.com\/#organization"},"potentialAction":[{"@type":"SearchAction","target":{"@type":"EntryPoint","urlTemplate":"https:\/\/accessibi.com\/?s={search_term_string}"},"query-input":{"@type":"PropertyValueSpecification","valueRequired":true,"valueName":"search_term_string"}}],"inLanguage":"fr-FR"},{"@type":"Organization","@id":"https:\/\/accessibi.com\/#organization","name":"Accessibi","url":"https:\/\/accessibi.com\/","logo":{"@type":"ImageObject","inLanguage":"fr-FR","@id":"https:\/\/accessibi.com\/#\/schema\/logo\/image\/","url":"https:\/\/accessibi.com\/wp-content\/uploads\/2025\/04\/accessibi-blue.svg","contentUrl":"https:\/\/accessibi.com\/wp-content\/uploads\/2025\/04\/accessibi-blue.svg","width":511,"height":82,"caption":"Accessibi"},"image":{"@id":"https:\/\/accessibi.com\/#\/schema\/logo\/image\/"}}]}},"_links":{"self":[{"href":"https:\/\/accessibi.com\/fr\/wp-json\/wp\/v2\/pages\/578","targetHints":{"allow":["GET"]}}],"collection":[{"href":"https:\/\/accessibi.com\/fr\/wp-json\/wp\/v2\/pages"}],"about":[{"href":"https:\/\/accessibi.com\/fr\/wp-json\/wp\/v2\/types\/page"}],"author":[{"embeddable":true,"href":"https:\/\/accessibi.com\/fr\/wp-json\/wp\/v2\/users\/1"}],"replies":[{"embeddable":true,"href":"https:\/\/accessibi.com\/fr\/wp-json\/wp\/v2\/comments?post=578"}],"version-history":[{"count":13,"href":"https:\/\/accessibi.com\/fr\/wp-json\/wp\/v2\/pages\/578\/revisions"}],"predecessor-version":[{"id":1188,"href":"https:\/\/accessibi.com\/fr\/wp-json\/wp\/v2\/pages\/578\/revisions\/1188"}],"wp:attachment":[{"href":"https:\/\/accessibi.com\/fr\/wp-json\/wp\/v2\/media?parent=578"}],"curies":[{"name":"wp","href":"https:\/\/api.w.org\/{rel}","templated":true}]}}