{"id":1174,"date":"2025-12-01T22:46:47","date_gmt":"2025-12-01T21:46:47","guid":{"rendered":"https:\/\/accessibi.com\/?page_id=1174"},"modified":"2025-12-01T22:50:28","modified_gmt":"2025-12-01T21:50:28","slug":"adatvedelmi-politika","status":"publish","type":"page","link":"https:\/\/accessibi.com\/hu\/adatvedelmi-politika\/","title":{"rendered":"Adatv\u00e9delmi ir\u00e1nyelvek"},"content":{"rendered":"<div data-elementor-type=\"wp-page\" data-elementor-id=\"1174\" class=\"elementor elementor-1174\" data-elementor-post-type=\"page\">\n\t\t\t\t<div class=\"elementor-element elementor-element-6ff55fce e-flex e-con-boxed e-con e-parent\" data-id=\"6ff55fce\" data-element_type=\"container\" data-settings=\"{&quot;background_background&quot;:&quot;classic&quot;}\">\n\t\t\t\t\t<div class=\"e-con-inner\">\n\t\t\t\t<div class=\"elementor-element elementor-element-4907a161 elementor-widget__width-inherit elementor-widget elementor-widget-heading\" data-id=\"4907a161\" data-element_type=\"widget\" data-widget_type=\"heading.default\">\n\t\t\t\t<div class=\"elementor-widget-container\">\n\t\t\t\t\t<h1 class=\"elementor-heading-title elementor-size-default\"><h1 data-elementor-setting-key=\"title\" data-pen-placeholder=\"Type Here...\" style=\"font-family: Manrope, sans-serif;font-weight: 600;line-height: 96px;font-size: 80px;text-transform: none;font-style: normal;letter-spacing: -2.5px\">Adatv\u00e9delmi ir\u00e1nyelvek<\/h1><\/h1>\t\t\t\t<\/div>\n\t\t\t\t<\/div>\n\t\t\t\t\t<\/div>\n\t\t\t\t<\/div>\n\t\t<div class=\"elementor-element elementor-element-6bd596f e-flex e-con-boxed e-con e-parent\" data-id=\"6bd596f\" data-element_type=\"container\">\n\t\t\t\t\t<div class=\"e-con-inner\">\n\t\t\t\t<div class=\"elementor-element elementor-element-a503eef elementor-widget elementor-widget-text-editor\" data-id=\"a503eef\" data-element_type=\"widget\" data-widget_type=\"text-editor.default\">\n\t\t\t\t<div class=\"elementor-widget-container\">\n\t\t\t\t\t\t\t\t\t<div class=\"privacy-policy\"><p><strong>ADATV\u00c9DELMI POLITIKA (GDPR)<\/strong><br \/>Utols\u00f3 friss\u00edt\u00e9s: 01\/12\/2025<br \/>Hat\u00e1lybal\u00e9p\u00e9s d\u00e1tuma: 01\/06\/2025<\/p><p>A jelen adatv\u00e9delmi szab\u00e1lyzat az EU 2016\/679 rendelet (\u201cGDPR\u201d) 13. \u00e9s 14. cikke alapj\u00e1n k\u00e9sz\u00fclt, \u00e9s a Web Solution Group Srl, sz\u00e9khelye: Via Monte Sabotino 2, 24020 Bergamo (BG), Olaszorsz\u00e1g, e-mail: help@accessibi.com, telefon: 3490576851 (a tov\u00e1bbiakban: \u201cTulajdonos\u201d) \u00e1ltal a https:\/\/accessibi.com weboldalon (\u201cSzolg\u00e1ltat\u00e1s\u201d) kereszt\u00fcl v\u00e9gzett szem\u00e9lyes adatok feldolgoz\u00e1s\u00e1nak m\u00f3dszereit \u00edrja le.<\/p><p>A Szolg\u00e1ltat\u00e1shoz val\u00f3 hozz\u00e1f\u00e9r\u00e9ssel vagy annak haszn\u00e1lat\u00e1val \u00d6n hozz\u00e1j\u00e1rul a jelen Szab\u00e1lyzatban le\u00edrt adatkezel\u00e9shez. Ha nem k\u00edv\u00e1nja megadni a hozz\u00e1j\u00e1rul\u00e1s\u00e1t, vagy nem fogadja el a le\u00edrtakat, k\u00e9rj\u00fck, ne haszn\u00e1lja a Szolg\u00e1ltat\u00e1st.<\/p><p>\u00a0<\/p><p><strong>1. A gy\u0171jt\u00f6tt szem\u00e9lyes adatok t\u00edpusai<\/strong><\/p><p>Az Adatkezel\u0151 a k\u00f6vetkez\u0151 adatkateg\u00f3ri\u00e1kat kezeli:<\/p><p>A felhaszn\u00e1l\u00f3 \u00e1ltal \u00f6nk\u00e9ntesen megadott adatok:<\/p><ul><li>N\u00e9v<\/li><li>E-mail c\u00edm<\/li><li>Mobil telefonsz\u00e1m<\/li><li>Fizet\u00e9si adatok (a biztons\u00e1gi el\u0151\u00edr\u00e1soknak megfelel\u0151 k\u00fcls\u0151 szolg\u00e1ltat\u00f3kon kereszt\u00fcl kezelve)<\/li><\/ul><p>Automatikusan gy\u0171jt\u00f6tt adatok:<\/p><ul><li>Hozz\u00e1f\u00e9r\u00e9si napl\u00f3<\/li><li>IP-c\u00edmek<\/li><li>B\u00f6ng\u00e9sz\u0151 \u00e9s eszk\u00f6z m\u0171szaki adatai<\/li><li>S\u00fctik \u00e9s hasonl\u00f3 technol\u00f3gi\u00e1k (l\u00e1sd a Cookie szab\u00e1lyzatot)<\/li><\/ul><p>\u00a0<\/p><p><strong>2. Az adatkezel\u00e9s c\u00e9lja \u00e9s jogalapjai<\/strong><\/p><p>A szem\u00e9lyes adatok feldolgoz\u00e1sa a k\u00f6vetkez\u0151 c\u00e9lokb\u00f3l \u00e9s jogalapokon t\u00f6rt\u00e9nik:<\/p><table border=\"1\" cellspacing=\"0\" cellpadding=\"5\"><thead><tr><th>C\u00e9l<\/th><th>Jogalap<\/th><\/tr><\/thead><tbody><tr><td>Szolg\u00e1ltat\u00e1smenedzsment, \u00fcgyf\u00e9lszolg\u00e1lat, m\u0171szaki t\u00e1mogat\u00e1s<\/td><td>A szerz\u0151d\u00e9s teljes\u00edt\u00e9se (GDPR 6.1.b cikk)<\/td><\/tr><tr><td>A kifizet\u00e9sek feldolgoz\u00e1sa \u00e9s v\u00e9grehajt\u00e1sa<\/td><td>Szerz\u0151d\u00e9s teljes\u00edt\u00e9se\/jogi k\u00f6telezetts\u00e9gek<\/td><\/tr><tr><td>K\u00f6zvetlen marketing \u00e9s prom\u00f3ci\u00f3s kommunik\u00e1ci\u00f3<\/td><td>Az \u00e9rintett hozz\u00e1j\u00e1rul\u00e1sa (GDPR 6. cikk (1) bekezd\u00e9s a) pont)<\/td><\/tr><tr><td>Aj\u00e1nl\u00e1sok k\u00f6zz\u00e9t\u00e9tele (pl. v\u00e9lem\u00e9nyek, esettanulm\u00e1nyok)<\/td><td>Hozz\u00e1j\u00e1rul\u00e1s<\/td><\/tr><tr><td>C\u00e9lzott rekl\u00e1m \u00e9s korl\u00e1tozott profilalkot\u00e1s marketing c\u00e9lokra<\/td><td>Hozz\u00e1j\u00e1rul\u00e1s<\/td><\/tr><tr><td>Oldalv\u00e9delem, vissza\u00e9l\u00e9sek \u00e9s csal\u00e1sok megel\u0151z\u00e9se, rendszerbiztons\u00e1g<\/td><td>Az Adatkezel\u0151 jogos \u00e9rdeke (GDPR 6.1.f cikk)<\/td><\/tr><tr><td>Jogi \u00e9s ad\u00f3z\u00e1si\/sz\u00e1mviteli k\u00f6telezetts\u00e9gek<\/td><td>Jogi k\u00f6telezetts\u00e9g (GDPR 6.1.c cikk)<\/td><\/tr><\/tbody><\/table><p>Ha az adatkezel\u0151 a j\u00f6v\u0151ben tov\u00e1bbi c\u00e9lokra k\u00edv\u00e1nja feldolgozni az adatokat, sz\u00fcks\u00e9g eset\u00e9n \u00faj hozz\u00e1j\u00e1rul\u00e1sra van sz\u00fcks\u00e9g.<\/p><p>\u00a0<\/p><p><strong>3. Adatmeg\u0151rz\u00e9s<\/strong><\/p><p>Az Adatkezel\u0151 a szem\u00e9lyes adatokat a fi\u00f3k megsz\u0171n\u00e9s\u00e9t vagy a Szolg\u00e1ltat\u00e1s utols\u00f3 haszn\u00e1lat\u00e1t k\u00f6vet\u0151 90 napt\u00f3l 24 h\u00f3napig, illetve addig \u0151rzi meg, am\u00edg az a jelen Szab\u00e1lyzatban meghat\u00e1rozottak szerint sz\u00fcks\u00e9ges azon c\u00e9lok teljes\u00edt\u00e9s\u00e9hez, amelyekre az adatokat gy\u0171jt\u00f6tt\u00e9k.<\/p><p>Egyes adatokat a t\u00f6rv\u00e9ny \u00e1ltal el\u0151\u00edrt esetekben (pl. ad\u00f3- \u00e9s sz\u00e1mviteli k\u00f6telezetts\u00e9gek, igazs\u00e1g\u00fcgyi v\u00e9delem, csal\u00e1s megel\u0151z\u00e9se, valamint az adatkezel\u0151 jogainak gyakorl\u00e1sa vagy v\u00e9delme \u00e9rdek\u00e9ben) hosszabb ideig lehet meg\u0151rizni.<\/p><p>Az anonimiz\u00e1lt vagy \u00f6sszes\u00edtett adatok, amelyek nem vezethet\u0151k vissza a felhaszn\u00e1l\u00f3hoz (sem k\u00f6zvetlen\u00fcl, sem k\u00f6zvetve), korl\u00e1tlan ideig t\u00e1rolhat\u00f3k.<\/p><p>\u00a0<\/p><p><strong>4. A feldolgoz\u00e1s m\u00f3dszerei<\/strong><\/p><p>A szem\u00e9lyes adatok feldolgoz\u00e1sa elektronikus \u00faton \u00e9s korl\u00e1tozott esetekben manu\u00e1lisan t\u00f6rt\u00e9nik, megfelel\u0151 technikai \u00e9s szervez\u00e9si int\u00e9zked\u00e9sek megt\u00e9tel\u00e9vel az adatok biztons\u00e1g\u00e1nak, bizalmas jelleg\u00e9nek \u00e9s s\u00e9rtetlens\u00e9g\u00e9nek biztos\u00edt\u00e1sa \u00e9rdek\u00e9ben.<\/p><p>A megtett int\u00e9zked\u00e9sek ellen\u00e9re egyetlen rendszer sem garant\u00e1lhatja az abszol\u00fat biztons\u00e1got: az interneten kereszt\u00fcl t\u00f6rt\u00e9n\u0151 inform\u00e1ci\u00f3\u00e1tvitel ez\u00e9rt a felhaszn\u00e1l\u00f3 felel\u0151ss\u00e9ge.<\/p><p>\u00a0<\/p><p><strong>5. EU-n k\u00edv\u00fcli adattov\u00e1bb\u00edt\u00e1s<\/strong><\/p><p>Az Adatkezel\u0151 egyes technikai szolg\u00e1ltat\u00f3i (pl. felh\u0151szolg\u00e1ltat\u00e1sok, kommunik\u00e1ci\u00f3s platformok, fizet\u00e9si \u00e1tj\u00e1r\u00f3k vagy e-mail marketing eszk\u00f6z\u00f6k) az Eur\u00f3pai Gazdas\u00e1gi T\u00e9rs\u00e9gen (EGT) k\u00edv\u00fcl telepedhetnek le.<\/p><p>Ilyen esetekben az adatok tov\u00e1bb\u00edt\u00e1s\u00e1ra csak akkor ker\u00fcl sor, ha a GDPR szerinti megfelel\u0151 garanci\u00e1k, t\u00f6bbek k\u00f6z\u00f6tt:<\/p><ul><li>az Eur\u00f3pai Bizotts\u00e1g megfelel\u0151s\u00e9gi hat\u00e1rozatai;<\/li><li>Az Eur\u00f3pai Bizotts\u00e1g \u00e1ltal j\u00f3v\u00e1hagyott \u00e1ltal\u00e1nos szerz\u0151d\u00e9si felt\u00e9telek (SCC);<\/li><li>sz\u00fcks\u00e9g eset\u00e9n tov\u00e1bbi biztons\u00e1gi int\u00e9zked\u00e9sek.<\/li><\/ul><p>\u00a0<\/p><p><strong>6. Az adatok harmadik f\u00e9lnek t\u00f6rt\u00e9n\u0151 \u00e1tad\u00e1sa<\/strong><\/p><p>Szem\u00e9lyes adatok k\u00f6z\u00f6lhet\u0151k a k\u00f6vetkez\u0151kkel<\/p><ul><li>m\u0171szaki, informatikai \u00e9s t\u00e1rhelyszolg\u00e1ltat\u00f3k;<\/li><li>p\u00e9nzforgalmi szolg\u00e1ltat\u00f3k \u00e9s hitelint\u00e9zetek;<\/li><li>jogi, ad\u00f3- vagy sz\u00e1mviteli tan\u00e1csad\u00f3k;<\/li><li>marketingplatformok, CRM \u00e9s automatiz\u00e1l\u00e1si eszk\u00f6z\u00f6k;<\/li><li>hat\u00f3s\u00e1gok \u00e9s ellen\u0151rz\u0151 szervek, a t\u00f6rv\u00e9nyben meghat\u00e1rozott esetekben.<\/li><\/ul><p>Ezek a felek az adatokat adatfeldolgoz\u00f3k\u00e9nt (a GDPR 28. cikke szerint) vagy adott esetben \u00f6n\u00e1ll\u00f3 adatkezel\u0151k\u00e9nt, meg\u00e1llapod\u00e1sok vagy jogi k\u00f6telezetts\u00e9gek alapj\u00e1n dolgozz\u00e1k fel.<\/p><p>\u00a0<\/p><p><strong>7. Az \u00e9rintett jogai<\/strong><\/p><p>\u00c9rintettk\u00e9nt b\u00e1rmikor gyakorolhatja a GDPR 15-22. cikkei szerinti jogait, bele\u00e9rtve:<\/p><ul><li>a szem\u00e9lyes adatokhoz val\u00f3 hozz\u00e1f\u00e9r\u00e9s joga;<\/li><li>a pontatlan adatok helyesb\u00edt\u00e9s\u00e9hez vagy a hi\u00e1nyos adatok kieg\u00e9sz\u00edt\u00e9s\u00e9hez val\u00f3 jog;<\/li><li>a t\u00f6rl\u00e9shez val\u00f3 jog (\u201celfeledtet\u00e9shez val\u00f3 jog\u201d);<\/li><li>az adatkezel\u00e9s korl\u00e1toz\u00e1s\u00e1hoz val\u00f3 jog;<\/li><li>A jogos \u00e9rdeken alapul\u00f3 adatkezel\u00e9s elleni tiltakoz\u00e1s joga;<\/li><li>az adatok m\u00e1s adatkezel\u0151h\u00f6z val\u00f3 hordozhat\u00f3s\u00e1g\u00e1hoz val\u00f3 jog;<\/li><li>a megadott hozz\u00e1j\u00e1rul\u00e1s b\u00e1rmikor t\u00f6rt\u00e9n\u0151 visszavon\u00e1s\u00e1hoz val\u00f3 jog, a visszavon\u00e1s el\u0151tti hozz\u00e1j\u00e1rul\u00e1son alapul\u00f3 adatkezel\u00e9s jogszer\u0171s\u00e9g\u00e9nek s\u00e9relme n\u00e9lk\u00fcl;<\/li><li>a fel\u00fcgyeleti hat\u00f3s\u00e1gn\u00e1l (Olaszorsz\u00e1gban a Garante per la Protezione dei Dati Personali) t\u00f6rt\u00e9n\u0151 panaszt\u00e9tel joga.<\/li><\/ul><p>Jogai gyakorl\u00e1sa \u00e9rdek\u00e9ben \u00edrjon a help@accessibi.com e-mail c\u00edmre. Az Adatkezel\u0151 a hat\u00e1lyos jogszab\u00e1lyokban el\u0151\u00edrt hat\u00e1rid\u0151n bel\u00fcl v\u00e1laszol az \u00d6n k\u00e9relm\u00e9re.<\/p><p>A felhaszn\u00e1l\u00f3 b\u00e1rmikor tiltakozhat a k\u00f6zvetlen \u00fczletszerz\u00e9si c\u00e9l\u00fa adatfeldolgoz\u00e1s ellen, vagy kikapcsolhatja a kereskedelmi c\u00e9l\u00fa profilalkot\u00e1st, ha ugyanerre a c\u00edmre \u00edr.<\/p><p>\u00a0<\/p><p><strong>8. S\u00fctik \u00e9s nyomk\u00f6vet\u0151 eszk\u00f6z\u00f6k<\/strong><\/p><p>Az oldal s\u00fctiket \u00e9s hasonl\u00f3 technol\u00f3gi\u00e1kat haszn\u00e1l a b\u00f6ng\u00e9sz\u00e9si \u00e9lm\u00e9ny jav\u00edt\u00e1sa, a forgalom elemz\u00e9se, valamint a tartalom \u00e9s a hirdet\u00e9sek szem\u00e9lyre szab\u00e1sa \u00e9rdek\u00e9ben.<\/p><p>A haszn\u00e1lt s\u00fctikr\u0151l, azok c\u00e9lj\u00e1r\u00f3l \u00e9s a hozz\u00e1j\u00e1rul\u00e1s kezel\u00e9s\u00e9r\u0151l r\u00e9szletes inform\u00e1ci\u00f3kat a weboldalon el\u00e9rhet\u0151, k\u00fcl\u00f6n erre a c\u00e9lra k\u00e9sz\u00fclt Cookie szab\u00e1lyzatban tal\u00e1l.<\/p><p>\u00a0<\/p><p><strong>9. Biztons\u00e1gi int\u00e9zked\u00e9sek<\/strong><\/p><p>Az Adatkezel\u0151 megteszi a megfelel\u0151 technikai \u00e9s szervez\u00e9si int\u00e9zked\u00e9seket, bele\u00e9rtve:<\/p><ul><li>A kommunik\u00e1ci\u00f3 TLS\/SSL titkos\u00edt\u00e1sa;<\/li><li>t\u0171zfalak \u00e9s peremv\u00e9delmi rendszerek;<\/li><li>hiteles\u00edt\u00e9si \u00e9s hozz\u00e1f\u00e9r\u00e9si enged\u00e9lyez\u00e9si elj\u00e1r\u00e1sok;<\/li><li>rendszeres biztons\u00e1gi ment\u00e9sek \u00e9s a rendszer redundanci\u00e1ja;<\/li><li>a feldolgoz\u00e1sra jogosult szem\u00e9lyzet k\u00e9pz\u00e9se.<\/li><\/ul><p>Ennek ellen\u00e9re az interneten kereszt\u00fcl tov\u00e1bb\u00edtott adatok abszol\u00fat biztons\u00e1ga nem garant\u00e1lhat\u00f3, ez\u00e9rt az inform\u00e1ci\u00f3k tov\u00e1bb\u00edt\u00e1sa a felhaszn\u00e1l\u00f3 saj\u00e1t felel\u0151ss\u00e9g\u00e9re t\u00f6rt\u00e9nik.<\/p><p>\u00a0<\/p><p><strong>10. Adatv\u00e9delmi tisztvisel\u0151 \/ adatv\u00e9delmi kapcsolattart\u00f3 szem\u00e9ly<\/strong><\/p><p>A szem\u00e9lyes adatok feldolgoz\u00e1s\u00e1val kapcsolatos b\u00e1rmilyen k\u00e9rd\u00e9ssel, felvil\u00e1gos\u00edt\u00e1ssal vagy panasszal forduljon a k\u00f6vetkez\u0151 c\u00edmre:<\/p><p>Web Solution Group Srl<br \/>Via Monte Sabotino, 2 - 24020 Bergamo (BG), Olaszorsz\u00e1g<br \/>E-mail: help@accessibi.com<\/p><p>Az Adatkezel\u0151 a vonatkoz\u00f3 jogszab\u00e1lyoknak megfelel\u0151en v\u00e1laszol.<\/p><p>\u00a0<\/p><p><strong>11. A jelen politika m\u00f3dos\u00edt\u00e1sai<\/strong><\/p><p>A Tulajdonos id\u0151r\u0151l id\u0151re friss\u00edtheti ezt az Adatv\u00e9delmi szab\u00e1lyzatot. A m\u00f3dos\u00edt\u00e1sok a friss\u00edtett v\u00e1ltozatnak a webhelyen val\u00f3 k\u00f6zz\u00e9t\u00e9tele ut\u00e1n 180 nappal l\u00e9pnek hat\u00e1lyba.<\/p><p>A Szolg\u00e1ltat\u00e1s ezen id\u0151szak ut\u00e1n t\u00f6rt\u00e9n\u0151 tov\u00e1bbi haszn\u00e1lata a Szab\u00e1lyzat \u00faj verzi\u00f3j\u00e1nak elfogad\u00e1s\u00e1t jelenti. Ez\u00e9rt javasoljuk, hogy rendszeresen tekintse meg ezt az oldalt.<\/p><\/div>\t\t\t\t\t\t\t\t<\/div>\n\t\t\t\t<\/div>\n\t\t\t\t\t<\/div>\n\t\t\t\t<\/div>\n\t\t\t\t<\/div>","protected":false},"excerpt":{"rendered":"<p>Privacy Policy INFORMATIVA SULLA PRIVACY (GDPR)Ultimo aggiornamento: 01\/12\/2025Data di efficacia: 01\/06\/2025 La presente Informativa sulla Privacy \u00e8 resa ai sensi degli artt. 13 e 14 del Regolamento UE 2016\/679 (\u201cGDPR\u201d) e descrive le modalit\u00e0 di trattamento dei dati personali effettuate da Web Solution Group Srl, con sede legale in Via Monte Sabotino 2, 24020 Bergamo [&hellip;]<\/p>","protected":false},"author":1,"featured_media":0,"parent":0,"menu_order":0,"comment_status":"closed","ping_status":"closed","template":"","meta":{"footnotes":""},"class_list":["post-1174","page","type-page","status-publish","hentry"],"yoast_head":"<!-- This site is optimized with the Yoast SEO plugin v26.3 - https:\/\/yoast.com\/wordpress\/plugins\/seo\/ -->\n<title>Privacy Policy | Accessibi<\/title>\n<meta name=\"robots\" content=\"index, follow, max-snippet:-1, max-image-preview:large, max-video-preview:-1\" \/>\n<link rel=\"canonical\" href=\"https:\/\/accessibi.com\/hu\/adatvedelmi-politika\/\" \/>\n<meta property=\"og:locale\" content=\"hu_HU\" \/>\n<meta property=\"og:type\" content=\"article\" \/>\n<meta property=\"og:title\" content=\"Privacy Policy | Accessibi\" \/>\n<meta property=\"og:description\" content=\"Privacy Policy INFORMATIVA SULLA PRIVACY (GDPR)Ultimo aggiornamento: 01\/12\/2025Data di efficacia: 01\/06\/2025 La presente Informativa sulla Privacy \u00e8 resa ai sensi degli artt. 13 e 14 del Regolamento UE 2016\/679 (\u201cGDPR\u201d) e descrive le modalit\u00e0 di trattamento dei dati personali effettuate da Web Solution Group Srl, con sede legale in Via Monte Sabotino 2, 24020 Bergamo [&hellip;]\" \/>\n<meta property=\"og:url\" content=\"https:\/\/accessibi.com\/hu\/adatvedelmi-politika\/\" \/>\n<meta property=\"og:site_name\" content=\"Accessibi\" \/>\n<meta property=\"article:modified_time\" content=\"2025-12-01T21:50:28+00:00\" \/>\n<meta property=\"og:image\" content=\"https:\/\/accessibi.com\/wp-content\/uploads\/2025\/04\/successful-business-team-working-with-project-2025-02-11-18-49-11-utc-scaled.jpg\" \/>\n\t<meta property=\"og:image:width\" content=\"2560\" \/>\n\t<meta property=\"og:image:height\" content=\"1707\" \/>\n\t<meta property=\"og:image:type\" content=\"image\/jpeg\" \/>\n<meta name=\"twitter:card\" content=\"summary_large_image\" \/>\n<meta name=\"twitter:label1\" content=\"Becs\u00fclt olvas\u00e1si id\u0151\" \/>\n\t<meta name=\"twitter:data1\" content=\"19 perc\" \/>\n<script type=\"application\/ld+json\" class=\"yoast-schema-graph\">{\"@context\":\"https:\/\/schema.org\",\"@graph\":[{\"@type\":\"WebPage\",\"@id\":\"https:\/\/accessibi.com\/it\/privacy-policy\/\",\"url\":\"https:\/\/accessibi.com\/it\/privacy-policy\/\",\"name\":\"Privacy Policy | Accessibi\",\"isPartOf\":{\"@id\":\"https:\/\/accessibi.com\/#website\"},\"datePublished\":\"2025-12-01T21:46:47+00:00\",\"dateModified\":\"2025-12-01T21:50:28+00:00\",\"breadcrumb\":{\"@id\":\"https:\/\/accessibi.com\/it\/privacy-policy\/#breadcrumb\"},\"inLanguage\":\"hu\",\"potentialAction\":[{\"@type\":\"ReadAction\",\"target\":[\"https:\/\/accessibi.com\/it\/privacy-policy\/\"]}]},{\"@type\":\"BreadcrumbList\",\"@id\":\"https:\/\/accessibi.com\/it\/privacy-policy\/#breadcrumb\",\"itemListElement\":[{\"@type\":\"ListItem\",\"position\":1,\"name\":\"Home\",\"item\":\"https:\/\/accessibi.com\/\"},{\"@type\":\"ListItem\",\"position\":2,\"name\":\"Privacy Policy\"}]},{\"@type\":\"WebSite\",\"@id\":\"https:\/\/accessibi.com\/#website\",\"url\":\"https:\/\/accessibi.com\/\",\"name\":\"Accessibi\",\"description\":\"Accessibilit\u00e0 per tutti, senza compromessi\",\"publisher\":{\"@id\":\"https:\/\/accessibi.com\/#organization\"},\"potentialAction\":[{\"@type\":\"SearchAction\",\"target\":{\"@type\":\"EntryPoint\",\"urlTemplate\":\"https:\/\/accessibi.com\/?s={search_term_string}\"},\"query-input\":{\"@type\":\"PropertyValueSpecification\",\"valueRequired\":true,\"valueName\":\"search_term_string\"}}],\"inLanguage\":\"hu\"},{\"@type\":\"Organization\",\"@id\":\"https:\/\/accessibi.com\/#organization\",\"name\":\"Accessibi\",\"url\":\"https:\/\/accessibi.com\/\",\"logo\":{\"@type\":\"ImageObject\",\"inLanguage\":\"hu\",\"@id\":\"https:\/\/accessibi.com\/#\/schema\/logo\/image\/\",\"url\":\"https:\/\/accessibi.com\/wp-content\/uploads\/2025\/04\/accessibi-blue.svg\",\"contentUrl\":\"https:\/\/accessibi.com\/wp-content\/uploads\/2025\/04\/accessibi-blue.svg\",\"width\":511,\"height\":82,\"caption\":\"Accessibi\"},\"image\":{\"@id\":\"https:\/\/accessibi.com\/#\/schema\/logo\/image\/\"}}]}<\/script>\n<!-- \/ Yoast SEO plugin. -->","yoast_head_json":{"title":"Adatv\u00e9delmi szab\u00e1lyzat | Accessibi","robots":{"index":"index","follow":"follow","max-snippet":"max-snippet:-1","max-image-preview":"max-image-preview:large","max-video-preview":"max-video-preview:-1"},"canonical":"https:\/\/accessibi.com\/hu\/adatvedelmi-politika\/","og_locale":"hu_HU","og_type":"article","og_title":"Privacy Policy | Accessibi","og_description":"Privacy Policy INFORMATIVA SULLA PRIVACY (GDPR)Ultimo aggiornamento: 01\/12\/2025Data di efficacia: 01\/06\/2025 La presente Informativa sulla Privacy \u00e8 resa ai sensi degli artt. 13 e 14 del Regolamento UE 2016\/679 (\u201cGDPR\u201d) e descrive le modalit\u00e0 di trattamento dei dati personali effettuate da Web Solution Group Srl, con sede legale in Via Monte Sabotino 2, 24020 Bergamo [&hellip;]","og_url":"https:\/\/accessibi.com\/hu\/adatvedelmi-politika\/","og_site_name":"Accessibi","article_modified_time":"2025-12-01T21:50:28+00:00","og_image":[{"width":2560,"height":1707,"url":"https:\/\/accessibi.com\/wp-content\/uploads\/2025\/04\/successful-business-team-working-with-project-2025-02-11-18-49-11-utc-scaled.jpg","type":"image\/jpeg"}],"twitter_card":"summary_large_image","twitter_misc":{"Becs\u00fclt olvas\u00e1si id\u0151":"19 perc"},"schema":{"@context":"https:\/\/schema.org","@graph":[{"@type":"WebPage","@id":"https:\/\/accessibi.com\/it\/privacy-policy\/","url":"https:\/\/accessibi.com\/it\/privacy-policy\/","name":"Adatv\u00e9delmi szab\u00e1lyzat | Accessibi","isPartOf":{"@id":"https:\/\/accessibi.com\/#website"},"datePublished":"2025-12-01T21:46:47+00:00","dateModified":"2025-12-01T21:50:28+00:00","breadcrumb":{"@id":"https:\/\/accessibi.com\/it\/privacy-policy\/#breadcrumb"},"inLanguage":"hu","potentialAction":[{"@type":"ReadAction","target":["https:\/\/accessibi.com\/it\/privacy-policy\/"]}]},{"@type":"BreadcrumbList","@id":"https:\/\/accessibi.com\/it\/privacy-policy\/#breadcrumb","itemListElement":[{"@type":"ListItem","position":1,"name":"Home","item":"https:\/\/accessibi.com\/"},{"@type":"ListItem","position":2,"name":"Privacy Policy"}]},{"@type":"WebSite","@id":"https:\/\/accessibi.com\/#website","url":"https:\/\/accessibi.com\/","name":"Accessibi","description":"Hozz\u00e1f\u00e9rhet\u0151s\u00e9g mindenki sz\u00e1m\u00e1ra, kompromisszumok n\u00e9lk\u00fcl","publisher":{"@id":"https:\/\/accessibi.com\/#organization"},"potentialAction":[{"@type":"SearchAction","target":{"@type":"EntryPoint","urlTemplate":"https:\/\/accessibi.com\/?s={search_term_string}"},"query-input":{"@type":"PropertyValueSpecification","valueRequired":true,"valueName":"search_term_string"}}],"inLanguage":"hu"},{"@type":"Organization","@id":"https:\/\/accessibi.com\/#organization","name":"Accessibi","url":"https:\/\/accessibi.com\/","logo":{"@type":"ImageObject","inLanguage":"hu","@id":"https:\/\/accessibi.com\/#\/schema\/logo\/image\/","url":"https:\/\/accessibi.com\/wp-content\/uploads\/2025\/04\/accessibi-blue.svg","contentUrl":"https:\/\/accessibi.com\/wp-content\/uploads\/2025\/04\/accessibi-blue.svg","width":511,"height":82,"caption":"Accessibi"},"image":{"@id":"https:\/\/accessibi.com\/#\/schema\/logo\/image\/"}}]}},"_links":{"self":[{"href":"https:\/\/accessibi.com\/hu\/wp-json\/wp\/v2\/pages\/1174","targetHints":{"allow":["GET"]}}],"collection":[{"href":"https:\/\/accessibi.com\/hu\/wp-json\/wp\/v2\/pages"}],"about":[{"href":"https:\/\/accessibi.com\/hu\/wp-json\/wp\/v2\/types\/page"}],"author":[{"embeddable":true,"href":"https:\/\/accessibi.com\/hu\/wp-json\/wp\/v2\/users\/1"}],"replies":[{"embeddable":true,"href":"https:\/\/accessibi.com\/hu\/wp-json\/wp\/v2\/comments?post=1174"}],"version-history":[{"count":4,"href":"https:\/\/accessibi.com\/hu\/wp-json\/wp\/v2\/pages\/1174\/revisions"}],"predecessor-version":[{"id":1185,"href":"https:\/\/accessibi.com\/hu\/wp-json\/wp\/v2\/pages\/1174\/revisions\/1185"}],"wp:attachment":[{"href":"https:\/\/accessibi.com\/hu\/wp-json\/wp\/v2\/media?parent=1174"}],"curies":[{"name":"wp","href":"https:\/\/api.w.org\/{rel}","templated":true}]}}