{"id":578,"date":"2025-04-24T12:10:01","date_gmt":"2025-04-24T10:10:01","guid":{"rendered":"https:\/\/accessibi.com\/?page_id=578"},"modified":"2025-12-01T22:50:30","modified_gmt":"2025-12-01T21:50:30","slug":"feltetelek-es-kikotesek","status":"publish","type":"page","link":"https:\/\/accessibi.com\/hu\/feltetelek-es-kikotesek\/","title":{"rendered":"Felt\u00e9telek \u00e9s felt\u00e9telek"},"content":{"rendered":"<div data-elementor-type=\"wp-page\" data-elementor-id=\"578\" class=\"elementor elementor-578\" data-elementor-post-type=\"page\">\n\t\t\t\t<div class=\"elementor-element elementor-element-6ff55fce e-flex e-con-boxed e-con e-parent\" data-id=\"6ff55fce\" data-element_type=\"container\" data-settings=\"{&quot;background_background&quot;:&quot;classic&quot;}\">\n\t\t\t\t\t<div class=\"e-con-inner\">\n\t\t\t\t<div class=\"elementor-element elementor-element-4907a161 elementor-widget__width-inherit elementor-widget elementor-widget-heading\" data-id=\"4907a161\" data-element_type=\"widget\" data-widget_type=\"heading.default\">\n\t\t\t\t<div class=\"elementor-widget-container\">\n\t\t\t\t\t<h1 class=\"elementor-heading-title elementor-size-default\">A szolg\u00e1ltat\u00e1s felt\u00e9telei<br><\/h1>\t\t\t\t<\/div>\n\t\t\t\t<\/div>\n\t\t\t\t\t<\/div>\n\t\t\t\t<\/div>\n\t\t<div class=\"elementor-element elementor-element-6bd596f e-flex e-con-boxed e-con e-parent\" data-id=\"6bd596f\" data-element_type=\"container\">\n\t\t\t\t\t<div class=\"e-con-inner\">\n\t\t\t\t<div class=\"elementor-element elementor-element-f04210a elementor-widget elementor-widget-text-editor\" data-id=\"f04210a\" data-element_type=\"widget\" data-widget_type=\"text-editor.default\">\n\t\t\t\t<div class=\"elementor-widget-container\">\n\t\t\t\t\t\t\t\t\t<p>Ez a dokumentum az Accessibi weboldal haszn\u00e1lat\u00e1nak \u00e1ltal\u00e1nos felt\u00e9teleit tartalmazza, amely az Alkalmaz\u00e1s tulajdonosa \u00e1ltal ny\u00fajtott webes akad\u00e1lymentes\u00edt\u00e9si \u00e9s szoftverfejleszt\u00e9si szolg\u00e1ltat\u00e1sokat k\u00edn\u00e1l.<\/p><ol class=\"wp-block-list\" data-asw-orgfontsize=\"16\"><li data-asw-orgfontsize=\"16\"><strong>Fogalommeghat\u00e1roz\u00e1sok<\/strong><\/li><\/ol><p data-asw-orgfontsize=\"16\">A jelen felt\u00e9telek teljes meg\u00e9rt\u00e9se \u00e9s elfogad\u00e1sa \u00e9rdek\u00e9ben a k\u00f6vetkez\u0151 kifejez\u00e9sek egyes \u00e9s t\u00f6bbes sz\u00e1mban az al\u00e1bbiakban meghat\u00e1rozott jelent\u00e9ssel b\u00edrnak:<\/p><ol class=\"wp-block-list\" data-asw-orgfontsize=\"16\"><li data-asw-orgfontsize=\"16\"><strong>Tulajdonos:<\/strong>\u00a0<strong>GILBI Srl<\/strong>, sz\u00e9khelye: Via Monte Sabotino, 2 Bergamo (BG) 24121 , H\u00c9A-sz\u00e1m \/ ad\u00f3sz\u00e1m: 04598080168, BG474890, teljes eg\u00e9sz\u00e9ben befizetett alapt\u0151ke 20 000,00 EUR, PEC-c\u00edm: 04598080168, BG474890.\u00a0<a href=\"mailto:gilbi.co@legalmail.it\" data-asw-orgfontsize=\"16\">gilbi.co@legalmail.it<\/a><\/li><li data-asw-orgfontsize=\"16\"><strong>Alkalmaz\u00e1s:<\/strong>\u00a0az Accessibi weboldal \u00e9s a CRM crm.accessibi.com<\/li><li data-asw-orgfontsize=\"16\"><strong>Term\u00e9kek:<\/strong>\u00a0az Adatkezel\u0151 \u00e1ltal \u00e9rt\u00e9kes\u00edtett digit\u00e1lis term\u00e9kek (digit\u00e1lis form\u00e1tumban ny\u00fajtott tartalom \u00e9s szolg\u00e1ltat\u00e1sok), szolg\u00e1ltat\u00e1sok<\/li><li data-asw-orgfontsize=\"16\"><strong>Felhaszn\u00e1l\u00f3:<\/strong>\u00a0az Alkalmaz\u00e1shoz hozz\u00e1f\u00e9r\u0151 \u00e9s azt haszn\u00e1l\u00f3 b\u00e1rmely szem\u00e9ly<\/li><li data-asw-orgfontsize=\"16\"><strong>Felhaszn\u00e1l\u00f3 Fogyaszt\u00f3:<\/strong>\u00a0az a nagykor\u00fa term\u00e9szetes szem\u00e9ly, aki a kereskedelmi, \u00fczleti, k\u00e9zm\u0171ves vagy szakmai tev\u00e9kenys\u00e9g\u00e9hez nem kapcsol\u00f3d\u00f3 c\u00e9lb\u00f3l k\u00f6t szerz\u0151d\u00e9st, ha van ilyen<\/li><li data-asw-orgfontsize=\"16\"><strong>Professzion\u00e1lis felhaszn\u00e1l\u00f3:<\/strong>\u00a018. \u00e9let\u00e9v\u00e9t bet\u00f6lt\u00f6tt term\u00e9szetes szem\u00e9ly vagy jogi szem\u00e9ly, aki kereskedelmi, \u00fczleti, k\u00e9zm\u0171ves vagy szakmai tev\u00e9kenys\u00e9g\u00e9nek ell\u00e1t\u00e1s\u00e1ra vagy c\u00e9ljaira szerz\u0151d\u00e9st k\u00f6t<\/li><li data-asw-orgfontsize=\"16\"><strong>Felt\u00e9telek:<\/strong>\u00a0az Adatkezel\u0151 \u00e9s a Felhaszn\u00e1l\u00f3k k\u00f6z\u00f6tti kapcsolatot \u00e9s az Adatkezel\u0151 \u00e1ltal az Alkalmaz\u00e1son kereszt\u00fcl k\u00edn\u00e1lt Term\u00e9kek \u00e9rt\u00e9kes\u00edt\u00e9s\u00e9t szab\u00e1lyoz\u00f3 jelen szerz\u0151d\u00e9s.<\/li><\/ol><ol class=\"wp-block-list\" data-asw-orgfontsize=\"16\"><li data-asw-orgfontsize=\"16\"><strong>R\u00e9szletes inform\u00e1ci\u00f3k a p\u00e1ly\u00e1zati aj\u00e1nlatr\u00f3l<\/strong><\/li><\/ol><p data-asw-orgfontsize=\"16\">Az Alkalmaz\u00e1s az Accessibi felhaszn\u00e1l\u00f3k sz\u00e1m\u00e1ra szem\u00e9lyre szabott szolg\u00e1ltat\u00e1sok sor\u00e1t ny\u00fajtja a kis- \u00e9s k\u00f6z\u00e9pv\u00e1llalkoz\u00e1sok sz\u00e1m\u00e1ra a webes \u00e9s k\u00f6z\u00f6ss\u00e9gi m\u00e9di\u00e1n kereszt\u00fcli n\u00f6veked\u00e9shez. Azoknak, akik hat\u00e9kony online jelenl\u00e9tet szeretn\u00e9nek kialak\u00edtani m\u00e1rk\u00e1juk sz\u00e1m\u00e1ra. Egy dinamikus \u00e9s professzion\u00e1lis v\u00e1llalat, ahol az \u00fcgyf\u00e9lszolg\u00e1lat mindig az els\u0151 helyen \u00e1ll. Fedezze fel a min\u0151s\u00e9gi szolg\u00e1ltat\u00e1sokat \u00e9s a versenyk\u00e9pes \u00e1rakat. Minden, amire c\u00e9g\u00e9nek sz\u00fcks\u00e9ge van: weboldalak, e-kereskedelem, online \u00e9s helyi rekl\u00e1mkamp\u00e1nyok, k\u00f6z\u00f6ss\u00e9gi menedzsment \u00e9s SEO..<\/p><ol class=\"wp-block-list\" data-asw-orgfontsize=\"16\"><li data-asw-orgfontsize=\"16\"><strong>A felt\u00e9telek hat\u00e1lya<\/strong><\/li><\/ol><p data-asw-orgfontsize=\"16\">Az Alkalmaz\u00e1s haszn\u00e1lata a Felhaszn\u00e1l\u00f3 r\u00e9sz\u00e9r\u0151l a Felt\u00e9telek elfogad\u00e1s\u00e1t jelenti. Amennyiben a Felhaszn\u00e1l\u00f3 nem k\u00edv\u00e1nja elfogadni a Felt\u00e9teleket \u00e9s\/vagy az azokban k\u00f6zz\u00e9tett vagy hivatkozott b\u00e1rmely m\u00e1s megjegyz\u00e9st, jogi k\u00f6zlem\u00e9nyt, inform\u00e1ci\u00f3t, nem tudja haszn\u00e1lni az Alkalmaz\u00e1st vagy annak szolg\u00e1ltat\u00e1sait.<\/p><p data-asw-orgfontsize=\"16\">A felt\u00e9telek b\u00e1rmikor m\u00f3dos\u00edthat\u00f3k.<\/p><p data-asw-orgfontsize=\"16\">Az alkalmazand\u00f3 felt\u00e9telek a megrendel\u00e9s vagy a term\u00e9k sz\u00e1ll\u00edt\u00e1s\u00e1ra vonatkoz\u00f3 k\u00e9relem tov\u00e1bb\u00edt\u00e1s\u00e1nak napj\u00e1n \u00e9rv\u00e9nyesek.<\/p><p data-asw-orgfontsize=\"16\">Az Alkalmaz\u00e1s haszn\u00e1lata el\u0151tt a Felhaszn\u00e1l\u00f3nak figyelmesen el kell olvasnia a Felt\u00e9teleket, \u00e9s a k\u00e9s\u0151bbi hivatkoz\u00e1s c\u00e9lj\u00e1b\u00f3l el kell mentenie vagy ki kell nyomtatnia azokat.<\/p><p data-asw-orgfontsize=\"16\">A Tulajdonos fenntartja a jogot, hogy saj\u00e1t bel\u00e1t\u00e1sa szerint b\u00e1rmikor, ak\u00e1r a Felhaszn\u00e1l\u00f3 regisztr\u00e1ci\u00f3j\u00e1t k\u00f6vet\u0151en is megv\u00e1ltoztassa az Alkalmaz\u00e1s grafikus fel\u00fclet\u00e9t, a Tartalmat \u00e9s azok szervez\u00e9s\u00e9t, valamint b\u00e1rmely m\u00e1s, az Alkalmaz\u00e1s m\u0171k\u00f6d\u00e9s\u00e9t \u00e9s kezel\u00e9s\u00e9t jellemz\u0151 szempontot, sz\u00fcks\u00e9g eset\u00e9n \u00e9rtes\u00edtve a Felhaszn\u00e1l\u00f3t a vonatkoz\u00f3 utas\u00edt\u00e1sokr\u00f3l.<\/p><ol class=\"wp-block-list\" data-asw-orgfontsize=\"16\"><li data-asw-orgfontsize=\"16\"><strong>V\u00e1s\u00e1rl\u00e1s az alkalmaz\u00e1son kereszt\u00fcl<\/strong><\/li><\/ol><p data-asw-orgfontsize=\"16\">Az Alkalmaz\u00e1son kereszt\u00fcl k\u00edn\u00e1lt valamennyi Term\u00e9k r\u00e9szletes le\u00edr\u00e1sa megtal\u00e1lhat\u00f3 a vonatkoz\u00f3 term\u00e9koldalakon (min\u0151s\u00e9g, jellemz\u0151k, el\u00e9rhet\u0151s\u00e9g, \u00e1r, sz\u00e1ll\u00edt\u00e1si id\u0151, j\u00e1rul\u00e9kos k\u00f6lts\u00e9gek stb.). El\u0151fordulhatnak hib\u00e1k, pontatlans\u00e1gok vagy kisebb elt\u00e9r\u00e9sek az Alkalmaz\u00e1son k\u00f6zz\u00e9tett inform\u00e1ci\u00f3k \u00e9s a t\u00e9nyleges term\u00e9k k\u00f6z\u00f6tt. Tov\u00e1bb\u00e1, a Term\u00e9kr\u0151l k\u00e9sz\u00fclt k\u00e9pek csak reprezentat\u00edvak, \u00e9s nem k\u00e9peznek szerz\u0151d\u00e9ses elemet.<\/p><p data-asw-orgfontsize=\"16\">Az Alkalmaz\u00e1son kereszt\u00fcl egy vagy t\u00f6bb Term\u00e9k v\u00e1s\u00e1rl\u00e1sa enged\u00e9lyezett mind a Fogyaszt\u00f3i, mind a Hivat\u00e1sos Felhaszn\u00e1l\u00f3k sz\u00e1m\u00e1ra.<\/p><p data-asw-orgfontsize=\"16\">Term\u00e9szetes szem\u00e9lyek csak akkor v\u00e1s\u00e1rolhatnak, ha nagykor\u00faak. Kiskor\u00faak eset\u00e9ben az Alkalmaz\u00e1son kereszt\u00fcl t\u00f6rt\u00e9n\u0151 b\u00e1rmilyen v\u00e1s\u00e1rl\u00e1s \u00e9s\/vagy term\u00e9k\u00e9rt\u00e9kes\u00edt\u00e9s ir\u00e1nti k\u00e9relem csak a sz\u00fcl\u0151k vagy a sz\u00fcl\u0151i felel\u0151ss\u00e9get gyakorl\u00f3 szem\u00e9lyek \u00e1ltal ellen\u0151rz\u00f6tt \u00e9s enged\u00e9lyezett m\u00f3don t\u00f6rt\u00e9nhet.<\/p><p data-asw-orgfontsize=\"16\">Az Alkalmaz\u00e1son kereszt\u00fcl a Term\u00e9kek felaj\u00e1nl\u00e1sa aj\u00e1nlatt\u00e9teli felh\u00edv\u00e1snak min\u0151s\u00fcl, \u00e9s a Felhaszn\u00e1l\u00f3 \u00e1ltal k\u00fcld\u00f6tt megrendel\u00e9s szerz\u0151d\u00e9ses v\u00e9teli aj\u00e1nlatnak min\u0151s\u00fcl, amelyet a Tulajdonosnak az al\u00e1bbiakban le\u00edrtak szerint meg kell er\u0151s\u00edtenie \u00e9s\/vagy el kell fogadnia. Ez\u00e9rt a Tulajdonosnak joga van saj\u00e1t bel\u00e1t\u00e1sa szerint elfogadni vagy elutas\u00edtani a Felhaszn\u00e1l\u00f3 megrendel\u00e9s\u00e9t an\u00e9lk\u00fcl, hogy a Felhaszn\u00e1l\u00f3 b\u00e1rmilyen okb\u00f3l kifog\u00e1st emelhetne vagy b\u00e1rmit kifog\u00e1solhatna.<\/p><p data-asw-orgfontsize=\"16\">A Term\u00e9kek ad\u00e1sv\u00e9teli szerz\u0151d\u00e9se a Felhaszn\u00e1l\u00f3 szerz\u0151d\u00e9si aj\u00e1nlat\u00e1nak az Adatkezel\u0151 \u00e1ltali elfogad\u00e1s\u00e1val j\u00f6n l\u00e9tre. Az Adatkezel\u0151 a Felhaszn\u00e1l\u00f3 szerz\u0151d\u00e9si aj\u00e1nlat\u00e1t a Felhaszn\u00e1l\u00f3 \u00e1ltal megadott e-mail c\u00edmre k\u00fcld\u00f6tt megrendel\u00e9s visszaigazol\u00e1ssal fogadja el, amely tartalmazza a megrendel\u00e9s d\u00e1tum\u00e1t, a Felhaszn\u00e1l\u00f3 adatait, a Term\u00e9k jellemz\u0151it \u00e9s el\u00e9rhet\u0151s\u00e9g\u00e9t, az \u00e1rat vagy az \u00e1r kisz\u00e1m\u00edt\u00e1s\u00e1nak m\u00f3dj\u00e1t, az esetleges j\u00e1rul\u00e9kos d\u00edjakat \u00e9s ad\u00f3kat, a sz\u00e1ll\u00edt\u00e1si \u00e9s teljes\u00edt\u00e9si hat\u00e1rid\u0151ket, az el\u00e1ll\u00e1si jog gyakorl\u00e1s\u00e1nak m\u00f3dj\u00e1t vagy annak esetleges kiz\u00e1r\u00e1s\u00e1t \u00e9s a garanci\u00e1t.<\/p><p data-asw-orgfontsize=\"16\">A fentiek hi\u00e1ny\u00e1ban a Term\u00e9kek ad\u00e1sv\u00e9teli szerz\u0151d\u00e9se a felek k\u00f6z\u00f6tt nem tekinthet\u0151 hat\u00e1lyosnak.<\/p><p data-asw-orgfontsize=\"16\">Ha a term\u00e9k nem \u00e1ll rendelkez\u00e9sre, a jogosult t\u00e1j\u00e9koztatja a felhaszn\u00e1l\u00f3t az \u00faj sz\u00e1ll\u00edt\u00e1si vagy sz\u00e1ll\u00edt\u00e1si felt\u00e9telekr\u0151l, \u00e9s megk\u00e9rdezi, hogy a felhaszn\u00e1l\u00f3 meg k\u00edv\u00e1nja-e er\u0151s\u00edteni a megrendel\u00e9st. Mag\u00e1t\u00f3l \u00e9rtet\u0151d\u0151, hogy a szerz\u0151d\u00e9s a birtokos \u00e1ltal elfogadott term\u00e9kek tekintet\u00e9ben megk\u00f6t\u00f6ttnek tekintend\u0151.<\/p><p data-asw-orgfontsize=\"16\">A Felhaszn\u00e1l\u00f3 v\u00e1llalja, hogy ellen\u0151rzi a megrendel\u00e9s visszaigazol\u00e1s\u00e1ban megadott adatok helyess\u00e9g\u00e9t, \u00e9s az esetleges hib\u00e1kr\u00f3l halad\u00e9ktalanul \u00e9rtes\u00edti az Adatkezel\u0151t, tov\u00e1bb\u00e1 k\u00f6teles meg\u0151rizni a megrendel\u00e9s\u00e9nek, annak visszaigazol\u00e1s\u00e1nak \u00e9s a Felt\u00e9teleknek egy p\u00e9ld\u00e1ny\u00e1t.<\/p><ol class=\"wp-block-list\" data-asw-orgfontsize=\"16\"><li data-asw-orgfontsize=\"16\"><strong>Regisztr\u00e1ci\u00f3<\/strong><\/li><\/ol><p data-asw-orgfontsize=\"16\">Az Alkalmaz\u00e1s funkci\u00f3inak kihaszn\u00e1l\u00e1s\u00e1hoz a Felhaszn\u00e1l\u00f3knak regisztr\u00e1lniuk kell, \u00e9s a megfelel\u0151 regisztr\u00e1ci\u00f3s \u0171rlapon k\u00e9rt valamennyi adatot igaz \u00e9s teljes k\u00f6r\u0171en meg kell adniuk, valamint teljes m\u00e9rt\u00e9kben el kell fogadniuk az adatv\u00e9delmi szab\u00e1lyzatot (\u00a0<a href=\"https:\/\/www.iubenda.com\/privacy-policy\/56810897?ifr=true&amp;height=650&amp;newmarkup=yes&amp;origin=https%3A%2F%2Faccessibi.com%2Fit%2F&amp;an=no\" data-cmp-ab=\"2\" data-asw-orgfontsize=\"16\">https:\/\/www.iubenda.com\/privacy-policy\/56810897?ifr=true&amp;height=650&amp;newmarkup=yes&amp;origin=https%3A%2F%2Faccessibi.com%2Fit%2F&amp;an=no<\/a>) \u00e9s a felt\u00e9telek.<\/p><p data-asw-orgfontsize=\"16\">A Felhaszn\u00e1l\u00f3 felel\u0151s a hozz\u00e1f\u00e9r\u00e9si azonos\u00edt\u00f3inak meg\u0151rz\u00e9s\u00e9\u00e9rt, amelyeket kiz\u00e1r\u00f3lag a Felhaszn\u00e1l\u00f3 haszn\u00e1lhat, \u00e9s nem adhatja \u00e1t harmadik f\u00e9lnek. A Felhaszn\u00e1l\u00f3 v\u00e1llalja, hogy titokban tartja azokat, \u00e9s biztos\u00edtja, hogy harmadik szem\u00e9ly nem f\u00e9rhet hozz\u00e1juk, valamint halad\u00e9ktalanul t\u00e1j\u00e9koztatja az Adatkezel\u0151t, ha vissza\u00e9l\u00e9st vagy jogosulatlan nyilv\u00e1noss\u00e1gra hozatalt gyan\u00edt, vagy arr\u00f3l tudom\u00e1st szerez.<\/p><p data-asw-orgfontsize=\"16\">A Felhaszn\u00e1l\u00f3 szavatolja, hogy a regisztr\u00e1ci\u00f3s elj\u00e1r\u00e1s sor\u00e1n megadott szem\u00e9lyes adatai teljesek \u00e9s a val\u00f3s\u00e1gnak megfelelnek, \u00e9s v\u00e1llalja, hogy az Adatkezel\u0151t mentes\u00edti \u00e9s k\u00e1rtalan\u00edtja minden olyan k\u00e1r, k\u00e1rtalan\u00edt\u00e1si k\u00f6telezetts\u00e9g \u00e9s\/vagy b\u00fcntet\u00e9s al\u00f3l, amely abb\u00f3l ered \u00e9s\/vagy b\u00e1rmilyen m\u00f3don \u00f6sszef\u00fcgg azzal, hogy a Felhaszn\u00e1l\u00f3 megszegi az Alkalmaz\u00e1sba t\u00f6rt\u00e9n\u0151 regisztr\u00e1ci\u00f3ra vagy a regisztr\u00e1ci\u00f3s adatok t\u00e1rol\u00e1s\u00e1ra vonatkoz\u00f3 szab\u00e1lyokat.<\/p><ol class=\"wp-block-list\" data-asw-orgfontsize=\"16\"><li data-asw-orgfontsize=\"16\"><strong>Fi\u00f3k t\u00f6rl\u00e9se \u00e9s bez\u00e1r\u00e1sa<\/strong><\/li><\/ol><p data-asw-orgfontsize=\"16\">A regisztr\u00e1lt felhaszn\u00e1l\u00f3k b\u00e1rmikor abbahagyhatj\u00e1k az Alkalmaz\u00e1s haszn\u00e1lat\u00e1t, \u00e9s deaktiv\u00e1lhatj\u00e1k fi\u00f3kjukat, vagy k\u00e9rhetik annak t\u00f6rl\u00e9s\u00e9t az Alkalmaz\u00e1s fel\u00fclet\u00e9n kereszt\u00fcl, amennyiben lehets\u00e9ges, vagy \u00edr\u00e1sbeli \u00e9rtes\u00edt\u00e9s k\u00fcld\u00e9s\u00e9vel az al\u00e1bbi e-mail c\u00edmre\u00a0<a href=\"mailto:legal@gilbi.co\" data-asw-orgfontsize=\"16\">legal@gilbi.co<\/a>.<\/p><p data-asw-orgfontsize=\"16\">A Felhaszn\u00e1l\u00f3 \u00e1ltal a Felt\u00e9telek vagy b\u00e1rmely vonatkoz\u00f3 jogi rendelkez\u00e9s megs\u00e9rt\u00e9se eset\u00e9n a Tulajdonos fenntartja a jogot, hogy b\u00e1rmikor, el\u0151zetes \u00e9rtes\u00edt\u00e9s n\u00e9lk\u00fcl felf\u00fcggessze vagy megsz\u00fcntesse a Felhaszn\u00e1l\u00f3 fi\u00f3kj\u00e1t.<\/p><ol class=\"wp-block-list\" data-asw-orgfontsize=\"16\"><li data-asw-orgfontsize=\"16\"><strong>El\u0151fizet\u00e9s<\/strong><\/li><\/ol><p data-asw-orgfontsize=\"16\">Az Alkalmaz\u00e1s el\u0151fizet\u00e9ses term\u00e9keket k\u00edn\u00e1l. A funkci\u00f3kat \u00e9s az el\u0151fizet\u00e9s m\u00f3dj\u00e1t az Alkalmaz\u00e1s r\u00e9szletezi.<\/p><p data-asw-orgfontsize=\"16\">A feliratkoz\u00e1shoz a Felhaszn\u00e1l\u00f3nak k\u00f6vetnie kell az Alkalmaz\u00e1sban megadott elj\u00e1r\u00e1st, \u00e9s meg kell adnia a sz\u00fcks\u00e9ges adatokat. Az el\u0151fizet\u00e9s d\u00edjaz\u00e1sa az el\u0151fizet\u00e9skor megadott id\u0151pontban \u00e9s gyakoris\u00e1ggal kezd\u0151dik.<\/p><p data-asw-orgfontsize=\"16\">Az el\u0151fizet\u00e9s meg\u00faj\u00edt\u00e1sa a Jelentkez\u00e9sben megjel\u00f6lt m\u00f3don \u00e9s id\u0151pontokban t\u00f6rt\u00e9nik.<\/p><p data-asw-orgfontsize=\"16\">A felhaszn\u00e1l\u00f3k a meg\u00faj\u00edt\u00e1st az Alkalmaz\u00e1son kereszt\u00fcl vagy a k\u00f6vetkez\u0151 e-mail c\u00edmre k\u00fcld\u00f6tt \u00e9rtes\u00edt\u00e9ssel deaktiv\u00e1lhatj\u00e1k a meg\u00faj\u00edt\u00e1st\u00a0<a href=\"mailto:legal@gilbi.co\" data-asw-orgfontsize=\"16\">legal@gilbi.co<\/a>\u00a0vagy a haszn\u00e1lt fizet\u00e9si m\u00f3d be\u00e1ll\u00edt\u00e1sainak megv\u00e1ltoztat\u00e1s\u00e1val.<\/p><ol class=\"wp-block-list\" data-asw-orgfontsize=\"16\"><li data-asw-orgfontsize=\"16\"><strong>\u00c1rak \u00e9s kifizet\u00e9sek<\/strong><\/li><\/ol><p data-asw-orgfontsize=\"16\">Minden egyes term\u00e9kn\u00e9l az esetlegesen fizetend\u0151 \u00e1f\u00e1t tartalmaz\u00f3 \u00e1r van felt\u00fcntetve. Amennyiben a term\u00e9k jellege miatt az \u00e1rat nem lehet el\u0151re kisz\u00e1m\u00edtani, az \u00e1r kisz\u00e1m\u00edt\u00e1s\u00e1nak m\u00f3dj\u00e1t kell felt\u00fcntetni.<\/p><p data-asw-orgfontsize=\"16\">Ezen k\u00edv\u00fcl fel kell t\u00fcntetni az esetleges ad\u00f3kat, kieg\u00e9sz\u00edt\u0151 d\u00edjakat, amelyek az alkalmazott fizet\u00e9si m\u00f3dt\u00f3l f\u00fcgg\u0151en v\u00e1ltozhatnak. Ha ezek a k\u00f6lts\u00e9gek \u00e9sszer\u0171en nem kalkul\u00e1lhat\u00f3k el\u0151re, akkor fel kell t\u00fcntetni, hogy mely k\u00f6lts\u00e9gek terhelik a felhaszn\u00e1l\u00f3t.<\/p><p data-asw-orgfontsize=\"16\">A Tulajdonos fenntartja a jogot, hogy b\u00e1rmikor megv\u00e1ltoztassa a Term\u00e9kek \u00e1r\u00e1t \u00e9s a tov\u00e1bbi k\u00f6lts\u00e9geket. Mag\u00e1t\u00f3l \u00e9rtet\u0151dik, hogy az \u00e1rv\u00e1ltoz\u00e1sok semmilyen esetben sem \u00e9rintik a v\u00e1ltoz\u00e1s el\u0151tt m\u00e1r megk\u00f6t\u00f6tt szerz\u0151d\u00e9seket.<\/p><p data-asw-orgfontsize=\"16\">A Felhaszn\u00e1l\u00f3 v\u00e1llalja, hogy a Term\u00e9k \u00e1r\u00e1t a Jelentkez\u00e9sben megjel\u00f6lt id\u0151pontban \u00e9s m\u00f3don fizeti ki, \u00e9s k\u00f6zli az \u00f6sszes sz\u00fcks\u00e9ges adatot, amely sz\u00fcks\u00e9ges lehet.<\/p><p data-asw-orgfontsize=\"16\">Az Alkalmaz\u00e1s harmadik f\u00e9lt\u0151l sz\u00e1rmaz\u00f3 eszk\u00f6z\u00f6ket haszn\u00e1l a fizet\u00e9s feldolgoz\u00e1s\u00e1hoz, \u00e9s semmilyen m\u00f3don nem ker\u00fcl kapcsolatba a megadott fizet\u00e9si adatokkal (hitelk\u00e1rtya sz\u00e1ma, tulajdonos neve, jelsz\u00f3 stb.).<\/p><p data-asw-orgfontsize=\"16\">Amennyiben az ilyen harmadik f\u00e9l \u00e1ltal kibocs\u00e1tott eszk\u00f6z\u00f6k megtagadj\u00e1k a fizet\u00e9si enged\u00e9lyt, a jogosult nem sz\u00e1ll\u00edthatja a term\u00e9keket, \u00e9s semmilyen m\u00f3don nem vonhat\u00f3 felel\u0151ss\u00e9gre.<\/p><ol class=\"wp-block-list\" data-asw-orgfontsize=\"16\"><li data-asw-orgfontsize=\"16\"><strong>Sz\u00e1ml\u00e1z\u00e1s<\/strong><\/li><\/ol><p data-asw-orgfontsize=\"16\">A sz\u00e1ml\u00e1t \u00e1tvenni k\u00edv\u00e1n\u00f3 Felhaszn\u00e1l\u00f3t\u00f3l a sz\u00e1ml\u00e1z\u00e1si adatok megad\u00e1s\u00e1ra k\u00e9rdezz\u00fck. A sz\u00e1mla ki\u00e1ll\u00edt\u00e1s\u00e1ra a Felhaszn\u00e1l\u00f3 \u00e1ltal megadott adatok alapj\u00e1n ker\u00fcl sor, amelyekr\u0151l a Felhaszn\u00e1l\u00f3 kijelenti \u00e9s szavatolja, hogy azok a val\u00f3s\u00e1gnak megfelelnek, e tekintetben az Adatkezel\u0151t teljes k\u00f6r\u0171en mentes\u00edti.<\/p><ol class=\"wp-block-list\" data-asw-orgfontsize=\"16\"><li data-asw-orgfontsize=\"16\"><strong>Digit\u00e1lis term\u00e9kek \u00e9s szolg\u00e1ltat\u00e1sok ny\u00fajt\u00e1sa\u00a0<\/strong><\/li><\/ol><p data-asw-orgfontsize=\"16\">Az Adatkezel\u0151 a Digit\u00e1lis term\u00e9keket, bele\u00e9rtve az anyagi adathordoz\u00f3n sz\u00e1ll\u00edtott Digit\u00e1lis term\u00e9keket \u00e9s\/vagy szolg\u00e1ltat\u00e1sokat a Felhaszn\u00e1l\u00f3nak az Alkalmaz\u00e1son felt\u00fcntetett \u00e9s a megrendel\u00e9s visszaigazol\u00e1s\u00e1ban meghat\u00e1rozott m\u00f3don \u00e9s hat\u00e1rid\u0151n bel\u00fcl biztos\u00edtja.<\/p><p data-asw-orgfontsize=\"16\">Abban az esetben, ha a k\u00e9rt digit\u00e1lis term\u00e9keket \u00e9s szolg\u00e1ltat\u00e1sokat nem lehet ezen az id\u0151szakon bel\u00fcl sz\u00e1ll\u00edtani, a Felhaszn\u00e1l\u00f3t halad\u00e9ktalanul \u00e9rtes\u00edtj\u00fck e-mailben, megjel\u00f6lve, hogy v\u00e1rhat\u00f3an mikor lesz lehets\u00e9ges a sz\u00e1ll\u00edt\u00e1s, illetve hogy mi\u00e9rt nem lehets\u00e9ges a sz\u00e1ll\u00edt\u00e1s.<\/p><p data-asw-orgfontsize=\"16\">Ha a Felhaszn\u00e1l\u00f3 nem k\u00edv\u00e1nja elfogadni az \u00faj hat\u00e1rid\u0151t, vagy a sz\u00e1ll\u00edt\u00e1s lehetetlenn\u00e9 v\u00e1lt, k\u00e9rheti a kifizetett \u00f6sszeg visszat\u00e9r\u00edt\u00e9s\u00e9t, amelyet a Felhaszn\u00e1l\u00f3 \u00e1ltal a v\u00e1s\u00e1rl\u00e1shoz haszn\u00e1lt fizet\u00e9si m\u00f3ddal megegyez\u0151 m\u00f3don halad\u00e9ktalanul j\u00f3v\u00e1\u00edrnak, legfeljebb 14 napon bel\u00fcl att\u00f3l sz\u00e1m\u00edtva, hogy a Visszat\u00e9r\u00edt\u00e9si k\u00e9relemr\u0151l a jogosult tudom\u00e1st szerzett.<\/p><ol class=\"wp-block-list\" data-asw-orgfontsize=\"16\"><li data-asw-orgfontsize=\"16\"><strong>A szakmai felhaszn\u00e1l\u00f3k el\u00e1ll\u00e1si jog\u00e1nak kiz\u00e1r\u00e1sa<\/strong><\/li><\/ol><p data-asw-orgfontsize=\"16\">A Hivat\u00e1sos felhaszn\u00e1l\u00f3nak nincs joga el\u00e1llni a term\u00e9kek ad\u00e1sv\u00e9teli vagy sz\u00e1ll\u00edt\u00e1si szerz\u0151d\u00e9s\u00e9t\u0151l. A Felhaszn\u00e1l\u00f3 kifejezetten tudom\u00e1sul veszi, hogy az \u00c1FA-sz\u00e1m felt\u00fcntet\u00e9se a megrendel\u00e9sben automatikusan Szakmai Felhaszn\u00e1l\u00f3nak min\u0151s\u00fcl, akire az el\u00e1ll\u00e1si jog nem vonatkozik.<\/p><ol class=\"wp-block-list\" data-asw-orgfontsize=\"16\"><li data-asw-orgfontsize=\"16\"><strong>A felhaszn\u00e1l\u00f3k el\u00e1ll\u00e1si joga a digit\u00e1lis term\u00e9kek \u00e9s szolg\u00e1ltat\u00e1sok megv\u00e1s\u00e1rl\u00e1s\u00e1t\u00f3l\u00a0<\/strong><\/li><\/ol><p data-asw-orgfontsize=\"16\">A Fogyaszt\u00f3 Felhaszn\u00e1l\u00f3nak joga van a szerz\u0151d\u00e9s megk\u00f6t\u00e9s\u00e9t\u0151l sz\u00e1m\u00edtott 14 napon bel\u00fcl k\u00f6tb\u00e9r \u00e9s indokl\u00e1s n\u00e9lk\u00fcl el\u00e1llni a szerz\u0151d\u00e9st\u0151l a k\u00f6vetkez\u0151 e-mail c\u00edmre k\u00fcld\u00f6tt \u00edr\u00e1sbeli k\u00f6zl\u00e9ssel.\u00a0<a href=\"mailto:legal@gilbi.co\" data-asw-orgfontsize=\"16\">legal@gilbi.co<\/a>a k\u00f6vetkez\u0151 cikkben meghat\u00e1rozott v\u00e1laszthat\u00f3 el\u00e1ll\u00e1si formanyomtatv\u00e1ny vagy b\u00e1rmely m\u00e1s \u00edr\u00e1sbeli nyilatkozat seg\u00edts\u00e9g\u00e9vel.<\/p><p data-asw-orgfontsize=\"16\">Szab\u00e1lyszer\u0171en gyakorolt el\u00e1ll\u00e1s eset\u00e9n az Adatkezel\u0151 indokolatlan k\u00e9sedelem n\u00e9lk\u00fcl, de mindenk\u00e9ppen a Felhaszn\u00e1l\u00f3 \u00e1ltal a szerz\u0151d\u00e9st\u0151l val\u00f3 el\u00e1ll\u00e1sr\u00f3l sz\u00f3l\u00f3 \u00e9rtes\u00edt\u00e9s\u00e9nek id\u0151pontj\u00e1t\u00f3l sz\u00e1m\u00edtott 14 napon bel\u00fcl visszat\u00e9r\u00edti a Felhaszn\u00e1l\u00f3nak a befizetett \u00f6sszegeket, a Felhaszn\u00e1l\u00f3 \u00e1ltal az eredeti tranzakci\u00f3 sor\u00e1n haszn\u00e1lt fizet\u00e9si m\u00f3ddal megegyez\u0151 m\u00f3don.<\/p><p data-asw-orgfontsize=\"16\">A Felhaszn\u00e1l\u00f3 tudom\u00e1sul veszi \u00e9s elfogadja, hogy a digit\u00e1lis term\u00e9k let\u00f6lt\u00e9se vagy haszn\u00e1lata ut\u00e1n elvesz\u00edti el\u00e1ll\u00e1si jog\u00e1t.<\/p><p data-asw-orgfontsize=\"16\">A Felhaszn\u00e1l\u00f3 tudom\u00e1sul veszi \u00e9s elfogadja, hogy a szolg\u00e1ltat\u00e1s teljes teljes\u00edt\u00e9s\u00e9t k\u00f6vet\u0151en elvesz\u00edti el\u00e1ll\u00e1si jog\u00e1t. Ha a szolg\u00e1ltat\u00e1st nem teljes\u00edtett\u00e9k marad\u00e9ktalanul, \u00e9s a Felhaszn\u00e1l\u00f3 el k\u00edv\u00e1n \u00e1llni a szerz\u0151d\u00e9st\u0151l, akkor is k\u00f6teles a jogosultnak az el\u00e1ll\u00e1si jog\u00e1nak gyakorl\u00e1sa id\u0151pontj\u00e1ig teljes\u00edtett teljes\u00edt\u00e9ssel ar\u00e1nyos \u00f6sszeget megfizetni.<\/p><p data-asw-orgfontsize=\"16\">A Felhaszn\u00e1l\u00f3 tudom\u00e1sul veszi \u00e9s elfogadja, hogy az el\u0151fizet\u00e9s visszavon\u00e1sa nem vonja maga ut\u00e1n a m\u00e1r felhaszn\u00e1lt vagy kifizetett Term\u00e9kekhez kapcsol\u00f3d\u00f3 \u00f6sszegek visszat\u00e9r\u00edt\u00e9s\u00e9t.<\/p><ol class=\"wp-block-list\" data-asw-orgfontsize=\"16\"><li data-asw-orgfontsize=\"16\"><strong>A Felhaszn\u00e1l\u00f3 el\u00e1ll\u00e1si jog\u00e1nak kiz\u00e1r\u00e1s\u00e1nak esetei<\/strong><\/li><\/ol><p data-asw-orgfontsize=\"16\">A Felhaszn\u00e1l\u00f3nak nincs joga el\u00e1llni a term\u00e9kek ad\u00e1sv\u00e9teli vagy sz\u00e1ll\u00edt\u00e1si szerz\u0151d\u00e9s\u00e9t\u0151l:<\/p><ol class=\"wp-block-list\" data-asw-orgfontsize=\"16\"><li data-asw-orgfontsize=\"16\">olyan term\u00e9kek k\u00edn\u00e1lata, amelyek \u00e1ra a p\u00e9nz\u00fcgyi piacnak a birtokos \u00e1ltal nem befoly\u00e1solhat\u00f3 ingadoz\u00e1saihoz k\u00f6t\u0151dik, amelyek az el\u00e1ll\u00e1si id\u0151szak alatt bek\u00f6vetkezhetnek.<\/li><li data-asw-orgfontsize=\"16\">a szem\u00e9lyre szabott vagy egy\u00e9rtelm\u0171en testre szabott term\u00e9kek sz\u00e1ll\u00edt\u00e1sa<\/li><li data-asw-orgfontsize=\"16\">a gyorsan roml\u00f3 vagy lej\u00e1r\u00f3 term\u00e9kek sz\u00e1ll\u00edt\u00e1sa. Ebbe a kateg\u00f3ri\u00e1ba tartozik minden olyan \u00e9lelmiszerterm\u00e9k (bele\u00e9rtve az italokat is), amelynek tulajdons\u00e1gai a nem megfelel\u0151 t\u00e1rol\u00e1s k\u00f6vetkezt\u00e9ben roml\u00e1snak vannak kit\u00e9ve.<\/li><li data-asw-orgfontsize=\"16\">olyan lez\u00e1rt term\u00e9kek sz\u00e1ll\u00edt\u00e1sa, amelyek higi\u00e9niai vagy eg\u00e9szs\u00e9gv\u00e9delmi okokb\u00f3l nem alkalmasak visszasz\u00e1ll\u00edt\u00e1sra, \u00e9s amelyeket a sz\u00e1ll\u00edt\u00e1st k\u00f6vet\u0151en felbontottak.<\/li><li data-asw-orgfontsize=\"16\">olyan term\u00e9kek sz\u00e1ll\u00edt\u00e1sa, amelyek a sz\u00e1ll\u00edt\u00e1st k\u00f6vet\u0151en jelleg\u00fckn\u00e9l fogva elv\u00e1laszthatatlanul keverednek m\u00e1s term\u00e9kekkel.<\/li><li data-asw-orgfontsize=\"16\">olyan szerz\u0151d\u00e9sekre, amelyekben a Felhaszn\u00e1l\u00f3 kifejezetten k\u00e9rte az Adatkezel\u0151 vagy egy megb\u00edzott szakember l\u00e1togat\u00e1s\u00e1t s\u00fcrg\u0151s jav\u00edt\u00e1si vagy karbantart\u00e1si munk\u00e1latok elv\u00e9gz\u00e9se c\u00e9lj\u00e1b\u00f3l. Ha az Adatkezel\u0151 vagy a megb\u00edzott szakember ilyen l\u00e1togat\u00e1s alkalm\u00e1val a Felhaszn\u00e1l\u00f3 \u00e1ltal kifejezetten k\u00e9rt szolg\u00e1ltat\u00e1sokon t\u00falmen\u0151en tov\u00e1bbi szolg\u00e1ltat\u00e1sokat ny\u00fajt, vagy a karbantart\u00e1s vagy jav\u00edt\u00e1s elv\u00e9gz\u00e9s\u00e9hez sz\u00fcks\u00e9ges p\u00f3talkatr\u00e9szeken k\u00edv\u00fcl m\u00e1s \u00e1rukat is biztos\u00edt, az el\u00e1ll\u00e1si jog az ilyen tov\u00e1bbi szolg\u00e1ltat\u00e1sokra vagy \u00e1rukra vonatkozik.<\/li><li data-asw-orgfontsize=\"16\">olyan lez\u00e1rt hang- vagy videofelv\u00e9telek vagy lez\u00e1rt sz\u00e1m\u00edt\u00f3g\u00e9pes szoftverek sz\u00e1ll\u00edt\u00e1sa, amelyeket a sz\u00e1ll\u00edt\u00e1st k\u00f6vet\u0151en felbontottak.<\/li><li data-asw-orgfontsize=\"16\">\u00fajs\u00e1gok, foly\u00f3iratok \u00e9s magazinok sz\u00e1ll\u00edt\u00e1sa, kiv\u00e9ve az ilyen kiadv\u00e1nyok sz\u00e1ll\u00edt\u00e1s\u00e1ra vonatkoz\u00f3 el\u0151fizet\u0151i szerz\u0151d\u00e9seket<\/li><li data-asw-orgfontsize=\"16\">nyilv\u00e1nos \u00e1rver\u00e9sen megk\u00f6t\u00f6tt szerz\u0151d\u00e9sek<\/li><li data-asw-orgfontsize=\"16\">nem lak\u00e1sc\u00e9l\u00fa sz\u00e1ll\u00e1shely-szolg\u00e1ltat\u00e1s, \u00e1rusz\u00e1ll\u00edt\u00e1s, aut\u00f3k\u00f6lcs\u00f6nz\u00e9s, vend\u00e9gl\u00e1t\u00e1s vagy szabadid\u0151s tev\u00e9kenys\u00e9gekkel kapcsolatos szolg\u00e1ltat\u00e1sok ny\u00fajt\u00e1sa, ha a szerz\u0151d\u00e9s a teljes\u00edt\u00e9s meghat\u00e1rozott id\u0151pontj\u00e1t vagy id\u0151tartam\u00e1t \u00edrja el\u0151<\/li><\/ol><p data-asw-orgfontsize=\"16\">Tov\u00e1bbi felvil\u00e1gos\u00edt\u00e1s\u00e9rt forduljon a tulajdonoshoz a k\u00f6vetkez\u0151 e-mail c\u00edmen\u00a0<a href=\"mailto:legal@gilbi.co\" data-asw-orgfontsize=\"16\">legal@gilbi.co<\/a>.<\/p><ol class=\"wp-block-list\" data-asw-orgfontsize=\"16\"><li data-asw-orgfontsize=\"16\"><strong>Az el\u00e1ll\u00e1si jog gyakorl\u00e1s\u00e1ra szolg\u00e1l\u00f3 v\u00e1laszthat\u00f3 formanyomtatv\u00e1ny<\/strong><\/li><li data-asw-orgfontsize=\"16\">A Felhaszn\u00e1l\u00f3 az al\u00e1bbi \u0171rlapon l\u00e9phet vissza, amelyet teljes eg\u00e9sz\u00e9ben ki kell t\u00f6lteni \u00e9s el kell k\u00fcldeni az al\u00e1bbi e-mail c\u00edmre\u00a0<a href=\"mailto:legal@gilbi.co\" data-asw-orgfontsize=\"16\">legal@gilbi.co<\/a>\u00a0az el\u00e1ll\u00e1si hat\u00e1rid\u0151 lej\u00e1rta el\u0151tt:<\/li><\/ol><p data-asw-orgfontsize=\"16\"><em>Ez\u00faton \u00e9rtes\u00edtem a k\u00f6vetkez\u0151 term\u00e9kre vonatkoz\u00f3 ad\u00e1sv\u00e9teli vagy sz\u00e1ll\u00edt\u00e1si szerz\u0151d\u00e9st\u0151l val\u00f3 el\u00e1ll\u00e1sr\u00f3l: __________.<\/em>\u00a0<em>\u00a0Rendel\u00e9si sz\u00e1m:_______<\/em>\u00a0<em>\u00a0Megrendeltem: _______<\/em>\u00a0<em>\u00a0Kereszt- \u00e9s vezet\u00e9kn\u00e9v: _______<\/em>\u00a0<em>\u00a0C\u00edm: ______<\/em>\u00a0<em>\u00a0A megrendel\u00e9shez tartoz\u00f3 fi\u00f3khoz tartoz\u00f3 e-mail c\u00edm, amelyr\u0151l a megrendel\u00e9s \u00e9rkezett: ____________________<\/em>\u00a0<em>\u00a0D\u00e1tum: __________<\/em>\u00a0<em>\u00a0<\/em><\/p><ol class=\"wp-block-list\" data-asw-orgfontsize=\"16\"><li data-asw-orgfontsize=\"16\"><strong>Digit\u00e1lis term\u00e9kmegfelel\u0151s\u00e9gi garancia fogyaszt\u00f3i felhaszn\u00e1l\u00f3k sz\u00e1m\u00e1ra<\/strong><\/li><\/ol><p data-asw-orgfontsize=\"16\">A Fogyaszt\u00f3 Felhaszn\u00e1l\u00f3k a Fogyaszt\u00f3v\u00e9delmi t\u00f6rv\u00e9nyk\u00f6nyv 135-decies \u00e9s azt k\u00f6vet\u0151 cikkeiben el\u0151\u00edrt megfelel\u0151s\u00e9gi garanci\u00e1t kapnak az Alkalmaz\u00e1son kereszt\u00fcl \u00e9rt\u00e9kes\u00edtett valamennyi digit\u00e1lis Term\u00e9kre, kiv\u00e9ve a Fogyaszt\u00f3v\u00e9delmi t\u00f6rv\u00e9nyk\u00f6nyv 135-novies cikk\u00e9ben el\u0151\u00edrt kiz\u00e1r\u00f3 eseteket.<\/p><p data-asw-orgfontsize=\"16\">A birtokos felel a megfelel\u0151s\u00e9ggel kapcsolatos hib\u00e1k\u00e9rt, amelyek az \u00e1tad\u00e1st\u00f3l sz\u00e1m\u00edtott k\u00e9t \u00e9ven bel\u00fcl nyilv\u00e1nval\u00f3v\u00e1 v\u00e1lnak. A fogyaszt\u00f3nak a megfelel\u0151s\u00e9gi hib\u00e1kat a sz\u00e1ll\u00edt\u00e1s id\u0151pontj\u00e1t\u00f3l vagy az utols\u00f3 sz\u00e1ll\u00edt\u00e1si cselekm\u00e9nyt\u0151l sz\u00e1m\u00edtott huszonhat h\u00f3napon bel\u00fcl kell bejelentenie. Ha az ad\u00e1sv\u00e9teli szerz\u0151d\u00e9s \u00fagy rendelkezik, hogy a digit\u00e1lis term\u00e9keket egy bizonyos id\u0151tartamra sz\u00e1ll\u00edtj\u00e1k, a megfelel\u0151s\u00e9g biztos\u00edt\u00e1s\u00e1nak k\u00f6telezetts\u00e9ge ezen id\u0151szak teljes id\u0151tartam\u00e1ra fenn\u00e1ll.<\/p><p data-asw-orgfontsize=\"16\">Ha a fogyaszt\u00f3-felhaszn\u00e1l\u00f3 \u00e9lni k\u00edv\u00e1n a megfelel\u0151s\u00e9gi garancia szerinti jogorvoslati lehet\u0151s\u00e9gekkel, akkor \u00edr\u00e1sos k\u00f6zlem\u00e9nyt kell k\u00fcldenie a k\u00f6vetkez\u0151 e-mail c\u00edmre\u00a0<a href=\"mailto:legal@gilbi.co\" data-asw-orgfontsize=\"16\">legal@gilbi.co<\/a>. A jogosult halad\u00e9ktalanul visszaigazolja az \u00e1ll\u00edt\u00f3lagos megfelel\u0151s\u00e9gi hiba k\u00f6zl\u00e9s\u00e9t, \u00e9s jelzi a fogyaszt\u00f3 felhaszn\u00e1l\u00f3nak a k\u00f6vetend\u0151 konkr\u00e9t elj\u00e1r\u00e1st. Az e z\u00e1rad\u00e9kban nem szab\u00e1lyozott k\u00e9rd\u00e9sekben a Fogyaszt\u00f3v\u00e9delmi t\u00f6rv\u00e9nyk\u00f6nyv 135-octies-135-vicies bis cikkei \u00e9s a Polg\u00e1ri T\u00f6rv\u00e9nyk\u00f6nyvnek a szerz\u0151d\u00e9sek l\u00e9trej\u00f6tt\u00e9re, \u00e9rv\u00e9nyess\u00e9g\u00e9re \u00e9s hat\u00e1lyoss\u00e1g\u00e1ra vonatkoz\u00f3 cikkei, bele\u00e9rtve a szerz\u0151d\u00e9s felmond\u00e1s\u00e1nak k\u00f6vetkezm\u00e9nyeit \u00e9s a k\u00e1rt\u00e9r\u00edt\u00e9shez val\u00f3 jogot, alkalmazand\u00f3k.<\/p><ol class=\"wp-block-list\" data-asw-orgfontsize=\"16\"><li data-asw-orgfontsize=\"16\"><strong>Ipari \u00e9s szellemi tulajdonjogok<\/strong><\/li><\/ol><p data-asw-orgfontsize=\"16\">Az Alkalmaz\u00e1s teljes tartalma, bele\u00e9rtve a sz\u00f6vegeket, dokumentumokat, v\u00e9djegyeket, log\u00f3kat, k\u00e9peket, grafik\u00e1kat, azok elrendez\u00e9s\u00e9t \u00e9s adapt\u00e1ci\u00f3it a szerz\u0151i jog \u00e9s a v\u00e9djegyjog v\u00e9delme alatt \u00e1ll. Az Alkalmaz\u00e1s olyan harmadik felek k\u00e9peit, dokumentumait, log\u00f3it \u00e9s v\u00e9djegyeit is tartalmazhatja, akik kifejezetten enged\u00e9lyezt\u00e9k a Tulajdonosnak, hogy azokat az Alkalmaz\u00e1sban k\u00f6zz\u00e9tegye. A szigor\u00faan szem\u00e9lyes haszn\u00e1lat kiv\u00e9tel\u00e9vel a Tartalom nem m\u00e1solhat\u00f3, nem m\u00f3dos\u00edthat\u00f3, nem terjeszthet\u0151, nem tehet\u0151 k\u00f6zz\u00e9 \u00e9s nem haszn\u00e1lhat\u00f3 a Tulajdonos k\u00fcl\u00f6n enged\u00e9lye n\u00e9lk\u00fcl.<\/p><ol class=\"wp-block-list\" data-asw-orgfontsize=\"16\"><li data-asw-orgfontsize=\"16\"><strong>J\u00f3t\u00e1ll\u00e1s kiz\u00e1r\u00e1sa<\/strong><\/li><\/ol><p data-asw-orgfontsize=\"16\">Az Alkalmaz\u00e1s \"ahogy van\" \u00e9s \"ahogy rendelkez\u00e9sre \u00e1ll\" alapon ker\u00fcl rendelkez\u00e9sre bocs\u00e1t\u00e1sra, \u00e9s a Tulajdonos nem v\u00e1llal kifejezett vagy hallgat\u00f3lagos garanci\u00e1t az Alkalmaz\u00e1ssal kapcsolatban, \u00e9s nem v\u00e1llal garanci\u00e1t arra, hogy az Alkalmaz\u00e1s megfelel a Felhaszn\u00e1l\u00f3k ig\u00e9nyeinek, vagy hogy megszak\u00edt\u00e1s- \u00e9s hibamentes, illetve v\u00edrus- \u00e9s hibamentes lesz.<\/p><p data-asw-orgfontsize=\"16\">A Tulajdonos t\u00f6rekszik arra, hogy az Alkalmaz\u00e1s a nap 24 \u00f3r\u00e1j\u00e1ban, megszak\u00edt\u00e1s n\u00e9lk\u00fcl el\u00e9rhet\u0151 legyen, de semmilyen m\u00f3don nem v\u00e1llal felel\u0151ss\u00e9get az\u00e9rt, ha az Alkalmaz\u00e1s b\u00e1rmilyen okb\u00f3l nem el\u00e9rhet\u0151 \u00e9s\/vagy nem m\u0171k\u00f6d\u0151k\u00e9pes b\u00e1rmikor vagy b\u00e1rmilyen ideig. Az Alkalmaz\u00e1shoz val\u00f3 hozz\u00e1f\u00e9r\u00e9s ideiglenesen \u00e9s \u00e9rtes\u00edt\u00e9s n\u00e9lk\u00fcl felf\u00fcggeszthet\u0151 rendszerhiba, karbantart\u00e1s, jav\u00edt\u00e1s vagy a Tulajdonoson k\u00edv\u00fcl \u00e1ll\u00f3 okok, illetve vis maior esem\u00e9nyek eset\u00e9n.<\/p><ol class=\"wp-block-list\" data-asw-orgfontsize=\"16\"><li data-asw-orgfontsize=\"16\"><strong>A felel\u0151ss\u00e9g korl\u00e1toz\u00e1sa<\/strong><\/li><\/ol><p data-asw-orgfontsize=\"16\">A Tulajdonos nem felel a Felhaszn\u00e1l\u00f3val szemben - kiv\u00e9ve sz\u00e1nd\u00e9kos vagy s\u00falyos gondatlans\u00e1g eset\u00e9n - az Internet haszn\u00e1lat\u00e1hoz kapcsol\u00f3d\u00f3, saj\u00e1t vagy besz\u00e1ll\u00edt\u00f3i ellen\u0151rz\u00e9s\u00e9n k\u00edv\u00fcl es\u0151 szolg\u00e1ltat\u00e1s- vagy \u00fczemzavarok\u00e9rt.<\/p><p data-asw-orgfontsize=\"16\">A jogosult tov\u00e1bb\u00e1 nem felel a szerz\u0151d\u00e9s neki fel nem r\u00f3hat\u00f3 okb\u00f3l t\u00f6rt\u00e9n\u0151 nem teljes\u00edt\u00e9se miatt a felhaszn\u00e1l\u00f3 \u00e1ltal elszenvedett k\u00e1rok\u00e9rt, vesztes\u00e9gek\u00e9rt \u00e9s k\u00f6lts\u00e9gek\u00e9rt, a felhaszn\u00e1l\u00f3 csak a kifizetett \u00e1r \u00e9s a felmer\u00fclt tov\u00e1bbi k\u00f6lts\u00e9gek teljes visszat\u00e9r\u00edt\u00e9s\u00e9re jogosult.<\/p><p data-asw-orgfontsize=\"16\">A K\u00e1rtyabirtokos nem v\u00e1llal felel\u0151ss\u00e9get a hitelk\u00e1rty\u00e1k \u00e9s egy\u00e9b fizet\u00e9si eszk\u00f6z\u00f6k harmadik szem\u00e9lyek \u00e1ltali esetleges csal\u00e1rd \u00e9s jogellenes haszn\u00e1lat\u00e1\u00e9rt, mivel semmilyen m\u00f3don nem ker\u00fcl kapcsolatba a felhaszn\u00e1lt fizet\u00e9si adatokkal (hitelk\u00e1rtyasz\u00e1m, k\u00e1rtyabirtokos neve, jelsz\u00f3 stb.).<\/p><p data-asw-orgfontsize=\"16\">A birtokos nem felel a k\u00f6vetkez\u0151k\u00e9rt:<\/p><ol class=\"wp-block-list\" data-asw-orgfontsize=\"16\"><li data-asw-orgfontsize=\"16\">az \u00fczleti lehet\u0151s\u00e9g elveszt\u00e9se \u00e9s minden egy\u00e9b vesztes\u00e9g, bele\u00e9rtve a k\u00f6zvetett vesztes\u00e9get is, amelyet a Felhaszn\u00e1l\u00f3 elszenvedhet, \u00e9s amely nem az Adatkezel\u0151 szerz\u0151d\u00e9sszeg\u00e9s\u00e9nek k\u00f6zvetlen k\u00f6vetkezm\u00e9nye<\/li><li data-asw-orgfontsize=\"16\">az Alkalmaz\u00e1s helytelen vagy nem megfelel\u0151 haszn\u00e1lata a Felhaszn\u00e1l\u00f3k vagy harmadik felek \u00e1ltal<\/li><li data-asw-orgfontsize=\"16\">a felhaszn\u00e1l\u00f3 \u00e1ltal megadott adatok hib\u00e1ja miatt t\u00e9ves dokumentumok vagy ad\u00f3adatok ki\u00e1ll\u00edt\u00e1sa, amelyek helyes megad\u00e1s\u00e1\u00e9rt kiz\u00e1r\u00f3lag a felhaszn\u00e1l\u00f3 felel\u0151s<\/li><\/ol><p data-asw-orgfontsize=\"16\">A Tulajdonos semmilyen k\u00f6r\u00fclm\u00e9nyek k\u00f6z\u00f6tt nem vonhat\u00f3 felel\u0151ss\u00e9gre a Felhaszn\u00e1l\u00f3 \u00e1ltal kifizetett \u00f6sszeg k\u00e9tszeres\u00e9n\u00e9l nagyobb \u00f6sszeg\u00e9rt.<\/p><ol class=\"wp-block-list\" data-asw-orgfontsize=\"16\"><li data-asw-orgfontsize=\"16\"><strong>Vis maior<\/strong><\/li><\/ol><p data-asw-orgfontsize=\"16\">Az Adatkezel\u0151 nem v\u00e1llal felel\u0151ss\u00e9get a k\u00f6telezetts\u00e9gei teljes\u00edt\u00e9s\u00e9nek elmulaszt\u00e1s\u00e1\u00e9rt vagy k\u00e9sedelmes teljes\u00edt\u00e9s\u00e9\u00e9rt, amely az Adatkezel\u0151 \u00e1ltal nem befoly\u00e1solhat\u00f3, vis maior vagy minden esetben el\u0151re nem l\u00e1that\u00f3 \u00e9s el\u0151re nem tervezhet\u0151, \u00e9s minden esetben az Adatkezel\u0151 befoly\u00e1s\u00e1n k\u00edv\u00fcl es\u0151 k\u00f6r\u00fclm\u00e9nyek miatt k\u00f6vetkezett be.<\/p><p data-asw-orgfontsize=\"16\">A vis maior esem\u00e9nyek bek\u00f6vetkez\u00e9s\u00e9nek idej\u00e9re a jogosult k\u00f6telezetts\u00e9geinek teljes\u00edt\u00e9se felf\u00fcggesztettnek tekintend\u0151.<\/p><p data-asw-orgfontsize=\"16\">Az Adatkezel\u0151 minden t\u0151le telhet\u0151t megtesz annak \u00e9rdek\u00e9ben, hogy olyan megold\u00e1sokat tal\u00e1ljon, amelyek lehet\u0151v\u00e9 teszik k\u00f6telezetts\u00e9geinek megfelel\u0151 teljes\u00edt\u00e9s\u00e9t a vis maior esem\u00e9nyek fenn\u00e1ll\u00e1sa ellen\u00e9re.<\/p><ol class=\"wp-block-list\" data-asw-orgfontsize=\"16\"><li data-asw-orgfontsize=\"16\"><strong>Linkel\u00e9s harmadik f\u00e9l webhelyeire<\/strong><\/li><\/ol><p data-asw-orgfontsize=\"16\">Az Alkalmaz\u00e1s tartalmazhat harmadik f\u00e9l webhelyeire\/alkalmaz\u00e1saira mutat\u00f3 linkeket. A Tulajdonos nem gyakorol ellen\u0151rz\u00e9st ezek felett, \u00e9s ez\u00e9rt semmilyen m\u00f3don nem felel\u0151s ezen oldalak\/alkalmaz\u00e1sok tartalm\u00e1\u00e9rt.<\/p><p data-asw-orgfontsize=\"16\">E linkek n\u00e9melyike olyan harmadik f\u00e9l webhelyeire\/alkalmaz\u00e1saira utalhat, amelyek az Alkalmaz\u00e1son kereszt\u00fcl ny\u00fajtanak szolg\u00e1ltat\u00e1sokat. Ezekben az esetekben a webhely\/alkalmaz\u00e1s haszn\u00e1lat\u00e1ra \u00e9s a harmadik felek \u00e1ltal ny\u00fajtott szolg\u00e1ltat\u00e1s ig\u00e9nybev\u00e9tel\u00e9re vonatkoz\u00f3 \u00e1ltal\u00e1nos felt\u00e9telek vonatkoznak az egyes szolg\u00e1ltat\u00e1sokra, amelyek tekintet\u00e9ben a Tulajdonos nem v\u00e1llal felel\u0151ss\u00e9get.<\/p><ol class=\"wp-block-list\" data-asw-orgfontsize=\"16\"><li data-asw-orgfontsize=\"16\"><strong>Adatv\u00e9delem<\/strong><\/li><\/ol><p data-asw-orgfontsize=\"16\">A szem\u00e9lyes adatok v\u00e9delme \u00e9s feldolgoz\u00e1sa az Adatv\u00e9delmi Szab\u00e1lyzatnak megfelel\u0151en t\u00f6rt\u00e9nik, amely a k\u00f6vetkez\u0151 c\u00edmen \u00e9rhet\u0151 el\u00a0<a href=\"https:\/\/www.iubenda.com\/privacy-policy\/56810897?ifr=true&amp;height=650&amp;newmarkup=yes&amp;origin=https%3A%2F%2Faccessibi.com%2Fit%2F&amp;an=no\" data-cmp-ab=\"2\" data-asw-orgfontsize=\"16\">https:\/\/www.iubenda.com\/privacy-policy\/56810897?ifr=true&amp;height=650&amp;newmarkup=yes&amp;origin=https%3A%2F%2Faccessibi.com%2Fit%2F&amp;an=no<\/a><\/p><ol class=\"wp-block-list\" data-asw-orgfontsize=\"16\"><li data-asw-orgfontsize=\"16\"><strong>Alkalmazand\u00f3 jog \u00e9s joghat\u00f3s\u00e1g<\/strong><\/li><\/ol><p data-asw-orgfontsize=\"16\">A Felt\u00e9telek az olasz jog hat\u00e1lya al\u00e1 tartoznak.<\/p><p data-asw-orgfontsize=\"16\">Hivat\u00e1sos felhaszn\u00e1l\u00f3k eset\u00e9ben a jelen Felt\u00e9telek alkalmaz\u00e1s\u00e1val, v\u00e9grehajt\u00e1s\u00e1val \u00e9s \u00e9rtelmez\u00e9s\u00e9vel kapcsolatos b\u00e1rmely jogvita a Tulajdonos sz\u00e9khelye szerinti b\u00edr\u00f3s\u00e1g joghat\u00f3s\u00e1ga al\u00e1 tartozik.<\/p><p data-asw-orgfontsize=\"16\">A Fogyaszt\u00f3 Felhaszn\u00e1l\u00f3k eset\u00e9ben a jelen Felt\u00e9telek alkalmaz\u00e1s\u00e1val, v\u00e9grehajt\u00e1s\u00e1val \u00e9s \u00e9rtelmez\u00e9s\u00e9vel kapcsolatos b\u00e1rmely jogvita a Fogyaszt\u00f3 Felhaszn\u00e1l\u00f3 lak\u00f3helye vagy v\u00e1lasztott lak\u00f3helye szerinti b\u00edr\u00f3s\u00e1g hat\u00e1sk\u00f6r\u00e9be tartozik, amennyiben az olasz \u00e1llam ter\u00fclet\u00e9n tal\u00e1lhat\u00f3, a Fogyaszt\u00f3 Felhaszn\u00e1l\u00f3 azon jog\u00e1nak s\u00e9relme n\u00e9lk\u00fcl, hogy a Fogyaszt\u00f3i T\u00f6rv\u00e9nyk\u00f6nyv 66a. cikke \u00e9rtelm\u00e9ben a \"fogyaszt\u00f3v\u00e9delmi b\u00edr\u00f3s\u00e1gt\u00f3l\" elt\u00e9r\u0151, az olasz polg\u00e1ri perrendtart\u00e1s 18., 19. \u00e9s 20. cikk\u00e9ben meghat\u00e1rozott krit\u00e9riumok valamelyike szerinti ter\u00fcleti illet\u00e9kess\u00e9ggel rendelkez\u0151 b\u00edr\u00f3hoz forduljon.<\/p><p data-asw-orgfontsize=\"16\">Ez nem \u00e9rinti a nem olaszorsz\u00e1gi szok\u00e1sos tart\u00f3zkod\u00e1si hellyel rendelkez\u0151 Fogyaszt\u00f3-Felhaszn\u00e1l\u00f3kra a szok\u00e1sos tart\u00f3zkod\u00e1si hely\u00fck szerinti orsz\u00e1g joga \u00e1ltal el\u0151\u00edrt kedvez\u0151bb \u00e9s k\u00f6telez\u0151 rendelkez\u00e9sek alkalmaz\u00e1s\u00e1t, k\u00fcl\u00f6n\u00f6sen az el\u00e1ll\u00e1si jog gyakorl\u00e1s\u00e1ra vonatkoz\u00f3 hat\u00e1rid\u0151vel, a Term\u00e9k visszaszolg\u00e1ltat\u00e1s\u00e1nak hat\u00e1ridej\u00e9vel, e jog gyakorl\u00e1sa eset\u00e9n a term\u00e9k visszaszolg\u00e1ltat\u00e1s\u00e1nak hat\u00e1ridej\u00e9vel, az err\u0151l val\u00f3 t\u00e1j\u00e9koztat\u00e1s m\u00f3dj\u00e1val \u00e9s alaki k\u00f6vetelm\u00e9nyeivel, valamint a megfelel\u0151s\u00e9g jogi garanci\u00e1j\u00e1val kapcsolatban.<\/p><ol class=\"wp-block-list\" data-asw-orgfontsize=\"16\"><li data-asw-orgfontsize=\"16\"><strong>Online vitarendez\u00e9s a fogyaszt\u00f3i felhaszn\u00e1l\u00f3k sz\u00e1m\u00e1ra<\/strong><\/li><\/ol><p data-asw-orgfontsize=\"16\">Az Eur\u00f3p\u00e1ban lak\u00f3hellyel rendelkez\u0151 fogyaszt\u00f3nak tudnia kell, hogy az Eur\u00f3pai Bizotts\u00e1g l\u00e9trehozott egy online platformot, amely alternat\u00edv vitarendez\u00e9si eszk\u00f6zt biztos\u00edt. Ezt az eszk\u00f6zt a Felhaszn\u00e1l\u00f3 Fogyaszt\u00f3 haszn\u00e1lhatja az online k\u00f6t\u00f6tt \u00e1ruk ad\u00e1sv\u00e9teli \u00e9s szolg\u00e1ltat\u00e1si szerz\u0151d\u00e9sekkel kapcsolatos \u00e9s\/vagy azokb\u00f3l ered\u0151 vit\u00e1k b\u00edr\u00f3s\u00e1gon k\u00edv\u00fcli rendez\u00e9s\u00e9re. Ennek megfelel\u0151en a Felhaszn\u00e1l\u00f3-Fogyaszt\u00f3 ezt a platformot haszn\u00e1lhatja az online megk\u00f6t\u00f6tt szerz\u0151d\u00e9sb\u0151l ered\u0151 b\u00e1rmely vita rendez\u00e9s\u00e9re. A platform a k\u00f6vetkez\u0151 c\u00edmen \u00e9rhet\u0151 el: ec.europa.eu\/consumers\/odr\/<\/p><p data-asw-orgfontsize=\"16\">D\u00e1tum 04\/12\/2024<\/p>\t\t\t\t\t\t\t\t<\/div>\n\t\t\t\t<\/div>\n\t\t\t\t\t<\/div>\n\t\t\t\t<\/div>\n\t\t\t\t<\/div>","protected":false},"excerpt":{"rendered":"<p>Termini e condizioni del servizio Il presente documento riporta i termini e le condizioni generali di utilizzo del sito web Accessibi che offre servizi di accessibilit\u00e0 web e di sviluppo software forniti dal titolare dell\u2019Applicazione. Definizioni Per consentire una completa comprensione e accettazione dei presenti termini e condizioni, i seguenti termini, al singolare e al [&hellip;]<\/p>","protected":false},"author":1,"featured_media":0,"parent":0,"menu_order":0,"comment_status":"closed","ping_status":"closed","template":"","meta":{"footnotes":""},"class_list":["post-578","page","type-page","status-publish","hentry"],"yoast_head":"<!-- This site is optimized with the Yoast SEO plugin v26.3 - https:\/\/yoast.com\/wordpress\/plugins\/seo\/ -->\n<title>Termini e condizioni | Accessibi<\/title>\n<meta name=\"robots\" content=\"index, follow, max-snippet:-1, max-image-preview:large, max-video-preview:-1\" \/>\n<link rel=\"canonical\" href=\"https:\/\/accessibi.com\/hu\/feltetelek-es-kikotesek\/\" \/>\n<meta property=\"og:locale\" content=\"hu_HU\" \/>\n<meta property=\"og:type\" content=\"article\" \/>\n<meta property=\"og:title\" content=\"Termini e condizioni | Accessibi\" \/>\n<meta property=\"og:description\" content=\"Termini e condizioni del servizio Il presente documento riporta i termini e le condizioni generali di utilizzo del sito web Accessibi che offre servizi di accessibilit\u00e0 web e di sviluppo software forniti dal titolare dell\u2019Applicazione. Definizioni Per consentire una completa comprensione e accettazione dei presenti termini e condizioni, i seguenti termini, al singolare e al [&hellip;]\" \/>\n<meta property=\"og:url\" content=\"https:\/\/accessibi.com\/hu\/feltetelek-es-kikotesek\/\" \/>\n<meta property=\"og:site_name\" content=\"Accessibi\" \/>\n<meta property=\"article:modified_time\" content=\"2025-12-01T21:50:30+00:00\" \/>\n<meta property=\"og:image\" content=\"https:\/\/accessibi.com\/wp-content\/uploads\/2025\/04\/successful-business-team-working-with-project-2025-02-11-18-49-11-utc-scaled.jpg\" \/>\n\t<meta property=\"og:image:width\" content=\"2560\" \/>\n\t<meta property=\"og:image:height\" content=\"1707\" \/>\n\t<meta property=\"og:image:type\" content=\"image\/jpeg\" \/>\n<meta name=\"twitter:card\" content=\"summary_large_image\" \/>\n<meta name=\"twitter:label1\" content=\"Becs\u00fclt olvas\u00e1si id\u0151\" \/>\n\t<meta name=\"twitter:data1\" content=\"15 perc\" \/>\n<script type=\"application\/ld+json\" class=\"yoast-schema-graph\">{\"@context\":\"https:\/\/schema.org\",\"@graph\":[{\"@type\":\"WebPage\",\"@id\":\"https:\/\/accessibi.com\/it\/termini-e-condizioni\/\",\"url\":\"https:\/\/accessibi.com\/it\/termini-e-condizioni\/\",\"name\":\"Termini e condizioni | Accessibi\",\"isPartOf\":{\"@id\":\"https:\/\/accessibi.com\/#website\"},\"datePublished\":\"2025-04-24T10:10:01+00:00\",\"dateModified\":\"2025-12-01T21:50:30+00:00\",\"breadcrumb\":{\"@id\":\"https:\/\/accessibi.com\/it\/termini-e-condizioni\/#breadcrumb\"},\"inLanguage\":\"hu\",\"potentialAction\":[{\"@type\":\"ReadAction\",\"target\":[\"https:\/\/accessibi.com\/it\/termini-e-condizioni\/\"]}]},{\"@type\":\"BreadcrumbList\",\"@id\":\"https:\/\/accessibi.com\/it\/termini-e-condizioni\/#breadcrumb\",\"itemListElement\":[{\"@type\":\"ListItem\",\"position\":1,\"name\":\"Home\",\"item\":\"https:\/\/accessibi.com\/\"},{\"@type\":\"ListItem\",\"position\":2,\"name\":\"Termini e condizioni\"}]},{\"@type\":\"WebSite\",\"@id\":\"https:\/\/accessibi.com\/#website\",\"url\":\"https:\/\/accessibi.com\/\",\"name\":\"Accessibi\",\"description\":\"Accessibilit\u00e0 per tutti, senza compromessi\",\"publisher\":{\"@id\":\"https:\/\/accessibi.com\/#organization\"},\"potentialAction\":[{\"@type\":\"SearchAction\",\"target\":{\"@type\":\"EntryPoint\",\"urlTemplate\":\"https:\/\/accessibi.com\/?s={search_term_string}\"},\"query-input\":{\"@type\":\"PropertyValueSpecification\",\"valueRequired\":true,\"valueName\":\"search_term_string\"}}],\"inLanguage\":\"hu\"},{\"@type\":\"Organization\",\"@id\":\"https:\/\/accessibi.com\/#organization\",\"name\":\"Accessibi\",\"url\":\"https:\/\/accessibi.com\/\",\"logo\":{\"@type\":\"ImageObject\",\"inLanguage\":\"hu\",\"@id\":\"https:\/\/accessibi.com\/#\/schema\/logo\/image\/\",\"url\":\"https:\/\/accessibi.com\/wp-content\/uploads\/2025\/04\/accessibi-blue.svg\",\"contentUrl\":\"https:\/\/accessibi.com\/wp-content\/uploads\/2025\/04\/accessibi-blue.svg\",\"width\":511,\"height\":82,\"caption\":\"Accessibi\"},\"image\":{\"@id\":\"https:\/\/accessibi.com\/#\/schema\/logo\/image\/\"}}]}<\/script>\n<!-- \/ Yoast SEO plugin. -->","yoast_head_json":{"title":"\u00c1ltal\u00e1nos szerz\u0151d\u00e9si felt\u00e9telek | Accessibi","robots":{"index":"index","follow":"follow","max-snippet":"max-snippet:-1","max-image-preview":"max-image-preview:large","max-video-preview":"max-video-preview:-1"},"canonical":"https:\/\/accessibi.com\/hu\/feltetelek-es-kikotesek\/","og_locale":"hu_HU","og_type":"article","og_title":"Termini e condizioni | Accessibi","og_description":"Termini e condizioni del servizio Il presente documento riporta i termini e le condizioni generali di utilizzo del sito web Accessibi che offre servizi di accessibilit\u00e0 web e di sviluppo software forniti dal titolare dell\u2019Applicazione. Definizioni Per consentire una completa comprensione e accettazione dei presenti termini e condizioni, i seguenti termini, al singolare e al [&hellip;]","og_url":"https:\/\/accessibi.com\/hu\/feltetelek-es-kikotesek\/","og_site_name":"Accessibi","article_modified_time":"2025-12-01T21:50:30+00:00","og_image":[{"width":2560,"height":1707,"url":"https:\/\/accessibi.com\/wp-content\/uploads\/2025\/04\/successful-business-team-working-with-project-2025-02-11-18-49-11-utc-scaled.jpg","type":"image\/jpeg"}],"twitter_card":"summary_large_image","twitter_misc":{"Becs\u00fclt olvas\u00e1si id\u0151":"15 perc"},"schema":{"@context":"https:\/\/schema.org","@graph":[{"@type":"WebPage","@id":"https:\/\/accessibi.com\/it\/termini-e-condizioni\/","url":"https:\/\/accessibi.com\/it\/termini-e-condizioni\/","name":"\u00c1ltal\u00e1nos szerz\u0151d\u00e9si felt\u00e9telek | Accessibi","isPartOf":{"@id":"https:\/\/accessibi.com\/#website"},"datePublished":"2025-04-24T10:10:01+00:00","dateModified":"2025-12-01T21:50:30+00:00","breadcrumb":{"@id":"https:\/\/accessibi.com\/it\/termini-e-condizioni\/#breadcrumb"},"inLanguage":"hu","potentialAction":[{"@type":"ReadAction","target":["https:\/\/accessibi.com\/it\/termini-e-condizioni\/"]}]},{"@type":"BreadcrumbList","@id":"https:\/\/accessibi.com\/it\/termini-e-condizioni\/#breadcrumb","itemListElement":[{"@type":"ListItem","position":1,"name":"Home","item":"https:\/\/accessibi.com\/"},{"@type":"ListItem","position":2,"name":"Termini e condizioni"}]},{"@type":"WebSite","@id":"https:\/\/accessibi.com\/#website","url":"https:\/\/accessibi.com\/","name":"Accessibi","description":"Hozz\u00e1f\u00e9rhet\u0151s\u00e9g mindenki sz\u00e1m\u00e1ra, kompromisszumok n\u00e9lk\u00fcl","publisher":{"@id":"https:\/\/accessibi.com\/#organization"},"potentialAction":[{"@type":"SearchAction","target":{"@type":"EntryPoint","urlTemplate":"https:\/\/accessibi.com\/?s={search_term_string}"},"query-input":{"@type":"PropertyValueSpecification","valueRequired":true,"valueName":"search_term_string"}}],"inLanguage":"hu"},{"@type":"Organization","@id":"https:\/\/accessibi.com\/#organization","name":"Accessibi","url":"https:\/\/accessibi.com\/","logo":{"@type":"ImageObject","inLanguage":"hu","@id":"https:\/\/accessibi.com\/#\/schema\/logo\/image\/","url":"https:\/\/accessibi.com\/wp-content\/uploads\/2025\/04\/accessibi-blue.svg","contentUrl":"https:\/\/accessibi.com\/wp-content\/uploads\/2025\/04\/accessibi-blue.svg","width":511,"height":82,"caption":"Accessibi"},"image":{"@id":"https:\/\/accessibi.com\/#\/schema\/logo\/image\/"}}]}},"_links":{"self":[{"href":"https:\/\/accessibi.com\/hu\/wp-json\/wp\/v2\/pages\/578","targetHints":{"allow":["GET"]}}],"collection":[{"href":"https:\/\/accessibi.com\/hu\/wp-json\/wp\/v2\/pages"}],"about":[{"href":"https:\/\/accessibi.com\/hu\/wp-json\/wp\/v2\/types\/page"}],"author":[{"embeddable":true,"href":"https:\/\/accessibi.com\/hu\/wp-json\/wp\/v2\/users\/1"}],"replies":[{"embeddable":true,"href":"https:\/\/accessibi.com\/hu\/wp-json\/wp\/v2\/comments?post=578"}],"version-history":[{"count":13,"href":"https:\/\/accessibi.com\/hu\/wp-json\/wp\/v2\/pages\/578\/revisions"}],"predecessor-version":[{"id":1188,"href":"https:\/\/accessibi.com\/hu\/wp-json\/wp\/v2\/pages\/578\/revisions\/1188"}],"wp:attachment":[{"href":"https:\/\/accessibi.com\/hu\/wp-json\/wp\/v2\/media?parent=578"}],"curies":[{"name":"wp","href":"https:\/\/api.w.org\/{rel}","templated":true}]}}