{"id":578,"date":"2025-04-24T12:10:01","date_gmt":"2025-04-24T10:10:01","guid":{"rendered":"https:\/\/accessibi.com\/?page_id=578"},"modified":"2025-12-01T22:50:30","modified_gmt":"2025-12-01T21:50:30","slug":"termini-e-condizioni","status":"publish","type":"page","link":"https:\/\/accessibi.com\/it\/termini-e-condizioni\/","title":{"rendered":"Termini e condizioni"},"content":{"rendered":"\t\t<div data-elementor-type=\"wp-page\" data-elementor-id=\"578\" class=\"elementor elementor-578\" data-elementor-post-type=\"page\">\n\t\t\t\t<div class=\"elementor-element elementor-element-6ff55fce e-flex e-con-boxed e-con e-parent\" data-id=\"6ff55fce\" data-element_type=\"container\" data-settings=\"{&quot;background_background&quot;:&quot;classic&quot;}\">\n\t\t\t\t\t<div class=\"e-con-inner\">\n\t\t\t\t<div class=\"elementor-element elementor-element-4907a161 elementor-widget__width-inherit elementor-widget elementor-widget-heading\" data-id=\"4907a161\" data-element_type=\"widget\" data-widget_type=\"heading.default\">\n\t\t\t\t<div class=\"elementor-widget-container\">\n\t\t\t\t\t<h1 class=\"elementor-heading-title elementor-size-default\">Termini e condizioni del servizio<br><\/h1>\t\t\t\t<\/div>\n\t\t\t\t<\/div>\n\t\t\t\t\t<\/div>\n\t\t\t\t<\/div>\n\t\t<div class=\"elementor-element elementor-element-6bd596f e-flex e-con-boxed e-con e-parent\" data-id=\"6bd596f\" data-element_type=\"container\">\n\t\t\t\t\t<div class=\"e-con-inner\">\n\t\t\t\t<div class=\"elementor-element elementor-element-f04210a elementor-widget elementor-widget-text-editor\" data-id=\"f04210a\" data-element_type=\"widget\" data-widget_type=\"text-editor.default\">\n\t\t\t\t<div class=\"elementor-widget-container\">\n\t\t\t\t\t\t\t\t\t<p>Il presente documento riporta i termini e le condizioni generali di utilizzo del sito web Accessibi che offre servizi di accessibilit\u00e0 web e di sviluppo software forniti dal titolare dell\u2019Applicazione.<\/p><ol class=\"wp-block-list\" data-asw-orgfontsize=\"16\"><li data-asw-orgfontsize=\"16\"><strong>Definizioni<\/strong><\/li><\/ol><p data-asw-orgfontsize=\"16\">Per consentire una completa comprensione e accettazione dei presenti termini e condizioni, i seguenti termini, al singolare e al plurale, avranno il significato di seguito indicato:<\/p><ol class=\"wp-block-list\" data-asw-orgfontsize=\"16\"><li data-asw-orgfontsize=\"16\"><strong>Titolare:<\/strong>\u00a0<strong>GILBI Srl<\/strong>, con sede legale in Via Monte Sabotino, 2 Bergamo (BG) 24121 , Partita IVA \/ Codice Fiscale 04598080168, BG474890, capitale sociale interamente versato 20.000,00 \u20ac, indirizzo PEC\u00a0<a href=\"mailto:gilbi.co@legalmail.it\" data-asw-orgfontsize=\"16\">gilbi.co@legalmail.it<\/a><\/li><li data-asw-orgfontsize=\"16\"><strong>Applicazione:<\/strong>\u00a0il sito web Accessibi e il CRM crm.accessibi.com<\/li><li data-asw-orgfontsize=\"16\"><strong>Prodotti:<\/strong>\u00a0i prodotti digitali (contenuti e servizi forniti in formato digitale), i servizi, venduti dal Titolare<\/li><li data-asw-orgfontsize=\"16\"><strong>Utente:<\/strong>\u00a0qualunque soggetto che accede e utilizza l\u2019Applicazione<\/li><li data-asw-orgfontsize=\"16\"><strong>Utente Consumatore:<\/strong>\u00a0la persona fisica maggiorenne che conclude un contratto per scopi estranei alla propria attivit\u00e0 imprenditoriale, commerciale, artigianale o professionale eventualmente svolta<\/li><li data-asw-orgfontsize=\"16\"><strong>Utente Professionista:<\/strong>\u00a0la persona fisica maggiorenne o persona giuridica che conclude un contratto per lo svolgimento o per esigenze della propria attivit\u00e0 imprenditoriale, commerciale, artigianale o professionale<\/li><li data-asw-orgfontsize=\"16\"><strong>Condizioni:<\/strong>\u00a0il presente contratto che disciplina i rapporti tra il Titolare e gli Utenti e la vendita dei Prodotti offerti dal Titolare tramite l\u2019Applicazione.<\/li><\/ol><ol class=\"wp-block-list\" data-asw-orgfontsize=\"16\"><li data-asw-orgfontsize=\"16\"><strong>Informazioni dettagliate sull\u2019offerta dell\u2019Applicazione<\/strong><\/li><\/ol><p data-asw-orgfontsize=\"16\">L\u2019Applicazione fornisce agli Utenti Accessibi offre una gamma di servizi su misura per piccole e medie imprese per crescere sul web e attraverso i social. Per chi vuole creare una presenza online efficace per il proprio brand. Un\u2019azienda dinamica e professionale dove la cura del cliente \u00e8 sempre al primo posto. Scopri la qualit\u00e0 dei servizi e i prezzi competitivi. Tutto quello che serve alla tua azienda: siti web, e-commerce, campagne pubblicitarie online e locali, gestione dei social e SEO..<\/p><ol class=\"wp-block-list\" data-asw-orgfontsize=\"16\"><li data-asw-orgfontsize=\"16\"><strong>Ambito di applicazione delle Condizioni<\/strong><\/li><\/ol><p data-asw-orgfontsize=\"16\">L\u2019uso dell\u2019Applicazione comporta l\u2019accettazione delle Condizioni da parte dell\u2019Utente. Qualora l\u2019Utente non intenda accettare le Condizioni e\/o qualsiasi altra nota, avviso legale, informativa pubblicati o ivi richiamati non potr\u00e0 utilizzare l\u2019Applicazione n\u00e9 i relativi servizi.<\/p><p data-asw-orgfontsize=\"16\">Le Condizioni possono essere modificate in ogni momento.<\/p><p data-asw-orgfontsize=\"16\">Le Condizioni applicabili sono quelle in vigore alla data di trasmissione dell\u2019ordine di acquisto o richiesta di fornitura di un Prodotto.<\/p><p data-asw-orgfontsize=\"16\">Prima di utilizzare l\u2019Applicazione, l\u2019Utente \u00e8 tenuto a leggere attentamente le Condizioni e a salvarle o stamparle per future consultazioni.<\/p><p data-asw-orgfontsize=\"16\">Il Titolare si riserva il diritto di variare a propria discrezione, in qualunque momento anche successivo alla registrazione dell\u2019Utente, l\u2019interfaccia grafica dell\u2019Applicazione, i Contenuti e la loro organizzazione, nonch\u00e9 ogni altro aspetto che caratterizza la funzionalit\u00e0 e la gestione dell\u2019Applicazione, comunicando all\u2019Utente, ove occorrenti, le relative istruzioni.<\/p><ol class=\"wp-block-list\" data-asw-orgfontsize=\"16\"><li data-asw-orgfontsize=\"16\"><strong>Acquisto tramite l\u2019Applicazione<\/strong><\/li><\/ol><p data-asw-orgfontsize=\"16\">Tutti i Prodotti offerti tramite l\u2019Applicazione sono descritti in maniera dettagliata nelle relative pagine prodotto (qualit\u00e0, caratteristiche, disponibilit\u00e0, prezzo, tempi di fornitura, oneri accessori, etc.). Potrebbero evidenziarsi alcuni errori, imprecisioni o piccole differenze tra quanto pubblicato sull\u2019Applicazione e il Prodotto reale. Inoltre, le eventuali immagini dei Prodotti sono solo rappresentative e non costituiscono elemento contrattuale.<\/p><p data-asw-orgfontsize=\"16\">Gli acquisti di uno o pi\u00f9 Prodotti tramite l\u2019Applicazione sono consentiti sia a Utenti Consumatori sia a Utenti Professionisti.<\/p><p data-asw-orgfontsize=\"16\">Alle persone fisiche gli acquisti sono consentiti solo a condizione che siano maggiorenni. Per i minorenni ogni acquisto e\/o richiesta di fornitura di Prodotti tramite l\u2019Applicazione dovranno essere vagliati e autorizzati dai genitori o dagli esercenti la responsabilit\u00e0 genitoriale.<\/p><p data-asw-orgfontsize=\"16\">L\u2019offerta dei Prodotti tramite l\u2019Applicazione costituisce invito ad offrire e l\u2019ordine inviato dall\u2019Utente varr\u00e0 quale proposta contrattuale di acquisto, soggetta a conferma e\/o accettazione da parte del Titolare secondo quanto descritto di seguito. Pertanto, il Titolare avr\u00e0, a proprio insindacabile giudizio, il diritto di accettare o meno l\u2019ordine dell\u2019Utente senza che quest\u2019ultimo possa eccepire o lamentare alcunch\u00e9 a qualsivoglia titolo e\/o ragione.<\/p><p data-asw-orgfontsize=\"16\">Il contratto di vendita dei Prodotti si intende concluso con l\u2019accettazione da parte del Titolare della proposta contrattuale dell\u2019Utente . Il Titolare accetter\u00e0 la proposta contrattuale dell\u2019Utente mediante l\u2019invio della conferma d\u2019ordine all\u2019indirizzo di posta elettronica indicato dall\u2019Utente, nella quale saranno riportati la data dell\u2019ordine, i dati dell\u2019Utente, le caratteristiche e la disponibilit\u00e0 del Prodotto, il prezzo o la modalit\u00e0 di calcolo del prezzo, gli eventuali ulteriori oneri e imposte accessori, i tempi di fornitura ed esecuzione, le modalit\u00e0 per esercitare il diritto di recesso o la sua eventuale esclusione e la garanzia.<\/p><p data-asw-orgfontsize=\"16\">Il contratto di vendita dei Prodotti non si considera efficace fra le parti in difetto di quanto indicato al punto precedente.<\/p><p data-asw-orgfontsize=\"16\">Nel caso in cui il Prodotto non fosse disponibile, il Titolare render\u00e0 noto all\u2019Utente i nuovi termini di consegna o fornitura, chiedendo se intende confermare l\u2019ordine o meno. Resta inteso che il contratto si intender\u00e0 perfezionato relativamente ai Prodotti accettati dal Titolare.<\/p><p data-asw-orgfontsize=\"16\">L\u2019Utente si impegna a verificare la correttezza dei dati riportati nella conferma d\u2019ordine e a comunicare immediatamente al Titolare eventuali errori e provveder\u00e0 a conservare copia del proprio ordine, della relativa conferma e delle Condizioni.<\/p><ol class=\"wp-block-list\" data-asw-orgfontsize=\"16\"><li data-asw-orgfontsize=\"16\"><strong>Registrazione<\/strong><\/li><\/ol><p data-asw-orgfontsize=\"16\">Per usufruire delle funzionalit\u00e0 dell\u2019Applicazione, gli Utenti devono registrarsi fornendo, in maniera veritiera e completa, tutti i dati richiesti nel relativo form di registrazione ed accettare integralmente la privacy policy (\u00a0<a href=\"https:\/\/www.iubenda.com\/privacy-policy\/56810897?ifr=true&amp;height=650&amp;newmarkup=yes&amp;origin=https%3A%2F%2Faccessibi.com%2Fit%2F&amp;an=no\" data-cmp-ab=\"2\" data-asw-orgfontsize=\"16\">https:\/\/www.iubenda.com\/privacy-policy\/56810897?ifr=true&amp;height=650&amp;newmarkup=yes&amp;origin=https%3A%2F%2Faccessibi.com%2Fit%2F&amp;an=no<\/a>) e le Condizioni.<\/p><p data-asw-orgfontsize=\"16\">L\u2019Utente ha l\u2019onere di custodire le proprie credenziali di accesso che devono essere utilizzate esclusivamente dall\u2019Utente e non possono essere cedute a terzi. L\u2019Utente si impegna a tenerle segrete e ad assicurarsi che nessun terzo vi abbia accesso e a informare immediatamente il Titolare nel caso in cui sospetti o venga a conoscenza di un uso indebito o di una indebita divulgazione delle stesse.<\/p><p data-asw-orgfontsize=\"16\">L\u2019Utente garantisce che le informazioni personali fornite durante la procedura di registrazione sono complete e veritiere e si impegna a tenere il Titolare indenne e manlevato da qualsiasi danno, obbligo risarcitorio e\/o sanzione derivante da e\/o in qualsiasi modo collegata alla violazione da parte dell\u2019Utente delle regole sulla registrazione all\u2019Applicazione o sulla conservazione delle credenziali di registrazione.<\/p><ol class=\"wp-block-list\" data-asw-orgfontsize=\"16\"><li data-asw-orgfontsize=\"16\"><strong>Cancellazione account e chiusura<\/strong><\/li><\/ol><p data-asw-orgfontsize=\"16\">L\u2019Utente registrato pu\u00f2 interrompere l\u2019utilizzo dell\u2019Applicazione in ogni momento e disattivare il proprio account o richiederne la cancellazione attraverso l\u2019interfaccia dell\u2019Applicazione, se possibile, o inviando una comunicazione scritta all\u2019indirizzo e-mail\u00a0<a href=\"mailto:legal@gilbi.co\" data-asw-orgfontsize=\"16\">legal@gilbi.co<\/a>.<\/p><p data-asw-orgfontsize=\"16\">In caso di violazione da parte dell\u2019Utente delle Condizioni o delle disposizioni di legge applicabili, il Titolare si riserva il diritto di sospendere o chiudere l\u2019account dell\u2019Utente in ogni momento e senza preavviso.<\/p><ol class=\"wp-block-list\" data-asw-orgfontsize=\"16\"><li data-asw-orgfontsize=\"16\"><strong>Abbonamento<\/strong><\/li><\/ol><p data-asw-orgfontsize=\"16\">L\u2019Applicazione offre Prodotti in abbonamento. Le caratteristiche e le modalit\u00e0 di abbonamento sono dettagliate nell\u2019Applicazione.<\/p><p data-asw-orgfontsize=\"16\">Per sottoscrivere l\u2019abbonamento, l\u2019Utente dovr\u00e0 seguire la procedura indicata nell\u2019Applicazione e inserire i dati richiesti. L\u2019eventuale addebito del costo dell\u2019abbonamento avr\u00e0 inizio alla data specificata e con la frequenza indicata al momento della sottoscrizione.<\/p><p data-asw-orgfontsize=\"16\">L\u2019abbonamento si rinnova secondo le modalit\u00e0 ed i tempi indicati nell\u2019Applicazione.<\/p><p data-asw-orgfontsize=\"16\">Gli Utenti possono disattivare il rinnovo attraverso l\u2019Applicazione oppure inviando una comunicazione all\u2019indirizzo e-mail\u00a0<a href=\"mailto:legal@gilbi.co\" data-asw-orgfontsize=\"16\">legal@gilbi.co<\/a>\u00a0o tramite la modifica delle preferenze del metodo di pagamento utilizzato.<\/p><ol class=\"wp-block-list\" data-asw-orgfontsize=\"16\"><li data-asw-orgfontsize=\"16\"><strong>Prezzi e pagamenti<\/strong><\/li><\/ol><p data-asw-orgfontsize=\"16\">Per ogni Prodotto viene indicato il prezzo comprensivo di IVA, se dovuta. Qualora la natura del Prodotto comporti l\u2019impossibilit\u00e0 di calcolarlo in anticipo, vengono indicate le modalit\u00e0 di calcolo del prezzo.<\/p><p data-asw-orgfontsize=\"16\">Inoltre, saranno indicate tutte le eventuali imposte, spese aggiuntive che possono variare in relazione alla modalit\u00e0 di pagamento utilizzata. Qualora tali voci di spesa non possano ragionevolmente essere calcolate in anticipo, vi sar\u00e0 l\u2019indicazione di quali spese saranno addebitate all\u2019Utente.<\/p><p data-asw-orgfontsize=\"16\">Il Titolare si riserva la facolt\u00e0 di modificare, in qualsiasi momento, il prezzo dei Prodotti e tutti gli eventuali costi aggiuntivi. Resta inteso che le eventuali modifiche di prezzo non pregiudicheranno in alcun caso i contratti gi\u00e0 conclusi prima della modifica.<\/p><p data-asw-orgfontsize=\"16\">L\u2019Utente si impegna a pagare il prezzo del Prodotto nei tempi e modi indicati nell\u2019Applicazione e a comunicare tutti i dati necessari eventualmente richiesti.<\/p><p data-asw-orgfontsize=\"16\">L\u2019Applicazione utilizza strumenti terzi per l\u2019elaborazione dei pagamenti e non entra in alcun modo in contatto con i dati di pagamento forniti (numero delle carte di credito, nome del titolare, password, etc.).<\/p><p data-asw-orgfontsize=\"16\">Qualora tali strumenti terzi dovessero negare l\u2019autorizzazione al pagamento, il Titolare non potr\u00e0 fornire i Prodotti e non potr\u00e0 essere considerato in alcun modo responsabile.<\/p><ol class=\"wp-block-list\" data-asw-orgfontsize=\"16\"><li data-asw-orgfontsize=\"16\"><strong>Fatturazione<\/strong><\/li><\/ol><p data-asw-orgfontsize=\"16\">All\u2019Utente che desideri ricevere la fattura saranno richiesti i dati per la fatturazione. Per l\u2019emissione della fattura faranno fede le informazioni fornite dall\u2019Utente che egli dichiara e garantisce essere rispondenti al vero, rilasciando al Titolare ogni pi\u00f9 ampia manleva al riguardo.<\/p><ol class=\"wp-block-list\" data-asw-orgfontsize=\"16\"><li data-asw-orgfontsize=\"16\"><strong>Modalit\u00e0 di fornitura di Prodotti digitali e servizi\u00a0<\/strong><\/li><\/ol><p data-asw-orgfontsize=\"16\">Il Titolare provveder\u00e0 a fornire i Prodotti digitali, inclusi eventuali prodotti digitali forniti su un supporto materiale e\/o servizi all\u2019Utente, con le modalit\u00e0 e nel termine indicati sull\u2019Applicazione e riportati nella conferma d\u2019ordine.<\/p><p data-asw-orgfontsize=\"16\">Nel caso in cui non sia possibile fornire i Prodotti digitali e i servizi richiesti entro tale termine, ne verr\u00e0 dato tempestivo avviso tramite e-mail all\u2019Utente, con l\u2019indicazione di quando si prevede di poterli fornire o delle ragioni che rendono la fornitura impossibile.<\/p><p data-asw-orgfontsize=\"16\">Qualora l\u2019Utente non intenda accettare il nuovo termine o la fornitura sia divenuta impossibile, potr\u00e0 chiedere il rimborso di quanto pagato che verr\u00e0 accreditato tempestivamente nelle stesse modalit\u00e0 di pagamento utilizzate dall\u2019Utente per l\u2019acquisto al massimo entro 14 giorni dalla data in cui il Titolare \u00e8 venuto a conoscenza della richiesta di rimborso.<\/p><ol class=\"wp-block-list\" data-asw-orgfontsize=\"16\"><li data-asw-orgfontsize=\"16\"><strong>Esclusione del diritto di recesso di Utenti Professionisti<\/strong><\/li><\/ol><p data-asw-orgfontsize=\"16\">All\u2019Utente Professionista non \u00e8 riconosciuto il diritto di recesso dal contratto di vendita o fornitura dei Prodotti. L\u2019Utente riconosce espressamente che l\u2019indicazione nell\u2019ordine di un numero di partita IVA lo qualifica automaticamente come Utente Professionista, per il quale non \u00e8 previsto il diritto di recesso.<\/p><ol class=\"wp-block-list\" data-asw-orgfontsize=\"16\"><li data-asw-orgfontsize=\"16\"><strong>Diritto di recesso degli Utenti dall\u2019acquisto di Prodotti digitali e servizi\u00a0<\/strong><\/li><\/ol><p data-asw-orgfontsize=\"16\">L\u2019Utente Consumatore ha diritto di recedere senza alcuna penalit\u00e0 e senza specificare il motivo entro il termine di 14 giorni decorrente dalla data di conclusione del contratto, mediante l\u2019invio di una comunicazione scritta all\u2019indirizzo e-mail\u00a0<a href=\"mailto:legal@gilbi.co\" data-asw-orgfontsize=\"16\">legal@gilbi.co<\/a>, utilizzando il modulo facoltativo di recesso di cui al successivo articolo o una qualsiasi altra dichiarazione scritta.<\/p><p data-asw-orgfontsize=\"16\">In caso di recesso esercitato correttamente, il Titolare rimborser\u00e0 all\u2019Utente i pagamenti ricevuti, nelle stesse modalit\u00e0 di pagamento utilizzate dall\u2019Utente per la transazione iniziale, senza indebito ritardo e comunque entro 14 giorni dalla data in cui l\u2019Utente ha comunicato di recedere dal contratto.<\/p><p data-asw-orgfontsize=\"16\">L\u2019Utente prende atto e accetta di perdere il diritto di recesso dopo aver scaricato o utilizzato un Prodotto digitale.<\/p><p data-asw-orgfontsize=\"16\">L\u2019Utente prende atto e accetta di perdere il diritto di recesso dopo la completa prestazione di un servizio. Laddove la prestazione del servizio non sia stata completamente eseguita e l\u2019Utente voglia recedere dal contratto, egli resta comunque obbligato, a versare al Titolare un importo proporzionale a quanto \u00e8 stato eseguito fino al momento in cui ha esercitato il diritto di recesso.<\/p><p data-asw-orgfontsize=\"16\">L\u2019Utente prende atto e accetta che il recesso da un abbonamento sottoscritto non comporta la restituzione degli importi relativi ai Prodotti gi\u00e0 utilizzati o erogati.<\/p><ol class=\"wp-block-list\" data-asw-orgfontsize=\"16\"><li data-asw-orgfontsize=\"16\"><strong>Casi di esclusione del diritto di recesso dell\u2019Utente<\/strong><\/li><\/ol><p data-asw-orgfontsize=\"16\">Il diritto di recesso dal contratto di vendita o di fornitura dei Prodotti da parte dell\u2019Utente \u00e8 escluso relativamente:<\/p><ol class=\"wp-block-list\" data-asw-orgfontsize=\"16\"><li data-asw-orgfontsize=\"16\">alla fornitura di Prodotti il cui prezzo \u00e8 legato a fluttuazioni nel mercato finanziario che il Titolare non \u00e8 in grado di controllare e che possono verificarsi durante il periodo di recesso<\/li><li data-asw-orgfontsize=\"16\">alla fornitura di Prodotti confezionati su misura o chiaramente personalizzati<\/li><li data-asw-orgfontsize=\"16\">alla fornitura di Prodotti che rischiano di deteriorarsi o scadere rapidamente. Rientrano in questa categoria tutti i Prodotti alimentari (incluse le bevande) le cui caratteristiche siano soggette ad alterazione anche in conseguenza di una conservazione non appropriata<\/li><li data-asw-orgfontsize=\"16\">alla fornitura di Prodotti sigillati che non si prestano ad essere restituiti per motivi igienici o connessi alla protezione della salute e sono stati aperti dopo la consegna<\/li><li data-asw-orgfontsize=\"16\">alla fornitura di Prodotti che, dopo la consegna, risultano, per loro natura, inscindibilmente mescolati con altri beni<\/li><li data-asw-orgfontsize=\"16\">ai contratti in cui l\u2019Utente ha specificamente richiesto una visita da parte del Titolare o un professionista incaricato ai fini dell\u2019effettuazione di lavori urgenti di riparazione o manutenzione. Se, in occasione di tale visita, il Titolare o un professionista incaricato fornisce servizi oltre a quelli specificamente richiesti dall\u2019Utente o beni diversi dai pezzi di ricambio necessari per effettuare la manutenzione o le riparazioni, il diritto di recesso si applica a tali servizi o beni supplementari<\/li><li data-asw-orgfontsize=\"16\">alla fornitura di registrazioni audio o video sigillate o di software informatici sigillati che sono stati aperti dopo la consegna<\/li><li data-asw-orgfontsize=\"16\">alla fornitura di giornali, periodici e riviste ad eccezione dei contratti di abbonamento per la fornitura di tali pubblicazioni<\/li><li data-asw-orgfontsize=\"16\">ai contratti conclusi in occasione di un\u2019asta pubblica<\/li><li data-asw-orgfontsize=\"16\">alla fornitura di alloggi per fini non residenziali, il trasporto di beni, i servizi di noleggio di autovetture, i servizi di catering o i servizi relativi alle attivit\u00e0 del tempo libero qualora il contratto preveda una data o un periodo di esecuzione specifici<\/li><\/ol><p data-asw-orgfontsize=\"16\">Per maggiori chiarimenti contattare il Titolare all\u2019indirizzo e-mail\u00a0<a href=\"mailto:legal@gilbi.co\" data-asw-orgfontsize=\"16\">legal@gilbi.co<\/a>.<\/p><ol class=\"wp-block-list\" data-asw-orgfontsize=\"16\"><li data-asw-orgfontsize=\"16\"><strong>Modulo facoltativo per esercitare il diritto di recesso<\/strong><\/li><li data-asw-orgfontsize=\"16\">L\u2019Utente pu\u00f2 recedere utilizzando il seguente modulo che dovr\u00e0 essere compilato in ogni sua parte e inviato all\u2019indirizzo e-mail\u00a0<a href=\"mailto:legal@gilbi.co\" data-asw-orgfontsize=\"16\">legal@gilbi.co<\/a>\u00a0prima della scadenza del periodo di recesso:<\/li><\/ol><p data-asw-orgfontsize=\"16\"><em>Con la presente, comunico il recesso dal contratto di vendita o fornitura relativo al seguente prodotto __________<\/em>\u00a0<em>\u00a0Ordine numero:_______<\/em>\u00a0<em>\u00a0Ordinato il: _______<\/em>\u00a0<em>\u00a0Nome e Cognome: _______<\/em>\u00a0<em>\u00a0Indirizzo: ______<\/em>\u00a0<em>\u00a0E-mail associata all\u2019account da cui \u00e8 stato effettuato l\u2019ordine: ____________________<\/em>\u00a0<em>\u00a0Data: __________<\/em>\u00a0<em>\u00a0<\/em><\/p><ol class=\"wp-block-list\" data-asw-orgfontsize=\"16\"><li data-asw-orgfontsize=\"16\"><strong>Garanzia di conformit\u00e0 di Prodotti digitali per Utenti Consumatori<\/strong><\/li><\/ol><p data-asw-orgfontsize=\"16\">Agli Utenti Consumatori viene riconosciuta la garanzia di conformit\u00e0, prevista dagli artt. 135-decies e seguenti del Codice del Consumo, per tutti i Prodotti digitali venduti tramite l\u2019Applicazione, fatta eccezione per le ipotesi di esclusione previste dall\u2019art.135-novies del Codice del Consumo.<\/p><p data-asw-orgfontsize=\"16\">Il Titolare \u00e8 responsabile per i difetti di conformit\u00e0 che si manifestino entro due anni dalla data di fornitura. Eventuali difetti di conformit\u00e0, devono essere denunciati dall\u2019Utente consumatore entro ventisei mesi dalla data di fornitura o dall\u2019ultimo atto di fornitura. Quando il contratto di vendita prevede che i Prodotti digitali siano forniti per un determinato periodo di tempo, l\u2019obbligo di assicurare la conformit\u00e0 permane per l\u2019intera durata di tale periodo.<\/p><p data-asw-orgfontsize=\"16\">Qualora l\u2019Utente Consumatore intenda usufruire dei rimedi previsti dalla garanzia di conformit\u00e0, dovr\u00e0 inviare una comunicazione scritta all\u2019indirizzo e-mail\u00a0<a href=\"mailto:legal@gilbi.co\" data-asw-orgfontsize=\"16\">legal@gilbi.co<\/a>. Il Titolare dar\u00e0 tempestivo riscontro alla comunicazione del presunto difetto di conformit\u00e0 e indicher\u00e0 all\u2019Utente Consumatore la specifica procedura da seguire. Per quanto non previsto dalla presente clausola, si applicano gli articoli dall\u2019art. 135-octies all\u2019art. 135-vicies bis del Codice del Consumo e gli articoli del codice civile in tema di formazione, validit\u00e0 ed efficacia dei contratti, comprese le conseguenze della risoluzione del contratto e il diritto al risarcimento del danno.<\/p><ol class=\"wp-block-list\" data-asw-orgfontsize=\"16\"><li data-asw-orgfontsize=\"16\"><strong>Diritti di Propriet\u00e0 Industriale e Intellettuale<\/strong><\/li><\/ol><p data-asw-orgfontsize=\"16\">Tutti i contenuti dell\u2019Applicazione, compresi testi, documenti, marchi, loghi, immagini, grafica, la loro disposizione e i loro adattamenti sono protetti dalla normativa sul diritto d\u2019autore e dalla normativa a tutela dei marchi. L\u2019Applicazione pu\u00f2 contenere anche immagini, documenti, loghi e marchi di terze parti che hanno espressamente autorizzato il Titolare alla pubblicazione nell\u2019Applicazione. Fatti salvi gli utilizzi strettamente personali, non \u00e8 consentito copiare, alterare, distribuire, pubblicare o utilizzare i Contenuti senza autorizzazione specifica del Titolare.<\/p><ol class=\"wp-block-list\" data-asw-orgfontsize=\"16\"><li data-asw-orgfontsize=\"16\"><strong>Esclusione della garanzia<\/strong><\/li><\/ol><p data-asw-orgfontsize=\"16\">L\u2019Applicazione viene fornita \u201dcos\u00ec come \u00e8\u201d e \u201dcome \u00e8 disponibile\u201d e il Titolare non fornisce alcuna garanzia esplicita o implicita in relazione all\u2019Applicazione, n\u00e9 fornisce alcuna garanzia che l\u2019Applicazione potr\u00e0 soddisfare le esigenze degli Utenti o che non avr\u00e0 mai interruzioni o sar\u00e0 priva di errori o che sar\u00e0 priva di virus o bug.<\/p><p data-asw-orgfontsize=\"16\">Il Titolare si adoperer\u00e0 per assicurare che l\u2019Applicazione sia disponibile ininterrottamente 24 ore al giorno, ma non potr\u00e0 in alcun modo essere ritenuto responsabile se, per qualsiasi motivo, l\u2019Applicazione non fosse accessibile e\/o operativa in qualsiasi momento o per qualsiasi periodo. L\u2019accesso all\u2019Applicazione pu\u00f2 essere sospeso temporaneamente e senza preavviso in caso di guasto del sistema, manutenzione, riparazioni o per ragioni del tutto estranee alla volont\u00e0 del Titolare o per eventi di forza maggiore.<\/p><ol class=\"wp-block-list\" data-asw-orgfontsize=\"16\"><li data-asw-orgfontsize=\"16\"><strong>Limitazione della Responsabilit\u00e0<\/strong><\/li><\/ol><p data-asw-orgfontsize=\"16\">Il Titolare non potr\u00e0 ritenersi responsabile verso l\u2019Utente, salvo il caso di dolo o colpa grave, per disservizi o malfunzionamenti connessi all\u2019utilizzo della rete internet al di fuori del controllo proprio o di suoi fornitori.<\/p><p data-asw-orgfontsize=\"16\">Il Titolare non sar\u00e0 inoltre responsabile in merito a danni, perdite e costi subiti dall\u2019Utente a seguito della mancata esecuzione del contratto per cause a lui non imputabili, avendo l\u2019Utente diritto soltanto alla eventuale restituzione integrale del prezzo corrisposto e degli eventuali oneri accessori sostenuti.<\/p><p data-asw-orgfontsize=\"16\">Il Titolare non assume alcuna responsabilit\u00e0 per l\u2019eventuale uso fraudolento e illecito che possa essere fatto da parte di terzi delle carte di credito e altri mezzi di pagamento, in quanto non entra in alcun modo in contatto con i dati di pagamento utilizzati (numero delle carte di credito, nome del titolare, password, etc.)<\/p><p data-asw-orgfontsize=\"16\">Il Titolare non sar\u00e0 responsabile per:<\/p><ol class=\"wp-block-list\" data-asw-orgfontsize=\"16\"><li data-asw-orgfontsize=\"16\">eventuali perdite di opportunit\u00e0 commerciale e qualsiasi altra perdita, anche indiretta, eventualmente subita dall\u2019Utente che non siano conseguenza diretta della violazione del contratto da parte del Titolare<\/li><li data-asw-orgfontsize=\"16\">errato o inidoneo utilizzo dell\u2019Applicazione da parte degli Utenti o di terzi<\/li><li data-asw-orgfontsize=\"16\">l\u2019emissione di documenti o dati fiscali errati a causa di errori relativi ai dati forniti dall\u2019Utente, essendo quest\u2019ultimo l\u2019unico responsabile del corretto inserimento<\/li><\/ol><p data-asw-orgfontsize=\"16\">In nessun caso il Titolare potr\u00e0 essere ritenuto responsabile per una somma superiore al doppio del costo pagato dall\u2019Utente.<\/p><ol class=\"wp-block-list\" data-asw-orgfontsize=\"16\"><li data-asw-orgfontsize=\"16\"><strong>Forza maggiore<\/strong><\/li><\/ol><p data-asw-orgfontsize=\"16\">Il Titolare non potr\u00e0 essere considerato responsabile per il mancato o ritardato adempimento delle proprie obbligazioni, per circostanze al di fuori del controllo ragionevole del Titolare dovute ad eventi di forza maggiore o, comunque, ad eventi imprevisti ed imprevedibili e, comunque, indipendenti dalla sua volont\u00e0.<\/p><p data-asw-orgfontsize=\"16\">L\u2019adempimento delle obbligazioni da parte del Titolare si intender\u00e0 sospeso per il periodo in cui si verificano eventi di forza maggiore.<\/p><p data-asw-orgfontsize=\"16\">Il Titolare compir\u00e0 qualsiasi atto in suo potere al fine di individuare soluzioni che consentano il corretto adempimento delle proprie obbligazioni nonostante la persistenza di eventi di forza maggiore.<\/p><ol class=\"wp-block-list\" data-asw-orgfontsize=\"16\"><li data-asw-orgfontsize=\"16\"><strong>Collegamento a siti di terzi<\/strong><\/li><\/ol><p data-asw-orgfontsize=\"16\">L\u2019Applicazione potrebbe contenere collegamenti a siti\/applicazioni di terzi. Il Titolare non esercita alcun controllo su di essi e, pertanto, non \u00e8 in alcun modo responsabile per i contenuti di questi siti\/applicazioni.<\/p><p data-asw-orgfontsize=\"16\">Alcuni di questi collegamenti potrebbero rinviare a siti\/applicazioni di terzi che forniscono servizi attraverso l\u2019Applicazione. In questi casi, ai singoli servizi si applicheranno le condizioni generali per l\u2019uso del sito\/applicazione e per la fruizione del servizio predisposte dai terzi, rispetto alle quali il Titolare non assume alcuna responsabilit\u00e0.<\/p><ol class=\"wp-block-list\" data-asw-orgfontsize=\"16\"><li data-asw-orgfontsize=\"16\"><strong>Privacy<\/strong><\/li><\/ol><p data-asw-orgfontsize=\"16\">La tutela e il trattamento dei dati personali avverranno in conformit\u00e0 all\u2019Informativa Privacy che pu\u00f2 essere consultata alla pagina\u00a0<a href=\"https:\/\/www.iubenda.com\/privacy-policy\/56810897?ifr=true&amp;height=650&amp;newmarkup=yes&amp;origin=https%3A%2F%2Faccessibi.com%2Fit%2F&amp;an=no\" data-cmp-ab=\"2\" data-asw-orgfontsize=\"16\">https:\/\/www.iubenda.com\/privacy-policy\/56810897?ifr=true&amp;height=650&amp;newmarkup=yes&amp;origin=https%3A%2F%2Faccessibi.com%2Fit%2F&amp;an=no<\/a><\/p><ol class=\"wp-block-list\" data-asw-orgfontsize=\"16\"><li data-asw-orgfontsize=\"16\"><strong>Legge applicabile e foro competente<\/strong><\/li><\/ol><p data-asw-orgfontsize=\"16\">Le Condizioni sono soggette alla legge italiana.<\/p><p data-asw-orgfontsize=\"16\">Per gli utenti Professionisti, per ogni controversia relativa alla Applicazione, esecuzione e interpretazione delle presenti Condizioni \u00e8 competente il foro del luogo in cui ha sede il Titolare.<\/p><p data-asw-orgfontsize=\"16\">Per gli Utenti Consumatori ogni controversia relativa all\u2019applicazione, esecuzione e interpretazione delle presenti Condizioni sar\u00e0 devoluta al foro del luogo in cui l\u2019Utente Consumatore risiede o ha eletto domicilio, se ubicati nel territorio dello Stato Italiano, salva la facolt\u00e0 per l\u2019Utente Consumatore di adire un giudice diverso da quello del \u201dforo del consumatore\u201d ex art. 66 bis del Codice del Consumo, competente per territorio secondo uno dei criteri di cui agli artt. 18, 19 e 20 del codice processuale civile.<\/p><p data-asw-orgfontsize=\"16\">\u00c8 fatta salva l\u2019applicazione agli Utenti Consumatori che non abbiano la loro residenza abituale in Italia delle disposizioni eventualmente pi\u00f9 favorevoli e inderogabili previste dalla legge del paese in cui essi hanno la loro residenza abituale, in particolare in relazione al termine per l\u2019esercizio del diritto di recesso, al termine per la restituzione dei Prodotti, in caso di esercizio di tale diritto, alle modalit\u00e0 e formalit\u00e0 della comunicazione del medesimo e alla garanzia legale di conformit\u00e0.<\/p><ol class=\"wp-block-list\" data-asw-orgfontsize=\"16\"><li data-asw-orgfontsize=\"16\"><strong>Risoluzione delle controversie online per Utenti Consumatori<\/strong><\/li><\/ol><p data-asw-orgfontsize=\"16\">L\u2019Utente Consumatore residente in Europa deve essere a conoscenza del fatto che la Commissione Europea ha istituito una piattaforma online che fornisce uno strumento di risoluzione alternativa delle controversie. Tale strumento pu\u00f2 essere utilizzato dall\u2019Utente Consumatore per risolvere in via non giudiziale ogni controversia relativa a e\/o derivante da contratti di vendita di beni e fornitura di servizi stipulati in rete. Di conseguenza, l\u2019Utente Consumatore pu\u00f2 usare tale piattaforma per la risoluzione di ogni disputa nascente dal contratto stipulato online. La piattaforma \u00e8 disponibile al seguente indirizzo: ec.europa.eu\/consumers\/odr\/<\/p><p data-asw-orgfontsize=\"16\">Data 04\/12\/2024<\/p>\t\t\t\t\t\t\t\t<\/div>\n\t\t\t\t<\/div>\n\t\t\t\t\t<\/div>\n\t\t\t\t<\/div>\n\t\t\t\t<\/div>\n\t\t","protected":false},"excerpt":{"rendered":"<p>Termini e condizioni del servizio Il presente documento riporta i termini e le condizioni generali di utilizzo del sito web Accessibi che offre servizi di accessibilit\u00e0 web e di sviluppo software forniti dal titolare dell\u2019Applicazione. Definizioni Per consentire una completa comprensione e accettazione dei presenti termini e condizioni, i seguenti termini, al singolare e al [&hellip;]<\/p>\n","protected":false},"author":1,"featured_media":0,"parent":0,"menu_order":0,"comment_status":"closed","ping_status":"closed","template":"","meta":{"footnotes":""},"class_list":["post-578","page","type-page","status-publish","hentry"],"yoast_head":"<!-- This site is optimized with the Yoast SEO plugin v26.3 - https:\/\/yoast.com\/wordpress\/plugins\/seo\/ -->\n<title>Termini e condizioni | Accessibi<\/title>\n<meta name=\"robots\" content=\"index, follow, max-snippet:-1, max-image-preview:large, max-video-preview:-1\" \/>\n<link rel=\"canonical\" href=\"https:\/\/accessibi.com\/it\/termini-e-condizioni\/\" \/>\n<meta property=\"og:locale\" content=\"it_IT\" \/>\n<meta property=\"og:type\" content=\"article\" \/>\n<meta property=\"og:title\" content=\"Termini e condizioni | Accessibi\" \/>\n<meta property=\"og:description\" content=\"Termini e condizioni del servizio Il presente documento riporta i termini e le condizioni generali di utilizzo del sito web Accessibi che offre servizi di accessibilit\u00e0 web e di sviluppo software forniti dal titolare dell\u2019Applicazione. Definizioni Per consentire una completa comprensione e accettazione dei presenti termini e condizioni, i seguenti termini, al singolare e al [&hellip;]\" \/>\n<meta property=\"og:url\" content=\"https:\/\/accessibi.com\/it\/termini-e-condizioni\/\" \/>\n<meta property=\"og:site_name\" content=\"Accessibi\" \/>\n<meta property=\"article:modified_time\" content=\"2025-12-01T21:50:30+00:00\" \/>\n<meta property=\"og:image\" content=\"https:\/\/accessibi.com\/wp-content\/uploads\/2025\/04\/successful-business-team-working-with-project-2025-02-11-18-49-11-utc-scaled.jpg\" \/>\n\t<meta property=\"og:image:width\" content=\"2560\" \/>\n\t<meta property=\"og:image:height\" content=\"1707\" \/>\n\t<meta property=\"og:image:type\" content=\"image\/jpeg\" \/>\n<meta name=\"twitter:card\" content=\"summary_large_image\" \/>\n<meta name=\"twitter:label1\" content=\"Tempo di lettura stimato\" \/>\n\t<meta name=\"twitter:data1\" content=\"15 minuti\" \/>\n<script type=\"application\/ld+json\" class=\"yoast-schema-graph\">{\"@context\":\"https:\/\/schema.org\",\"@graph\":[{\"@type\":\"WebPage\",\"@id\":\"https:\/\/accessibi.com\/it\/termini-e-condizioni\/\",\"url\":\"https:\/\/accessibi.com\/it\/termini-e-condizioni\/\",\"name\":\"Termini e condizioni | Accessibi\",\"isPartOf\":{\"@id\":\"https:\/\/accessibi.com\/#website\"},\"datePublished\":\"2025-04-24T10:10:01+00:00\",\"dateModified\":\"2025-12-01T21:50:30+00:00\",\"breadcrumb\":{\"@id\":\"https:\/\/accessibi.com\/it\/termini-e-condizioni\/#breadcrumb\"},\"inLanguage\":\"it-IT\",\"potentialAction\":[{\"@type\":\"ReadAction\",\"target\":[\"https:\/\/accessibi.com\/it\/termini-e-condizioni\/\"]}]},{\"@type\":\"BreadcrumbList\",\"@id\":\"https:\/\/accessibi.com\/it\/termini-e-condizioni\/#breadcrumb\",\"itemListElement\":[{\"@type\":\"ListItem\",\"position\":1,\"name\":\"Home\",\"item\":\"https:\/\/accessibi.com\/\"},{\"@type\":\"ListItem\",\"position\":2,\"name\":\"Termini e condizioni\"}]},{\"@type\":\"WebSite\",\"@id\":\"https:\/\/accessibi.com\/#website\",\"url\":\"https:\/\/accessibi.com\/\",\"name\":\"Accessibi\",\"description\":\"Accessibilit\u00e0 per tutti, senza compromessi\",\"publisher\":{\"@id\":\"https:\/\/accessibi.com\/#organization\"},\"potentialAction\":[{\"@type\":\"SearchAction\",\"target\":{\"@type\":\"EntryPoint\",\"urlTemplate\":\"https:\/\/accessibi.com\/?s={search_term_string}\"},\"query-input\":{\"@type\":\"PropertyValueSpecification\",\"valueRequired\":true,\"valueName\":\"search_term_string\"}}],\"inLanguage\":\"it-IT\"},{\"@type\":\"Organization\",\"@id\":\"https:\/\/accessibi.com\/#organization\",\"name\":\"Accessibi\",\"url\":\"https:\/\/accessibi.com\/\",\"logo\":{\"@type\":\"ImageObject\",\"inLanguage\":\"it-IT\",\"@id\":\"https:\/\/accessibi.com\/#\/schema\/logo\/image\/\",\"url\":\"https:\/\/accessibi.com\/wp-content\/uploads\/2025\/04\/accessibi-blue.svg\",\"contentUrl\":\"https:\/\/accessibi.com\/wp-content\/uploads\/2025\/04\/accessibi-blue.svg\",\"width\":511,\"height\":82,\"caption\":\"Accessibi\"},\"image\":{\"@id\":\"https:\/\/accessibi.com\/#\/schema\/logo\/image\/\"}}]}<\/script>\n<!-- \/ Yoast SEO plugin. -->","yoast_head_json":{"title":"Termini e condizioni | Accessibi","robots":{"index":"index","follow":"follow","max-snippet":"max-snippet:-1","max-image-preview":"max-image-preview:large","max-video-preview":"max-video-preview:-1"},"canonical":"https:\/\/accessibi.com\/it\/termini-e-condizioni\/","og_locale":"it_IT","og_type":"article","og_title":"Termini e condizioni | Accessibi","og_description":"Termini e condizioni del servizio Il presente documento riporta i termini e le condizioni generali di utilizzo del sito web Accessibi che offre servizi di accessibilit\u00e0 web e di sviluppo software forniti dal titolare dell\u2019Applicazione. Definizioni Per consentire una completa comprensione e accettazione dei presenti termini e condizioni, i seguenti termini, al singolare e al [&hellip;]","og_url":"https:\/\/accessibi.com\/it\/termini-e-condizioni\/","og_site_name":"Accessibi","article_modified_time":"2025-12-01T21:50:30+00:00","og_image":[{"width":2560,"height":1707,"url":"https:\/\/accessibi.com\/wp-content\/uploads\/2025\/04\/successful-business-team-working-with-project-2025-02-11-18-49-11-utc-scaled.jpg","type":"image\/jpeg"}],"twitter_card":"summary_large_image","twitter_misc":{"Tempo di lettura stimato":"15 minuti"},"schema":{"@context":"https:\/\/schema.org","@graph":[{"@type":"WebPage","@id":"https:\/\/accessibi.com\/it\/termini-e-condizioni\/","url":"https:\/\/accessibi.com\/it\/termini-e-condizioni\/","name":"Termini e condizioni | Accessibi","isPartOf":{"@id":"https:\/\/accessibi.com\/#website"},"datePublished":"2025-04-24T10:10:01+00:00","dateModified":"2025-12-01T21:50:30+00:00","breadcrumb":{"@id":"https:\/\/accessibi.com\/it\/termini-e-condizioni\/#breadcrumb"},"inLanguage":"it-IT","potentialAction":[{"@type":"ReadAction","target":["https:\/\/accessibi.com\/it\/termini-e-condizioni\/"]}]},{"@type":"BreadcrumbList","@id":"https:\/\/accessibi.com\/it\/termini-e-condizioni\/#breadcrumb","itemListElement":[{"@type":"ListItem","position":1,"name":"Home","item":"https:\/\/accessibi.com\/"},{"@type":"ListItem","position":2,"name":"Termini e condizioni"}]},{"@type":"WebSite","@id":"https:\/\/accessibi.com\/#website","url":"https:\/\/accessibi.com\/","name":"Accessibi","description":"Accessibilit\u00e0 per tutti, senza compromessi","publisher":{"@id":"https:\/\/accessibi.com\/#organization"},"potentialAction":[{"@type":"SearchAction","target":{"@type":"EntryPoint","urlTemplate":"https:\/\/accessibi.com\/?s={search_term_string}"},"query-input":{"@type":"PropertyValueSpecification","valueRequired":true,"valueName":"search_term_string"}}],"inLanguage":"it-IT"},{"@type":"Organization","@id":"https:\/\/accessibi.com\/#organization","name":"Accessibi","url":"https:\/\/accessibi.com\/","logo":{"@type":"ImageObject","inLanguage":"it-IT","@id":"https:\/\/accessibi.com\/#\/schema\/logo\/image\/","url":"https:\/\/accessibi.com\/wp-content\/uploads\/2025\/04\/accessibi-blue.svg","contentUrl":"https:\/\/accessibi.com\/wp-content\/uploads\/2025\/04\/accessibi-blue.svg","width":511,"height":82,"caption":"Accessibi"},"image":{"@id":"https:\/\/accessibi.com\/#\/schema\/logo\/image\/"}}]}},"_links":{"self":[{"href":"https:\/\/accessibi.com\/it\/wp-json\/wp\/v2\/pages\/578","targetHints":{"allow":["GET"]}}],"collection":[{"href":"https:\/\/accessibi.com\/it\/wp-json\/wp\/v2\/pages"}],"about":[{"href":"https:\/\/accessibi.com\/it\/wp-json\/wp\/v2\/types\/page"}],"author":[{"embeddable":true,"href":"https:\/\/accessibi.com\/it\/wp-json\/wp\/v2\/users\/1"}],"replies":[{"embeddable":true,"href":"https:\/\/accessibi.com\/it\/wp-json\/wp\/v2\/comments?post=578"}],"version-history":[{"count":13,"href":"https:\/\/accessibi.com\/it\/wp-json\/wp\/v2\/pages\/578\/revisions"}],"predecessor-version":[{"id":1188,"href":"https:\/\/accessibi.com\/it\/wp-json\/wp\/v2\/pages\/578\/revisions\/1188"}],"wp:attachment":[{"href":"https:\/\/accessibi.com\/it\/wp-json\/wp\/v2\/media?parent=578"}],"curies":[{"name":"wp","href":"https:\/\/api.w.org\/{rel}","templated":true}]}}