{"id":578,"date":"2025-04-24T12:10:01","date_gmt":"2025-04-24T10:10:01","guid":{"rendered":"https:\/\/accessibi.com\/?page_id=578"},"modified":"2025-12-01T22:50:30","modified_gmt":"2025-12-01T21:50:30","slug":"termos-e-condicoes","status":"publish","type":"page","link":"https:\/\/accessibi.com\/pt\/termos-e-condicoes\/","title":{"rendered":"Termos e condi\u00e7\u00f5es"},"content":{"rendered":"<div data-elementor-type=\"wp-page\" data-elementor-id=\"578\" class=\"elementor elementor-578\" data-elementor-post-type=\"page\">\n\t\t\t\t<div class=\"elementor-element elementor-element-6ff55fce e-flex e-con-boxed e-con e-parent\" data-id=\"6ff55fce\" data-element_type=\"container\" data-settings=\"{&quot;background_background&quot;:&quot;classic&quot;}\">\n\t\t\t\t\t<div class=\"e-con-inner\">\n\t\t\t\t<div class=\"elementor-element elementor-element-4907a161 elementor-widget__width-inherit elementor-widget elementor-widget-heading\" data-id=\"4907a161\" data-element_type=\"widget\" data-widget_type=\"heading.default\">\n\t\t\t\t<div class=\"elementor-widget-container\">\n\t\t\t\t\t<h1 class=\"elementor-heading-title elementor-size-default\">Termos e condi\u00e7\u00f5es do servi\u00e7o<br><\/h1>\t\t\t\t<\/div>\n\t\t\t\t<\/div>\n\t\t\t\t\t<\/div>\n\t\t\t\t<\/div>\n\t\t<div class=\"elementor-element elementor-element-6bd596f e-flex e-con-boxed e-con e-parent\" data-id=\"6bd596f\" data-element_type=\"container\">\n\t\t\t\t\t<div class=\"e-con-inner\">\n\t\t\t\t<div class=\"elementor-element elementor-element-f04210a elementor-widget elementor-widget-text-editor\" data-id=\"f04210a\" data-element_type=\"widget\" data-widget_type=\"text-editor.default\">\n\t\t\t\t<div class=\"elementor-widget-container\">\n\t\t\t\t\t\t\t\t\t<p>O presente documento estabelece as condi\u00e7\u00f5es gerais de utiliza\u00e7\u00e3o do s\u00edtio Web Accessibi, que oferece servi\u00e7os de acessibilidade Web e de desenvolvimento de software fornecidos pelo propriet\u00e1rio da Aplica\u00e7\u00e3o.<\/p><ol class=\"wp-block-list\" data-asw-orgfontsize=\"16\"><li data-asw-orgfontsize=\"16\"><strong>Defini\u00e7\u00f5es<\/strong><\/li><\/ol><p data-asw-orgfontsize=\"16\">Para permitir a plena compreens\u00e3o e aceita\u00e7\u00e3o das presentes condi\u00e7\u00f5es gerais, os termos seguintes, no singular e no plural, t\u00eam o significado abaixo indicado:<\/p><ol class=\"wp-block-list\" data-asw-orgfontsize=\"16\"><li data-asw-orgfontsize=\"16\"><strong>Propriet\u00e1rio:<\/strong>\u00a0<strong>GILBI Srl<\/strong>com sede social em Via Monte Sabotino, 2 Bergamo (BG) 24121, n\u00famero de IVA \/ c\u00f3digo fiscal 04598080168, BG474890, capital social totalmente realizado 20 000,00 euros, endere\u00e7o do PEC\u00a0<a href=\"mailto:gilbi.co@legalmail.it\" data-asw-orgfontsize=\"16\">gilbi.co@legalmail.it<\/a><\/li><li data-asw-orgfontsize=\"16\"><strong>Aplica\u00e7\u00e3o:<\/strong>\u00a0o s\u00edtio Web Accessibi e o CRM crm.accessibi.com<\/li><li data-asw-orgfontsize=\"16\"><strong>Produtos:<\/strong>\u00a0produtos digitais (conte\u00fados e servi\u00e7os fornecidos em formato digital), servi\u00e7os, vendidos pelo respons\u00e1vel pelo tratamento<\/li><li data-asw-orgfontsize=\"16\"><strong>Utilizador:<\/strong>\u00a0qualquer pessoa que aceda e utilize a Aplica\u00e7\u00e3o<\/li><li data-asw-orgfontsize=\"16\"><strong>Consumidor utilizador:<\/strong>\u00a0uma pessoa singular maior de idade que celebre um contrato para fins n\u00e3o relacionados com a sua atividade comercial, industrial, artesanal ou profissional, se for caso disso<\/li><li data-asw-orgfontsize=\"16\"><strong>Utilizador profissional:<\/strong>\u00a0uma pessoa singular com mais de 18 anos ou uma pessoa colectiva que celebre um contrato para efeitos ou para as necessidades da sua atividade empresarial, comercial, artesanal ou profissional<\/li><li data-asw-orgfontsize=\"16\"><strong>Condi\u00e7\u00f5es:<\/strong>\u00a0o presente contrato rege as rela\u00e7\u00f5es entre o Respons\u00e1vel pelo tratamento e os Utilizadores e a venda dos Produtos propostos pelo Respons\u00e1vel pelo tratamento atrav\u00e9s da Aplica\u00e7\u00e3o.<\/li><\/ol><ol class=\"wp-block-list\" data-asw-orgfontsize=\"16\"><li data-asw-orgfontsize=\"16\"><strong>Informa\u00e7\u00f5es pormenorizadas sobre a oferta de candidatura<\/strong><\/li><\/ol><p data-asw-orgfontsize=\"16\">A aplica\u00e7\u00e3o oferece aos utilizadores do Accessibi uma gama de servi\u00e7os personalizados para que as pequenas e m\u00e9dias empresas cres\u00e7am na Web e atrav\u00e9s das redes sociais. Para aqueles que querem criar uma presen\u00e7a online efectiva para a sua marca. Uma empresa din\u00e2mica e profissional onde o atendimento ao cliente est\u00e1 sempre em primeiro lugar. Descubra a qualidade dos servi\u00e7os e os pre\u00e7os competitivos. Tudo o que a sua empresa precisa: websites, com\u00e9rcio eletr\u00f3nico, campanhas publicit\u00e1rias online e locais, gest\u00e3o social e SEO...<\/p><ol class=\"wp-block-list\" data-asw-orgfontsize=\"16\"><li data-asw-orgfontsize=\"16\"><strong>\u00c2mbito de aplica\u00e7\u00e3o das condi\u00e7\u00f5es<\/strong><\/li><\/ol><p data-asw-orgfontsize=\"16\">A utiliza\u00e7\u00e3o da Aplica\u00e7\u00e3o implica a aceita\u00e7\u00e3o das Condi\u00e7\u00f5es Gerais pelo Utilizador. Se o Utilizador n\u00e3o pretender aceitar as Condi\u00e7\u00f5es e\/ou qualquer outra nota, aviso legal, informa\u00e7\u00e3o publicada ou referida nas mesmas, n\u00e3o poder\u00e1 utilizar a Aplica\u00e7\u00e3o ou os seus servi\u00e7os.<\/p><p data-asw-orgfontsize=\"16\">As condi\u00e7\u00f5es podem ser alteradas em qualquer altura.<\/p><p data-asw-orgfontsize=\"16\">As condi\u00e7\u00f5es aplic\u00e1veis s\u00e3o as que estiverem em vigor \u00e0 data da transmiss\u00e3o da nota de encomenda ou do pedido de fornecimento de um produto.<\/p><p data-asw-orgfontsize=\"16\">Antes de utilizar a Aplica\u00e7\u00e3o, o Utilizador deve ler atentamente os Termos e guard\u00e1-los ou imprimi-los para refer\u00eancia futura.<\/p><p data-asw-orgfontsize=\"16\">O Propriet\u00e1rio reserva-se o direito de alterar, a seu crit\u00e9rio, a qualquer momento, mesmo ap\u00f3s o registo do Utilizador, a interface gr\u00e1fica da Aplica\u00e7\u00e3o, os Conte\u00fados e a sua organiza\u00e7\u00e3o, bem como qualquer outro aspeto que caracterize a funcionalidade e a gest\u00e3o da Aplica\u00e7\u00e3o, notificando o Utilizador das instru\u00e7\u00f5es relevantes, se necess\u00e1rio.<\/p><ol class=\"wp-block-list\" data-asw-orgfontsize=\"16\"><li data-asw-orgfontsize=\"16\"><strong>Compras atrav\u00e9s da aplica\u00e7\u00e3o<\/strong><\/li><\/ol><p data-asw-orgfontsize=\"16\">Todos os Produtos propostos atrav\u00e9s da Aplica\u00e7\u00e3o s\u00e3o descritos em pormenor nas respectivas p\u00e1ginas de produtos (qualidade, carater\u00edsticas, disponibilidade, pre\u00e7o, prazos de entrega, encargos acess\u00f3rios, etc.). Podem existir alguns erros, imprecis\u00f5es ou pequenas diferen\u00e7as entre o que \u00e9 publicado na Aplica\u00e7\u00e3o e o Produto real. Al\u00e9m disso, as imagens dos produtos s\u00e3o apenas representativas e n\u00e3o constituem um elemento contratual.<\/p><p data-asw-orgfontsize=\"16\">As compras de um ou mais Produtos atrav\u00e9s da Aplica\u00e7\u00e3o s\u00e3o permitidas tanto a Utilizadores Consumidores como a Utilizadores Profissionais.<\/p><p data-asw-orgfontsize=\"16\">As pessoas singulares s\u00f3 podem efetuar compras se forem maiores de idade. Para os menores de idade, qualquer compra e\/ou pedido de fornecimento de Produtos atrav\u00e9s da Aplica\u00e7\u00e3o deve ser verificado e autorizado pelos pais ou por quem exer\u00e7a o poder paternal.<\/p><p data-asw-orgfontsize=\"16\">A oferta de Produtos atrav\u00e9s da Aplica\u00e7\u00e3o constitui um convite \u00e0 oferta e a encomenda enviada pelo Utilizador ser\u00e1 considerada como uma proposta contratual de compra, sujeita a confirma\u00e7\u00e3o e\/ou aceita\u00e7\u00e3o por parte do Propriet\u00e1rio conforme descrito abaixo. Portanto, o Propriet\u00e1rio ter\u00e1 o direito, a seu exclusivo crit\u00e9rio, de aceitar ou rejeitar o pedido do Utilizador sem que o Utilizador possa objetar ou reclamar de qualquer coisa por qualquer motivo.<\/p><p data-asw-orgfontsize=\"16\">O contrato de venda dos Produtos \u00e9 celebrado com a aceita\u00e7\u00e3o pelo Respons\u00e1vel pelo tratamento da proposta contratual do Utilizador. O Respons\u00e1vel pelo Tratamento aceitar\u00e1 a proposta contratual do Utilizador enviando a confirma\u00e7\u00e3o da encomenda para o endere\u00e7o de correio eletr\u00f3nico indicado pelo Utilizador, que conter\u00e1 a data da encomenda, os dados do Utilizador, as carater\u00edsticas e a disponibilidade do Produto, o pre\u00e7o ou o m\u00e9todo de c\u00e1lculo do pre\u00e7o, quaisquer encargos e impostos adicionais, os prazos de entrega e de execu\u00e7\u00e3o, as modalidades de exerc\u00edcio do direito de retrata\u00e7\u00e3o ou a sua eventual exclus\u00e3o e a garantia.<\/p><p data-asw-orgfontsize=\"16\">O contrato de venda dos Produtos n\u00e3o ser\u00e1 considerado efetivo entre as partes na aus\u00eancia do que precede.<\/p><p data-asw-orgfontsize=\"16\">Se o Produto n\u00e3o estiver dispon\u00edvel, o Titular informar\u00e1 o Utilizador das novas condi\u00e7\u00f5es de entrega ou de fornecimento, perguntando-lhe se pretende ou n\u00e3o confirmar a encomenda. Entende-se que o contrato se considera celebrado em rela\u00e7\u00e3o aos Produtos aceites pelo Titular.<\/p><p data-asw-orgfontsize=\"16\">O Utilizador compromete-se a verificar a exatid\u00e3o dos dados fornecidos na confirma\u00e7\u00e3o da encomenda e a notificar imediatamente o Respons\u00e1vel pelo Tratamento de quaisquer erros, devendo conservar uma c\u00f3pia da sua encomenda, da respectiva confirma\u00e7\u00e3o e das Condi\u00e7\u00f5es.<\/p><ol class=\"wp-block-list\" data-asw-orgfontsize=\"16\"><li data-asw-orgfontsize=\"16\"><strong>Registo<\/strong><\/li><\/ol><p data-asw-orgfontsize=\"16\">Para usufruir das funcionalidades da Aplica\u00e7\u00e3o, o Utilizador deve registar-se fornecendo, de forma verdadeira e completa, todos os dados solicitados no respetivo formul\u00e1rio de registo e aceitar integralmente a pol\u00edtica de privacidade (\u00a0<a href=\"https:\/\/www.iubenda.com\/privacy-policy\/56810897?ifr=true&amp;height=650&amp;newmarkup=yes&amp;origin=https%3A%2F%2Faccessibi.com%2Fit%2F&amp;an=no\" data-cmp-ab=\"2\" data-asw-orgfontsize=\"16\">https:\/\/www.iubenda.com\/privacy-policy\/56810897?ifr=true&amp;height=650&amp;newmarkup=yes&amp;origin=https%3A%2F%2Faccessibi.com%2Fit%2F&amp;an=no<\/a>) e as Condi\u00e7\u00f5es.<\/p><p data-asw-orgfontsize=\"16\">O Utilizador \u00e9 respons\u00e1vel pela guarda das suas credenciais de acesso, que devem ser utilizadas exclusivamente pelo Utilizador e n\u00e3o podem ser transmitidas a terceiros. O Utilizador compromete-se a mant\u00ea-las secretas e a garantir que nenhum terceiro tenha acesso \u00e0s mesmas e a informar imediatamente o Respons\u00e1vel pelo Tratamento se suspeitar ou tiver conhecimento de qualquer utiliza\u00e7\u00e3o indevida ou divulga\u00e7\u00e3o impr\u00f3pria das mesmas.<\/p><p data-asw-orgfontsize=\"16\">O Utilizador garante que as informa\u00e7\u00f5es pessoais fornecidas durante o processo de registo s\u00e3o completas e verdadeiras e compromete-se a isentar o Respons\u00e1vel pelo Tratamento e a indemniz\u00e1-lo por qualquer dano, obriga\u00e7\u00e3o de indemniza\u00e7\u00e3o e\/ou san\u00e7\u00e3o decorrente e\/ou de qualquer forma relacionada com a viola\u00e7\u00e3o pelo Utilizador das regras de registo na Aplica\u00e7\u00e3o ou de armazenamento das credenciais de registo.<\/p><ol class=\"wp-block-list\" data-asw-orgfontsize=\"16\"><li data-asw-orgfontsize=\"16\"><strong>Elimina\u00e7\u00e3o e encerramento da conta<\/strong><\/li><\/ol><p data-asw-orgfontsize=\"16\">Os utilizadores registados podem deixar de utilizar a aplica\u00e7\u00e3o a qualquer momento e desativar a sua conta ou solicitar a sua elimina\u00e7\u00e3o atrav\u00e9s da interface da aplica\u00e7\u00e3o, se poss\u00edvel, ou enviando uma notifica\u00e7\u00e3o escrita para o endere\u00e7o de correio eletr\u00f3nico\u00a0<a href=\"mailto:legal@gilbi.co\" data-asw-orgfontsize=\"16\">legal@gilbi.co<\/a>.<\/p><p data-asw-orgfontsize=\"16\">Em caso de viola\u00e7\u00e3o pelo Utilizador dos Termos ou de quaisquer disposi\u00e7\u00f5es legais aplic\u00e1veis, o Propriet\u00e1rio reserva-se o direito de suspender ou encerrar a conta do Utilizador a qualquer momento e sem aviso pr\u00e9vio.<\/p><ol class=\"wp-block-list\" data-asw-orgfontsize=\"16\"><li data-asw-orgfontsize=\"16\"><strong>Assinatura<\/strong><\/li><\/ol><p data-asw-orgfontsize=\"16\">A Aplica\u00e7\u00e3o oferece produtos de subscri\u00e7\u00e3o. As carater\u00edsticas e a forma de subscrever s\u00e3o descritas em pormenor na Aplica\u00e7\u00e3o.<\/p><p data-asw-orgfontsize=\"16\">Para subscrever, o Utilizador deve seguir o procedimento indicado na Aplica\u00e7\u00e3o e introduzir os dados necess\u00e1rios. A eventual cobran\u00e7a da assinatura ter\u00e1 in\u00edcio na data especificada e com a frequ\u00eancia indicada no momento da assinatura.<\/p><p data-asw-orgfontsize=\"16\">A subscri\u00e7\u00e3o \u00e9 renovada da forma e nas datas indicadas no Pedido.<\/p><p data-asw-orgfontsize=\"16\">Os utilizadores podem desativar a renova\u00e7\u00e3o atrav\u00e9s da Aplica\u00e7\u00e3o ou enviando uma comunica\u00e7\u00e3o para o endere\u00e7o de correio eletr\u00f3nico\u00a0<a href=\"mailto:legal@gilbi.co\" data-asw-orgfontsize=\"16\">legal@gilbi.co<\/a>\u00a0ou alterando as prefer\u00eancias do m\u00e9todo de pagamento utilizado.<\/p><ol class=\"wp-block-list\" data-asw-orgfontsize=\"16\"><li data-asw-orgfontsize=\"16\"><strong>Pre\u00e7os e pagamentos<\/strong><\/li><\/ol><p data-asw-orgfontsize=\"16\">Para cada Produto, \u00e9 indicado o pre\u00e7o, incluindo o IVA, se devido. Se a natureza do produto n\u00e3o permitir o c\u00e1lculo pr\u00e9vio do pre\u00e7o, \u00e9 indicado o m\u00e9todo de c\u00e1lculo do pre\u00e7o.<\/p><p data-asw-orgfontsize=\"16\">Al\u00e9m disso, ser\u00e3o indicados os eventuais impostos, encargos adicionais, que podem variar em fun\u00e7\u00e3o do modo de pagamento utilizado. Se estas despesas n\u00e3o puderem ser razoavelmente calculadas com anteced\u00eancia, ser\u00e3o indicadas as despesas que ser\u00e3o cobradas ao utilizador.<\/p><p data-asw-orgfontsize=\"16\">O Titular reserva-se o direito de alterar o pre\u00e7o dos Produtos e eventuais custos adicionais em qualquer altura. Fica entendido que qualquer altera\u00e7\u00e3o de pre\u00e7o n\u00e3o afectar\u00e1 em caso algum os contratos j\u00e1 celebrados antes da altera\u00e7\u00e3o.<\/p><p data-asw-orgfontsize=\"16\">O Utilizador compromete-se a pagar o pre\u00e7o do Produto no momento e da forma indicados na Aplica\u00e7\u00e3o e a comunicar todos os dados necess\u00e1rios que possam ser exigidos.<\/p><p data-asw-orgfontsize=\"16\">A Aplica\u00e7\u00e3o utiliza ferramentas de terceiros para o processamento do pagamento e n\u00e3o entra de forma alguma em contacto com os dados de pagamento fornecidos (n\u00famero do cart\u00e3o de cr\u00e9dito, nome do titular, palavra-passe, etc.).<\/p><p data-asw-orgfontsize=\"16\">Se esses instrumentos de terceiros recusarem a autoriza\u00e7\u00e3o de pagamento, o Titular n\u00e3o poder\u00e1 fornecer os Produtos e n\u00e3o poder\u00e1 ser responsabilizado de forma alguma.<\/p><ol class=\"wp-block-list\" data-asw-orgfontsize=\"16\"><li data-asw-orgfontsize=\"16\"><strong>Fatura\u00e7\u00e3o<\/strong><\/li><\/ol><p data-asw-orgfontsize=\"16\">Os dados de fatura\u00e7\u00e3o ser\u00e3o solicitados ao Utilizador que pretenda receber a fatura. A fatura ser\u00e1 emitida com base nas informa\u00e7\u00f5es fornecidas pelo Utilizador, que este declara e garante serem verdadeiras, isentando o Respons\u00e1vel pelo Tratamento de qualquer responsabilidade a este respeito.<\/p><ol class=\"wp-block-list\" data-asw-orgfontsize=\"16\"><li data-asw-orgfontsize=\"16\"><strong>Fornecimento de produtos e servi\u00e7os digitais\u00a0<\/strong><\/li><\/ol><p data-asw-orgfontsize=\"16\">O Respons\u00e1vel pelo Tratamento fornece os Produtos Digitais, incluindo quaisquer Produtos Digitais fornecidos num suporte material e\/ou servi\u00e7os ao Utilizador, da forma e no prazo indicados na Aplica\u00e7\u00e3o e estabelecidos na confirma\u00e7\u00e3o da encomenda.<\/p><p data-asw-orgfontsize=\"16\">Caso n\u00e3o seja poss\u00edvel fornecer os produtos e servi\u00e7os digitais solicitados dentro deste prazo, o Utilizador ser\u00e1 imediatamente notificado por correio eletr\u00f3nico, indicando a data prevista para o seu fornecimento ou as raz\u00f5es da impossibilidade de fornecimento.<\/p><p data-asw-orgfontsize=\"16\">Se o Utilizador n\u00e3o quiser aceitar o novo prazo ou se o fornecimento se tiver tornado imposs\u00edvel, pode solicitar o reembolso do montante pago, que ser\u00e1 imediatamente creditado da mesma forma que o m\u00e9todo de pagamento utilizado pelo Utilizador para a compra, no prazo m\u00e1ximo de 14 dias ap\u00f3s o Titular ter tido conhecimento do pedido de reembolso.<\/p><ol class=\"wp-block-list\" data-asw-orgfontsize=\"16\"><li data-asw-orgfontsize=\"16\"><strong>Exclus\u00e3o do direito de retrata\u00e7\u00e3o dos utilizadores profissionais<\/strong><\/li><\/ol><p data-asw-orgfontsize=\"16\">O Utilizador Profissional n\u00e3o tem direito de retrata\u00e7\u00e3o do contrato de venda ou de fornecimento dos Produtos. O Utilizador reconhece expressamente que a indica\u00e7\u00e3o na encomenda de um n\u00famero de IVA o qualifica automaticamente como Utilizador Profissional, ao qual n\u00e3o se aplica o direito de retrata\u00e7\u00e3o.<\/p><ol class=\"wp-block-list\" data-asw-orgfontsize=\"16\"><li data-asw-orgfontsize=\"16\"><strong>Direito de retrata\u00e7\u00e3o dos utilizadores na compra de produtos e servi\u00e7os digitais\u00a0<\/strong><\/li><\/ol><p data-asw-orgfontsize=\"16\">O Utilizador consumidor tem o direito de rescindir o contrato sem penaliza\u00e7\u00e3o e sem especificar o motivo, no prazo de 14 dias a contar da data de celebra\u00e7\u00e3o do contrato, enviando uma comunica\u00e7\u00e3o escrita para o endere\u00e7o eletr\u00f3nico\u00a0<a href=\"mailto:legal@gilbi.co\" data-asw-orgfontsize=\"16\">legal@gilbi.co<\/a>utilizando o formul\u00e1rio de rescis\u00e3o facultativa constante do artigo seguinte ou qualquer outra declara\u00e7\u00e3o escrita.<\/p><p data-asw-orgfontsize=\"16\">No caso de uma resolu\u00e7\u00e3o devidamente exercida, o Respons\u00e1vel pelo Tratamento reembolsa o Utilizador pelos pagamentos recebidos, no mesmo m\u00e9todo de pagamento utilizado pelo Utilizador para a transa\u00e7\u00e3o inicial, sem demora injustificada e, em qualquer caso, no prazo de 14 dias a contar da data em que o Utilizador comunicou a sua resolu\u00e7\u00e3o do contrato.<\/p><p data-asw-orgfontsize=\"16\">O Utilizador reconhece e aceita que perde o direito de rescis\u00e3o ap\u00f3s ter descarregado ou utilizado um Produto digital.<\/p><p data-asw-orgfontsize=\"16\">O Utilizador reconhece e aceita que perde o seu direito de retrata\u00e7\u00e3o ap\u00f3s a execu\u00e7\u00e3o completa de um servi\u00e7o. Se a presta\u00e7\u00e3o n\u00e3o tiver sido totalmente executada e o Utilizador pretender rescindir o contrato, continua, no entanto, obrigado a pagar ao Titular um montante proporcional ao que foi executado at\u00e9 ao momento em que exerceu o seu direito de rescis\u00e3o.<\/p><p data-asw-orgfontsize=\"16\">O Utilizador reconhece e aceita que a desist\u00eancia de uma subscri\u00e7\u00e3o n\u00e3o implica a devolu\u00e7\u00e3o de quaisquer montantes relativos a Produtos j\u00e1 utilizados ou pagos.<\/p><ol class=\"wp-block-list\" data-asw-orgfontsize=\"16\"><li data-asw-orgfontsize=\"16\"><strong>Casos de exclus\u00e3o do direito de rescis\u00e3o do Utilizador<\/strong><\/li><\/ol><p data-asw-orgfontsize=\"16\">O direito de rescis\u00e3o do contrato de venda ou de fornecimento de Produtos pelo Utilizador est\u00e1 relativamente exclu\u00eddo:<\/p><ol class=\"wp-block-list\" data-asw-orgfontsize=\"16\"><li data-asw-orgfontsize=\"16\">o fornecimento de Produtos cujo pre\u00e7o est\u00e1 ligado a flutua\u00e7\u00f5es do mercado financeiro que o Titular n\u00e3o pode controlar e que podem ocorrer durante o per\u00edodo de retrata\u00e7\u00e3o<\/li><li data-asw-orgfontsize=\"16\">o fornecimento de produtos feitos por medida ou claramente personalizados<\/li><li data-asw-orgfontsize=\"16\">o fornecimento de Produtos suscept\u00edveis de se deteriorarem ou de expirarem rapidamente. Esta categoria inclui todos os produtos alimentares (incluindo bebidas) cujas carater\u00edsticas est\u00e3o sujeitas a deteriora\u00e7\u00e3o em resultado de uma armazenagem incorrecta<\/li><li data-asw-orgfontsize=\"16\">o fornecimento de Produtos selados que n\u00e3o possam ser devolvidos por raz\u00f5es de higiene ou de prote\u00e7\u00e3o da sa\u00fade e que tenham sido abertos ap\u00f3s a entrega<\/li><li data-asw-orgfontsize=\"16\">o fornecimento de Produtos que, ap\u00f3s a entrega, estejam, pela sua natureza, inseparavelmente misturados com outros bens<\/li><li data-asw-orgfontsize=\"16\">aos contratos em que o Utilizador tenha solicitado expressamente a visita do Respons\u00e1vel pelo Tratamento ou de um profissional designado para a realiza\u00e7\u00e3o de trabalhos urgentes de repara\u00e7\u00e3o ou manuten\u00e7\u00e3o. Se, por ocasi\u00e3o de tal visita, o Respons\u00e1vel pelo Tratamento ou um profissional encarregado prestar servi\u00e7os para al\u00e9m dos especificamente solicitados pelo Utilizador ou fornecer bens que n\u00e3o sejam pe\u00e7as sobressalentes necess\u00e1rias para efetuar a manuten\u00e7\u00e3o ou repara\u00e7\u00e3o, o direito de rescis\u00e3o aplica-se a esses servi\u00e7os ou bens adicionais<\/li><li data-asw-orgfontsize=\"16\">o fornecimento de grava\u00e7\u00f5es \u00e1udio ou v\u00eddeo seladas ou de programas inform\u00e1ticos selados que tenham sido abertos ap\u00f3s a entrega<\/li><li data-asw-orgfontsize=\"16\">o fornecimento de jornais, peri\u00f3dicos e revistas, com exce\u00e7\u00e3o dos contratos de assinatura para o fornecimento dessas publica\u00e7\u00f5es<\/li><li data-asw-orgfontsize=\"16\">contratos celebrados em hasta p\u00fablica<\/li><li data-asw-orgfontsize=\"16\">o fornecimento de alojamento para fins n\u00e3o residenciais, o transporte de mercadorias, os servi\u00e7os de aluguer de autom\u00f3veis, os servi\u00e7os de restaura\u00e7\u00e3o ou os servi\u00e7os relacionados com actividades de lazer, se o contrato previr uma data ou um per\u00edodo de execu\u00e7\u00e3o espec\u00edficos<\/li><\/ol><p data-asw-orgfontsize=\"16\">Para mais esclarecimentos, contactar o propriet\u00e1rio atrav\u00e9s do seguinte endere\u00e7o eletr\u00f3nico\u00a0<a href=\"mailto:legal@gilbi.co\" data-asw-orgfontsize=\"16\">legal@gilbi.co<\/a>.<\/p><ol class=\"wp-block-list\" data-asw-orgfontsize=\"16\"><li data-asw-orgfontsize=\"16\"><strong>Formul\u00e1rio facultativo para o exerc\u00edcio do direito de retrata\u00e7\u00e3o<\/strong><\/li><li data-asw-orgfontsize=\"16\">O Utilizador pode desistir utilizando o seguinte formul\u00e1rio, que deve ser preenchido na \u00edntegra e enviado para o endere\u00e7o eletr\u00f3nico\u00a0<a href=\"mailto:legal@gilbi.co\" data-asw-orgfontsize=\"16\">legal@gilbi.co<\/a>\u00a0antes do termo do prazo de retrata\u00e7\u00e3o:<\/li><\/ol><p data-asw-orgfontsize=\"16\"><em>Venho por este meio notificar a rescis\u00e3o do contrato de venda ou de fornecimento relativo ao seguinte produto __________<\/em>\u00a0<em>\u00a0N\u00famero de encomenda:_______<\/em>\u00a0<em>\u00a0Encomendado em: _______<\/em>\u00a0<em>\u00a0Nome e apelido: _______<\/em>\u00a0<em>\u00a0Endere\u00e7o: ______<\/em>\u00a0<em>\u00a0Correio eletr\u00f3nico associado \u00e0 conta a partir da qual a encomenda foi efectuada: ____________________<\/em>\u00a0<em>\u00a0Data: __________<\/em>\u00a0<em>\u00a0<\/em><\/p><ol class=\"wp-block-list\" data-asw-orgfontsize=\"16\"><li data-asw-orgfontsize=\"16\"><strong>Garantia de conformidade de produtos digitais para utilizadores consumidores<\/strong><\/li><\/ol><p data-asw-orgfontsize=\"16\">Os Utilizadores Consumidores beneficiam da garantia de conformidade, prevista nos artigos 135\u00ba-decies e seguintes do C\u00f3digo do Consumidor, para todos os Produtos digitais vendidos atrav\u00e9s da Aplica\u00e7\u00e3o, com exce\u00e7\u00e3o dos casos de exclus\u00e3o previstos no artigo 135\u00ba-novies do C\u00f3digo do Consumidor.<\/p><p data-asw-orgfontsize=\"16\">O titular \u00e9 respons\u00e1vel pelos defeitos de conformidade que se manifestem no prazo de dois anos a contar da data de fornecimento. Os defeitos de conformidade devem ser comunicados pelo consumidor no prazo de vinte e seis meses a contar da data de fornecimento ou do \u00faltimo ato de fornecimento. Quando o contrato de venda prev\u00ea que os Produtos Digitais sejam fornecidos por um determinado per\u00edodo de tempo, a obriga\u00e7\u00e3o de garantir a conformidade mant\u00e9m-se durante todo esse per\u00edodo.<\/p><p data-asw-orgfontsize=\"16\">Se o consumidor-utilizador pretender recorrer \u00e0s vias de recurso previstas na garantia de conformidade, deve enviar uma comunica\u00e7\u00e3o escrita para o endere\u00e7o eletr\u00f3nico\u00a0<a href=\"mailto:legal@gilbi.co\" data-asw-orgfontsize=\"16\">legal@gilbi.co<\/a>. O Titular deve acusar prontamente a comunica\u00e7\u00e3o do alegado defeito de conformidade e indicar ao Utilizador Consumidor o procedimento espec\u00edfico a seguir. Para todas as quest\u00f5es n\u00e3o previstas na presente cl\u00e1usula, aplicam-se os artigos 135\u00ba-octies a 135\u00ba-vicies bis do C\u00f3digo do Consumidor e os artigos do C\u00f3digo Civil relativos \u00e0 forma\u00e7\u00e3o, validade e efic\u00e1cia dos contratos, incluindo as consequ\u00eancias da rescis\u00e3o do contrato e o direito a indemniza\u00e7\u00e3o por danos.<\/p><ol class=\"wp-block-list\" data-asw-orgfontsize=\"16\"><li data-asw-orgfontsize=\"16\"><strong>Direitos de propriedade industrial e intelectual<\/strong><\/li><\/ol><p data-asw-orgfontsize=\"16\">Todo o conte\u00fado da Aplica\u00e7\u00e3o, incluindo textos, documentos, marcas registadas, log\u00f3tipos, imagens, gr\u00e1ficos, a sua disposi\u00e7\u00e3o e adapta\u00e7\u00f5es est\u00e3o protegidos pela lei dos direitos de autor e das marcas registadas. A Aplica\u00e7\u00e3o pode tamb\u00e9m conter imagens, documentos, log\u00f3tipos e marcas comerciais de terceiros que tenham expressamente autorizado o Propriet\u00e1rio a public\u00e1-los na Aplica\u00e7\u00e3o. Exceto para uso estritamente pessoal, os Conte\u00fados n\u00e3o podem ser copiados, alterados, distribu\u00eddos, publicados ou utilizados sem autoriza\u00e7\u00e3o espec\u00edfica do Propriet\u00e1rio.<\/p><ol class=\"wp-block-list\" data-asw-orgfontsize=\"16\"><li data-asw-orgfontsize=\"16\"><strong>Exclus\u00e3o da garantia<\/strong><\/li><\/ol><p data-asw-orgfontsize=\"16\">A Aplica\u00e7\u00e3o \u00e9 fornecida \"no estado em que se encontra\" e \"conforme dispon\u00edvel\" e o Propriet\u00e1rio n\u00e3o oferece garantias expressas ou impl\u00edcitas em rela\u00e7\u00e3o \u00e0 Aplica\u00e7\u00e3o, nem garante que a Aplica\u00e7\u00e3o satisfa\u00e7a as necessidades dos Utilizadores ou que seja ininterrupta ou livre de erros ou que esteja livre de v\u00edrus ou bugs.<\/p><p data-asw-orgfontsize=\"16\">O Propriet\u00e1rio esfor\u00e7ar-se-\u00e1 por garantir que a Aplica\u00e7\u00e3o esteja dispon\u00edvel 24 horas por dia sem interrup\u00e7\u00e3o, mas n\u00e3o ser\u00e1 de modo algum respons\u00e1vel se, por qualquer raz\u00e3o, a Aplica\u00e7\u00e3o n\u00e3o estiver acess\u00edvel e\/ou operacional em qualquer altura ou por qualquer per\u00edodo. O acesso \u00e0 Aplica\u00e7\u00e3o pode ser suspenso temporariamente e sem aviso pr\u00e9vio em caso de falha do sistema, manuten\u00e7\u00e3o, repara\u00e7\u00f5es ou por raz\u00f5es inteiramente fora do controlo do Propriet\u00e1rio ou por eventos de for\u00e7a maior.<\/p><ol class=\"wp-block-list\" data-asw-orgfontsize=\"16\"><li data-asw-orgfontsize=\"16\"><strong>Limita\u00e7\u00e3o da responsabilidade<\/strong><\/li><\/ol><p data-asw-orgfontsize=\"16\">O Titular n\u00e3o ser\u00e1 respons\u00e1vel perante o Utilizador, exceto em caso de dolo ou neglig\u00eancia grave, por servi\u00e7os ou avarias relacionados com a utiliza\u00e7\u00e3o da Internet fora do seu controlo ou do controlo dos seus fornecedores.<\/p><p data-asw-orgfontsize=\"16\">Al\u00e9m disso, o Titular n\u00e3o ser\u00e1 respons\u00e1vel por quaisquer danos, perdas e custos incorridos pelo Utilizador em resultado da n\u00e3o execu\u00e7\u00e3o do contrato por raz\u00f5es que n\u00e3o lhe sejam imput\u00e1veis, tendo o Utilizador apenas direito ao reembolso total do pre\u00e7o pago e a quaisquer encargos adicionais incorridos.<\/p><p data-asw-orgfontsize=\"16\">O Titular n\u00e3o assume qualquer responsabilidade pela utiliza\u00e7\u00e3o fraudulenta e il\u00edcita que possa ser feita dos cart\u00f5es de cr\u00e9dito e de outros meios de pagamento por terceiros, uma vez que n\u00e3o entra de forma alguma em contacto com os dados de pagamento utilizados (n\u00famero do cart\u00e3o de cr\u00e9dito, nome do titular, palavra-passe, etc.).<\/p><p data-asw-orgfontsize=\"16\">O Titular n\u00e3o ser\u00e1 respons\u00e1vel por:<\/p><ol class=\"wp-block-list\" data-asw-orgfontsize=\"16\"><li data-asw-orgfontsize=\"16\">qualquer perda de oportunidade comercial e qualquer outro preju\u00edzo, mesmo indireto, que o Utilizador possa sofrer e que n\u00e3o seja uma consequ\u00eancia direta do incumprimento do contrato por parte do Respons\u00e1vel pelo Tratamento<\/li><li data-asw-orgfontsize=\"16\">utiliza\u00e7\u00e3o incorrecta ou inadequada da Aplica\u00e7\u00e3o pelos Utilizadores ou por terceiros<\/li><li data-asw-orgfontsize=\"16\">a emiss\u00e3o de documentos ou dados fiscais incorrectos devido a erros nos dados fornecidos pelo Utilizador, sendo este o \u00fanico respons\u00e1vel pela sua correta introdu\u00e7\u00e3o<\/li><\/ol><p data-asw-orgfontsize=\"16\">O Titular n\u00e3o pode, em caso algum, ser considerado respons\u00e1vel por mais do dobro do montante pago pelo Utilizador.<\/p><ol class=\"wp-block-list\" data-asw-orgfontsize=\"16\"><li data-asw-orgfontsize=\"16\"><strong>For\u00e7a maior<\/strong><\/li><\/ol><p data-asw-orgfontsize=\"16\">O Respons\u00e1vel pelo Tratamento n\u00e3o ser\u00e1 respons\u00e1vel por qualquer incumprimento ou atraso no cumprimento das suas obriga\u00e7\u00f5es devido a circunst\u00e2ncias que escapem ao controlo razo\u00e1vel do Respons\u00e1vel pelo Tratamento devido a eventos de for\u00e7a maior ou, em qualquer caso, a eventos imprevistos e imprevis\u00edveis e, em qualquer caso, fora do seu controlo.<\/p><p data-asw-orgfontsize=\"16\">O cumprimento das obriga\u00e7\u00f5es do Titular considera-se suspenso durante o per\u00edodo em que ocorram factos de for\u00e7a maior.<\/p><p data-asw-orgfontsize=\"16\">O Respons\u00e1vel pelo Tratamento far\u00e1 tudo o que estiver ao seu alcance para encontrar solu\u00e7\u00f5es que permitam o correto cumprimento das suas obriga\u00e7\u00f5es, apesar da persist\u00eancia de acontecimentos de for\u00e7a maior.<\/p><ol class=\"wp-block-list\" data-asw-orgfontsize=\"16\"><li data-asw-orgfontsize=\"16\"><strong>Liga\u00e7\u00e3o a s\u00edtios de terceiros<\/strong><\/li><\/ol><p data-asw-orgfontsize=\"16\">A Aplica\u00e7\u00e3o pode conter liga\u00e7\u00f5es para s\u00edtios\/aplica\u00e7\u00f5es de terceiros. O Propriet\u00e1rio n\u00e3o exerce qualquer controlo sobre os mesmos e, por conseguinte, n\u00e3o \u00e9 de modo algum respons\u00e1vel pelo conte\u00fado desses s\u00edtios\/aplica\u00e7\u00f5es.<\/p><p data-asw-orgfontsize=\"16\">Algumas destas liga\u00e7\u00f5es podem remeter para sites\/aplica\u00e7\u00f5es de terceiros que fornecem servi\u00e7os atrav\u00e9s da Aplica\u00e7\u00e3o. Nestes casos, as condi\u00e7\u00f5es gerais de utiliza\u00e7\u00e3o do s\u00edtio\/aplica\u00e7\u00e3o e de utiliza\u00e7\u00e3o do servi\u00e7o prestado pelos terceiros aplicar-se-\u00e3o aos servi\u00e7os individuais, relativamente aos quais o Propriet\u00e1rio n\u00e3o assume qualquer responsabilidade.<\/p><ol class=\"wp-block-list\" data-asw-orgfontsize=\"16\"><li data-asw-orgfontsize=\"16\"><strong>Privacidade<\/strong><\/li><\/ol><p data-asw-orgfontsize=\"16\">Os dados pessoais ser\u00e3o protegidos e processados de acordo com a Pol\u00edtica de Privacidade, que pode ser consultada em\u00a0<a href=\"https:\/\/www.iubenda.com\/privacy-policy\/56810897?ifr=true&amp;height=650&amp;newmarkup=yes&amp;origin=https%3A%2F%2Faccessibi.com%2Fit%2F&amp;an=no\" data-cmp-ab=\"2\" data-asw-orgfontsize=\"16\">https:\/\/www.iubenda.com\/privacy-policy\/56810897?ifr=true&amp;height=650&amp;newmarkup=yes&amp;origin=https%3A%2F%2Faccessibi.com%2Fit%2F&amp;an=no<\/a><\/p><ol class=\"wp-block-list\" data-asw-orgfontsize=\"16\"><li data-asw-orgfontsize=\"16\"><strong>Direito aplic\u00e1vel e jurisdi\u00e7\u00e3o<\/strong><\/li><\/ol><p data-asw-orgfontsize=\"16\">As condi\u00e7\u00f5es est\u00e3o sujeitas \u00e0 legisla\u00e7\u00e3o italiana.<\/p><p data-asw-orgfontsize=\"16\">Para os utilizadores profissionais, qualquer lit\u00edgio relativo \u00e0 aplica\u00e7\u00e3o, execu\u00e7\u00e3o e interpreta\u00e7\u00e3o das presentes Condi\u00e7\u00f5es Gerais ser\u00e1 submetido \u00e0 jurisdi\u00e7\u00e3o do tribunal do local onde o Propriet\u00e1rio est\u00e1 estabelecido.<\/p><p data-asw-orgfontsize=\"16\">Para os Utilizadores Consumidores, qualquer lit\u00edgio relativo \u00e0 aplica\u00e7\u00e3o, execu\u00e7\u00e3o e interpreta\u00e7\u00e3o das presentes Condi\u00e7\u00f5es ser\u00e1 submetido ao tribunal do local onde o Utilizador Consumidor reside ou elegeu o seu domic\u00edlio, se localizado no territ\u00f3rio do Estado Italiano, sem preju\u00edzo do direito do Utilizador Consumidor de recorrer a um juiz que n\u00e3o seja o \"tribunal do consumidor\", nos termos do artigo 66 bis do C\u00f3digo do Consumidor, com compet\u00eancia territorial de acordo com um dos crit\u00e9rios estabelecidos nos artigos 18, 19 e 20 do C\u00f3digo de Processo Civil Italiano.<\/p><p data-asw-orgfontsize=\"16\">Esta disposi\u00e7\u00e3o n\u00e3o prejudica a aplica\u00e7\u00e3o aos Consumidores-Utilizadores que n\u00e3o tenham a sua resid\u00eancia habitual em It\u00e1lia de quaisquer disposi\u00e7\u00f5es mais favor\u00e1veis e obrigat\u00f3rias previstas pela legisla\u00e7\u00e3o do pa\u00eds em que tenham a sua resid\u00eancia habitual, nomeadamente no que diz respeito ao prazo para o exerc\u00edcio do direito de retrata\u00e7\u00e3o, ao prazo para a devolu\u00e7\u00e3o dos Produtos, em caso de exerc\u00edcio deste direito, \u00e0s modalidades e formalidades de comunica\u00e7\u00e3o do mesmo e \u00e0 garantia legal de conformidade.<\/p><ol class=\"wp-block-list\" data-asw-orgfontsize=\"16\"><li data-asw-orgfontsize=\"16\"><strong>Resolu\u00e7\u00e3o de lit\u00edgios em linha para utilizadores consumidores<\/strong><\/li><\/ol><p data-asw-orgfontsize=\"16\">O Utilizador Consumidor residente na Europa deve estar ciente de que a Comiss\u00e3o Europeia criou uma plataforma em linha que fornece uma ferramenta de resolu\u00e7\u00e3o alternativa de lit\u00edgios. Esta ferramenta pode ser utilizada pelo Utilizador Consumidor para resolver extrajudicialmente quaisquer lit\u00edgios relacionados com e\/ou decorrentes de contratos de venda de bens e de presta\u00e7\u00e3o de servi\u00e7os celebrados em linha. Assim, o Utilizador Consumidor pode utilizar esta plataforma para resolver qualquer lit\u00edgio decorrente do contrato celebrado em linha. A plataforma est\u00e1 dispon\u00edvel no seguinte endere\u00e7o: ec.europa.eu\/consumers\/odr\/<\/p><p data-asw-orgfontsize=\"16\">Data 04\/12\/2024<\/p>\t\t\t\t\t\t\t\t<\/div>\n\t\t\t\t<\/div>\n\t\t\t\t\t<\/div>\n\t\t\t\t<\/div>\n\t\t\t\t<\/div>","protected":false},"excerpt":{"rendered":"<p>Termini e condizioni del servizio Il presente documento riporta i termini e le condizioni generali di utilizzo del sito web Accessibi che offre servizi di accessibilit\u00e0 web e di sviluppo software forniti dal titolare dell\u2019Applicazione. Definizioni Per consentire una completa comprensione e accettazione dei presenti termini e condizioni, i seguenti termini, al singolare e al [&hellip;]<\/p>","protected":false},"author":1,"featured_media":0,"parent":0,"menu_order":0,"comment_status":"closed","ping_status":"closed","template":"","meta":{"footnotes":""},"class_list":["post-578","page","type-page","status-publish","hentry"],"yoast_head":"<!-- This site is optimized with the Yoast SEO plugin v26.3 - https:\/\/yoast.com\/wordpress\/plugins\/seo\/ -->\n<title>Termini e condizioni | Accessibi<\/title>\n<meta name=\"robots\" content=\"index, follow, max-snippet:-1, max-image-preview:large, max-video-preview:-1\" \/>\n<link rel=\"canonical\" href=\"https:\/\/accessibi.com\/pt\/termos-e-condicoes\/\" \/>\n<meta property=\"og:locale\" content=\"pt_PT\" \/>\n<meta property=\"og:type\" content=\"article\" \/>\n<meta property=\"og:title\" content=\"Termini e condizioni | Accessibi\" \/>\n<meta property=\"og:description\" content=\"Termini e condizioni del servizio Il presente documento riporta i termini e le condizioni generali di utilizzo del sito web Accessibi che offre servizi di accessibilit\u00e0 web e di sviluppo software forniti dal titolare dell\u2019Applicazione. Definizioni Per consentire una completa comprensione e accettazione dei presenti termini e condizioni, i seguenti termini, al singolare e al [&hellip;]\" \/>\n<meta property=\"og:url\" content=\"https:\/\/accessibi.com\/pt\/termos-e-condicoes\/\" \/>\n<meta property=\"og:site_name\" content=\"Accessibi\" \/>\n<meta property=\"article:modified_time\" content=\"2025-12-01T21:50:30+00:00\" \/>\n<meta property=\"og:image\" content=\"https:\/\/accessibi.com\/wp-content\/uploads\/2025\/04\/successful-business-team-working-with-project-2025-02-11-18-49-11-utc-scaled.jpg\" \/>\n\t<meta property=\"og:image:width\" content=\"2560\" \/>\n\t<meta property=\"og:image:height\" content=\"1707\" \/>\n\t<meta property=\"og:image:type\" content=\"image\/jpeg\" \/>\n<meta name=\"twitter:card\" content=\"summary_large_image\" \/>\n<meta name=\"twitter:label1\" content=\"Tempo estimado de leitura\" \/>\n\t<meta name=\"twitter:data1\" content=\"15 minutos\" \/>\n<script type=\"application\/ld+json\" class=\"yoast-schema-graph\">{\"@context\":\"https:\/\/schema.org\",\"@graph\":[{\"@type\":\"WebPage\",\"@id\":\"https:\/\/accessibi.com\/it\/termini-e-condizioni\/\",\"url\":\"https:\/\/accessibi.com\/it\/termini-e-condizioni\/\",\"name\":\"Termini e condizioni | Accessibi\",\"isPartOf\":{\"@id\":\"https:\/\/accessibi.com\/#website\"},\"datePublished\":\"2025-04-24T10:10:01+00:00\",\"dateModified\":\"2025-12-01T21:50:30+00:00\",\"breadcrumb\":{\"@id\":\"https:\/\/accessibi.com\/it\/termini-e-condizioni\/#breadcrumb\"},\"inLanguage\":\"pt-PT\",\"potentialAction\":[{\"@type\":\"ReadAction\",\"target\":[\"https:\/\/accessibi.com\/it\/termini-e-condizioni\/\"]}]},{\"@type\":\"BreadcrumbList\",\"@id\":\"https:\/\/accessibi.com\/it\/termini-e-condizioni\/#breadcrumb\",\"itemListElement\":[{\"@type\":\"ListItem\",\"position\":1,\"name\":\"Home\",\"item\":\"https:\/\/accessibi.com\/\"},{\"@type\":\"ListItem\",\"position\":2,\"name\":\"Termini e condizioni\"}]},{\"@type\":\"WebSite\",\"@id\":\"https:\/\/accessibi.com\/#website\",\"url\":\"https:\/\/accessibi.com\/\",\"name\":\"Accessibi\",\"description\":\"Accessibilit\u00e0 per tutti, senza compromessi\",\"publisher\":{\"@id\":\"https:\/\/accessibi.com\/#organization\"},\"potentialAction\":[{\"@type\":\"SearchAction\",\"target\":{\"@type\":\"EntryPoint\",\"urlTemplate\":\"https:\/\/accessibi.com\/?s={search_term_string}\"},\"query-input\":{\"@type\":\"PropertyValueSpecification\",\"valueRequired\":true,\"valueName\":\"search_term_string\"}}],\"inLanguage\":\"pt-PT\"},{\"@type\":\"Organization\",\"@id\":\"https:\/\/accessibi.com\/#organization\",\"name\":\"Accessibi\",\"url\":\"https:\/\/accessibi.com\/\",\"logo\":{\"@type\":\"ImageObject\",\"inLanguage\":\"pt-PT\",\"@id\":\"https:\/\/accessibi.com\/#\/schema\/logo\/image\/\",\"url\":\"https:\/\/accessibi.com\/wp-content\/uploads\/2025\/04\/accessibi-blue.svg\",\"contentUrl\":\"https:\/\/accessibi.com\/wp-content\/uploads\/2025\/04\/accessibi-blue.svg\",\"width\":511,\"height\":82,\"caption\":\"Accessibi\"},\"image\":{\"@id\":\"https:\/\/accessibi.com\/#\/schema\/logo\/image\/\"}}]}<\/script>\n<!-- \/ Yoast SEO plugin. -->","yoast_head_json":{"title":"Termos e condi\u00e7\u00f5es | Accessibi","robots":{"index":"index","follow":"follow","max-snippet":"max-snippet:-1","max-image-preview":"max-image-preview:large","max-video-preview":"max-video-preview:-1"},"canonical":"https:\/\/accessibi.com\/pt\/termos-e-condicoes\/","og_locale":"pt_PT","og_type":"article","og_title":"Termini e condizioni | Accessibi","og_description":"Termini e condizioni del servizio Il presente documento riporta i termini e le condizioni generali di utilizzo del sito web Accessibi che offre servizi di accessibilit\u00e0 web e di sviluppo software forniti dal titolare dell\u2019Applicazione. Definizioni Per consentire una completa comprensione e accettazione dei presenti termini e condizioni, i seguenti termini, al singolare e al [&hellip;]","og_url":"https:\/\/accessibi.com\/pt\/termos-e-condicoes\/","og_site_name":"Accessibi","article_modified_time":"2025-12-01T21:50:30+00:00","og_image":[{"width":2560,"height":1707,"url":"https:\/\/accessibi.com\/wp-content\/uploads\/2025\/04\/successful-business-team-working-with-project-2025-02-11-18-49-11-utc-scaled.jpg","type":"image\/jpeg"}],"twitter_card":"summary_large_image","twitter_misc":{"Tempo estimado de leitura":"15 minutos"},"schema":{"@context":"https:\/\/schema.org","@graph":[{"@type":"WebPage","@id":"https:\/\/accessibi.com\/it\/termini-e-condizioni\/","url":"https:\/\/accessibi.com\/it\/termini-e-condizioni\/","name":"Termos e condi\u00e7\u00f5es | Accessibi","isPartOf":{"@id":"https:\/\/accessibi.com\/#website"},"datePublished":"2025-04-24T10:10:01+00:00","dateModified":"2025-12-01T21:50:30+00:00","breadcrumb":{"@id":"https:\/\/accessibi.com\/it\/termini-e-condizioni\/#breadcrumb"},"inLanguage":"pt-PT","potentialAction":[{"@type":"ReadAction","target":["https:\/\/accessibi.com\/it\/termini-e-condizioni\/"]}]},{"@type":"BreadcrumbList","@id":"https:\/\/accessibi.com\/it\/termini-e-condizioni\/#breadcrumb","itemListElement":[{"@type":"ListItem","position":1,"name":"Home","item":"https:\/\/accessibi.com\/"},{"@type":"ListItem","position":2,"name":"Termini e condizioni"}]},{"@type":"WebSite","@id":"https:\/\/accessibi.com\/#website","url":"https:\/\/accessibi.com\/","name":"Acessibilidade","description":"Acessibilidade para todos, sem compromissos","publisher":{"@id":"https:\/\/accessibi.com\/#organization"},"potentialAction":[{"@type":"SearchAction","target":{"@type":"EntryPoint","urlTemplate":"https:\/\/accessibi.com\/?s={search_term_string}"},"query-input":{"@type":"PropertyValueSpecification","valueRequired":true,"valueName":"search_term_string"}}],"inLanguage":"pt-PT"},{"@type":"Organization","@id":"https:\/\/accessibi.com\/#organization","name":"Acessibilidade","url":"https:\/\/accessibi.com\/","logo":{"@type":"ImageObject","inLanguage":"pt-PT","@id":"https:\/\/accessibi.com\/#\/schema\/logo\/image\/","url":"https:\/\/accessibi.com\/wp-content\/uploads\/2025\/04\/accessibi-blue.svg","contentUrl":"https:\/\/accessibi.com\/wp-content\/uploads\/2025\/04\/accessibi-blue.svg","width":511,"height":82,"caption":"Accessibi"},"image":{"@id":"https:\/\/accessibi.com\/#\/schema\/logo\/image\/"}}]}},"_links":{"self":[{"href":"https:\/\/accessibi.com\/pt\/wp-json\/wp\/v2\/pages\/578","targetHints":{"allow":["GET"]}}],"collection":[{"href":"https:\/\/accessibi.com\/pt\/wp-json\/wp\/v2\/pages"}],"about":[{"href":"https:\/\/accessibi.com\/pt\/wp-json\/wp\/v2\/types\/page"}],"author":[{"embeddable":true,"href":"https:\/\/accessibi.com\/pt\/wp-json\/wp\/v2\/users\/1"}],"replies":[{"embeddable":true,"href":"https:\/\/accessibi.com\/pt\/wp-json\/wp\/v2\/comments?post=578"}],"version-history":[{"count":13,"href":"https:\/\/accessibi.com\/pt\/wp-json\/wp\/v2\/pages\/578\/revisions"}],"predecessor-version":[{"id":1188,"href":"https:\/\/accessibi.com\/pt\/wp-json\/wp\/v2\/pages\/578\/revisions\/1188"}],"wp:attachment":[{"href":"https:\/\/accessibi.com\/pt\/wp-json\/wp\/v2\/media?parent=578"}],"curies":[{"name":"wp","href":"https:\/\/api.w.org\/{rel}","templated":true}]}}