{"id":787,"date":"2025-05-12T20:51:43","date_gmt":"2025-05-12T18:51:43","guid":{"rendered":"https:\/\/accessibi.com\/?page_id=787"},"modified":"2025-07-23T11:02:06","modified_gmt":"2025-07-23T09:02:06","slug":"declaratie-de-accesibilitate","status":"publish","type":"page","link":"https:\/\/accessibi.com\/ro\/declaratie-de-accesibilitate\/","title":{"rendered":"Declara\u021bia de accesibilitate"},"content":{"rendered":"<div data-elementor-type=\"wp-page\" data-elementor-id=\"787\" class=\"elementor elementor-787\" data-elementor-post-type=\"page\">\n\t\t\t\t<div class=\"elementor-element elementor-element-aaa9562 e-flex e-con-boxed e-con e-parent\" data-id=\"aaa9562\" data-element_type=\"container\">\n\t\t\t\t\t<div class=\"e-con-inner\">\n\t\t\t\t<div class=\"elementor-element elementor-element-9d7d567 elementor-widget elementor-widget-text-editor\" data-id=\"9d7d567\" data-element_type=\"widget\" data-widget_type=\"text-editor.default\">\n\t\t\t\t<div class=\"elementor-widget-container\">\n\t\t\t\t\t\t\t\t\t<p><strong>Declara\u021bia de accesibilitate a site-ului pentru subiec\u021bii priva\u021bi men\u021biona\u021bi la articolul 3 alineatul (1) din Legea nr. 4 din 9 ianuarie 2004<\/strong><\/p>\n<p><!-- \/wp:paragraph --><!-- wp:paragraph --><\/p>\n<p><strong>Declara\u021bie<\/strong><strong><br \/><\/strong>GILBI Srl se angajeaz\u0103 s\u0103 \u00ee\u0219i fac\u0103 site-ul accesibil, \u00een conformitate cu Legea nr. 4 din 9 ianuarie 2004. Prezenta declara\u021bie de accesibilitate se aplic\u0103: <a href=\"https:\/\/accessibi.com\/ro\/\">www.accessibi.com<\/a><\/p>\n<p><!-- \/wp:paragraph --><!-- wp:paragraph --><\/p>\n<p><strong>Starea de conformitate<\/strong><br \/><em><strong>Conform<\/strong><\/em><br \/>Acest site web este \u00een deplin\u0103 conformitate cu cerin\u021bele din apendicele A al standardului UNI CEI EN 301549.<\/p>\n<p><strong>Con\u021binut neaccesibil<\/strong><br \/>Con\u021binutul enumerat mai jos nu este accesibil din urm\u0103toarele motive (nerespectarea Legii nr. 4 din 9 ianuarie 2004):<br \/>1.4.3 Contrast (minim)<br \/>O versiune alternativ\u0103 accesibil\u0103 poate fi ob\u021binut\u0103 prin configurarea corect\u0103 a widget-ului de accesibilitate de pe site. Configurarea incomplet\u0103 poate reduce accesibilitatea general\u0103.<\/p>\n<p><strong>Derog\u0103ri \u0219i domeniul de aplicare<\/strong><br \/>\u00cen prezent, nu se aplic\u0103 nicio scutire de sarcin\u0103 dispropor\u021bionat\u0103 \u00een conformitate cu articolul 3-ter din Legea nr. 4 din 9 ianuarie 2004.<br \/>Tot con\u021binutul site-ului intr\u0103 sub inciden\u021ba legisla\u021biei aplicabile.<\/p>\n<p><!-- \/wp:paragraph --><!-- wp:paragraph --><\/p>\n<p><strong>Redactarea declara\u021biei de accesibilitate<br \/><\/strong> Aceast\u0103 declara\u021bie a fost f\u0103cut\u0103 la 01\/04\/2025.<br \/>Evaluarea a fost efectuat\u0103 de Accessibi.com prin intermediul unei analize obiective \u0219i subiective, \u00een conformitate cu articolul 3 alineatul (1) din Decizia de punere \u00een aplicare 2018\/1523 a Comisiei.<br \/>Declara\u021bia a fost revizuit\u0103 ultima dat\u0103 la 01\/04\/2025, conform recomand\u0103rilor (revizuire cel pu\u021bin anual\u0103).<\/p>\n<p><!-- \/wp:paragraph --><!-- wp:paragraph --><\/p>\n<p><strong>Feedback \u0219i informa\u021bii de contact<\/strong><strong><br \/><\/strong> Pentru rapoarte \u0219i cereri de asisten\u021b\u0103 privind accesibilitatea site-ului, v\u0103 rug\u0103m s\u0103 scrie\u021bi la <a href=\"mailto:help@accessibi.com\">help@accessibi.com<\/a><br \/><em><strong>Responsabil pentru raportare:<\/strong><\/em> Liam Pedrini<\/p>\n<p><!-- \/wp:paragraph --><!-- wp:paragraph --><\/p>\n<p><strong>Cum s\u0103 trimite\u021bi rapoarte la AgID<\/strong><strong><br \/><\/strong> \u00cen cazul unui r\u0103spuns nesatisf\u0103c\u0103tor sau al absen\u021bei unui r\u0103spuns \u00een termen de 30 de zile, poate fi trimis un raport c\u0103tre AgID prin PEC: <a href=\"mailto:protocollo@pec.agid.gov.it\">protocollo@pec.agid.gov.it<\/a><\/p>\n<p><!-- \/wp:paragraph --><!-- wp:paragraph --><\/p>\n<p><strong>Informa\u021bii despre site<\/strong><\/p>\n<p><!-- \/wp:paragraph --><!-- wp:list --><\/p>\n<ul class=\"wp-block-list\">\n<li style=\"list-style-type: none;\">\n<ul class=\"wp-block-list\"><!-- wp:list-item --><\/ul>\n<\/li>\n<\/ul>\n<p>\u00a0<\/p>\n<ul class=\"wp-block-list\">\n<li style=\"list-style-type: none;\">\n<ul class=\"wp-block-list\">\n<li>Data public\u0103rii pe site: 01\/04\/2025<\/li>\n<\/ul>\n<\/li>\n<\/ul>\n<p><!-- \/wp:list-item --><!-- wp:list-item --><\/p>\n<ul class=\"wp-block-list\">\n<li style=\"list-style-type: none;\">\n<ul class=\"wp-block-list\">\n<li>Au fost efectuate teste de utilitate: Da<\/li>\n<\/ul>\n<\/li>\n<\/ul>\n<p><!-- \/wp:list-item --><!-- wp:list-item --><\/p>\n<ul class=\"wp-block-list\">\n<li style=\"list-style-type: none;\">\n<ul class=\"wp-block-list\">\n<li>CMS utilizat: WordPress<\/li>\n<\/ul>\n<\/li>\n<\/ul>\n<p>\u00a0<\/p>\n<p><strong>Informa\u021bii privind structura<\/strong><br \/>Nu se aplic\u0103 entit\u0103\u021bilor private men\u021bionate la articolul 3 alineatul (1) din Legea 4\/2004.<\/p>\n<p><!-- \/wp:list-item --><\/p>\n<p><!-- \/wp:list --><\/p>\t\t\t\t\t\t\t\t<\/div>\n\t\t\t\t<\/div>\n\t\t\t\t\t<\/div>\n\t\t\t\t<\/div>\n\t\t\t\t<\/div>","protected":false},"excerpt":{"rendered":"<p>Dichiarazione di accessibilit\u00e0 sito web per i Soggetti Privati di cui all\u2019art. 3, comma 1 della Legge 9 gennaio 2004, n. 4 DichiarazioneGILBI Srl si impegna a rendere il proprio sito web accessibile, conformemente alla Legge 9 gennaio 2004, n. 4. La presente dichiarazione di accessibilit\u00e0 si applica a: www.accessibi.com Stato di conformit\u00e0ConformeQuesto sito web [&hellip;]<\/p>","protected":false},"author":1,"featured_media":0,"parent":0,"menu_order":0,"comment_status":"closed","ping_status":"closed","template":"","meta":{"footnotes":""},"class_list":["post-787","page","type-page","status-publish","hentry"],"yoast_head":"<!-- This site is optimized with the Yoast SEO plugin v26.3 - https:\/\/yoast.com\/wordpress\/plugins\/seo\/ -->\n<title>Dichiarazione di accessibilit\u00e0 | Accessibi<\/title>\n<meta name=\"robots\" content=\"index, follow, max-snippet:-1, max-image-preview:large, max-video-preview:-1\" \/>\n<link rel=\"canonical\" href=\"https:\/\/accessibi.com\/ro\/declaratie-de-accesibilitate\/\" \/>\n<meta property=\"og:locale\" content=\"ro_RO\" \/>\n<meta property=\"og:type\" content=\"article\" \/>\n<meta property=\"og:title\" content=\"Dichiarazione di accessibilit\u00e0 | Accessibi\" \/>\n<meta property=\"og:description\" content=\"Dichiarazione di accessibilit\u00e0 sito web per i Soggetti Privati di cui all\u2019art. 3, comma 1 della Legge 9 gennaio 2004, n. 4 DichiarazioneGILBI Srl si impegna a rendere il proprio sito web accessibile, conformemente alla Legge 9 gennaio 2004, n. 4. La presente dichiarazione di accessibilit\u00e0 si applica a: www.accessibi.com Stato di conformit\u00e0ConformeQuesto sito web [&hellip;]\" \/>\n<meta property=\"og:url\" content=\"https:\/\/accessibi.com\/ro\/declaratie-de-accesibilitate\/\" \/>\n<meta property=\"og:site_name\" content=\"Accessibi\" \/>\n<meta property=\"article:modified_time\" content=\"2025-07-23T09:02:06+00:00\" \/>\n<meta property=\"og:image\" content=\"https:\/\/accessibi.com\/wp-content\/uploads\/2025\/04\/successful-business-team-working-with-project-2025-02-11-18-49-11-utc-scaled.jpg\" \/>\n\t<meta property=\"og:image:width\" content=\"2560\" \/>\n\t<meta property=\"og:image:height\" content=\"1707\" \/>\n\t<meta property=\"og:image:type\" content=\"image\/jpeg\" \/>\n<meta name=\"twitter:card\" content=\"summary_large_image\" \/>\n<meta name=\"twitter:label1\" content=\"Timp estimat pentru citire\" \/>\n\t<meta name=\"twitter:data1\" content=\"2 minute\" \/>\n<script type=\"application\/ld+json\" class=\"yoast-schema-graph\">{\"@context\":\"https:\/\/schema.org\",\"@graph\":[{\"@type\":\"WebPage\",\"@id\":\"https:\/\/accessibi.com\/dichiarazione-di-accessibilita\/\",\"url\":\"https:\/\/accessibi.com\/dichiarazione-di-accessibilita\/\",\"name\":\"Dichiarazione di accessibilit\u00e0 | Accessibi\",\"isPartOf\":{\"@id\":\"https:\/\/accessibi.com\/#website\"},\"datePublished\":\"2025-05-12T18:51:43+00:00\",\"dateModified\":\"2025-07-23T09:02:06+00:00\",\"breadcrumb\":{\"@id\":\"https:\/\/accessibi.com\/dichiarazione-di-accessibilita\/#breadcrumb\"},\"inLanguage\":\"ro-RO\",\"potentialAction\":[{\"@type\":\"ReadAction\",\"target\":[\"https:\/\/accessibi.com\/dichiarazione-di-accessibilita\/\"]}]},{\"@type\":\"BreadcrumbList\",\"@id\":\"https:\/\/accessibi.com\/dichiarazione-di-accessibilita\/#breadcrumb\",\"itemListElement\":[{\"@type\":\"ListItem\",\"position\":1,\"name\":\"Home\",\"item\":\"https:\/\/accessibi.com\/\"},{\"@type\":\"ListItem\",\"position\":2,\"name\":\"Dichiarazione di accessibilit\u00e0\"}]},{\"@type\":\"WebSite\",\"@id\":\"https:\/\/accessibi.com\/#website\",\"url\":\"https:\/\/accessibi.com\/\",\"name\":\"Accessibi\",\"description\":\"Accessibilit\u00e0 per tutti, senza compromessi\",\"publisher\":{\"@id\":\"https:\/\/accessibi.com\/#organization\"},\"potentialAction\":[{\"@type\":\"SearchAction\",\"target\":{\"@type\":\"EntryPoint\",\"urlTemplate\":\"https:\/\/accessibi.com\/?s={search_term_string}\"},\"query-input\":{\"@type\":\"PropertyValueSpecification\",\"valueRequired\":true,\"valueName\":\"search_term_string\"}}],\"inLanguage\":\"ro-RO\"},{\"@type\":\"Organization\",\"@id\":\"https:\/\/accessibi.com\/#organization\",\"name\":\"Accessibi\",\"url\":\"https:\/\/accessibi.com\/\",\"logo\":{\"@type\":\"ImageObject\",\"inLanguage\":\"ro-RO\",\"@id\":\"https:\/\/accessibi.com\/#\/schema\/logo\/image\/\",\"url\":\"https:\/\/accessibi.com\/wp-content\/uploads\/2025\/04\/accessibi-blue.svg\",\"contentUrl\":\"https:\/\/accessibi.com\/wp-content\/uploads\/2025\/04\/accessibi-blue.svg\",\"width\":511,\"height\":82,\"caption\":\"Accessibi\"},\"image\":{\"@id\":\"https:\/\/accessibi.com\/#\/schema\/logo\/image\/\"}}]}<\/script>\n<!-- \/ Yoast SEO plugin. -->","yoast_head_json":{"title":"Declara\u021bie de accesibilitate | Accessibi","robots":{"index":"index","follow":"follow","max-snippet":"max-snippet:-1","max-image-preview":"max-image-preview:large","max-video-preview":"max-video-preview:-1"},"canonical":"https:\/\/accessibi.com\/ro\/declaratie-de-accesibilitate\/","og_locale":"ro_RO","og_type":"article","og_title":"Dichiarazione di accessibilit\u00e0 | Accessibi","og_description":"Dichiarazione di accessibilit\u00e0 sito web per i Soggetti Privati di cui all\u2019art. 3, comma 1 della Legge 9 gennaio 2004, n. 4 DichiarazioneGILBI Srl si impegna a rendere il proprio sito web accessibile, conformemente alla Legge 9 gennaio 2004, n. 4. La presente dichiarazione di accessibilit\u00e0 si applica a: www.accessibi.com Stato di conformit\u00e0ConformeQuesto sito web [&hellip;]","og_url":"https:\/\/accessibi.com\/ro\/declaratie-de-accesibilitate\/","og_site_name":"Accessibi","article_modified_time":"2025-07-23T09:02:06+00:00","og_image":[{"width":2560,"height":1707,"url":"https:\/\/accessibi.com\/wp-content\/uploads\/2025\/04\/successful-business-team-working-with-project-2025-02-11-18-49-11-utc-scaled.jpg","type":"image\/jpeg"}],"twitter_card":"summary_large_image","twitter_misc":{"Timp estimat pentru citire":"2 minute"},"schema":{"@context":"https:\/\/schema.org","@graph":[{"@type":"WebPage","@id":"https:\/\/accessibi.com\/dichiarazione-di-accessibilita\/","url":"https:\/\/accessibi.com\/dichiarazione-di-accessibilita\/","name":"Declara\u021bie de accesibilitate | Accessibi","isPartOf":{"@id":"https:\/\/accessibi.com\/#website"},"datePublished":"2025-05-12T18:51:43+00:00","dateModified":"2025-07-23T09:02:06+00:00","breadcrumb":{"@id":"https:\/\/accessibi.com\/dichiarazione-di-accessibilita\/#breadcrumb"},"inLanguage":"ro-RO","potentialAction":[{"@type":"ReadAction","target":["https:\/\/accessibi.com\/dichiarazione-di-accessibilita\/"]}]},{"@type":"BreadcrumbList","@id":"https:\/\/accessibi.com\/dichiarazione-di-accessibilita\/#breadcrumb","itemListElement":[{"@type":"ListItem","position":1,"name":"Home","item":"https:\/\/accessibi.com\/"},{"@type":"ListItem","position":2,"name":"Dichiarazione di accessibilit\u00e0"}]},{"@type":"WebSite","@id":"https:\/\/accessibi.com\/#website","url":"https:\/\/accessibi.com\/","name":"Accesibi","description":"Accesibilitate pentru to\u021bi, f\u0103r\u0103 compromisuri","publisher":{"@id":"https:\/\/accessibi.com\/#organization"},"potentialAction":[{"@type":"SearchAction","target":{"@type":"EntryPoint","urlTemplate":"https:\/\/accessibi.com\/?s={search_term_string}"},"query-input":{"@type":"PropertyValueSpecification","valueRequired":true,"valueName":"search_term_string"}}],"inLanguage":"ro-RO"},{"@type":"Organization","@id":"https:\/\/accessibi.com\/#organization","name":"Accesibi","url":"https:\/\/accessibi.com\/","logo":{"@type":"ImageObject","inLanguage":"ro-RO","@id":"https:\/\/accessibi.com\/#\/schema\/logo\/image\/","url":"https:\/\/accessibi.com\/wp-content\/uploads\/2025\/04\/accessibi-blue.svg","contentUrl":"https:\/\/accessibi.com\/wp-content\/uploads\/2025\/04\/accessibi-blue.svg","width":511,"height":82,"caption":"Accessibi"},"image":{"@id":"https:\/\/accessibi.com\/#\/schema\/logo\/image\/"}}]}},"_links":{"self":[{"href":"https:\/\/accessibi.com\/ro\/wp-json\/wp\/v2\/pages\/787","targetHints":{"allow":["GET"]}}],"collection":[{"href":"https:\/\/accessibi.com\/ro\/wp-json\/wp\/v2\/pages"}],"about":[{"href":"https:\/\/accessibi.com\/ro\/wp-json\/wp\/v2\/types\/page"}],"author":[{"embeddable":true,"href":"https:\/\/accessibi.com\/ro\/wp-json\/wp\/v2\/users\/1"}],"replies":[{"embeddable":true,"href":"https:\/\/accessibi.com\/ro\/wp-json\/wp\/v2\/comments?post=787"}],"version-history":[{"count":23,"href":"https:\/\/accessibi.com\/ro\/wp-json\/wp\/v2\/pages\/787\/revisions"}],"predecessor-version":[{"id":953,"href":"https:\/\/accessibi.com\/ro\/wp-json\/wp\/v2\/pages\/787\/revisions\/953"}],"wp:attachment":[{"href":"https:\/\/accessibi.com\/ro\/wp-json\/wp\/v2\/media?parent=787"}],"curies":[{"name":"wp","href":"https:\/\/api.w.org\/{rel}","templated":true}]}}